{"id":30992,"date":"2023-06-19T10:09:03","date_gmt":"2023-06-19T10:09:03","guid":{"rendered":"https:\/\/www.ull.es\/portal\/agenda\/?post_type=tribe_events&#038;p=30992"},"modified":"2023-06-28T12:18:39","modified_gmt":"2023-06-28T12:18:39","slug":"intervencion-centrada-en-la-familia-para-trabajar-con-ninos-con-necesidades-especificas-de-apoyo-educativo-neae-y-necesidades-educativas-especiales-nee","status":"publish","type":"tribe_events","link":"https:\/\/www.ull.es\/portal\/agenda\/evento\/intervencion-centrada-en-la-familia-para-trabajar-con-ninos-con-necesidades-especificas-de-apoyo-educativo-neae-y-necesidades-educativas-especiales-nee\/","title":{"rendered":"Intervenci\u00f3n centrada en la familia para trabajar con ni\u00f1os con Necesidades Espec\u00edficas de Apoyo Educativo (NEAE) y Necesidades Educativas Especiales (NEE)"},"content":{"rendered":"<p>Curso de Extensi\u00f3n Universitaria perteneciente a la programaci\u00f3n de la convocatoria de Cursos de Extensi\u00f3n Universitaria \u201c<a href=\"https:\/\/www.ull.es\/cultura\/cursos-extension-universitaria\/universidad-de-verano-de-adeje\/\" target=\"_blank\" rel=\"noopener noreferrer\" target=\"_blank\" rel=\"noopener\">Universidad de Verano de Adeje 2023<\/a>\u201d, que se celebrar\u00e1 en el\u00a0Centro Cultural de la Villa de Adeje\u00a0los d\u00edas\u00a017 al 19 de julio de 2023.<\/p>\n<p>Objetivos:<\/p>\n<ul>\n<li>Conocer el concepto de familia y tipos de familias.<\/li>\n<li>Valorar el papel de la familia en el desarrollo y bienestar de los ni\u00f1os con NEAE y NEE.<\/li>\n<li>Conocer el concepto de calidad de vida familiar.<\/li>\n<li>Comprender las reacciones emociones de las familias tras el diagn\u00f3stico de su hijo\/a.<\/li>\n<li>Conocer los modelos de intervenci\u00f3n con las familias de ni\u00f1os con NEAE y NEE.<\/li>\n<li>Conocer los modelos de relaci\u00f3n entre familias y profesionales.<\/li>\n<\/ul>\n<p>Metodolog\u00eda docente: Se utilizar\u00e1 una metodolog\u00eda abierta y flexible, basada en un enfoque centrado en la acci\u00f3n. Se pretende que, mediante las explicaciones te\u00f3ricas de los conceptos, el alumnado tendr\u00e1 que desarrollar tareas adecuadamente programadas, el alumnado pueda usar, desarrollar, adquirir y consolidar las destrezas y conocimientos propios.<\/p>\n<p>Dirigido al alumnado de Grado de Pedagog\u00eda, Grado de Maestro en Educaci\u00f3n Infantil, Grado en Educaci\u00f3n Primaria, Licenciatura en Psicopedagog\u00eda, Grado en Psicolog\u00eda, Grado en Trabajo Social, Grado en Logopedia, profesionales del \u00e1mbito socio-sanitario y educativo, profesionales y personas interesadas en este tema.<\/p>\n<p>Direcci\u00f3n acad\u00e9mica: Mar\u00eda del Carmen Rodr\u00edguez Jim\u00e9nez. Profesora Contratada Doctora, Departamento de Did\u00e1ctica e Investigaci\u00f3n Educativa de la Universidad de La Laguna.<\/p>\n<p><strong>CERTIFICADO DE ASISTENCIA, APTITUD Y RECONOCIMIENTO POR CR\u00c9DITO ECTS<\/strong><\/p>\n<p>La ULL, a trav\u00e9s del Vicerrectorado de Cultura y Extensi\u00f3n Universitaria, emitir\u00e1 un certificado de asistencia a todas aquellas personas que asistan a un m\u00ednimo del 80% de las horas lectivas. Asimismo, aquellas personas que superen el trabajo aut\u00f3nomo del alumnado, recibir\u00e1n un certificado de asistencia y aprovechamiento, reconocible a su vez por un cr\u00e9dito ECTS.<\/p>\n<p><a href=\"https:\/\/www.adeje.es\/uva\/cursos-y-talleres\/19965-intervencin-centrada-en-la-familia-con-necesidades-especficas-de-apoyo-educativo\" target=\"_blank\" rel=\"noopener\" target=\"_blank\" rel=\"noopener\"><strong><u>M\u00e1s informaci\u00f3n e inscripci\u00f3n aqu\u00ed.<\/u><\/strong><\/a><\/p>\n<p><strong>Contacto: 922 319 616 \/ 922 319 626 \u2013\u00a0<\/strong><a href=\"mailto:extuni@ull.edu.es\" target=\"_blank\" rel=\"noopener\" target=\"_blank\" rel=\"noopener\"><strong>extuni@ull.es<\/strong><\/a><\/p>\n","protected":false},"excerpt":{"rendered":"<p>Curso de Extensi\u00f3n Universitaria perteneciente a la programaci\u00f3n de la convocatoria de Cursos de Extensi\u00f3n Universitaria \u201cUniversidad de Verano de Adeje 2023\u201d, que se celebrar\u00e1 en el\u00a0Centro Cultural de la Villa de Adeje\u00a0los d\u00edas\u00a017 al 19 de julio de 2023. Objetivos: Conocer el concepto de familia y tipos de familias. Valorar el papel de la&#8230;<\/p>\n","protected":false},"author":43,"featured_media":31121,"comment_status":"closed","ping_status":"closed","template":"","tags":[4259,4710,977,3812,4711,3751,245,4875,4709],"tribe_events_cat":[472,4,186,3942],"acf":[],"yoast_head":"<!-- This site is optimized with the Yoast SEO plugin v21.3 - https:\/\/yoast.com\/wordpress\/plugins\/seo\/ -->\n<title>Intervenci\u00f3n centrada en la familia para trabajar con ni\u00f1os con Necesidades Espec\u00edficas de Apoyo Educativo (NEAE) y Necesidades Educativas Especiales (NEE) - ULL - Agenda<\/title>\n<meta name=\"robots\" content=\"index, follow, max-snippet:-1, max-image-preview:large, max-video-preview:-1\" \/>\n<link rel=\"canonical\" href=\"https:\/\/www.ull.es\/portal\/agenda\/evento\/intervencion-centrada-en-la-familia-para-trabajar-con-ninos-con-necesidades-especificas-de-apoyo-educativo-neae-y-necesidades-educativas-especiales-nee\/\" \/>\n<meta property=\"og:locale\" content=\"es_ES\" \/>\n<meta property=\"og:type\" content=\"article\" \/>\n<meta property=\"og:title\" content=\"Intervenci\u00f3n centrada en la familia para trabajar con ni\u00f1os con Necesidades Espec\u00edficas de Apoyo Educativo (NEAE) y Necesidades Educativas Especiales (NEE) - ULL - Agenda\" \/>\n<meta property=\"og:description\" content=\"Curso de Extensi\u00f3n Universitaria perteneciente a la programaci\u00f3n de la convocatoria de Cursos de Extensi\u00f3n Universitaria \u201cUniversidad de Verano de Adeje 2023\u201d, que se celebrar\u00e1 en el\u00a0Centro Cultural de la Villa de Adeje\u00a0los d\u00edas\u00a017 al 19 de julio de 2023. Objetivos: Conocer el concepto de familia y tipos de familias. Valorar el papel de la...\" \/>\n<meta property=\"og:url\" content=\"https:\/\/www.ull.es\/portal\/agenda\/evento\/intervencion-centrada-en-la-familia-para-trabajar-con-ninos-con-necesidades-especificas-de-apoyo-educativo-neae-y-necesidades-educativas-especiales-nee\/\" \/>\n<meta property=\"og:site_name\" content=\"ULL - Agenda\" \/>\n<meta property=\"article:modified_time\" content=\"2023-06-28T12:18:39+00:00\" \/>\n<meta property=\"og:image\" content=\"https:\/\/www.ull.es\/portal\/agenda\/wp-content\/uploads\/sites\/12\/2023\/06\/3-1.png\" \/>\n\t<meta property=\"og:image:width\" content=\"700\" \/>\n\t<meta property=\"og:image:height\" content=\"350\" \/>\n\t<meta property=\"og:image:type\" content=\"image\/png\" \/>\n<meta name=\"twitter:card\" content=\"summary_large_image\" \/>\n<meta name=\"twitter:label1\" content=\"Tiempo de lectura\" \/>\n\t<meta name=\"twitter:data1\" content=\"2 minutos\" \/>\n<script type=\"application\/ld+json\" class=\"yoast-schema-graph\">{\"@context\":\"https:\/\/schema.org\",\"@graph\":[{\"@type\":\"WebPage\",\"@id\":\"https:\/\/www.ull.es\/portal\/agenda\/evento\/intervencion-centrada-en-la-familia-para-trabajar-con-ninos-con-necesidades-especificas-de-apoyo-educativo-neae-y-necesidades-educativas-especiales-nee\/\",\"url\":\"https:\/\/www.ull.es\/portal\/agenda\/evento\/intervencion-centrada-en-la-familia-para-trabajar-con-ninos-con-necesidades-especificas-de-apoyo-educativo-neae-y-necesidades-educativas-especiales-nee\/\",\"name\":\"Intervenci\u00f3n centrada en la familia para trabajar con ni\u00f1os con Necesidades Espec\u00edficas de Apoyo Educativo (NEAE) y Necesidades Educativas Especiales (NEE) - ULL - Agenda\",\"isPartOf\":{\"@id\":\"https:\/\/www.ull.es\/portal\/agenda\/#website\"},\"datePublished\":\"2023-06-19T10:09:03+00:00\",\"dateModified\":\"2023-06-28T12:18:39+00:00\",\"breadcrumb\":{\"@id\":\"https:\/\/www.ull.es\/portal\/agenda\/evento\/intervencion-centrada-en-la-familia-para-trabajar-con-ninos-con-necesidades-especificas-de-apoyo-educativo-neae-y-necesidades-educativas-especiales-nee\/#breadcrumb\"},\"inLanguage\":\"es\",\"potentialAction\":[{\"@type\":\"ReadAction\",\"target\":[\"https:\/\/www.ull.es\/portal\/agenda\/evento\/intervencion-centrada-en-la-familia-para-trabajar-con-ninos-con-necesidades-especificas-de-apoyo-educativo-neae-y-necesidades-educativas-especiales-nee\/\"]}]},{\"@type\":\"BreadcrumbList\",\"@id\":\"https:\/\/www.ull.es\/portal\/agenda\/evento\/intervencion-centrada-en-la-familia-para-trabajar-con-ninos-con-necesidades-especificas-de-apoyo-educativo-neae-y-necesidades-educativas-especiales-nee\/#breadcrumb\",\"itemListElement\":[{\"@type\":\"ListItem\",\"position\":1,\"name\":\"Portada\",\"item\":\"https:\/\/www.ull.es\/portal\/agenda\/\"},{\"@type\":\"ListItem\",\"position\":2,\"name\":\"Intervenci\u00f3n centrada en la familia para trabajar con ni\u00f1os con Necesidades Espec\u00edficas de Apoyo Educativo (NEAE) y Necesidades Educativas Especiales (NEE)\"}]},{\"@type\":\"WebSite\",\"@id\":\"https:\/\/www.ull.es\/portal\/agenda\/#website\",\"url\":\"https:\/\/www.ull.es\/portal\/agenda\/\",\"name\":\"ULL - Agenda\",\"description\":\"\",\"potentialAction\":[{\"@type\":\"SearchAction\",\"target\":{\"@type\":\"EntryPoint\",\"urlTemplate\":\"https:\/\/www.ull.es\/portal\/agenda\/?s={search_term_string}\"},\"query-input\":\"required name=search_term_string\"}],\"inLanguage\":\"es\"}]}<\/script>\n<!-- \/ Yoast SEO plugin. -->","yoast_head_json":{"title":"Intervenci\u00f3n centrada en la familia para trabajar con ni\u00f1os con Necesidades Espec\u00edficas de Apoyo Educativo (NEAE) y Necesidades Educativas Especiales (NEE) - ULL - Agenda","robots":{"index":"index","follow":"follow","max-snippet":"max-snippet:-1","max-image-preview":"max-image-preview:large","max-video-preview":"max-video-preview:-1"},"canonical":"https:\/\/www.ull.es\/portal\/agenda\/evento\/intervencion-centrada-en-la-familia-para-trabajar-con-ninos-con-necesidades-especificas-de-apoyo-educativo-neae-y-necesidades-educativas-especiales-nee\/","og_locale":"es_ES","og_type":"article","og_title":"Intervenci\u00f3n centrada en la familia para trabajar con ni\u00f1os con Necesidades Espec\u00edficas de Apoyo Educativo (NEAE) y Necesidades Educativas Especiales (NEE) - ULL - Agenda","og_description":"Curso de Extensi\u00f3n Universitaria perteneciente a la programaci\u00f3n de la convocatoria de Cursos de Extensi\u00f3n Universitaria \u201cUniversidad de Verano de Adeje 2023\u201d, que se celebrar\u00e1 en el\u00a0Centro Cultural de la Villa de Adeje\u00a0los d\u00edas\u00a017 al 19 de julio de 2023. Objetivos: Conocer el concepto de familia y tipos de familias. Valorar el papel de la...","og_url":"https:\/\/www.ull.es\/portal\/agenda\/evento\/intervencion-centrada-en-la-familia-para-trabajar-con-ninos-con-necesidades-especificas-de-apoyo-educativo-neae-y-necesidades-educativas-especiales-nee\/","og_site_name":"ULL - Agenda","article_modified_time":"2023-06-28T12:18:39+00:00","og_image":[{"width":700,"height":350,"url":"https:\/\/www.ull.es\/portal\/agenda\/wp-content\/uploads\/sites\/12\/2023\/06\/3-1.png","type":"image\/png"}],"twitter_card":"summary_large_image","twitter_misc":{"Tiempo de lectura":"2 minutos"},"schema":{"@context":"https:\/\/schema.org","@graph":[{"@type":"WebPage","@id":"https:\/\/www.ull.es\/portal\/agenda\/evento\/intervencion-centrada-en-la-familia-para-trabajar-con-ninos-con-necesidades-especificas-de-apoyo-educativo-neae-y-necesidades-educativas-especiales-nee\/","url":"https:\/\/www.ull.es\/portal\/agenda\/evento\/intervencion-centrada-en-la-familia-para-trabajar-con-ninos-con-necesidades-especificas-de-apoyo-educativo-neae-y-necesidades-educativas-especiales-nee\/","name":"Intervenci\u00f3n centrada en la familia para trabajar con ni\u00f1os con Necesidades Espec\u00edficas de Apoyo Educativo (NEAE) y Necesidades Educativas Especiales (NEE) - ULL - Agenda","isPartOf":{"@id":"https:\/\/www.ull.es\/portal\/agenda\/#website"},"datePublished":"2023-06-19T10:09:03+00:00","dateModified":"2023-06-28T12:18:39+00:00","breadcrumb":{"@id":"https:\/\/www.ull.es\/portal\/agenda\/evento\/intervencion-centrada-en-la-familia-para-trabajar-con-ninos-con-necesidades-especificas-de-apoyo-educativo-neae-y-necesidades-educativas-especiales-nee\/#breadcrumb"},"inLanguage":"es","potentialAction":[{"@type":"ReadAction","target":["https:\/\/www.ull.es\/portal\/agenda\/evento\/intervencion-centrada-en-la-familia-para-trabajar-con-ninos-con-necesidades-especificas-de-apoyo-educativo-neae-y-necesidades-educativas-especiales-nee\/"]}]},{"@type":"BreadcrumbList","@id":"https:\/\/www.ull.es\/portal\/agenda\/evento\/intervencion-centrada-en-la-familia-para-trabajar-con-ninos-con-necesidades-especificas-de-apoyo-educativo-neae-y-necesidades-educativas-especiales-nee\/#breadcrumb","itemListElement":[{"@type":"ListItem","position":1,"name":"Portada","item":"https:\/\/www.ull.es\/portal\/agenda\/"},{"@type":"ListItem","position":2,"name":"Intervenci\u00f3n centrada en la familia para trabajar con ni\u00f1os con Necesidades Espec\u00edficas de Apoyo Educativo (NEAE) y Necesidades Educativas Especiales (NEE)"}]},{"@type":"WebSite","@id":"https:\/\/www.ull.es\/portal\/agenda\/#website","url":"https:\/\/www.ull.es\/portal\/agenda\/","name":"ULL - Agenda","description":"","potentialAction":[{"@type":"SearchAction","target":{"@type":"EntryPoint","urlTemplate":"https:\/\/www.ull.es\/portal\/agenda\/?s={search_term_string}"},"query-input":"required name=search_term_string"}],"inLanguage":"es"}]}},"_links":{"self":[{"href":"https:\/\/www.ull.es\/portal\/agenda\/wp-json\/wp\/v2\/tribe_events\/30992"}],"collection":[{"href":"https:\/\/www.ull.es\/portal\/agenda\/wp-json\/wp\/v2\/tribe_events"}],"about":[{"href":"https:\/\/www.ull.es\/portal\/agenda\/wp-json\/wp\/v2\/types\/tribe_events"}],"author":[{"embeddable":true,"href":"https:\/\/www.ull.es\/portal\/agenda\/wp-json\/wp\/v2\/users\/43"}],"replies":[{"embeddable":true,"href":"https:\/\/www.ull.es\/portal\/agenda\/wp-json\/wp\/v2\/comments?post=30992"}],"version-history":[{"count":4,"href":"https:\/\/www.ull.es\/portal\/agenda\/wp-json\/wp\/v2\/tribe_events\/30992\/revisions"}],"predecessor-version":[{"id":31122,"href":"https:\/\/www.ull.es\/portal\/agenda\/wp-json\/wp\/v2\/tribe_events\/30992\/revisions\/31122"}],"wp:featuredmedia":[{"embeddable":true,"href":"https:\/\/www.ull.es\/portal\/agenda\/wp-json\/wp\/v2\/media\/31121"}],"wp:attachment":[{"href":"https:\/\/www.ull.es\/portal\/agenda\/wp-json\/wp\/v2\/media?parent=30992"}],"wp:term":[{"taxonomy":"post_tag","embeddable":true,"href":"https:\/\/www.ull.es\/portal\/agenda\/wp-json\/wp\/v2\/tags?post=30992"},{"taxonomy":"tribe_events_cat","embeddable":true,"href":"https:\/\/www.ull.es\/portal\/agenda\/wp-json\/wp\/v2\/tribe_events_cat?post=30992"}],"curies":[{"name":"wp","href":"https:\/\/api.w.org\/{rel}","templated":true}]}}