{"id":31046,"date":"2023-06-21T10:06:09","date_gmt":"2023-06-21T10:06:09","guid":{"rendered":"https:\/\/www.ull.es\/portal\/agenda\/?post_type=tribe_events&#038;p=31046"},"modified":"2023-06-21T10:06:09","modified_gmt":"2023-06-21T10:06:09","slug":"seminario-investigadoras-por-la-transicion-ecologica-y-la-innovacion-10","status":"publish","type":"tribe_events","link":"https:\/\/www.ull.es\/portal\/agenda\/evento\/seminario-investigadoras-por-la-transicion-ecologica-y-la-innovacion-10\/","title":{"rendered":"Seminario: \u00abInvestigadoras por la Transici\u00f3n Ecol\u00f3gica y la Innovaci\u00f3n\u00bb"},"content":{"rendered":"<div class=\"gmail_default\">El\u00a0 lunes 26 de junio\u00a0a las 12:00 h tendr\u00e1 lugar el\u00a0seminario\u00a0de\u00a0\u00abInvestigadora<wbr \/>s\u00a0por la Transici\u00f3n Ecol\u00f3gica y la Innovaci\u00f3n\u00bb\u00a0organizado\u00a0por la C\u00e1tedra Fundaci\u00f3n Cepsa, impartido por\u00a0Ver\u00f3nica Pino Est\u00e9vez\u00a0del\u00a0Departamento de Qu\u00edmica de la Universidad de La Laguna.\u00a0\u00a0El t\u00edtulo del\u00a0seminario\u00a0es\u00a0\u00ab<wbr \/>Sostenibilidad en Qu\u00edmica\u00a0Analitica: Materiales Funcionales Verdes\u00bb.<\/div>\n<div class=\"gmail_default\">\n<div class=\"gmail_default\">\n<div class=\"gmail_default\">\n<p>El formato ser\u00e1 h\u00edbrido: de forma presencial en el Sal\u00f3n de Grado de la Secci\u00f3n de Qu\u00edmica y on-line a trav\u00e9s del siguiente <a href=\"http:\/\/meet.google.com\/vxi-jqvg-sfv\" target=\"_blank\" rel=\"noopener\" target=\"_blank\" rel=\"noopener\">enlace.<\/a><\/p>\n<p>&nbsp;<\/p>\n<\/div>\n<\/div>\n<\/div>\n","protected":false},"excerpt":{"rendered":"<p>El\u00a0 lunes 26 de junio\u00a0a las 12:00 h tendr\u00e1 lugar el\u00a0seminario\u00a0de\u00a0\u00abInvestigadoras\u00a0por la Transici\u00f3n Ecol\u00f3gica y la Innovaci\u00f3n\u00bb\u00a0organizado\u00a0por la C\u00e1tedra Fundaci\u00f3n Cepsa, impartido por\u00a0Ver\u00f3nica Pino Est\u00e9vez\u00a0del\u00a0Departamento de Qu\u00edmica de la Universidad de La Laguna.\u00a0\u00a0El t\u00edtulo del\u00a0seminario\u00a0es\u00a0\u00abSostenibilidad en Qu\u00edmica\u00a0Analitica: Materiales Funcionales Verdes\u00bb. El formato ser\u00e1 h\u00edbrido: de forma presencial en el Sal\u00f3n de Grado de la Secci\u00f3n&#8230;<\/p>\n","protected":false},"author":65,"featured_media":31047,"comment_status":"closed","ping_status":"closed","template":"","tags":[],"tribe_events_cat":[3521,4,972,191],"acf":[],"yoast_head":"<!-- This site is optimized with the Yoast SEO plugin v21.3 - https:\/\/yoast.com\/wordpress\/plugins\/seo\/ -->\n<title>Seminario: &quot;Investigadoras por la Transici\u00f3n Ecol\u00f3gica y la Innovaci\u00f3n&quot; - ULL - Agenda<\/title>\n<meta name=\"robots\" content=\"index, follow, max-snippet:-1, max-image-preview:large, max-video-preview:-1\" \/>\n<link rel=\"canonical\" href=\"https:\/\/www.ull.es\/portal\/agenda\/evento\/seminario-investigadoras-por-la-transicion-ecologica-y-la-innovacion-10\/\" \/>\n<meta property=\"og:locale\" content=\"es_ES\" \/>\n<meta property=\"og:type\" content=\"article\" \/>\n<meta property=\"og:title\" content=\"Seminario: &quot;Investigadoras por la Transici\u00f3n Ecol\u00f3gica y la Innovaci\u00f3n&quot; - ULL - Agenda\" \/>\n<meta property=\"og:description\" content=\"El\u00a0 lunes 26 de junio\u00a0a las 12:00 h tendr\u00e1 lugar el\u00a0seminario\u00a0de\u00a0\u00abInvestigadoras\u00a0por la Transici\u00f3n Ecol\u00f3gica y la Innovaci\u00f3n\u00bb\u00a0organizado\u00a0por la C\u00e1tedra Fundaci\u00f3n Cepsa, impartido por\u00a0Ver\u00f3nica Pino Est\u00e9vez\u00a0del\u00a0Departamento de Qu\u00edmica de la Universidad de La Laguna.\u00a0\u00a0El t\u00edtulo del\u00a0seminario\u00a0es\u00a0\u00abSostenibilidad en Qu\u00edmica\u00a0Analitica: Materiales Funcionales Verdes\u00bb. El formato ser\u00e1 h\u00edbrido: de forma presencial en el Sal\u00f3n de Grado de la Secci\u00f3n...\" \/>\n<meta property=\"og:url\" content=\"https:\/\/www.ull.es\/portal\/agenda\/evento\/seminario-investigadoras-por-la-transicion-ecologica-y-la-innovacion-10\/\" \/>\n<meta property=\"og:site_name\" content=\"ULL - Agenda\" \/>\n<meta property=\"og:image\" content=\"https:\/\/www.ull.es\/portal\/agenda\/wp-content\/uploads\/sites\/12\/2023\/06\/Mseminario-700x350_Veronica-Pino-Estevez_edited.jpg\" \/>\n\t<meta property=\"og:image:width\" content=\"800\" \/>\n\t<meta property=\"og:image:height\" content=\"400\" \/>\n\t<meta property=\"og:image:type\" content=\"image\/jpeg\" \/>\n<meta name=\"twitter:card\" content=\"summary_large_image\" \/>\n<meta name=\"twitter:label1\" content=\"Tiempo de lectura\" \/>\n\t<meta name=\"twitter:data1\" content=\"1 minuto\" \/>\n<script type=\"application\/ld+json\" class=\"yoast-schema-graph\">{\"@context\":\"https:\/\/schema.org\",\"@graph\":[{\"@type\":\"WebPage\",\"@id\":\"https:\/\/www.ull.es\/portal\/agenda\/evento\/seminario-investigadoras-por-la-transicion-ecologica-y-la-innovacion-10\/\",\"url\":\"https:\/\/www.ull.es\/portal\/agenda\/evento\/seminario-investigadoras-por-la-transicion-ecologica-y-la-innovacion-10\/\",\"name\":\"Seminario: \\\"Investigadoras por la Transici\u00f3n Ecol\u00f3gica y la Innovaci\u00f3n\\\" - ULL - Agenda\",\"isPartOf\":{\"@id\":\"https:\/\/www.ull.es\/portal\/agenda\/#website\"},\"datePublished\":\"2023-06-21T10:06:09+00:00\",\"dateModified\":\"2023-06-21T10:06:09+00:00\",\"breadcrumb\":{\"@id\":\"https:\/\/www.ull.es\/portal\/agenda\/evento\/seminario-investigadoras-por-la-transicion-ecologica-y-la-innovacion-10\/#breadcrumb\"},\"inLanguage\":\"es\",\"potentialAction\":[{\"@type\":\"ReadAction\",\"target\":[\"https:\/\/www.ull.es\/portal\/agenda\/evento\/seminario-investigadoras-por-la-transicion-ecologica-y-la-innovacion-10\/\"]}]},{\"@type\":\"BreadcrumbList\",\"@id\":\"https:\/\/www.ull.es\/portal\/agenda\/evento\/seminario-investigadoras-por-la-transicion-ecologica-y-la-innovacion-10\/#breadcrumb\",\"itemListElement\":[{\"@type\":\"ListItem\",\"position\":1,\"name\":\"Portada\",\"item\":\"https:\/\/www.ull.es\/portal\/agenda\/\"},{\"@type\":\"ListItem\",\"position\":2,\"name\":\"Seminario: \u00abInvestigadoras por la Transici\u00f3n Ecol\u00f3gica y la Innovaci\u00f3n\u00bb\"}]},{\"@type\":\"WebSite\",\"@id\":\"https:\/\/www.ull.es\/portal\/agenda\/#website\",\"url\":\"https:\/\/www.ull.es\/portal\/agenda\/\",\"name\":\"ULL - Agenda\",\"description\":\"\",\"potentialAction\":[{\"@type\":\"SearchAction\",\"target\":{\"@type\":\"EntryPoint\",\"urlTemplate\":\"https:\/\/www.ull.es\/portal\/agenda\/?s={search_term_string}\"},\"query-input\":\"required name=search_term_string\"}],\"inLanguage\":\"es\"}]}<\/script>\n<!-- \/ Yoast SEO plugin. -->","yoast_head_json":{"title":"Seminario: \"Investigadoras por la Transici\u00f3n Ecol\u00f3gica y la Innovaci\u00f3n\" - ULL - Agenda","robots":{"index":"index","follow":"follow","max-snippet":"max-snippet:-1","max-image-preview":"max-image-preview:large","max-video-preview":"max-video-preview:-1"},"canonical":"https:\/\/www.ull.es\/portal\/agenda\/evento\/seminario-investigadoras-por-la-transicion-ecologica-y-la-innovacion-10\/","og_locale":"es_ES","og_type":"article","og_title":"Seminario: \"Investigadoras por la Transici\u00f3n Ecol\u00f3gica y la Innovaci\u00f3n\" - ULL - Agenda","og_description":"El\u00a0 lunes 26 de junio\u00a0a las 12:00 h tendr\u00e1 lugar el\u00a0seminario\u00a0de\u00a0\u00abInvestigadoras\u00a0por la Transici\u00f3n Ecol\u00f3gica y la Innovaci\u00f3n\u00bb\u00a0organizado\u00a0por la C\u00e1tedra Fundaci\u00f3n Cepsa, impartido por\u00a0Ver\u00f3nica Pino Est\u00e9vez\u00a0del\u00a0Departamento de Qu\u00edmica de la Universidad de La Laguna.\u00a0\u00a0El t\u00edtulo del\u00a0seminario\u00a0es\u00a0\u00abSostenibilidad en Qu\u00edmica\u00a0Analitica: Materiales Funcionales Verdes\u00bb. El formato ser\u00e1 h\u00edbrido: de forma presencial en el Sal\u00f3n de Grado de la Secci\u00f3n...","og_url":"https:\/\/www.ull.es\/portal\/agenda\/evento\/seminario-investigadoras-por-la-transicion-ecologica-y-la-innovacion-10\/","og_site_name":"ULL - Agenda","og_image":[{"width":800,"height":400,"url":"https:\/\/www.ull.es\/portal\/agenda\/wp-content\/uploads\/sites\/12\/2023\/06\/Mseminario-700x350_Veronica-Pino-Estevez_edited.jpg","type":"image\/jpeg"}],"twitter_card":"summary_large_image","twitter_misc":{"Tiempo de lectura":"1 minuto"},"schema":{"@context":"https:\/\/schema.org","@graph":[{"@type":"WebPage","@id":"https:\/\/www.ull.es\/portal\/agenda\/evento\/seminario-investigadoras-por-la-transicion-ecologica-y-la-innovacion-10\/","url":"https:\/\/www.ull.es\/portal\/agenda\/evento\/seminario-investigadoras-por-la-transicion-ecologica-y-la-innovacion-10\/","name":"Seminario: \"Investigadoras por la Transici\u00f3n Ecol\u00f3gica y la Innovaci\u00f3n\" - ULL - Agenda","isPartOf":{"@id":"https:\/\/www.ull.es\/portal\/agenda\/#website"},"datePublished":"2023-06-21T10:06:09+00:00","dateModified":"2023-06-21T10:06:09+00:00","breadcrumb":{"@id":"https:\/\/www.ull.es\/portal\/agenda\/evento\/seminario-investigadoras-por-la-transicion-ecologica-y-la-innovacion-10\/#breadcrumb"},"inLanguage":"es","potentialAction":[{"@type":"ReadAction","target":["https:\/\/www.ull.es\/portal\/agenda\/evento\/seminario-investigadoras-por-la-transicion-ecologica-y-la-innovacion-10\/"]}]},{"@type":"BreadcrumbList","@id":"https:\/\/www.ull.es\/portal\/agenda\/evento\/seminario-investigadoras-por-la-transicion-ecologica-y-la-innovacion-10\/#breadcrumb","itemListElement":[{"@type":"ListItem","position":1,"name":"Portada","item":"https:\/\/www.ull.es\/portal\/agenda\/"},{"@type":"ListItem","position":2,"name":"Seminario: \u00abInvestigadoras por la Transici\u00f3n Ecol\u00f3gica y la Innovaci\u00f3n\u00bb"}]},{"@type":"WebSite","@id":"https:\/\/www.ull.es\/portal\/agenda\/#website","url":"https:\/\/www.ull.es\/portal\/agenda\/","name":"ULL - Agenda","description":"","potentialAction":[{"@type":"SearchAction","target":{"@type":"EntryPoint","urlTemplate":"https:\/\/www.ull.es\/portal\/agenda\/?s={search_term_string}"},"query-input":"required name=search_term_string"}],"inLanguage":"es"}]}},"_links":{"self":[{"href":"https:\/\/www.ull.es\/portal\/agenda\/wp-json\/wp\/v2\/tribe_events\/31046"}],"collection":[{"href":"https:\/\/www.ull.es\/portal\/agenda\/wp-json\/wp\/v2\/tribe_events"}],"about":[{"href":"https:\/\/www.ull.es\/portal\/agenda\/wp-json\/wp\/v2\/types\/tribe_events"}],"author":[{"embeddable":true,"href":"https:\/\/www.ull.es\/portal\/agenda\/wp-json\/wp\/v2\/users\/65"}],"replies":[{"embeddable":true,"href":"https:\/\/www.ull.es\/portal\/agenda\/wp-json\/wp\/v2\/comments?post=31046"}],"version-history":[{"count":1,"href":"https:\/\/www.ull.es\/portal\/agenda\/wp-json\/wp\/v2\/tribe_events\/31046\/revisions"}],"predecessor-version":[{"id":31048,"href":"https:\/\/www.ull.es\/portal\/agenda\/wp-json\/wp\/v2\/tribe_events\/31046\/revisions\/31048"}],"wp:featuredmedia":[{"embeddable":true,"href":"https:\/\/www.ull.es\/portal\/agenda\/wp-json\/wp\/v2\/media\/31047"}],"wp:attachment":[{"href":"https:\/\/www.ull.es\/portal\/agenda\/wp-json\/wp\/v2\/media?parent=31046"}],"wp:term":[{"taxonomy":"post_tag","embeddable":true,"href":"https:\/\/www.ull.es\/portal\/agenda\/wp-json\/wp\/v2\/tags?post=31046"},{"taxonomy":"tribe_events_cat","embeddable":true,"href":"https:\/\/www.ull.es\/portal\/agenda\/wp-json\/wp\/v2\/tribe_events_cat?post=31046"}],"curies":[{"name":"wp","href":"https:\/\/api.w.org\/{rel}","templated":true}]}}