{"id":31612,"date":"2023-08-03T08:27:29","date_gmt":"2023-08-03T08:27:29","guid":{"rendered":"https:\/\/www.ull.es\/portal\/agenda\/?post_type=tribe_events&#038;p=31612"},"modified":"2023-09-25T09:52:09","modified_gmt":"2023-09-25T09:52:09","slug":"jornada-de-puertas-abiertas-cientificas-de-la-universidad-de-la-laguna-macaronight-2023","status":"publish","type":"tribe_events","link":"https:\/\/www.ull.es\/portal\/agenda\/evento\/jornada-de-puertas-abiertas-cientificas-de-la-universidad-de-la-laguna-macaronight-2023\/","title":{"rendered":"Jornada de Puertas Abiertas Cient\u00edficas de la Universidad de La Laguna. MacaroNight 2023"},"content":{"rendered":"<p><span style=\"font-weight: 400;\">Como cada septiembre y en el marco de MacaroNight (la Noche Europea de los Investigadores e Investigadoras de la Macaronesia), se desarrollar\u00e1 la acci\u00f3n <\/span>\u201cJornada de Puertas abiertas cient\u00edficas de la Universidad de La Laguna\u201d<span style=\"font-weight: 400;\">. Consistir\u00e1\u00a0 en la realizaci\u00f3n\u00a0 de 28 rutas guiadas por distintas infraestructuras de la Universidad de La Laguna de la mano del personal investigador. En estas visitas podremos conocer las instalaciones, ver c\u00f3mo funcionan y realizar peque\u00f1os experimentos.<\/span><\/p>\n<p><span style=\"font-weight: 400;\">En esta edici\u00f3n se visitar\u00e1n:<\/span><\/p>\n<ul>\n<li style=\"font-weight: 400;\" aria-level=\"1\"><span style=\"font-weight: 400;\">Instituto Universitario de Bio-org\u00e1nica Antonio Gonz\u00e1lez.<\/span><\/li>\n<li style=\"font-weight: 400;\" aria-level=\"1\"><span style=\"font-weight: 400;\">Instituto Universitario de Enfermedades Tropicales y Salud P\u00fablica de Canarias.<\/span><\/li>\n<li style=\"font-weight: 400;\" aria-level=\"1\"><span style=\"font-weight: 400;\">Instituto de Tecnolog\u00edas Biom\u00e9dicas.<\/span><\/li>\n<li style=\"font-weight: 400;\" aria-level=\"1\"><span style=\"font-weight: 400;\">Instituto Universitario de Neurociencia.<\/span><\/li>\n<li style=\"font-weight: 400;\" aria-level=\"1\"><span style=\"font-weight: 400;\">Instituto Universitario de Materiales y Nanotecnolog\u00eda.<\/span><\/li>\n<li style=\"font-weight: 400;\" aria-level=\"1\"><span style=\"font-weight: 400;\">Instituto Universitario de Matem\u00e1ticas.<\/span><\/li>\n<li style=\"font-weight: 400;\" aria-level=\"1\"><span style=\"font-weight: 400;\">Instituto de Astrof\u00edsica de Canarias.<\/span><\/li>\n<\/ul>\n<p><span style=\"font-weight: 400;\">Esta acci\u00f3n tendr\u00e1 lugar los\u00a0 d\u00edas <\/span>25 y 26 de septiembre<span style=\"font-weight: 400;\"> de 2023, est\u00e1 destinada al alumnado de Secundaria, Bachillerato y Formaci\u00f3n Profesional de los centros escolares de la Provincia de Santa Cruz de Tenerife..\u00a0<\/span><\/p>\n<p><span style=\"font-weight: 400;\">MacaroNight es una iniciativa promovida por<\/span> <a href=\"https:\/\/www.lapalmacentre.eu\/\" target=\"_blank\" rel=\"noopener\"><span style=\"font-weight: 400;\">La Palma Research Centre<\/span><\/a><span style=\"font-weight: 400;\">; <\/span><a href=\"http:\/\/expolab.centrosciencia.azores.gov.pt\/expolab\/entidade-gestora\" target=\"_blank\" rel=\"noopener\"><span style=\"font-weight: 400;\">la Sociedade Afonso Chaves-Associa\u00e7\u00e3o de Estudos A\u00e7oreanos<\/span><\/a><span style=\"font-weight: 400;\">; <\/span><a href=\"https:\/\/www.fpct.ulpgc.es\/es\/\" target=\"_blank\" rel=\"noopener\"><span style=\"font-weight: 400;\">la Fundaci\u00f3n del Parque Cient\u00edfico Tecnol\u00f3gico de la Universidad de Las Palmas de Gran Canaria<\/span><\/a><span style=\"font-weight: 400;\">; <\/span><a href=\"https:\/\/www.uma.pt\/\" target=\"_blank\" rel=\"noopener\"><span style=\"font-weight: 400;\">la Universidad da Madeira<\/span><\/a><span style=\"font-weight: 400;\"> y la <\/span><a href=\"https:\/\/fg.ull.es\/\" target=\"_blank\" rel=\"noopener\"><span style=\"font-weight: 400;\">Fundaci\u00f3n General de la Universidad de La Laguna<\/span><\/a><span style=\"font-weight: 400;\">. <\/span><span style=\"font-weight: 400;\">Es financiada por la Comisi\u00f3n Europea bajo las Acciones Marie Sk\u0142odowska-Curie (MSCA), iniciativa para fomentar las carreras cient\u00edficas en Europa, que se enmarca en<\/span> <a href=\"https:\/\/www.horizonteeuropa.es\/\" target=\"_blank\" rel=\"noopener\"><span style=\"font-weight: 400;\">Horizonte Europa<\/span><\/a><span style=\"font-weight: 400;\">; <\/span><span style=\"font-weight: 400;\">Programa Marco de Investigaci\u00f3n e Innovaci\u00f3n de la Uni\u00f3n Europea; y en Tenerife cuenta con la colaboraci\u00f3n de <\/span><span style=\"font-weight: 400;\">la <\/span><a href=\"https:\/\/fundacion.cepsa.com\/es\" target=\"_blank\" rel=\"noopener\"><span style=\"font-weight: 400;\">FUNDACI\u00d3N CEPSA<\/span><\/a><span style=\"font-weight: 400;\">, <\/span><a href=\"https:\/\/www.gobiernodecanarias.org\/conocimiento\/\" target=\"_blank\" rel=\"noopener\"><span style=\"font-weight: 400;\">la Agencia Canaria de Investigaci\u00f3n, Innovaci\u00f3n y Sociedad de la Informaci\u00f3n del Gobierno de Canarias<\/span><\/a><span style=\"font-weight: 400;\">, <\/span><a href=\"https:\/\/www.cajasiete.com\/es\" target=\"_blank\" rel=\"noopener\"><span style=\"font-weight: 400;\">CajaSiete<\/span><\/a><span style=\"font-weight: 400;\">, <\/span><a href=\"https:\/\/www.arona.org\/\" target=\"_blank\" rel=\"noopener\"><span style=\"font-weight: 400;\">el Ayuntamiento de Arona<\/span><\/a><span style=\"font-weight: 400;\">, <\/span><a href=\"https:\/\/www.gobiernodecanarias.org\/juventud\/\" target=\"_blank\" rel=\"noopener\"><span style=\"font-weight: 400;\">la Direcci\u00f3n General de Juventud<\/span><\/a><span style=\"font-weight: 400;\"> y <\/span><a href=\"https:\/\/www.gobiernodecanarias.org\/educacion\/web\/\" target=\"_blank\" rel=\"noopener\"><span style=\"font-weight: 400;\">la Consejer\u00eda de Educaci\u00f3n, Universidades, Cultura y Deportes del Gobierno de Canarias<\/span><\/a><span style=\"font-weight: 400;\">.<\/span><\/p>\n<p><span style=\"font-weight: 400;\">Para m\u00e1s informaci\u00f3n puede consultar el <\/span><a href=\"https:\/\/drive.google.com\/file\/d\/1HSgCRAz_kbJx2A0RGQAB4va1dqSPqjGf\/view\" target=\"_blank\" rel=\"noopener\"><span style=\"font-weight: 400;\">enlace<\/span><\/a><span style=\"font-weight: 400;\">\u00a0<\/span><\/p>\n<p><a href=\"https:\/\/www.ull.es\/portal\/cienciaull\/macaronight-2023\/\" target=\"_blank\" rel=\"noopener\"><span style=\"font-weight: 400;\">P\u00e1gina web de MacaroNight2023<\/span><\/a><\/p>\n","protected":false},"excerpt":{"rendered":"<p>Como cada septiembre y en el marco de MacaroNight (la Noche Europea de los Investigadores e Investigadoras de la Macaronesia), se desarrollar\u00e1 la acci\u00f3n \u201cJornada de Puertas abiertas cient\u00edficas de la Universidad de La Laguna\u201d. Consistir\u00e1\u00a0 en la realizaci\u00f3n\u00a0 de 28 rutas guiadas por distintas infraestructuras de la Universidad de La Laguna de la mano&#8230;<\/p>\n","protected":false},"author":65,"featured_media":31624,"comment_status":"closed","ping_status":"closed","template":"","tags":[],"tribe_events_cat":[856,4,4399,3681,3287,3297,1835,191],"acf":[],"yoast_head":"<!-- This site is optimized with the Yoast SEO plugin v21.3 - https:\/\/yoast.com\/wordpress\/plugins\/seo\/ -->\n<title>Jornada de Puertas Abiertas Cient\u00edficas de la Universidad de La Laguna. MacaroNight 2023 - ULL - Agenda<\/title>\n<meta name=\"robots\" content=\"index, follow, max-snippet:-1, max-image-preview:large, max-video-preview:-1\" \/>\n<link rel=\"canonical\" href=\"https:\/\/www.ull.es\/portal\/agenda\/evento\/jornada-de-puertas-abiertas-cientificas-de-la-universidad-de-la-laguna-macaronight-2023\/\" \/>\n<meta property=\"og:locale\" content=\"es_ES\" \/>\n<meta property=\"og:type\" content=\"article\" \/>\n<meta property=\"og:title\" content=\"Jornada de Puertas Abiertas Cient\u00edficas de la Universidad de La Laguna. MacaroNight 2023 - ULL - Agenda\" \/>\n<meta property=\"og:description\" content=\"Como cada septiembre y en el marco de MacaroNight (la Noche Europea de los Investigadores e Investigadoras de la Macaronesia), se desarrollar\u00e1 la acci\u00f3n \u201cJornada de Puertas abiertas cient\u00edficas de la Universidad de La Laguna\u201d. Consistir\u00e1\u00a0 en la realizaci\u00f3n\u00a0 de 28 rutas guiadas por distintas infraestructuras de la Universidad de La Laguna de la mano...\" \/>\n<meta property=\"og:url\" content=\"https:\/\/www.ull.es\/portal\/agenda\/evento\/jornada-de-puertas-abiertas-cientificas-de-la-universidad-de-la-laguna-macaronight-2023\/\" \/>\n<meta property=\"og:site_name\" content=\"ULL - Agenda\" \/>\n<meta property=\"article:modified_time\" content=\"2023-09-25T09:52:09+00:00\" \/>\n<meta property=\"og:image\" content=\"https:\/\/www.ull.es\/portal\/agenda\/wp-content\/uploads\/sites\/12\/2023\/08\/Post-MacaroNight-Puertas-Abiertas-Cientificas-de-la-ULL-2023-700x350-2.png\" \/>\n\t<meta property=\"og:image:width\" content=\"700\" \/>\n\t<meta property=\"og:image:height\" content=\"350\" \/>\n\t<meta property=\"og:image:type\" content=\"image\/png\" \/>\n<meta name=\"twitter:card\" content=\"summary_large_image\" \/>\n<meta name=\"twitter:label1\" content=\"Tiempo de lectura\" \/>\n\t<meta name=\"twitter:data1\" content=\"2 minutos\" \/>\n<script type=\"application\/ld+json\" class=\"yoast-schema-graph\">{\"@context\":\"https:\/\/schema.org\",\"@graph\":[{\"@type\":\"WebPage\",\"@id\":\"https:\/\/www.ull.es\/portal\/agenda\/evento\/jornada-de-puertas-abiertas-cientificas-de-la-universidad-de-la-laguna-macaronight-2023\/\",\"url\":\"https:\/\/www.ull.es\/portal\/agenda\/evento\/jornada-de-puertas-abiertas-cientificas-de-la-universidad-de-la-laguna-macaronight-2023\/\",\"name\":\"Jornada de Puertas Abiertas Cient\u00edficas de la Universidad de La Laguna. MacaroNight 2023 - ULL - Agenda\",\"isPartOf\":{\"@id\":\"https:\/\/www.ull.es\/portal\/agenda\/#website\"},\"datePublished\":\"2023-08-03T08:27:29+00:00\",\"dateModified\":\"2023-09-25T09:52:09+00:00\",\"breadcrumb\":{\"@id\":\"https:\/\/www.ull.es\/portal\/agenda\/evento\/jornada-de-puertas-abiertas-cientificas-de-la-universidad-de-la-laguna-macaronight-2023\/#breadcrumb\"},\"inLanguage\":\"es\",\"potentialAction\":[{\"@type\":\"ReadAction\",\"target\":[\"https:\/\/www.ull.es\/portal\/agenda\/evento\/jornada-de-puertas-abiertas-cientificas-de-la-universidad-de-la-laguna-macaronight-2023\/\"]}]},{\"@type\":\"BreadcrumbList\",\"@id\":\"https:\/\/www.ull.es\/portal\/agenda\/evento\/jornada-de-puertas-abiertas-cientificas-de-la-universidad-de-la-laguna-macaronight-2023\/#breadcrumb\",\"itemListElement\":[{\"@type\":\"ListItem\",\"position\":1,\"name\":\"Portada\",\"item\":\"https:\/\/www.ull.es\/portal\/agenda\/\"},{\"@type\":\"ListItem\",\"position\":2,\"name\":\"Jornada de Puertas Abiertas Cient\u00edficas de la Universidad de La Laguna. MacaroNight 2023\"}]},{\"@type\":\"WebSite\",\"@id\":\"https:\/\/www.ull.es\/portal\/agenda\/#website\",\"url\":\"https:\/\/www.ull.es\/portal\/agenda\/\",\"name\":\"ULL - Agenda\",\"description\":\"\",\"potentialAction\":[{\"@type\":\"SearchAction\",\"target\":{\"@type\":\"EntryPoint\",\"urlTemplate\":\"https:\/\/www.ull.es\/portal\/agenda\/?s={search_term_string}\"},\"query-input\":\"required name=search_term_string\"}],\"inLanguage\":\"es\"}]}<\/script>\n<!-- \/ Yoast SEO plugin. -->","yoast_head_json":{"title":"Jornada de Puertas Abiertas Cient\u00edficas de la Universidad de La Laguna. MacaroNight 2023 - ULL - Agenda","robots":{"index":"index","follow":"follow","max-snippet":"max-snippet:-1","max-image-preview":"max-image-preview:large","max-video-preview":"max-video-preview:-1"},"canonical":"https:\/\/www.ull.es\/portal\/agenda\/evento\/jornada-de-puertas-abiertas-cientificas-de-la-universidad-de-la-laguna-macaronight-2023\/","og_locale":"es_ES","og_type":"article","og_title":"Jornada de Puertas Abiertas Cient\u00edficas de la Universidad de La Laguna. MacaroNight 2023 - ULL - Agenda","og_description":"Como cada septiembre y en el marco de MacaroNight (la Noche Europea de los Investigadores e Investigadoras de la Macaronesia), se desarrollar\u00e1 la acci\u00f3n \u201cJornada de Puertas abiertas cient\u00edficas de la Universidad de La Laguna\u201d. Consistir\u00e1\u00a0 en la realizaci\u00f3n\u00a0 de 28 rutas guiadas por distintas infraestructuras de la Universidad de La Laguna de la mano...","og_url":"https:\/\/www.ull.es\/portal\/agenda\/evento\/jornada-de-puertas-abiertas-cientificas-de-la-universidad-de-la-laguna-macaronight-2023\/","og_site_name":"ULL - Agenda","article_modified_time":"2023-09-25T09:52:09+00:00","og_image":[{"width":700,"height":350,"url":"https:\/\/www.ull.es\/portal\/agenda\/wp-content\/uploads\/sites\/12\/2023\/08\/Post-MacaroNight-Puertas-Abiertas-Cientificas-de-la-ULL-2023-700x350-2.png","type":"image\/png"}],"twitter_card":"summary_large_image","twitter_misc":{"Tiempo de lectura":"2 minutos"},"schema":{"@context":"https:\/\/schema.org","@graph":[{"@type":"WebPage","@id":"https:\/\/www.ull.es\/portal\/agenda\/evento\/jornada-de-puertas-abiertas-cientificas-de-la-universidad-de-la-laguna-macaronight-2023\/","url":"https:\/\/www.ull.es\/portal\/agenda\/evento\/jornada-de-puertas-abiertas-cientificas-de-la-universidad-de-la-laguna-macaronight-2023\/","name":"Jornada de Puertas Abiertas Cient\u00edficas de la Universidad de La Laguna. MacaroNight 2023 - ULL - Agenda","isPartOf":{"@id":"https:\/\/www.ull.es\/portal\/agenda\/#website"},"datePublished":"2023-08-03T08:27:29+00:00","dateModified":"2023-09-25T09:52:09+00:00","breadcrumb":{"@id":"https:\/\/www.ull.es\/portal\/agenda\/evento\/jornada-de-puertas-abiertas-cientificas-de-la-universidad-de-la-laguna-macaronight-2023\/#breadcrumb"},"inLanguage":"es","potentialAction":[{"@type":"ReadAction","target":["https:\/\/www.ull.es\/portal\/agenda\/evento\/jornada-de-puertas-abiertas-cientificas-de-la-universidad-de-la-laguna-macaronight-2023\/"]}]},{"@type":"BreadcrumbList","@id":"https:\/\/www.ull.es\/portal\/agenda\/evento\/jornada-de-puertas-abiertas-cientificas-de-la-universidad-de-la-laguna-macaronight-2023\/#breadcrumb","itemListElement":[{"@type":"ListItem","position":1,"name":"Portada","item":"https:\/\/www.ull.es\/portal\/agenda\/"},{"@type":"ListItem","position":2,"name":"Jornada de Puertas Abiertas Cient\u00edficas de la Universidad de La Laguna. MacaroNight 2023"}]},{"@type":"WebSite","@id":"https:\/\/www.ull.es\/portal\/agenda\/#website","url":"https:\/\/www.ull.es\/portal\/agenda\/","name":"ULL - Agenda","description":"","potentialAction":[{"@type":"SearchAction","target":{"@type":"EntryPoint","urlTemplate":"https:\/\/www.ull.es\/portal\/agenda\/?s={search_term_string}"},"query-input":"required name=search_term_string"}],"inLanguage":"es"}]}},"_links":{"self":[{"href":"https:\/\/www.ull.es\/portal\/agenda\/wp-json\/wp\/v2\/tribe_events\/31612"}],"collection":[{"href":"https:\/\/www.ull.es\/portal\/agenda\/wp-json\/wp\/v2\/tribe_events"}],"about":[{"href":"https:\/\/www.ull.es\/portal\/agenda\/wp-json\/wp\/v2\/types\/tribe_events"}],"author":[{"embeddable":true,"href":"https:\/\/www.ull.es\/portal\/agenda\/wp-json\/wp\/v2\/users\/65"}],"replies":[{"embeddable":true,"href":"https:\/\/www.ull.es\/portal\/agenda\/wp-json\/wp\/v2\/comments?post=31612"}],"version-history":[{"count":2,"href":"https:\/\/www.ull.es\/portal\/agenda\/wp-json\/wp\/v2\/tribe_events\/31612\/revisions"}],"predecessor-version":[{"id":31615,"href":"https:\/\/www.ull.es\/portal\/agenda\/wp-json\/wp\/v2\/tribe_events\/31612\/revisions\/31615"}],"wp:featuredmedia":[{"embeddable":true,"href":"https:\/\/www.ull.es\/portal\/agenda\/wp-json\/wp\/v2\/media\/31624"}],"wp:attachment":[{"href":"https:\/\/www.ull.es\/portal\/agenda\/wp-json\/wp\/v2\/media?parent=31612"}],"wp:term":[{"taxonomy":"post_tag","embeddable":true,"href":"https:\/\/www.ull.es\/portal\/agenda\/wp-json\/wp\/v2\/tags?post=31612"},{"taxonomy":"tribe_events_cat","embeddable":true,"href":"https:\/\/www.ull.es\/portal\/agenda\/wp-json\/wp\/v2\/tribe_events_cat?post=31612"}],"curies":[{"name":"wp","href":"https:\/\/api.w.org\/{rel}","templated":true}]}}