{"id":32031,"date":"2023-09-18T09:48:56","date_gmt":"2023-09-18T09:48:56","guid":{"rendered":"https:\/\/www.ull.es\/portal\/agenda\/?post_type=tribe_events&#038;p=32031"},"modified":"2023-09-18T10:21:24","modified_gmt":"2023-09-18T10:21:24","slug":"seminario-cesco-63-entidades-de-economia-social-en-las-islas-canarias-2022","status":"publish","type":"tribe_events","link":"https:\/\/www.ull.es\/portal\/agenda\/evento\/seminario-cesco-63-entidades-de-economia-social-en-las-islas-canarias-2022\/","title":{"rendered":"Seminario CESCO 63: Entidades de Econom\u00eda social en Las Islas Canarias 2022"},"content":{"rendered":"<p>En esta sesi\u00f3n se proceder\u00e1 al an\u00e1lisis de la actualidad de las Cooperativas, cofrad\u00edas, asociaciones y Fundaciones en el archipi\u00e9lago canario. El principal objetivo es conocer y contrastar la actualidad de las entidades de Econom\u00eda Social en las Islas Canarias desde una perfectiva de an\u00e1lisis temporal.<\/p>\n<p>Se mostrar\u00e1 el comportamiento de los principales indicadores de las entidades que forman parte de la Econom\u00eda Social en los a\u00f1os m\u00e1s recientes. Sus resultados nos dar\u00e1n las claves para una posible evoluci\u00f3n a futuro.<\/p>\n<p>Imparte: Alfredo Miguel Neves Guillen. Estudiante de Econom\u00eda y Miembro de la C\u00e1tedra Cajasiete-ULL de Econom\u00eda Social y Cooperativa (CESCO).<\/p>\n<p>Direcci\u00f3n acad\u00e9mica: C\u00e1ndido Rom\u00e1n Cervantes, Profesor Titular de Universidad, Departamento de Direcci\u00f3n de Empresas e Historia Econ\u00f3mica. Director de la C\u00e1tedra Cajasiete de Econom\u00eda Social y Colaborativa de la Universidad de La Laguna.<\/p>\n<p><strong>CERTIFICADO DE ASISTENCIA<\/strong>: La ULL, a trav\u00e9s del Vicerrectorado de Cultura y Extensi\u00f3n Universitaria, emitir\u00e1 un certificado de asistencia a todas aquellas personas que participen, previa inscripci\u00f3n en la actividad.<\/p>\n<p>Asistencia gratuita previa inscripci\u00f3n.\u00a0<a href=\"https:\/\/sede.fg.ull.es\/es\/curso\/detalle\/a23020247\/seminario-cesco-63-entidades-de-economia-social-en-las-islas-canarias-2022\" target=\"_blank\" rel=\"noopener noreferrer\" target=\"_blank\" rel=\"noopener\"><strong><u>Inscr\u00edbete aqu\u00ed.<\/u><\/strong><\/a><\/p>\n<p><strong>Contacto: 922 319 616 \/ 922 319 626 \u2013\u00a0<\/strong><a href=\"mailto:extuni@ull.edu.es\" target=\"_blank\" rel=\"noopener\" target=\"_blank\" rel=\"noopener\"><strong>extuni@ull.es<\/strong><\/a><\/p>\n","protected":false},"excerpt":{"rendered":"<p>En esta sesi\u00f3n se proceder\u00e1 al an\u00e1lisis de la actualidad de las Cooperativas, cofrad\u00edas, asociaciones y Fundaciones en el archipi\u00e9lago canario. El principal objetivo es conocer y contrastar la actualidad de las entidades de Econom\u00eda Social en las Islas Canarias desde una perfectiva de an\u00e1lisis temporal. Se mostrar\u00e1 el comportamiento de los principales indicadores de&#8230;<\/p>\n","protected":false},"author":43,"featured_media":32034,"comment_status":"closed","ping_status":"closed","template":"","tags":[4259,977,3812,3751],"tribe_events_cat":[472,3165,4,186],"acf":[],"yoast_head":"<!-- This site is optimized with the Yoast SEO plugin v21.3 - https:\/\/yoast.com\/wordpress\/plugins\/seo\/ -->\n<title>Seminario CESCO 63: Entidades de Econom\u00eda social en Las Islas Canarias 2022 - ULL - Agenda<\/title>\n<meta name=\"robots\" content=\"index, follow, max-snippet:-1, max-image-preview:large, max-video-preview:-1\" \/>\n<link rel=\"canonical\" href=\"https:\/\/www.ull.es\/portal\/agenda\/evento\/seminario-cesco-63-entidades-de-economia-social-en-las-islas-canarias-2022\/\" \/>\n<meta property=\"og:locale\" content=\"es_ES\" \/>\n<meta property=\"og:type\" content=\"article\" \/>\n<meta property=\"og:title\" content=\"Seminario CESCO 63: Entidades de Econom\u00eda social en Las Islas Canarias 2022 - ULL - Agenda\" \/>\n<meta property=\"og:description\" content=\"En esta sesi\u00f3n se proceder\u00e1 al an\u00e1lisis de la actualidad de las Cooperativas, cofrad\u00edas, asociaciones y Fundaciones en el archipi\u00e9lago canario. El principal objetivo es conocer y contrastar la actualidad de las entidades de Econom\u00eda Social en las Islas Canarias desde una perfectiva de an\u00e1lisis temporal. Se mostrar\u00e1 el comportamiento de los principales indicadores de...\" \/>\n<meta property=\"og:url\" content=\"https:\/\/www.ull.es\/portal\/agenda\/evento\/seminario-cesco-63-entidades-de-economia-social-en-las-islas-canarias-2022\/\" \/>\n<meta property=\"og:site_name\" content=\"ULL - Agenda\" \/>\n<meta property=\"article:modified_time\" content=\"2023-09-18T10:21:24+00:00\" \/>\n<meta property=\"og:image\" content=\"https:\/\/www.ull.es\/portal\/agenda\/wp-content\/uploads\/sites\/12\/2023\/09\/BannerCESCO63-1.png\" \/>\n\t<meta property=\"og:image:width\" content=\"700\" \/>\n\t<meta property=\"og:image:height\" content=\"350\" \/>\n\t<meta property=\"og:image:type\" content=\"image\/png\" \/>\n<meta name=\"twitter:card\" content=\"summary_large_image\" \/>\n<meta name=\"twitter:label1\" content=\"Tiempo de lectura\" \/>\n\t<meta name=\"twitter:data1\" content=\"1 minuto\" \/>\n<script type=\"application\/ld+json\" class=\"yoast-schema-graph\">{\"@context\":\"https:\/\/schema.org\",\"@graph\":[{\"@type\":\"WebPage\",\"@id\":\"https:\/\/www.ull.es\/portal\/agenda\/evento\/seminario-cesco-63-entidades-de-economia-social-en-las-islas-canarias-2022\/\",\"url\":\"https:\/\/www.ull.es\/portal\/agenda\/evento\/seminario-cesco-63-entidades-de-economia-social-en-las-islas-canarias-2022\/\",\"name\":\"Seminario CESCO 63: Entidades de Econom\u00eda social en Las Islas Canarias 2022 - ULL - Agenda\",\"isPartOf\":{\"@id\":\"https:\/\/www.ull.es\/portal\/agenda\/#website\"},\"datePublished\":\"2023-09-18T09:48:56+00:00\",\"dateModified\":\"2023-09-18T10:21:24+00:00\",\"breadcrumb\":{\"@id\":\"https:\/\/www.ull.es\/portal\/agenda\/evento\/seminario-cesco-63-entidades-de-economia-social-en-las-islas-canarias-2022\/#breadcrumb\"},\"inLanguage\":\"es\",\"potentialAction\":[{\"@type\":\"ReadAction\",\"target\":[\"https:\/\/www.ull.es\/portal\/agenda\/evento\/seminario-cesco-63-entidades-de-economia-social-en-las-islas-canarias-2022\/\"]}]},{\"@type\":\"BreadcrumbList\",\"@id\":\"https:\/\/www.ull.es\/portal\/agenda\/evento\/seminario-cesco-63-entidades-de-economia-social-en-las-islas-canarias-2022\/#breadcrumb\",\"itemListElement\":[{\"@type\":\"ListItem\",\"position\":1,\"name\":\"Portada\",\"item\":\"https:\/\/www.ull.es\/portal\/agenda\/\"},{\"@type\":\"ListItem\",\"position\":2,\"name\":\"Seminario CESCO 63: Entidades de Econom\u00eda social en Las Islas Canarias 2022\"}]},{\"@type\":\"WebSite\",\"@id\":\"https:\/\/www.ull.es\/portal\/agenda\/#website\",\"url\":\"https:\/\/www.ull.es\/portal\/agenda\/\",\"name\":\"ULL - Agenda\",\"description\":\"\",\"potentialAction\":[{\"@type\":\"SearchAction\",\"target\":{\"@type\":\"EntryPoint\",\"urlTemplate\":\"https:\/\/www.ull.es\/portal\/agenda\/?s={search_term_string}\"},\"query-input\":\"required name=search_term_string\"}],\"inLanguage\":\"es\"}]}<\/script>\n<!-- \/ Yoast SEO plugin. -->","yoast_head_json":{"title":"Seminario CESCO 63: Entidades de Econom\u00eda social en Las Islas Canarias 2022 - ULL - Agenda","robots":{"index":"index","follow":"follow","max-snippet":"max-snippet:-1","max-image-preview":"max-image-preview:large","max-video-preview":"max-video-preview:-1"},"canonical":"https:\/\/www.ull.es\/portal\/agenda\/evento\/seminario-cesco-63-entidades-de-economia-social-en-las-islas-canarias-2022\/","og_locale":"es_ES","og_type":"article","og_title":"Seminario CESCO 63: Entidades de Econom\u00eda social en Las Islas Canarias 2022 - ULL - Agenda","og_description":"En esta sesi\u00f3n se proceder\u00e1 al an\u00e1lisis de la actualidad de las Cooperativas, cofrad\u00edas, asociaciones y Fundaciones en el archipi\u00e9lago canario. El principal objetivo es conocer y contrastar la actualidad de las entidades de Econom\u00eda Social en las Islas Canarias desde una perfectiva de an\u00e1lisis temporal. Se mostrar\u00e1 el comportamiento de los principales indicadores de...","og_url":"https:\/\/www.ull.es\/portal\/agenda\/evento\/seminario-cesco-63-entidades-de-economia-social-en-las-islas-canarias-2022\/","og_site_name":"ULL - Agenda","article_modified_time":"2023-09-18T10:21:24+00:00","og_image":[{"width":700,"height":350,"url":"https:\/\/www.ull.es\/portal\/agenda\/wp-content\/uploads\/sites\/12\/2023\/09\/BannerCESCO63-1.png","type":"image\/png"}],"twitter_card":"summary_large_image","twitter_misc":{"Tiempo de lectura":"1 minuto"},"schema":{"@context":"https:\/\/schema.org","@graph":[{"@type":"WebPage","@id":"https:\/\/www.ull.es\/portal\/agenda\/evento\/seminario-cesco-63-entidades-de-economia-social-en-las-islas-canarias-2022\/","url":"https:\/\/www.ull.es\/portal\/agenda\/evento\/seminario-cesco-63-entidades-de-economia-social-en-las-islas-canarias-2022\/","name":"Seminario CESCO 63: Entidades de Econom\u00eda social en Las Islas Canarias 2022 - ULL - Agenda","isPartOf":{"@id":"https:\/\/www.ull.es\/portal\/agenda\/#website"},"datePublished":"2023-09-18T09:48:56+00:00","dateModified":"2023-09-18T10:21:24+00:00","breadcrumb":{"@id":"https:\/\/www.ull.es\/portal\/agenda\/evento\/seminario-cesco-63-entidades-de-economia-social-en-las-islas-canarias-2022\/#breadcrumb"},"inLanguage":"es","potentialAction":[{"@type":"ReadAction","target":["https:\/\/www.ull.es\/portal\/agenda\/evento\/seminario-cesco-63-entidades-de-economia-social-en-las-islas-canarias-2022\/"]}]},{"@type":"BreadcrumbList","@id":"https:\/\/www.ull.es\/portal\/agenda\/evento\/seminario-cesco-63-entidades-de-economia-social-en-las-islas-canarias-2022\/#breadcrumb","itemListElement":[{"@type":"ListItem","position":1,"name":"Portada","item":"https:\/\/www.ull.es\/portal\/agenda\/"},{"@type":"ListItem","position":2,"name":"Seminario CESCO 63: Entidades de Econom\u00eda social en Las Islas Canarias 2022"}]},{"@type":"WebSite","@id":"https:\/\/www.ull.es\/portal\/agenda\/#website","url":"https:\/\/www.ull.es\/portal\/agenda\/","name":"ULL - Agenda","description":"","potentialAction":[{"@type":"SearchAction","target":{"@type":"EntryPoint","urlTemplate":"https:\/\/www.ull.es\/portal\/agenda\/?s={search_term_string}"},"query-input":"required name=search_term_string"}],"inLanguage":"es"}]}},"_links":{"self":[{"href":"https:\/\/www.ull.es\/portal\/agenda\/wp-json\/wp\/v2\/tribe_events\/32031"}],"collection":[{"href":"https:\/\/www.ull.es\/portal\/agenda\/wp-json\/wp\/v2\/tribe_events"}],"about":[{"href":"https:\/\/www.ull.es\/portal\/agenda\/wp-json\/wp\/v2\/types\/tribe_events"}],"author":[{"embeddable":true,"href":"https:\/\/www.ull.es\/portal\/agenda\/wp-json\/wp\/v2\/users\/43"}],"replies":[{"embeddable":true,"href":"https:\/\/www.ull.es\/portal\/agenda\/wp-json\/wp\/v2\/comments?post=32031"}],"version-history":[{"count":1,"href":"https:\/\/www.ull.es\/portal\/agenda\/wp-json\/wp\/v2\/tribe_events\/32031\/revisions"}],"predecessor-version":[{"id":32033,"href":"https:\/\/www.ull.es\/portal\/agenda\/wp-json\/wp\/v2\/tribe_events\/32031\/revisions\/32033"}],"wp:featuredmedia":[{"embeddable":true,"href":"https:\/\/www.ull.es\/portal\/agenda\/wp-json\/wp\/v2\/media\/32034"}],"wp:attachment":[{"href":"https:\/\/www.ull.es\/portal\/agenda\/wp-json\/wp\/v2\/media?parent=32031"}],"wp:term":[{"taxonomy":"post_tag","embeddable":true,"href":"https:\/\/www.ull.es\/portal\/agenda\/wp-json\/wp\/v2\/tags?post=32031"},{"taxonomy":"tribe_events_cat","embeddable":true,"href":"https:\/\/www.ull.es\/portal\/agenda\/wp-json\/wp\/v2\/tribe_events_cat?post=32031"}],"curies":[{"name":"wp","href":"https:\/\/api.w.org\/{rel}","templated":true}]}}