{"id":32185,"date":"2023-09-25T12:13:32","date_gmt":"2023-09-25T12:13:32","guid":{"rendered":"https:\/\/www.ull.es\/portal\/agenda\/?post_type=tribe_events&#038;p=32185"},"modified":"2023-09-27T10:40:19","modified_gmt":"2023-09-27T10:40:19","slug":"exposicion-canarias-disena-canarias-disenada","status":"publish","type":"tribe_events","link":"https:\/\/www.ull.es\/portal\/agenda\/evento\/exposicion-canarias-disena-canarias-disenada\/","title":{"rendered":"Exposici\u00f3n: Canarias dise\u00f1a. Canarias dise\u00f1ada"},"content":{"rendered":"<p>&#8216;Canarias dise\u00f1a. Canarias dise\u00f1ada&#8217;. La cultura del dise\u00f1o en la identidad canaria a trav\u00e9s de nuestras marcas gr\u00e1ficas es un proyecto que pone en valor el dise\u00f1o de identidades visuales que ha estado presente en nuestro territorio. Una muestra de marcas que han sido dise\u00f1adas en Canarias o bien, que pertenecen a empresas cuya actividad se ha realizado o se realiza de forma intensiva en las islas y que se sienten (y son sentidas) como propias del lugar.<\/p>\n<p dir=\"ltr\">Aunque el papel del dise\u00f1o en la construcci\u00f3n de la identidad cultural ha sido ampliamente estudiado desde un punto de vista te\u00f3rico, se ha estudiado poco el modo en que las obras gr\u00e1ficas realizadas en Canarias han contribuido a la construcci\u00f3n de nuestra identidad, al sentimiento de ser canario o canaria.<\/p>\n<p dir=\"ltr\">Aunque el concepto de identidad es complejo y queda mucho por investigar hasta establecer el modo en que el dise\u00f1o ha contribuido en su construcci\u00f3n, en los \u00faltimos a\u00f1os existe una creciente inquietud en el \u00e1mbito acad\u00e9mico, investigador y social por estudiar y divulgar la historia del dise\u00f1o gr\u00e1fico en Canarias. Esta exposici\u00f3n\u00a0nace con el objetivo de contribuir a la creaci\u00f3n de una historiograf\u00eda del dise\u00f1o gr\u00e1fico canario. En el inicio de esta investigaci\u00f3n se ha elaborado un primer cat\u00e1logo de marcas que han sido dise\u00f1adas en Canarias o est\u00e1n vinculadas a empresas que operan en las islas, con el objetivo de que se convierta en fuente de documentaci\u00f3n y material de referencia y consulta para las y los profesionales del dise\u00f1o e investigadores e investigadoras actuales y futuros.<\/p>\n<p dir=\"ltr\">La muestra se estructura en cinco etapas hist\u00f3ricas: los primeros a\u00f1os de la industrializaci\u00f3n (1890-1930), los primeros logos modernos (1930-1950), la consolidaci\u00f3n del dise\u00f1o moderno (1950-1970), la transici\u00f3n hacia la posmodernidad (1970-1990) y la era digital (1990-2020).\u00a0M\u00e1s all\u00e1 de esta divisi\u00f3n temporal, las marcas elegidas buscan establecer conexiones que evidencien su continuidad a lo largo de las diferentes \u00e9pocas, interpretando la historia como una narraci\u00f3n y un proceso de construcci\u00f3n colectiva.<\/p>\n<p>La exposici\u00f3n se inaugura el pr\u00f3ximo\u00a028 de septiembre a las 20:00 horas en la Sala de Exposiciones de la Facultad de Bellas Artes de la Universidad de La Laguna.\u00a0Adem\u00e1s, dentro del marco de la exposici\u00f3n, el d\u00eda\u00a010 de octubre, a las 17:00 horas, en el mismo lugar, se llevar\u00e1n a cabo varias\u00a0charlas y actividades\u00a0sobre el tema de la exposici\u00f3n. Ser\u00e1 una oportunidad para escuchar y poder intercambiar ideas con profesionales que han dise\u00f1ado y dise\u00f1an marcas canarias.<\/p>\n","protected":false},"excerpt":{"rendered":"<p>&#8216;Canarias dise\u00f1a. Canarias dise\u00f1ada&#8217;. La cultura del dise\u00f1o en la identidad canaria a trav\u00e9s de nuestras marcas gr\u00e1ficas es un proyecto que pone en valor el dise\u00f1o de identidades visuales que ha estado presente en nuestro territorio. Una muestra de marcas que han sido dise\u00f1adas en Canarias o bien, que pertenecen a empresas cuya actividad&#8230;<\/p>\n","protected":false},"author":65,"featured_media":32219,"comment_status":"closed","ping_status":"closed","template":"","tags":[],"tribe_events_cat":[4,19,3096],"acf":[],"yoast_head":"<!-- This site is optimized with the Yoast SEO plugin v21.3 - https:\/\/yoast.com\/wordpress\/plugins\/seo\/ -->\n<title>Exposici\u00f3n: Canarias dise\u00f1a. Canarias dise\u00f1ada - ULL - Agenda<\/title>\n<meta name=\"robots\" content=\"index, follow, max-snippet:-1, max-image-preview:large, max-video-preview:-1\" \/>\n<link rel=\"canonical\" href=\"https:\/\/www.ull.es\/portal\/agenda\/evento\/exposicion-canarias-disena-canarias-disenada\/\" \/>\n<meta property=\"og:locale\" content=\"es_ES\" \/>\n<meta property=\"og:type\" content=\"article\" \/>\n<meta property=\"og:title\" content=\"Exposici\u00f3n: Canarias dise\u00f1a. Canarias dise\u00f1ada - ULL - Agenda\" \/>\n<meta property=\"og:description\" content=\"&#8216;Canarias dise\u00f1a. Canarias dise\u00f1ada&#8217;. La cultura del dise\u00f1o en la identidad canaria a trav\u00e9s de nuestras marcas gr\u00e1ficas es un proyecto que pone en valor el dise\u00f1o de identidades visuales que ha estado presente en nuestro territorio. Una muestra de marcas que han sido dise\u00f1adas en Canarias o bien, que pertenecen a empresas cuya actividad...\" \/>\n<meta property=\"og:url\" content=\"https:\/\/www.ull.es\/portal\/agenda\/evento\/exposicion-canarias-disena-canarias-disenada\/\" \/>\n<meta property=\"og:site_name\" content=\"ULL - Agenda\" \/>\n<meta property=\"article:modified_time\" content=\"2023-09-27T10:40:19+00:00\" \/>\n<meta property=\"og:image\" content=\"https:\/\/www.ull.es\/portal\/agenda\/wp-content\/uploads\/sites\/12\/2023\/09\/Canarias-disena.-Canarias-disenada_Banner-Evento-ULL.png\" \/>\n\t<meta property=\"og:image:width\" content=\"750\" \/>\n\t<meta property=\"og:image:height\" content=\"370\" \/>\n\t<meta property=\"og:image:type\" content=\"image\/png\" \/>\n<meta name=\"twitter:card\" content=\"summary_large_image\" \/>\n<meta name=\"twitter:label1\" content=\"Tiempo de lectura\" \/>\n\t<meta name=\"twitter:data1\" content=\"2 minutos\" \/>\n<script type=\"application\/ld+json\" class=\"yoast-schema-graph\">{\"@context\":\"https:\/\/schema.org\",\"@graph\":[{\"@type\":\"WebPage\",\"@id\":\"https:\/\/www.ull.es\/portal\/agenda\/evento\/exposicion-canarias-disena-canarias-disenada\/\",\"url\":\"https:\/\/www.ull.es\/portal\/agenda\/evento\/exposicion-canarias-disena-canarias-disenada\/\",\"name\":\"Exposici\u00f3n: Canarias dise\u00f1a. Canarias dise\u00f1ada - ULL - Agenda\",\"isPartOf\":{\"@id\":\"https:\/\/www.ull.es\/portal\/agenda\/#website\"},\"datePublished\":\"2023-09-25T12:13:32+00:00\",\"dateModified\":\"2023-09-27T10:40:19+00:00\",\"breadcrumb\":{\"@id\":\"https:\/\/www.ull.es\/portal\/agenda\/evento\/exposicion-canarias-disena-canarias-disenada\/#breadcrumb\"},\"inLanguage\":\"es\",\"potentialAction\":[{\"@type\":\"ReadAction\",\"target\":[\"https:\/\/www.ull.es\/portal\/agenda\/evento\/exposicion-canarias-disena-canarias-disenada\/\"]}]},{\"@type\":\"BreadcrumbList\",\"@id\":\"https:\/\/www.ull.es\/portal\/agenda\/evento\/exposicion-canarias-disena-canarias-disenada\/#breadcrumb\",\"itemListElement\":[{\"@type\":\"ListItem\",\"position\":1,\"name\":\"Portada\",\"item\":\"https:\/\/www.ull.es\/portal\/agenda\/\"},{\"@type\":\"ListItem\",\"position\":2,\"name\":\"Exposici\u00f3n: Canarias dise\u00f1a. Canarias dise\u00f1ada\"}]},{\"@type\":\"WebSite\",\"@id\":\"https:\/\/www.ull.es\/portal\/agenda\/#website\",\"url\":\"https:\/\/www.ull.es\/portal\/agenda\/\",\"name\":\"ULL - Agenda\",\"description\":\"\",\"potentialAction\":[{\"@type\":\"SearchAction\",\"target\":{\"@type\":\"EntryPoint\",\"urlTemplate\":\"https:\/\/www.ull.es\/portal\/agenda\/?s={search_term_string}\"},\"query-input\":\"required name=search_term_string\"}],\"inLanguage\":\"es\"}]}<\/script>\n<!-- \/ Yoast SEO plugin. -->","yoast_head_json":{"title":"Exposici\u00f3n: Canarias dise\u00f1a. Canarias dise\u00f1ada - ULL - Agenda","robots":{"index":"index","follow":"follow","max-snippet":"max-snippet:-1","max-image-preview":"max-image-preview:large","max-video-preview":"max-video-preview:-1"},"canonical":"https:\/\/www.ull.es\/portal\/agenda\/evento\/exposicion-canarias-disena-canarias-disenada\/","og_locale":"es_ES","og_type":"article","og_title":"Exposici\u00f3n: Canarias dise\u00f1a. Canarias dise\u00f1ada - ULL - Agenda","og_description":"&#8216;Canarias dise\u00f1a. Canarias dise\u00f1ada&#8217;. La cultura del dise\u00f1o en la identidad canaria a trav\u00e9s de nuestras marcas gr\u00e1ficas es un proyecto que pone en valor el dise\u00f1o de identidades visuales que ha estado presente en nuestro territorio. Una muestra de marcas que han sido dise\u00f1adas en Canarias o bien, que pertenecen a empresas cuya actividad...","og_url":"https:\/\/www.ull.es\/portal\/agenda\/evento\/exposicion-canarias-disena-canarias-disenada\/","og_site_name":"ULL - Agenda","article_modified_time":"2023-09-27T10:40:19+00:00","og_image":[{"width":750,"height":370,"url":"https:\/\/www.ull.es\/portal\/agenda\/wp-content\/uploads\/sites\/12\/2023\/09\/Canarias-disena.-Canarias-disenada_Banner-Evento-ULL.png","type":"image\/png"}],"twitter_card":"summary_large_image","twitter_misc":{"Tiempo de lectura":"2 minutos"},"schema":{"@context":"https:\/\/schema.org","@graph":[{"@type":"WebPage","@id":"https:\/\/www.ull.es\/portal\/agenda\/evento\/exposicion-canarias-disena-canarias-disenada\/","url":"https:\/\/www.ull.es\/portal\/agenda\/evento\/exposicion-canarias-disena-canarias-disenada\/","name":"Exposici\u00f3n: Canarias dise\u00f1a. Canarias dise\u00f1ada - ULL - Agenda","isPartOf":{"@id":"https:\/\/www.ull.es\/portal\/agenda\/#website"},"datePublished":"2023-09-25T12:13:32+00:00","dateModified":"2023-09-27T10:40:19+00:00","breadcrumb":{"@id":"https:\/\/www.ull.es\/portal\/agenda\/evento\/exposicion-canarias-disena-canarias-disenada\/#breadcrumb"},"inLanguage":"es","potentialAction":[{"@type":"ReadAction","target":["https:\/\/www.ull.es\/portal\/agenda\/evento\/exposicion-canarias-disena-canarias-disenada\/"]}]},{"@type":"BreadcrumbList","@id":"https:\/\/www.ull.es\/portal\/agenda\/evento\/exposicion-canarias-disena-canarias-disenada\/#breadcrumb","itemListElement":[{"@type":"ListItem","position":1,"name":"Portada","item":"https:\/\/www.ull.es\/portal\/agenda\/"},{"@type":"ListItem","position":2,"name":"Exposici\u00f3n: Canarias dise\u00f1a. Canarias dise\u00f1ada"}]},{"@type":"WebSite","@id":"https:\/\/www.ull.es\/portal\/agenda\/#website","url":"https:\/\/www.ull.es\/portal\/agenda\/","name":"ULL - Agenda","description":"","potentialAction":[{"@type":"SearchAction","target":{"@type":"EntryPoint","urlTemplate":"https:\/\/www.ull.es\/portal\/agenda\/?s={search_term_string}"},"query-input":"required name=search_term_string"}],"inLanguage":"es"}]}},"_links":{"self":[{"href":"https:\/\/www.ull.es\/portal\/agenda\/wp-json\/wp\/v2\/tribe_events\/32185"}],"collection":[{"href":"https:\/\/www.ull.es\/portal\/agenda\/wp-json\/wp\/v2\/tribe_events"}],"about":[{"href":"https:\/\/www.ull.es\/portal\/agenda\/wp-json\/wp\/v2\/types\/tribe_events"}],"author":[{"embeddable":true,"href":"https:\/\/www.ull.es\/portal\/agenda\/wp-json\/wp\/v2\/users\/65"}],"replies":[{"embeddable":true,"href":"https:\/\/www.ull.es\/portal\/agenda\/wp-json\/wp\/v2\/comments?post=32185"}],"version-history":[{"count":3,"href":"https:\/\/www.ull.es\/portal\/agenda\/wp-json\/wp\/v2\/tribe_events\/32185\/revisions"}],"predecessor-version":[{"id":32197,"href":"https:\/\/www.ull.es\/portal\/agenda\/wp-json\/wp\/v2\/tribe_events\/32185\/revisions\/32197"}],"wp:featuredmedia":[{"embeddable":true,"href":"https:\/\/www.ull.es\/portal\/agenda\/wp-json\/wp\/v2\/media\/32219"}],"wp:attachment":[{"href":"https:\/\/www.ull.es\/portal\/agenda\/wp-json\/wp\/v2\/media?parent=32185"}],"wp:term":[{"taxonomy":"post_tag","embeddable":true,"href":"https:\/\/www.ull.es\/portal\/agenda\/wp-json\/wp\/v2\/tags?post=32185"},{"taxonomy":"tribe_events_cat","embeddable":true,"href":"https:\/\/www.ull.es\/portal\/agenda\/wp-json\/wp\/v2\/tribe_events_cat?post=32185"}],"curies":[{"name":"wp","href":"https:\/\/api.w.org\/{rel}","templated":true}]}}