{"id":32426,"date":"2023-10-09T13:31:48","date_gmt":"2023-10-09T13:31:48","guid":{"rendered":"https:\/\/www.ull.es\/portal\/agenda\/?post_type=tribe_events&#038;p=32426"},"modified":"2024-05-09T07:51:06","modified_gmt":"2024-05-09T07:51:06","slug":"seminario-de-especializacion-de-algebra-geometria-algebraica-y-singularidades-2023-2024","status":"publish","type":"tribe_events","link":"https:\/\/www.ull.es\/portal\/agenda\/evento\/seminario-de-especializacion-de-algebra-geometria-algebraica-y-singularidades-2023-2024\/","title":{"rendered":"Seminario de especializaci\u00f3n de \u00c1lgebra, Geometr\u00eda Algebraica y Singularidades 2023-2024"},"content":{"rendered":"<p>[vc_row][vc_column][vc_column_text]El\u00a0<a href=\"http:\/\/gasiull.webs.ull.es\/\" target=\"_blank\" rel=\"noopener\" target=\"_blank\" rel=\"noopener\">Grupo de Investigaci\u00f3n\u00a0\u00a0<\/a><span class=\"s2\"><a href=\"http:\/\/gasiull.webs.ull.es\/\" target=\"_blank\" rel=\"noopener\" target=\"_blank\" rel=\"noopener\">Geometr\u00eda Algebraica: singularidades e invariantes<\/a> organiza los Seminarios online de Especializaci\u00f3n Permanente de \u00c1lgebra, Geometr\u00eda algebraica y Singularidades 2023-2024.\u00a0<\/span><\/p>\n<p>El objetivo de estos seminarios es reunir a expertos en \u00c1lgebra y Geometr\u00eda Algebraica, reconocidos internacionalmente, que hablar\u00e1n sobre los \u00faltimos avances en la investigaci\u00f3n que desarrollan y que se encuadren en las \u00e1reas tem\u00e1ticas de este seminario. El presente seminario est\u00e1 vinculado al programa de Doctorado de Matem\u00e1ticas y Estad\u00edstica de la ULL y est\u00e1 subvencionado por el Vicerrectorado de Investigaci\u00f3n y Transferencia.[\/vc_column_text][\/vc_column][\/vc_row][vc_row][vc_column][vc_tta_accordion c_icon=\u00bbchevron\u00bb c_position=\u00bbright\u00bb active_section=\u00bb1&#8243; no_fill=\u00bbtrue\u00bb collapsible_all=\u00bbtrue\u00bb][vc_tta_section title=\u00bb14 de mayo: Algebraic Geometry codes in the sum-rank metric\u00bb tab_id=\u00bb14-de-mayo\u00bb][vc_column_text]Ponente\/Speaker: Elena Berardini (Universit\u00e9 de Bordeaux, Francia)<\/p>\n<p><a href=\"https:\/\/gasiull.webs.ull.es\/resumen-2024-05-14.pdf\" target=\"_blank\" rel=\"noopener\" target=\"_blank\" rel=\"noopener\">Resumen\/Abstract<\/a><\/p>\n<p>Los interesados en asistir y que no est\u00e9n a\u00fan en la lista de distribuci\u00f3n del seminario deben inscribirse en este\u00a0<a href=\"https:\/\/forms.gle\/tqHzxxzgf9YETYcK6\" target=\"_blank\" rel=\"noopener\" target=\"_blank\" rel=\"noopener\">enlace<\/a>\u00a0y recibir\u00e1n el enlace para conectare a la charla v\u00eda su direcci\u00f3n electr\u00f3nica.[\/vc_column_text][\/vc_tta_section][vc_tta_section title=\u00bb9 de abril: Logarithmic models for analytic foliations in dimension two\u00bb tab_id=\u00bb1715241008419-08761fc4-94f3&#8243;][vc_column_text]Ponente\/Speaker: Rog\u00e9rio Mol (Universidade Minas Gerais, Brasil)<\/p>\n<p><a href=\"https:\/\/gasiull.webs.ull.es\/resumen-2024-04-09.pdf\" target=\"_blank\" rel=\"noopener\" target=\"_blank\" rel=\"noopener\">Resumen\/Abstract<\/a><\/p>\n<p>Los interesados en asistir y que no est\u00e9n a\u00fan en la lista de distribuci\u00f3n del seminario deben inscribirse en este\u00a0<a href=\"https:\/\/forms.gle\/tqHzxxzgf9YETYcK6\" target=\"_blank\" rel=\"noopener\" target=\"_blank\" rel=\"noopener\">enlace<\/a>\u00a0y recibir\u00e1n el enlace para conectare a la charla v\u00eda su direcci\u00f3n electr\u00f3nica.[\/vc_column_text][\/vc_tta_section][vc_tta_section title=\u00bb19 de marzo: El \u00edndice de regularidad de la funci\u00f3n de distancia m\u00ednima generalizada\u00bb tab_id=\u00bb1711095660997-297112c1-ebb4&#8243;][vc_column_text]Ponente\/Speaker: Carlos Ariel Espinosa Vald\u00e9z (CIMAT, M\u00e9xico)<\/p>\n<p><a href=\"https:\/\/gasiull.webs.ull.es\/resumen-2024-03-19.pdf\" target=\"_blank\" rel=\"noopener\" target=\"_blank\" rel=\"noopener\">Resumen\/Abstract<\/a><\/p>\n<p>Los interesados en asistir y que no est\u00e9n a\u00fan en la lista de distribuci\u00f3n del seminario deben inscribirse en este\u00a0<a href=\"https:\/\/forms.gle\/tqHzxxzgf9YETYcK6\" target=\"_blank\" rel=\"noopener\" target=\"_blank\" rel=\"noopener\">enlace<\/a>\u00a0y recibir\u00e1n el enlace para conectare a la charla v\u00eda su direcci\u00f3n electr\u00f3nica.[\/vc_column_text][\/vc_tta_section][vc_tta_section title=\u00bb20 de febrero: Connected domination in graphs and the v-number of binomial edge ideals\u00bb tab_id=\u00bb1708676730354-8c39af28-5cdc\u00bb][vc_column_text]Ponente\/Speaker: Delio Jaramillo-V\u00e9lez (Chalmers University of Technology, Suecia)<\/p>\n<p><a href=\"https:\/\/gasiull.webs.ull.es\/resumen-2024-02-20.pdf\" target=\"_blank\" rel=\"noopener\" target=\"_blank\" rel=\"noopener\">Resumen\/Abstract<\/a><\/p>\n<p>Los interesados en asistir y que no est\u00e9n a\u00fan en la lista de distribuci\u00f3n del seminario deben inscribirse en este\u00a0<a href=\"https:\/\/forms.gle\/tqHzxxzgf9YETYcK6\" target=\"_blank\" rel=\"noopener\" target=\"_blank\" rel=\"noopener\">enlace<\/a>\u00a0y recibir\u00e1n el enlace para conectare a la charla v\u00eda su direcci\u00f3n electr\u00f3nica.[\/vc_column_text][\/vc_tta_section][vc_tta_section title=\u00bb30 de enero: Algebraic methods in an alleged proof of the Jacobian Conjecture\u00bb tab_id=\u00bb1707900077026-d4e406b7-b305&#8243;][vc_column_text]Ponente\/Speaker: Tadeusz Krasi\u0144ski (University of Lodz, Polonia)<\/p>\n<p><a href=\"https:\/\/gasiull.webs.ull.es\/resumen-2024-01-30.pdf\" target=\"_blank\" rel=\"noopener\" target=\"_blank\" rel=\"noopener\">Resumen\/Abstract<\/a><\/p>\n<p>Los interesados en asistir y que no est\u00e9n a\u00fan en la lista de distribuci\u00f3n del seminario deben inscribirse en este\u00a0<a href=\"https:\/\/forms.gle\/tqHzxxzgf9YETYcK6\" target=\"_blank\" rel=\"noopener\" target=\"_blank\" rel=\"noopener\">enlace<\/a>\u00a0y recibir\u00e1n el enlace para conectare a la charla v\u00eda su direcci\u00f3n electr\u00f3nica.[\/vc_column_text][\/vc_tta_section][vc_tta_section title=\u00bb12 de diciembre: Global multiplicity, special closure and non-degeneracy of gradient maps\u00bb tab_id=\u00bb1704795058104-abf6dc62-ca29&#8243;][vc_column_text]Ponente\/Speaker: Carles Bivi\u00e0 Ausina (Universidad Polit\u00e9cnica de Valencia, Espa\u00f1a)<\/p>\n<p><a href=\"https:\/\/gasiull.webs.ull.es\/resumen-2023-12-12.pdf\" target=\"_blank\" rel=\"noopener\" target=\"_blank\" rel=\"noopener\">Resumen\/Abstract<\/a><\/p>\n<p>Los interesados en asistir y que no est\u00e9n a\u00fan en la lista de distribuci\u00f3n del seminario deben inscribirse en este\u00a0<a href=\"https:\/\/forms.gle\/tqHzxxzgf9YETYcK6\" target=\"_blank\" rel=\"noopener\" target=\"_blank\" rel=\"noopener\">enlace<\/a>\u00a0y recibir\u00e1n el enlace para conectare a la charla v\u00eda su direcci\u00f3n electr\u00f3nica.[\/vc_column_text][\/vc_tta_section][vc_tta_section title=\u00bb14 de noviembre: Binomial edge ideals of graphs\u00bb tab_id=\u00bb1701678158889-0e319dcd-12ac\u00bb][vc_column_text]Ponente\/Speaker: Francesco Strazzanti (Universit\u00e0 di Genova, Italia)<\/p>\n<p><a href=\"https:\/\/gasiull.webs.ull.es\/resumen-2023-11-14.pdf\" target=\"_blank\" rel=\"noopener\" target=\"_blank\" rel=\"noopener\">Resumen\/Abstract<\/a><\/p>\n<p>Los interesados en asistir y que no est\u00e9n a\u00fan en la lista de distribuci\u00f3n del seminario deben inscribirse en este\u00a0<a href=\"https:\/\/forms.gle\/tqHzxxzgf9YETYcK6\" target=\"_blank\" rel=\"noopener\" target=\"_blank\" rel=\"noopener\">enlace<\/a>\u00a0y recibir\u00e1n el enlace para conectare a la charla v\u00eda su direcci\u00f3n electr\u00f3nica.[\/vc_column_text][\/vc_tta_section][vc_tta_section title=\u00bb31 de octubre: Private Information Retrieval with codes\u00bb tab_id=\u00bb1699353540256-0526cb07-6c1d\u00bb][vc_column_text]Ponente\/Speaker: Julien Lavauzelle (Universit\u00e9 Paris 8, Francia)<\/p>\n<p><a href=\"https:\/\/gasiull.webs.ull.es\/resumen-2023-10-31.pdf\" target=\"_blank\" rel=\"noopener\" target=\"_blank\" rel=\"noopener\">Resumen\/Abstract<\/a><\/p>\n<p>Los interesados en asistir y que no est\u00e9n a\u00fan en la lista de distribuci\u00f3n del seminario deben inscribirse en este\u00a0<a href=\"https:\/\/forms.gle\/tqHzxxzgf9YETYcK6\" target=\"_blank\" rel=\"noopener\" target=\"_blank\" rel=\"noopener\">enlace<\/a>\u00a0y recibir\u00e1n el enlace para conectare a la charla v\u00eda su direcci\u00f3n electr\u00f3nica.[\/vc_column_text][\/vc_tta_section][\/vc_tta_accordion][\/vc_column][\/vc_row]<\/p>\n","protected":false},"excerpt":{"rendered":"<p>[vc_row][vc_column][vc_column_text]El\u00a0Grupo de Investigaci\u00f3n\u00a0\u00a0Geometr\u00eda Algebraica: singularidades e invariantes organiza los Seminarios online de Especializaci\u00f3n Permanente de \u00c1lgebra, Geometr\u00eda algebraica y Singularidades 2023-2024.\u00a0 El objetivo de estos seminarios es reunir a expertos en \u00c1lgebra y Geometr\u00eda Algebraica, reconocidos internacionalmente, que hablar\u00e1n sobre los \u00faltimos avances en la investigaci\u00f3n que desarrollan y que se encuadren en las \u00e1reas&#8230;<\/p>\n","protected":false},"author":65,"featured_media":32442,"comment_status":"closed","ping_status":"closed","template":"","tags":[],"tribe_events_cat":[347,4,972,4399,559,4655],"acf":[],"yoast_head":"<!-- This site is optimized with the Yoast SEO plugin v21.3 - https:\/\/yoast.com\/wordpress\/plugins\/seo\/ -->\n<title>Seminario de especializaci\u00f3n de \u00c1lgebra, Geometr\u00eda Algebraica y Singularidades 2023-2024 - ULL - Agenda<\/title>\n<meta name=\"robots\" content=\"index, follow, max-snippet:-1, max-image-preview:large, max-video-preview:-1\" \/>\n<link rel=\"canonical\" href=\"https:\/\/www.ull.es\/portal\/agenda\/evento\/seminario-de-especializacion-de-algebra-geometria-algebraica-y-singularidades-2023-2024\/\" \/>\n<meta property=\"og:locale\" content=\"es_ES\" \/>\n<meta property=\"og:type\" content=\"article\" \/>\n<meta property=\"og:title\" content=\"Seminario de especializaci\u00f3n de \u00c1lgebra, Geometr\u00eda Algebraica y Singularidades 2023-2024 - ULL - Agenda\" \/>\n<meta property=\"og:description\" content=\"[vc_row][vc_column][vc_column_text]El\u00a0Grupo de Investigaci\u00f3n\u00a0\u00a0Geometr\u00eda Algebraica: singularidades e invariantes organiza los Seminarios online de Especializaci\u00f3n Permanente de \u00c1lgebra, Geometr\u00eda algebraica y Singularidades 2023-2024.\u00a0 El objetivo de estos seminarios es reunir a expertos en \u00c1lgebra y Geometr\u00eda Algebraica, reconocidos internacionalmente, que hablar\u00e1n sobre los \u00faltimos avances en la investigaci\u00f3n que desarrollan y que se encuadren en las \u00e1reas...\" \/>\n<meta property=\"og:url\" content=\"https:\/\/www.ull.es\/portal\/agenda\/evento\/seminario-de-especializacion-de-algebra-geometria-algebraica-y-singularidades-2023-2024\/\" \/>\n<meta property=\"og:site_name\" content=\"ULL - Agenda\" \/>\n<meta property=\"article:modified_time\" content=\"2024-05-09T07:51:06+00:00\" \/>\n<meta property=\"og:image\" content=\"https:\/\/www.ull.es\/portal\/agenda\/wp-content\/uploads\/sites\/12\/2023\/10\/Seminario-especializacion-algebraica-23-24_Banner-eventos.jpg\" \/>\n\t<meta property=\"og:image:width\" content=\"750\" \/>\n\t<meta property=\"og:image:height\" content=\"370\" \/>\n\t<meta property=\"og:image:type\" content=\"image\/jpeg\" \/>\n<meta name=\"twitter:card\" content=\"summary_large_image\" \/>\n<meta name=\"twitter:label1\" content=\"Tiempo de lectura\" \/>\n\t<meta name=\"twitter:data1\" content=\"3 minutos\" \/>\n<script type=\"application\/ld+json\" class=\"yoast-schema-graph\">{\"@context\":\"https:\/\/schema.org\",\"@graph\":[{\"@type\":\"WebPage\",\"@id\":\"https:\/\/www.ull.es\/portal\/agenda\/evento\/seminario-de-especializacion-de-algebra-geometria-algebraica-y-singularidades-2023-2024\/\",\"url\":\"https:\/\/www.ull.es\/portal\/agenda\/evento\/seminario-de-especializacion-de-algebra-geometria-algebraica-y-singularidades-2023-2024\/\",\"name\":\"Seminario de especializaci\u00f3n de \u00c1lgebra, Geometr\u00eda Algebraica y Singularidades 2023-2024 - ULL - Agenda\",\"isPartOf\":{\"@id\":\"https:\/\/www.ull.es\/portal\/agenda\/#website\"},\"datePublished\":\"2023-10-09T13:31:48+00:00\",\"dateModified\":\"2024-05-09T07:51:06+00:00\",\"breadcrumb\":{\"@id\":\"https:\/\/www.ull.es\/portal\/agenda\/evento\/seminario-de-especializacion-de-algebra-geometria-algebraica-y-singularidades-2023-2024\/#breadcrumb\"},\"inLanguage\":\"es\",\"potentialAction\":[{\"@type\":\"ReadAction\",\"target\":[\"https:\/\/www.ull.es\/portal\/agenda\/evento\/seminario-de-especializacion-de-algebra-geometria-algebraica-y-singularidades-2023-2024\/\"]}]},{\"@type\":\"BreadcrumbList\",\"@id\":\"https:\/\/www.ull.es\/portal\/agenda\/evento\/seminario-de-especializacion-de-algebra-geometria-algebraica-y-singularidades-2023-2024\/#breadcrumb\",\"itemListElement\":[{\"@type\":\"ListItem\",\"position\":1,\"name\":\"Portada\",\"item\":\"https:\/\/www.ull.es\/portal\/agenda\/\"},{\"@type\":\"ListItem\",\"position\":2,\"name\":\"Seminario de especializaci\u00f3n de \u00c1lgebra, Geometr\u00eda Algebraica y Singularidades 2023-2024\"}]},{\"@type\":\"WebSite\",\"@id\":\"https:\/\/www.ull.es\/portal\/agenda\/#website\",\"url\":\"https:\/\/www.ull.es\/portal\/agenda\/\",\"name\":\"ULL - Agenda\",\"description\":\"\",\"potentialAction\":[{\"@type\":\"SearchAction\",\"target\":{\"@type\":\"EntryPoint\",\"urlTemplate\":\"https:\/\/www.ull.es\/portal\/agenda\/?s={search_term_string}\"},\"query-input\":\"required name=search_term_string\"}],\"inLanguage\":\"es\"}]}<\/script>\n<!-- \/ Yoast SEO plugin. -->","yoast_head_json":{"title":"Seminario de especializaci\u00f3n de \u00c1lgebra, Geometr\u00eda Algebraica y Singularidades 2023-2024 - ULL - Agenda","robots":{"index":"index","follow":"follow","max-snippet":"max-snippet:-1","max-image-preview":"max-image-preview:large","max-video-preview":"max-video-preview:-1"},"canonical":"https:\/\/www.ull.es\/portal\/agenda\/evento\/seminario-de-especializacion-de-algebra-geometria-algebraica-y-singularidades-2023-2024\/","og_locale":"es_ES","og_type":"article","og_title":"Seminario de especializaci\u00f3n de \u00c1lgebra, Geometr\u00eda Algebraica y Singularidades 2023-2024 - ULL - Agenda","og_description":"[vc_row][vc_column][vc_column_text]El\u00a0Grupo de Investigaci\u00f3n\u00a0\u00a0Geometr\u00eda Algebraica: singularidades e invariantes organiza los Seminarios online de Especializaci\u00f3n Permanente de \u00c1lgebra, Geometr\u00eda algebraica y Singularidades 2023-2024.\u00a0 El objetivo de estos seminarios es reunir a expertos en \u00c1lgebra y Geometr\u00eda Algebraica, reconocidos internacionalmente, que hablar\u00e1n sobre los \u00faltimos avances en la investigaci\u00f3n que desarrollan y que se encuadren en las \u00e1reas...","og_url":"https:\/\/www.ull.es\/portal\/agenda\/evento\/seminario-de-especializacion-de-algebra-geometria-algebraica-y-singularidades-2023-2024\/","og_site_name":"ULL - Agenda","article_modified_time":"2024-05-09T07:51:06+00:00","og_image":[{"width":750,"height":370,"url":"https:\/\/www.ull.es\/portal\/agenda\/wp-content\/uploads\/sites\/12\/2023\/10\/Seminario-especializacion-algebraica-23-24_Banner-eventos.jpg","type":"image\/jpeg"}],"twitter_card":"summary_large_image","twitter_misc":{"Tiempo de lectura":"3 minutos"},"schema":{"@context":"https:\/\/schema.org","@graph":[{"@type":"WebPage","@id":"https:\/\/www.ull.es\/portal\/agenda\/evento\/seminario-de-especializacion-de-algebra-geometria-algebraica-y-singularidades-2023-2024\/","url":"https:\/\/www.ull.es\/portal\/agenda\/evento\/seminario-de-especializacion-de-algebra-geometria-algebraica-y-singularidades-2023-2024\/","name":"Seminario de especializaci\u00f3n de \u00c1lgebra, Geometr\u00eda Algebraica y Singularidades 2023-2024 - ULL - Agenda","isPartOf":{"@id":"https:\/\/www.ull.es\/portal\/agenda\/#website"},"datePublished":"2023-10-09T13:31:48+00:00","dateModified":"2024-05-09T07:51:06+00:00","breadcrumb":{"@id":"https:\/\/www.ull.es\/portal\/agenda\/evento\/seminario-de-especializacion-de-algebra-geometria-algebraica-y-singularidades-2023-2024\/#breadcrumb"},"inLanguage":"es","potentialAction":[{"@type":"ReadAction","target":["https:\/\/www.ull.es\/portal\/agenda\/evento\/seminario-de-especializacion-de-algebra-geometria-algebraica-y-singularidades-2023-2024\/"]}]},{"@type":"BreadcrumbList","@id":"https:\/\/www.ull.es\/portal\/agenda\/evento\/seminario-de-especializacion-de-algebra-geometria-algebraica-y-singularidades-2023-2024\/#breadcrumb","itemListElement":[{"@type":"ListItem","position":1,"name":"Portada","item":"https:\/\/www.ull.es\/portal\/agenda\/"},{"@type":"ListItem","position":2,"name":"Seminario de especializaci\u00f3n de \u00c1lgebra, Geometr\u00eda Algebraica y Singularidades 2023-2024"}]},{"@type":"WebSite","@id":"https:\/\/www.ull.es\/portal\/agenda\/#website","url":"https:\/\/www.ull.es\/portal\/agenda\/","name":"ULL - Agenda","description":"","potentialAction":[{"@type":"SearchAction","target":{"@type":"EntryPoint","urlTemplate":"https:\/\/www.ull.es\/portal\/agenda\/?s={search_term_string}"},"query-input":"required name=search_term_string"}],"inLanguage":"es"}]}},"_links":{"self":[{"href":"https:\/\/www.ull.es\/portal\/agenda\/wp-json\/wp\/v2\/tribe_events\/32426"}],"collection":[{"href":"https:\/\/www.ull.es\/portal\/agenda\/wp-json\/wp\/v2\/tribe_events"}],"about":[{"href":"https:\/\/www.ull.es\/portal\/agenda\/wp-json\/wp\/v2\/types\/tribe_events"}],"author":[{"embeddable":true,"href":"https:\/\/www.ull.es\/portal\/agenda\/wp-json\/wp\/v2\/users\/65"}],"replies":[{"embeddable":true,"href":"https:\/\/www.ull.es\/portal\/agenda\/wp-json\/wp\/v2\/comments?post=32426"}],"version-history":[{"count":11,"href":"https:\/\/www.ull.es\/portal\/agenda\/wp-json\/wp\/v2\/tribe_events\/32426\/revisions"}],"predecessor-version":[{"id":35880,"href":"https:\/\/www.ull.es\/portal\/agenda\/wp-json\/wp\/v2\/tribe_events\/32426\/revisions\/35880"}],"wp:featuredmedia":[{"embeddable":true,"href":"https:\/\/www.ull.es\/portal\/agenda\/wp-json\/wp\/v2\/media\/32442"}],"wp:attachment":[{"href":"https:\/\/www.ull.es\/portal\/agenda\/wp-json\/wp\/v2\/media?parent=32426"}],"wp:term":[{"taxonomy":"post_tag","embeddable":true,"href":"https:\/\/www.ull.es\/portal\/agenda\/wp-json\/wp\/v2\/tags?post=32426"},{"taxonomy":"tribe_events_cat","embeddable":true,"href":"https:\/\/www.ull.es\/portal\/agenda\/wp-json\/wp\/v2\/tribe_events_cat?post=32426"}],"curies":[{"name":"wp","href":"https:\/\/api.w.org\/{rel}","templated":true}]}}