{"id":32477,"date":"2023-10-11T09:40:19","date_gmt":"2023-10-11T09:40:19","guid":{"rendered":"https:\/\/www.ull.es\/portal\/agenda\/?post_type=tribe_events&#038;p=32477"},"modified":"2023-10-11T09:40:19","modified_gmt":"2023-10-11T09:40:19","slug":"cartografias-del-arte-contemporaneo-vi-me-colaboras","status":"publish","type":"tribe_events","link":"https:\/\/www.ull.es\/portal\/agenda\/evento\/cartografias-del-arte-contemporaneo-vi-me-colaboras\/","title":{"rendered":"Cartograf\u00edas del arte contempor\u00e1neo VI: \u00bfMe colaboras?"},"content":{"rendered":"<p>El ciclo Cartograf\u00edas del arte contempor\u00e1neo, producido por el Aula de Pensamiento Art\u00edstico Contempor\u00e1neo de la Universidad de la Laguna con el patrocinio del Cabildo de Tenerife persigue favorecer, entre el colectivo universitario y la ciudadan\u00eda de la Isla, la divulgaci\u00f3n y la mejora del conocimiento cr\u00edtico de la actividad creativa y te\u00f3rica avanzada en el campo de las artes visuales. M\u00e1s en concreto, dar a conocer, analizar y discutir una parte que consideramos especialmente importante dentro del complejo y vasto territorio de la creaci\u00f3n art\u00edstica contempor\u00e1nea: las pr\u00e1cticas y discursos art\u00edsticos que entienden que las producciones simb\u00f3licas pueden convertirse en agentes fundamentales en la definici\u00f3n de los valores y las pr\u00e1cticas que definen el marco de experiencia hist\u00f3ricamente plausible y de las identidades que lo habitan.<\/p>\n<p>Si esta representaci\u00f3n de las subjetividades tuviera alg\u00fan teatro privilegiado, este ser\u00eda, sin lugar a dudas, la ciudad. \u00cdntimamente vinculada a la modernidad y a su m\u00e1xima promotora, la burgues\u00eda, la ciudad ha sido, en los \u00faltimos siglos, el escenario de su \u00e9xito y, hoy, de su crisis. Y si alguna disciplina se ha visto arrastrada en esta decadencia, esta ha sido, sin duda el urbanismo, que se reconoce hoy incapaz de someter a su voluntad de ordenaci\u00f3n urbana una posciudad que demanda concepciones m\u00e1s colaborativas que proyectuales.<\/p>\n<p>Dirigido al estudiantado de la Universidad de La Laguna y sus docentes e investigadores, as\u00ed como a las y los profesionales en activo en el campo del arte contempor\u00e1neo y a todo el p\u00fablico interesado en los nuevos espacios abiertos a la producci\u00f3n art\u00edstica y cultural.<\/p>\n<p>Imparte: Cristina Maya Le\u00f3n. Arquitecta por la Universidad Polite\u0301cnica de Madrid. Formada en disciplinas esc\u00e9nicas como la danza, el teatro y el mimo, curso\u0301 el Laboratorio de Estudio del Movimiento en la escuela de Jacques Lecoq en Pari\u0301s, donde investigo\u0301 la interacci\u00f3n con el espacio y el objeto a trav\u00e9s del cuerpo. Integrante del grupo habitual de reflexi\u00f3n sobre la po\u00e9tica del andar \u00bfEs esto la ciudad?, es autora de trabajos en distintos formatos que convergen en la cr\u00edtica del discurso hegem\u00f3nico del arte y la arquitectura contempor\u00e1nea. Sus trabajos han podido verse en espacios culturales de prestigio como TEA, el Tanque o La Regenta.<\/p>\n<p>Direcci\u00f3n acad\u00e9mica:<\/p>\n<ul>\n<li>Daniel Villegas Gonz\u00e1lez. Profesor Ayudante Doctor. Departamento de Bellas Artes de la Universidad de La Laguna.<\/li>\n<li>Ram\u00f3n Salas Lamami\u00e9 de Clairac. Profesor Titular de Universidad. Departamento de Bellas Artes de la Universidad de La Laguna.<\/li>\n<\/ul>\n<p><a href=\"https:\/\/sede.fg.ull.es\/es\/curso\/detalle\/a23020271\/cartografias-del-arte-contemporaneo-vi-me-colaboras\" target=\"_blank\" rel=\"noopener noreferrer\" target=\"_blank\" rel=\"noopener\"><strong><u>M\u00e1s informaci\u00f3n e inscripci\u00f3n gratuita aqu\u00ed.<\/u><\/strong><\/a><\/p>\n<p><strong>CERTIFICADO DE ASISTENCIA:\u00a0<\/strong>La ULL, a trav\u00e9s del Vicerrectorado de Cultura y Extensi\u00f3n Universitaria, emitir\u00e1 un certificado de asistencia a todas aquellas personas que participen, previa inscripci\u00f3n en la actividad.<\/p>\n<p><strong>Contacto: 922 319 616 \/ 922 319 626 \u2013\u00a0<\/strong><a href=\"mailto:extuni@ull.edu.es\" target=\"_blank\" rel=\"noopener\" target=\"_blank\" rel=\"noopener\"><strong>extuni@ull.es<\/strong><\/a><\/p>\n","protected":false},"excerpt":{"rendered":"<p>El ciclo Cartograf\u00edas del arte contempor\u00e1neo, producido por el Aula de Pensamiento Art\u00edstico Contempor\u00e1neo de la Universidad de la Laguna con el patrocinio del Cabildo de Tenerife persigue favorecer, entre el colectivo universitario y la ciudadan\u00eda de la Isla, la divulgaci\u00f3n y la mejora del conocimiento cr\u00edtico de la actividad creativa y te\u00f3rica avanzada en&#8230;<\/p>\n","protected":false},"author":43,"featured_media":32478,"comment_status":"closed","ping_status":"closed","template":"","tags":[4259,4789,977,3812,3751,4165],"tribe_events_cat":[472,471,4,186],"acf":[],"yoast_head":"<!-- This site is optimized with the Yoast SEO plugin v21.3 - https:\/\/yoast.com\/wordpress\/plugins\/seo\/ -->\n<title>Cartograf\u00edas del arte contempor\u00e1neo VI: \u00bfMe colaboras? - ULL - Agenda<\/title>\n<meta name=\"robots\" content=\"index, follow, max-snippet:-1, max-image-preview:large, max-video-preview:-1\" \/>\n<link rel=\"canonical\" href=\"https:\/\/www.ull.es\/portal\/agenda\/evento\/cartografias-del-arte-contemporaneo-vi-me-colaboras\/\" \/>\n<meta property=\"og:locale\" content=\"es_ES\" \/>\n<meta property=\"og:type\" content=\"article\" \/>\n<meta property=\"og:title\" content=\"Cartograf\u00edas del arte contempor\u00e1neo VI: \u00bfMe colaboras? - ULL - Agenda\" \/>\n<meta property=\"og:description\" content=\"El ciclo Cartograf\u00edas del arte contempor\u00e1neo, producido por el Aula de Pensamiento Art\u00edstico Contempor\u00e1neo de la Universidad de la Laguna con el patrocinio del Cabildo de Tenerife persigue favorecer, entre el colectivo universitario y la ciudadan\u00eda de la Isla, la divulgaci\u00f3n y la mejora del conocimiento cr\u00edtico de la actividad creativa y te\u00f3rica avanzada en...\" \/>\n<meta property=\"og:url\" content=\"https:\/\/www.ull.es\/portal\/agenda\/evento\/cartografias-del-arte-contemporaneo-vi-me-colaboras\/\" \/>\n<meta property=\"og:site_name\" content=\"ULL - Agenda\" \/>\n<meta property=\"og:image\" content=\"https:\/\/www.ull.es\/portal\/agenda\/wp-content\/uploads\/sites\/12\/2023\/10\/\u00bfMe-colaboras_.jpg\" \/>\n\t<meta property=\"og:image:width\" content=\"700\" \/>\n\t<meta property=\"og:image:height\" content=\"350\" \/>\n\t<meta property=\"og:image:type\" content=\"image\/jpeg\" \/>\n<meta name=\"twitter:card\" content=\"summary_large_image\" \/>\n<meta name=\"twitter:label1\" content=\"Tiempo de lectura\" \/>\n\t<meta name=\"twitter:data1\" content=\"3 minutos\" \/>\n<script type=\"application\/ld+json\" class=\"yoast-schema-graph\">{\"@context\":\"https:\/\/schema.org\",\"@graph\":[{\"@type\":\"WebPage\",\"@id\":\"https:\/\/www.ull.es\/portal\/agenda\/evento\/cartografias-del-arte-contemporaneo-vi-me-colaboras\/\",\"url\":\"https:\/\/www.ull.es\/portal\/agenda\/evento\/cartografias-del-arte-contemporaneo-vi-me-colaboras\/\",\"name\":\"Cartograf\u00edas del arte contempor\u00e1neo VI: \u00bfMe colaboras? - ULL - Agenda\",\"isPartOf\":{\"@id\":\"https:\/\/www.ull.es\/portal\/agenda\/#website\"},\"datePublished\":\"2023-10-11T09:40:19+00:00\",\"dateModified\":\"2023-10-11T09:40:19+00:00\",\"breadcrumb\":{\"@id\":\"https:\/\/www.ull.es\/portal\/agenda\/evento\/cartografias-del-arte-contemporaneo-vi-me-colaboras\/#breadcrumb\"},\"inLanguage\":\"es\",\"potentialAction\":[{\"@type\":\"ReadAction\",\"target\":[\"https:\/\/www.ull.es\/portal\/agenda\/evento\/cartografias-del-arte-contemporaneo-vi-me-colaboras\/\"]}]},{\"@type\":\"BreadcrumbList\",\"@id\":\"https:\/\/www.ull.es\/portal\/agenda\/evento\/cartografias-del-arte-contemporaneo-vi-me-colaboras\/#breadcrumb\",\"itemListElement\":[{\"@type\":\"ListItem\",\"position\":1,\"name\":\"Portada\",\"item\":\"https:\/\/www.ull.es\/portal\/agenda\/\"},{\"@type\":\"ListItem\",\"position\":2,\"name\":\"Cartograf\u00edas del arte contempor\u00e1neo VI: \u00bfMe colaboras?\"}]},{\"@type\":\"WebSite\",\"@id\":\"https:\/\/www.ull.es\/portal\/agenda\/#website\",\"url\":\"https:\/\/www.ull.es\/portal\/agenda\/\",\"name\":\"ULL - Agenda\",\"description\":\"\",\"potentialAction\":[{\"@type\":\"SearchAction\",\"target\":{\"@type\":\"EntryPoint\",\"urlTemplate\":\"https:\/\/www.ull.es\/portal\/agenda\/?s={search_term_string}\"},\"query-input\":\"required name=search_term_string\"}],\"inLanguage\":\"es\"}]}<\/script>\n<!-- \/ Yoast SEO plugin. -->","yoast_head_json":{"title":"Cartograf\u00edas del arte contempor\u00e1neo VI: \u00bfMe colaboras? - ULL - Agenda","robots":{"index":"index","follow":"follow","max-snippet":"max-snippet:-1","max-image-preview":"max-image-preview:large","max-video-preview":"max-video-preview:-1"},"canonical":"https:\/\/www.ull.es\/portal\/agenda\/evento\/cartografias-del-arte-contemporaneo-vi-me-colaboras\/","og_locale":"es_ES","og_type":"article","og_title":"Cartograf\u00edas del arte contempor\u00e1neo VI: \u00bfMe colaboras? - ULL - Agenda","og_description":"El ciclo Cartograf\u00edas del arte contempor\u00e1neo, producido por el Aula de Pensamiento Art\u00edstico Contempor\u00e1neo de la Universidad de la Laguna con el patrocinio del Cabildo de Tenerife persigue favorecer, entre el colectivo universitario y la ciudadan\u00eda de la Isla, la divulgaci\u00f3n y la mejora del conocimiento cr\u00edtico de la actividad creativa y te\u00f3rica avanzada en...","og_url":"https:\/\/www.ull.es\/portal\/agenda\/evento\/cartografias-del-arte-contemporaneo-vi-me-colaboras\/","og_site_name":"ULL - Agenda","og_image":[{"width":700,"height":350,"url":"https:\/\/www.ull.es\/portal\/agenda\/wp-content\/uploads\/sites\/12\/2023\/10\/\u00bfMe-colaboras_.jpg","type":"image\/jpeg"}],"twitter_card":"summary_large_image","twitter_misc":{"Tiempo de lectura":"3 minutos"},"schema":{"@context":"https:\/\/schema.org","@graph":[{"@type":"WebPage","@id":"https:\/\/www.ull.es\/portal\/agenda\/evento\/cartografias-del-arte-contemporaneo-vi-me-colaboras\/","url":"https:\/\/www.ull.es\/portal\/agenda\/evento\/cartografias-del-arte-contemporaneo-vi-me-colaboras\/","name":"Cartograf\u00edas del arte contempor\u00e1neo VI: \u00bfMe colaboras? - ULL - Agenda","isPartOf":{"@id":"https:\/\/www.ull.es\/portal\/agenda\/#website"},"datePublished":"2023-10-11T09:40:19+00:00","dateModified":"2023-10-11T09:40:19+00:00","breadcrumb":{"@id":"https:\/\/www.ull.es\/portal\/agenda\/evento\/cartografias-del-arte-contemporaneo-vi-me-colaboras\/#breadcrumb"},"inLanguage":"es","potentialAction":[{"@type":"ReadAction","target":["https:\/\/www.ull.es\/portal\/agenda\/evento\/cartografias-del-arte-contemporaneo-vi-me-colaboras\/"]}]},{"@type":"BreadcrumbList","@id":"https:\/\/www.ull.es\/portal\/agenda\/evento\/cartografias-del-arte-contemporaneo-vi-me-colaboras\/#breadcrumb","itemListElement":[{"@type":"ListItem","position":1,"name":"Portada","item":"https:\/\/www.ull.es\/portal\/agenda\/"},{"@type":"ListItem","position":2,"name":"Cartograf\u00edas del arte contempor\u00e1neo VI: \u00bfMe colaboras?"}]},{"@type":"WebSite","@id":"https:\/\/www.ull.es\/portal\/agenda\/#website","url":"https:\/\/www.ull.es\/portal\/agenda\/","name":"ULL - Agenda","description":"","potentialAction":[{"@type":"SearchAction","target":{"@type":"EntryPoint","urlTemplate":"https:\/\/www.ull.es\/portal\/agenda\/?s={search_term_string}"},"query-input":"required name=search_term_string"}],"inLanguage":"es"}]}},"_links":{"self":[{"href":"https:\/\/www.ull.es\/portal\/agenda\/wp-json\/wp\/v2\/tribe_events\/32477"}],"collection":[{"href":"https:\/\/www.ull.es\/portal\/agenda\/wp-json\/wp\/v2\/tribe_events"}],"about":[{"href":"https:\/\/www.ull.es\/portal\/agenda\/wp-json\/wp\/v2\/types\/tribe_events"}],"author":[{"embeddable":true,"href":"https:\/\/www.ull.es\/portal\/agenda\/wp-json\/wp\/v2\/users\/43"}],"replies":[{"embeddable":true,"href":"https:\/\/www.ull.es\/portal\/agenda\/wp-json\/wp\/v2\/comments?post=32477"}],"version-history":[{"count":2,"href":"https:\/\/www.ull.es\/portal\/agenda\/wp-json\/wp\/v2\/tribe_events\/32477\/revisions"}],"predecessor-version":[{"id":32480,"href":"https:\/\/www.ull.es\/portal\/agenda\/wp-json\/wp\/v2\/tribe_events\/32477\/revisions\/32480"}],"wp:featuredmedia":[{"embeddable":true,"href":"https:\/\/www.ull.es\/portal\/agenda\/wp-json\/wp\/v2\/media\/32478"}],"wp:attachment":[{"href":"https:\/\/www.ull.es\/portal\/agenda\/wp-json\/wp\/v2\/media?parent=32477"}],"wp:term":[{"taxonomy":"post_tag","embeddable":true,"href":"https:\/\/www.ull.es\/portal\/agenda\/wp-json\/wp\/v2\/tags?post=32477"},{"taxonomy":"tribe_events_cat","embeddable":true,"href":"https:\/\/www.ull.es\/portal\/agenda\/wp-json\/wp\/v2\/tribe_events_cat?post=32477"}],"curies":[{"name":"wp","href":"https:\/\/api.w.org\/{rel}","templated":true}]}}