{"id":32545,"date":"2023-10-16T11:56:11","date_gmt":"2023-10-16T11:56:11","guid":{"rendered":"https:\/\/www.ull.es\/portal\/agenda\/?post_type=tribe_events&#038;p=32545"},"modified":"2023-11-28T14:35:00","modified_gmt":"2023-11-28T14:35:00","slug":"taller-de-vigilancia-y-control-de-vectores-invasores","status":"publish","type":"tribe_events","link":"https:\/\/www.ull.es\/portal\/agenda\/evento\/taller-de-vigilancia-y-control-de-vectores-invasores\/","title":{"rendered":"Taller de vigilancia y control de vectores invasores"},"content":{"rendered":"<p>En la actualidad las enfermedades transmitidas por vectores son una prioridad en Salud P\u00fablica por su emergencia y reemergencia mundial. Esta situaci\u00f3n es consecuencia del cambio de la distribuci\u00f3n de los vectores por causa de factores diversos, entre los que destacamos el transporte de mercanc\u00edas y la globalizaci\u00f3n, siendo \u00e9ste el modo principal de introducci\u00f3n de los mosquitos invasores <em>Aedes aegypti<\/em> y <em>Aedes albopictus<\/em>. En Europa, incluyendo Espa\u00f1a, estas especies invasoras se han establecido en diversos puntos y adem\u00e1s, han sido las responsables de la transmisi\u00f3n de enfermedades emergentes en estas zonas, incluidos episodios de brotes tales como los recientes de dengue. Por todos estos motivos consideramos que el taller propuesto, siendo un punto de encuentro con los mejores expertos en vectores de Espa\u00f1a, cumple de sobremanera con la finalidad de dar a conocer la labor que se est\u00e1 llevando a cabo en Espa\u00f1a, y concretamente en Canarias, de control de vectores de importancia sanitaria.<\/p>\n<p>El curso est\u00e1 dirigido a estudiantes relacionados con las ciencias de la salud, la biomedicina o ciencias m\u00e9dicas, as\u00ed como a los profesionales de los sectores p\u00fablicos y privados implicados en el tema.<\/p>\n<p>Direcci\u00f3n acad\u00e9mica:<\/p>\n<ul>\n<li>Jacob Lorenzo Morales. Profesor Titular del \u00e1rea de Parasitolog\u00eda de la Universidad de La Laguna.<\/li>\n<li>Mar\u00eda Reyes Batlle. Profesora Ayudante Doctora del \u00e1rea de Parasitolog\u00eda de la Universidad de La Laguna.<\/li>\n<\/ul>\n<p>Coordinaci\u00f3n: Jos\u00e9 E. Pi\u00f1ero Barroso. Catedr\u00e1tico del \u00e1rea de Parasitolog\u00eda de la Universidad de La Laguna.<\/p>\n<p><strong>CERTIFICADO DE ASISTENCIA, APTITUD Y RECONOCIMIENTO POR CR\u00c9DITO ECTS<\/strong><\/p>\n<p>La ULL, a trav\u00e9s del Vicerrectorado de Cultura y Extensi\u00f3n Universitaria, emitir\u00e1 un certificado de asistencia a todas aquellas personas que asistan a un m\u00ednimo del 80% de las horas lectivas presenciales. Asimismo, aquellas personas que superen el trabajo aut\u00f3nomo del alumnado, recibir\u00e1n un certificado de asistencia y aprovechamiento, reconocible a su vez por 1 cr\u00e9dito ECTS.<\/p>\n<p><a href=\"https:\/\/sede.fg.ull.es\/es\/curso\/detalle\/a23020270\/taller-de-vigilancia-y-control-de-vectores-invasores\" target=\"_blank\" rel=\"noopener noreferrer\" target=\"_blank\" rel=\"noopener\"><strong><u>M\u00e1s informaci\u00f3n e inscripci\u00f3n aqu\u00ed.<\/u><\/strong><\/a><\/p>\n<p><strong>Contacto: 922 319 616 \/ 922 319 626 \u2013\u00a0<\/strong><a href=\"mailto:extuni@ull.edu.es\" target=\"_blank\" rel=\"noopener\" target=\"_blank\" rel=\"noopener\"><strong>extuni@ull.es<\/strong><\/a><\/p>\n<p>Organiza: <a href=\"https:\/\/www.ciberinfec.es\/\" target=\"_blank\" rel=\"noopener\">CIBERinfec (Ministerio de Ciencia e Innovaci\u00f3n \/ Instituto de Salud Carlos III)<\/a>.<\/p>\n<p>Colabora: <a href=\"https:\/\/funccet.es\/\" target=\"_blank\" rel=\"noopener\" target=\"_blank\" rel=\"noopener\">Fundaci\u00f3n Canaria para el Control de Enfermedades Tropicales (FUNCCET)<\/a>.<\/p>\n","protected":false},"excerpt":{"rendered":"<p>En la actualidad las enfermedades transmitidas por vectores son una prioridad en Salud P\u00fablica por su emergencia y reemergencia mundial. Esta situaci\u00f3n es consecuencia del cambio de la distribuci\u00f3n de los vectores por causa de factores diversos, entre los que destacamos el transporte de mercanc\u00edas y la globalizaci\u00f3n, siendo \u00e9ste el modo principal de introducci\u00f3n&#8230;<\/p>\n","protected":false},"author":43,"featured_media":32686,"comment_status":"closed","ping_status":"closed","template":"","tags":[4259,977,3812,3751,4165],"tribe_events_cat":[472,4,186],"acf":[],"yoast_head":"<!-- This site is optimized with the Yoast SEO plugin v21.3 - https:\/\/yoast.com\/wordpress\/plugins\/seo\/ -->\n<title>Taller de vigilancia y control de vectores invasores - ULL - Agenda<\/title>\n<meta name=\"robots\" content=\"index, follow, max-snippet:-1, max-image-preview:large, max-video-preview:-1\" \/>\n<link rel=\"canonical\" href=\"https:\/\/www.ull.es\/portal\/agenda\/evento\/taller-de-vigilancia-y-control-de-vectores-invasores\/\" \/>\n<meta property=\"og:locale\" content=\"es_ES\" \/>\n<meta property=\"og:type\" content=\"article\" \/>\n<meta property=\"og:title\" content=\"Taller de vigilancia y control de vectores invasores - ULL - Agenda\" \/>\n<meta property=\"og:description\" content=\"En la actualidad las enfermedades transmitidas por vectores son una prioridad en Salud P\u00fablica por su emergencia y reemergencia mundial. Esta situaci\u00f3n es consecuencia del cambio de la distribuci\u00f3n de los vectores por causa de factores diversos, entre los que destacamos el transporte de mercanc\u00edas y la globalizaci\u00f3n, siendo \u00e9ste el modo principal de introducci\u00f3n...\" \/>\n<meta property=\"og:url\" content=\"https:\/\/www.ull.es\/portal\/agenda\/evento\/taller-de-vigilancia-y-control-de-vectores-invasores\/\" \/>\n<meta property=\"og:site_name\" content=\"ULL - Agenda\" \/>\n<meta property=\"article:modified_time\" content=\"2023-11-28T14:35:00+00:00\" \/>\n<meta property=\"og:image\" content=\"https:\/\/www.ull.es\/portal\/agenda\/wp-content\/uploads\/sites\/12\/2023\/10\/BannerCiberInfec.png\" \/>\n\t<meta property=\"og:image:width\" content=\"700\" \/>\n\t<meta property=\"og:image:height\" content=\"350\" \/>\n\t<meta property=\"og:image:type\" content=\"image\/png\" \/>\n<meta name=\"twitter:card\" content=\"summary_large_image\" \/>\n<meta name=\"twitter:label1\" content=\"Tiempo de lectura\" \/>\n\t<meta name=\"twitter:data1\" content=\"2 minutos\" \/>\n<script type=\"application\/ld+json\" class=\"yoast-schema-graph\">{\"@context\":\"https:\/\/schema.org\",\"@graph\":[{\"@type\":\"WebPage\",\"@id\":\"https:\/\/www.ull.es\/portal\/agenda\/evento\/taller-de-vigilancia-y-control-de-vectores-invasores\/\",\"url\":\"https:\/\/www.ull.es\/portal\/agenda\/evento\/taller-de-vigilancia-y-control-de-vectores-invasores\/\",\"name\":\"Taller de vigilancia y control de vectores invasores - ULL - Agenda\",\"isPartOf\":{\"@id\":\"https:\/\/www.ull.es\/portal\/agenda\/#website\"},\"datePublished\":\"2023-10-16T11:56:11+00:00\",\"dateModified\":\"2023-11-28T14:35:00+00:00\",\"breadcrumb\":{\"@id\":\"https:\/\/www.ull.es\/portal\/agenda\/evento\/taller-de-vigilancia-y-control-de-vectores-invasores\/#breadcrumb\"},\"inLanguage\":\"es\",\"potentialAction\":[{\"@type\":\"ReadAction\",\"target\":[\"https:\/\/www.ull.es\/portal\/agenda\/evento\/taller-de-vigilancia-y-control-de-vectores-invasores\/\"]}]},{\"@type\":\"BreadcrumbList\",\"@id\":\"https:\/\/www.ull.es\/portal\/agenda\/evento\/taller-de-vigilancia-y-control-de-vectores-invasores\/#breadcrumb\",\"itemListElement\":[{\"@type\":\"ListItem\",\"position\":1,\"name\":\"Portada\",\"item\":\"https:\/\/www.ull.es\/portal\/agenda\/\"},{\"@type\":\"ListItem\",\"position\":2,\"name\":\"Taller de vigilancia y control de vectores invasores\"}]},{\"@type\":\"WebSite\",\"@id\":\"https:\/\/www.ull.es\/portal\/agenda\/#website\",\"url\":\"https:\/\/www.ull.es\/portal\/agenda\/\",\"name\":\"ULL - Agenda\",\"description\":\"\",\"potentialAction\":[{\"@type\":\"SearchAction\",\"target\":{\"@type\":\"EntryPoint\",\"urlTemplate\":\"https:\/\/www.ull.es\/portal\/agenda\/?s={search_term_string}\"},\"query-input\":\"required name=search_term_string\"}],\"inLanguage\":\"es\"}]}<\/script>\n<!-- \/ Yoast SEO plugin. -->","yoast_head_json":{"title":"Taller de vigilancia y control de vectores invasores - ULL - Agenda","robots":{"index":"index","follow":"follow","max-snippet":"max-snippet:-1","max-image-preview":"max-image-preview:large","max-video-preview":"max-video-preview:-1"},"canonical":"https:\/\/www.ull.es\/portal\/agenda\/evento\/taller-de-vigilancia-y-control-de-vectores-invasores\/","og_locale":"es_ES","og_type":"article","og_title":"Taller de vigilancia y control de vectores invasores - ULL - Agenda","og_description":"En la actualidad las enfermedades transmitidas por vectores son una prioridad en Salud P\u00fablica por su emergencia y reemergencia mundial. Esta situaci\u00f3n es consecuencia del cambio de la distribuci\u00f3n de los vectores por causa de factores diversos, entre los que destacamos el transporte de mercanc\u00edas y la globalizaci\u00f3n, siendo \u00e9ste el modo principal de introducci\u00f3n...","og_url":"https:\/\/www.ull.es\/portal\/agenda\/evento\/taller-de-vigilancia-y-control-de-vectores-invasores\/","og_site_name":"ULL - Agenda","article_modified_time":"2023-11-28T14:35:00+00:00","og_image":[{"width":700,"height":350,"url":"https:\/\/www.ull.es\/portal\/agenda\/wp-content\/uploads\/sites\/12\/2023\/10\/BannerCiberInfec.png","type":"image\/png"}],"twitter_card":"summary_large_image","twitter_misc":{"Tiempo de lectura":"2 minutos"},"schema":{"@context":"https:\/\/schema.org","@graph":[{"@type":"WebPage","@id":"https:\/\/www.ull.es\/portal\/agenda\/evento\/taller-de-vigilancia-y-control-de-vectores-invasores\/","url":"https:\/\/www.ull.es\/portal\/agenda\/evento\/taller-de-vigilancia-y-control-de-vectores-invasores\/","name":"Taller de vigilancia y control de vectores invasores - ULL - Agenda","isPartOf":{"@id":"https:\/\/www.ull.es\/portal\/agenda\/#website"},"datePublished":"2023-10-16T11:56:11+00:00","dateModified":"2023-11-28T14:35:00+00:00","breadcrumb":{"@id":"https:\/\/www.ull.es\/portal\/agenda\/evento\/taller-de-vigilancia-y-control-de-vectores-invasores\/#breadcrumb"},"inLanguage":"es","potentialAction":[{"@type":"ReadAction","target":["https:\/\/www.ull.es\/portal\/agenda\/evento\/taller-de-vigilancia-y-control-de-vectores-invasores\/"]}]},{"@type":"BreadcrumbList","@id":"https:\/\/www.ull.es\/portal\/agenda\/evento\/taller-de-vigilancia-y-control-de-vectores-invasores\/#breadcrumb","itemListElement":[{"@type":"ListItem","position":1,"name":"Portada","item":"https:\/\/www.ull.es\/portal\/agenda\/"},{"@type":"ListItem","position":2,"name":"Taller de vigilancia y control de vectores invasores"}]},{"@type":"WebSite","@id":"https:\/\/www.ull.es\/portal\/agenda\/#website","url":"https:\/\/www.ull.es\/portal\/agenda\/","name":"ULL - Agenda","description":"","potentialAction":[{"@type":"SearchAction","target":{"@type":"EntryPoint","urlTemplate":"https:\/\/www.ull.es\/portal\/agenda\/?s={search_term_string}"},"query-input":"required name=search_term_string"}],"inLanguage":"es"}]}},"_links":{"self":[{"href":"https:\/\/www.ull.es\/portal\/agenda\/wp-json\/wp\/v2\/tribe_events\/32545"}],"collection":[{"href":"https:\/\/www.ull.es\/portal\/agenda\/wp-json\/wp\/v2\/tribe_events"}],"about":[{"href":"https:\/\/www.ull.es\/portal\/agenda\/wp-json\/wp\/v2\/types\/tribe_events"}],"author":[{"embeddable":true,"href":"https:\/\/www.ull.es\/portal\/agenda\/wp-json\/wp\/v2\/users\/43"}],"replies":[{"embeddable":true,"href":"https:\/\/www.ull.es\/portal\/agenda\/wp-json\/wp\/v2\/comments?post=32545"}],"version-history":[{"count":1,"href":"https:\/\/www.ull.es\/portal\/agenda\/wp-json\/wp\/v2\/tribe_events\/32545\/revisions"}],"predecessor-version":[{"id":32548,"href":"https:\/\/www.ull.es\/portal\/agenda\/wp-json\/wp\/v2\/tribe_events\/32545\/revisions\/32548"}],"wp:featuredmedia":[{"embeddable":true,"href":"https:\/\/www.ull.es\/portal\/agenda\/wp-json\/wp\/v2\/media\/32686"}],"wp:attachment":[{"href":"https:\/\/www.ull.es\/portal\/agenda\/wp-json\/wp\/v2\/media?parent=32545"}],"wp:term":[{"taxonomy":"post_tag","embeddable":true,"href":"https:\/\/www.ull.es\/portal\/agenda\/wp-json\/wp\/v2\/tags?post=32545"},{"taxonomy":"tribe_events_cat","embeddable":true,"href":"https:\/\/www.ull.es\/portal\/agenda\/wp-json\/wp\/v2\/tribe_events_cat?post=32545"}],"curies":[{"name":"wp","href":"https:\/\/api.w.org\/{rel}","templated":true}]}}