{"id":32664,"date":"2023-10-24T09:53:16","date_gmt":"2023-10-24T09:53:16","guid":{"rendered":"https:\/\/www.ull.es\/portal\/agenda\/?post_type=tribe_events&#038;p=32664"},"modified":"2023-10-24T09:54:32","modified_gmt":"2023-10-24T09:54:32","slug":"seminario-investigadoras-por-la-transicion-ecologica-y-la-innovacion-12","status":"publish","type":"tribe_events","link":"https:\/\/www.ull.es\/portal\/agenda\/evento\/seminario-investigadoras-por-la-transicion-ecologica-y-la-innovacion-12\/","title":{"rendered":"Seminario: Investigadoras por la transici\u00f3n ecol\u00f3gica y la innovaci\u00f3n"},"content":{"rendered":"<p>El\u00a0 jueves 26 de septiembre a las 16:00 h tendr\u00e1 lugar en el Sal\u00f3n de Grados de la Secci\u00f3n de Qu\u00edmica de la Facultad de Ciencias de la Universidad de La Laguna el seminario de \u00abInvestigadoras por la Transici\u00f3n Ecol\u00f3gica y la Innovaci\u00f3n\u00bb organizado por la C\u00e1tedra Fundaci\u00f3n Cepsa de Transici\u00f3n Ecol\u00f3gica e Innovaci\u00f3n de la Universidad de La Laguna, impartido por Inmaculada Perdomo Reyes del\u00a0Departamento de Historia de la Filosof\u00eda de la Ciencia,\u00a0la Educaci\u00f3n y el Lenguaje de la Universidad de La Laguna.<\/p>\n<p>El t\u00edtulo del\u00a0seminario\u00a0es\u00a0<b>\u00abEl futuro de la tecnociencia: retos \u00e9ticos de la Inteligencia Artificial\u00bb.<\/p>\n<p><\/b>El seminario tambi\u00e9n podr\u00e1 seguirse en este <a href=\"http:\/\/meet.google.com\/vxi-jqvg-sfv\" target=\"_blank\" rel=\"noopener\" target=\"_blank\" rel=\"noopener\">enlace.\u00a0<\/a><\/p>\n","protected":false},"excerpt":{"rendered":"<p>El\u00a0 jueves 26 de septiembre a las 16:00 h tendr\u00e1 lugar en el Sal\u00f3n de Grados de la Secci\u00f3n de Qu\u00edmica de la Facultad de Ciencias de la Universidad de La Laguna el seminario de \u00abInvestigadoras por la Transici\u00f3n Ecol\u00f3gica y la Innovaci\u00f3n\u00bb organizado por la C\u00e1tedra Fundaci\u00f3n Cepsa de Transici\u00f3n Ecol\u00f3gica e Innovaci\u00f3n de&#8230;<\/p>\n","protected":false},"author":65,"featured_media":32665,"comment_status":"closed","ping_status":"closed","template":"","tags":[],"tribe_events_cat":[3521,4,972,186,191],"acf":[],"yoast_head":"<!-- This site is optimized with the Yoast SEO plugin v21.3 - https:\/\/yoast.com\/wordpress\/plugins\/seo\/ -->\n<title>Seminario: Investigadoras por la transici\u00f3n ecol\u00f3gica y la innovaci\u00f3n - ULL - Agenda<\/title>\n<meta name=\"robots\" content=\"index, follow, max-snippet:-1, max-image-preview:large, max-video-preview:-1\" \/>\n<link rel=\"canonical\" href=\"https:\/\/www.ull.es\/portal\/agenda\/evento\/seminario-investigadoras-por-la-transicion-ecologica-y-la-innovacion-12\/\" \/>\n<meta property=\"og:locale\" content=\"es_ES\" \/>\n<meta property=\"og:type\" content=\"article\" \/>\n<meta property=\"og:title\" content=\"Seminario: Investigadoras por la transici\u00f3n ecol\u00f3gica y la innovaci\u00f3n - ULL - Agenda\" \/>\n<meta property=\"og:description\" content=\"El\u00a0 jueves 26 de septiembre a las 16:00 h tendr\u00e1 lugar en el Sal\u00f3n de Grados de la Secci\u00f3n de Qu\u00edmica de la Facultad de Ciencias de la Universidad de La Laguna el seminario de \u00abInvestigadoras por la Transici\u00f3n Ecol\u00f3gica y la Innovaci\u00f3n\u00bb organizado por la C\u00e1tedra Fundaci\u00f3n Cepsa de Transici\u00f3n Ecol\u00f3gica e Innovaci\u00f3n de...\" \/>\n<meta property=\"og:url\" content=\"https:\/\/www.ull.es\/portal\/agenda\/evento\/seminario-investigadoras-por-la-transicion-ecologica-y-la-innovacion-12\/\" \/>\n<meta property=\"og:site_name\" content=\"ULL - Agenda\" \/>\n<meta property=\"article:modified_time\" content=\"2023-10-24T09:54:32+00:00\" \/>\n<meta property=\"og:image\" content=\"https:\/\/www.ull.es\/portal\/agenda\/wp-content\/uploads\/sites\/12\/2023\/10\/Mseminario-700x350_inmaculada.jpg\" \/>\n\t<meta property=\"og:image:width\" content=\"1600\" \/>\n\t<meta property=\"og:image:height\" content=\"800\" \/>\n\t<meta property=\"og:image:type\" content=\"image\/jpeg\" \/>\n<meta name=\"twitter:card\" content=\"summary_large_image\" \/>\n<meta name=\"twitter:label1\" content=\"Tiempo de lectura\" \/>\n\t<meta name=\"twitter:data1\" content=\"1 minuto\" \/>\n<script type=\"application\/ld+json\" class=\"yoast-schema-graph\">{\"@context\":\"https:\/\/schema.org\",\"@graph\":[{\"@type\":\"WebPage\",\"@id\":\"https:\/\/www.ull.es\/portal\/agenda\/evento\/seminario-investigadoras-por-la-transicion-ecologica-y-la-innovacion-12\/\",\"url\":\"https:\/\/www.ull.es\/portal\/agenda\/evento\/seminario-investigadoras-por-la-transicion-ecologica-y-la-innovacion-12\/\",\"name\":\"Seminario: Investigadoras por la transici\u00f3n ecol\u00f3gica y la innovaci\u00f3n - ULL - Agenda\",\"isPartOf\":{\"@id\":\"https:\/\/www.ull.es\/portal\/agenda\/#website\"},\"datePublished\":\"2023-10-24T09:53:16+00:00\",\"dateModified\":\"2023-10-24T09:54:32+00:00\",\"breadcrumb\":{\"@id\":\"https:\/\/www.ull.es\/portal\/agenda\/evento\/seminario-investigadoras-por-la-transicion-ecologica-y-la-innovacion-12\/#breadcrumb\"},\"inLanguage\":\"es\",\"potentialAction\":[{\"@type\":\"ReadAction\",\"target\":[\"https:\/\/www.ull.es\/portal\/agenda\/evento\/seminario-investigadoras-por-la-transicion-ecologica-y-la-innovacion-12\/\"]}]},{\"@type\":\"BreadcrumbList\",\"@id\":\"https:\/\/www.ull.es\/portal\/agenda\/evento\/seminario-investigadoras-por-la-transicion-ecologica-y-la-innovacion-12\/#breadcrumb\",\"itemListElement\":[{\"@type\":\"ListItem\",\"position\":1,\"name\":\"Portada\",\"item\":\"https:\/\/www.ull.es\/portal\/agenda\/\"},{\"@type\":\"ListItem\",\"position\":2,\"name\":\"Seminario: Investigadoras por la transici\u00f3n ecol\u00f3gica y la innovaci\u00f3n\"}]},{\"@type\":\"WebSite\",\"@id\":\"https:\/\/www.ull.es\/portal\/agenda\/#website\",\"url\":\"https:\/\/www.ull.es\/portal\/agenda\/\",\"name\":\"ULL - Agenda\",\"description\":\"\",\"potentialAction\":[{\"@type\":\"SearchAction\",\"target\":{\"@type\":\"EntryPoint\",\"urlTemplate\":\"https:\/\/www.ull.es\/portal\/agenda\/?s={search_term_string}\"},\"query-input\":\"required name=search_term_string\"}],\"inLanguage\":\"es\"}]}<\/script>\n<!-- \/ Yoast SEO plugin. -->","yoast_head_json":{"title":"Seminario: Investigadoras por la transici\u00f3n ecol\u00f3gica y la innovaci\u00f3n - ULL - Agenda","robots":{"index":"index","follow":"follow","max-snippet":"max-snippet:-1","max-image-preview":"max-image-preview:large","max-video-preview":"max-video-preview:-1"},"canonical":"https:\/\/www.ull.es\/portal\/agenda\/evento\/seminario-investigadoras-por-la-transicion-ecologica-y-la-innovacion-12\/","og_locale":"es_ES","og_type":"article","og_title":"Seminario: Investigadoras por la transici\u00f3n ecol\u00f3gica y la innovaci\u00f3n - ULL - Agenda","og_description":"El\u00a0 jueves 26 de septiembre a las 16:00 h tendr\u00e1 lugar en el Sal\u00f3n de Grados de la Secci\u00f3n de Qu\u00edmica de la Facultad de Ciencias de la Universidad de La Laguna el seminario de \u00abInvestigadoras por la Transici\u00f3n Ecol\u00f3gica y la Innovaci\u00f3n\u00bb organizado por la C\u00e1tedra Fundaci\u00f3n Cepsa de Transici\u00f3n Ecol\u00f3gica e Innovaci\u00f3n de...","og_url":"https:\/\/www.ull.es\/portal\/agenda\/evento\/seminario-investigadoras-por-la-transicion-ecologica-y-la-innovacion-12\/","og_site_name":"ULL - Agenda","article_modified_time":"2023-10-24T09:54:32+00:00","og_image":[{"width":1600,"height":800,"url":"https:\/\/www.ull.es\/portal\/agenda\/wp-content\/uploads\/sites\/12\/2023\/10\/Mseminario-700x350_inmaculada.jpg","type":"image\/jpeg"}],"twitter_card":"summary_large_image","twitter_misc":{"Tiempo de lectura":"1 minuto"},"schema":{"@context":"https:\/\/schema.org","@graph":[{"@type":"WebPage","@id":"https:\/\/www.ull.es\/portal\/agenda\/evento\/seminario-investigadoras-por-la-transicion-ecologica-y-la-innovacion-12\/","url":"https:\/\/www.ull.es\/portal\/agenda\/evento\/seminario-investigadoras-por-la-transicion-ecologica-y-la-innovacion-12\/","name":"Seminario: Investigadoras por la transici\u00f3n ecol\u00f3gica y la innovaci\u00f3n - ULL - Agenda","isPartOf":{"@id":"https:\/\/www.ull.es\/portal\/agenda\/#website"},"datePublished":"2023-10-24T09:53:16+00:00","dateModified":"2023-10-24T09:54:32+00:00","breadcrumb":{"@id":"https:\/\/www.ull.es\/portal\/agenda\/evento\/seminario-investigadoras-por-la-transicion-ecologica-y-la-innovacion-12\/#breadcrumb"},"inLanguage":"es","potentialAction":[{"@type":"ReadAction","target":["https:\/\/www.ull.es\/portal\/agenda\/evento\/seminario-investigadoras-por-la-transicion-ecologica-y-la-innovacion-12\/"]}]},{"@type":"BreadcrumbList","@id":"https:\/\/www.ull.es\/portal\/agenda\/evento\/seminario-investigadoras-por-la-transicion-ecologica-y-la-innovacion-12\/#breadcrumb","itemListElement":[{"@type":"ListItem","position":1,"name":"Portada","item":"https:\/\/www.ull.es\/portal\/agenda\/"},{"@type":"ListItem","position":2,"name":"Seminario: Investigadoras por la transici\u00f3n ecol\u00f3gica y la innovaci\u00f3n"}]},{"@type":"WebSite","@id":"https:\/\/www.ull.es\/portal\/agenda\/#website","url":"https:\/\/www.ull.es\/portal\/agenda\/","name":"ULL - Agenda","description":"","potentialAction":[{"@type":"SearchAction","target":{"@type":"EntryPoint","urlTemplate":"https:\/\/www.ull.es\/portal\/agenda\/?s={search_term_string}"},"query-input":"required name=search_term_string"}],"inLanguage":"es"}]}},"_links":{"self":[{"href":"https:\/\/www.ull.es\/portal\/agenda\/wp-json\/wp\/v2\/tribe_events\/32664"}],"collection":[{"href":"https:\/\/www.ull.es\/portal\/agenda\/wp-json\/wp\/v2\/tribe_events"}],"about":[{"href":"https:\/\/www.ull.es\/portal\/agenda\/wp-json\/wp\/v2\/types\/tribe_events"}],"author":[{"embeddable":true,"href":"https:\/\/www.ull.es\/portal\/agenda\/wp-json\/wp\/v2\/users\/65"}],"replies":[{"embeddable":true,"href":"https:\/\/www.ull.es\/portal\/agenda\/wp-json\/wp\/v2\/comments?post=32664"}],"version-history":[{"count":2,"href":"https:\/\/www.ull.es\/portal\/agenda\/wp-json\/wp\/v2\/tribe_events\/32664\/revisions"}],"predecessor-version":[{"id":32667,"href":"https:\/\/www.ull.es\/portal\/agenda\/wp-json\/wp\/v2\/tribe_events\/32664\/revisions\/32667"}],"wp:featuredmedia":[{"embeddable":true,"href":"https:\/\/www.ull.es\/portal\/agenda\/wp-json\/wp\/v2\/media\/32665"}],"wp:attachment":[{"href":"https:\/\/www.ull.es\/portal\/agenda\/wp-json\/wp\/v2\/media?parent=32664"}],"wp:term":[{"taxonomy":"post_tag","embeddable":true,"href":"https:\/\/www.ull.es\/portal\/agenda\/wp-json\/wp\/v2\/tags?post=32664"},{"taxonomy":"tribe_events_cat","embeddable":true,"href":"https:\/\/www.ull.es\/portal\/agenda\/wp-json\/wp\/v2\/tribe_events_cat?post=32664"}],"curies":[{"name":"wp","href":"https:\/\/api.w.org\/{rel}","templated":true}]}}