{"id":32837,"date":"2023-11-02T08:51:29","date_gmt":"2023-11-02T08:51:29","guid":{"rendered":"https:\/\/www.ull.es\/portal\/agenda\/?post_type=tribe_events&#038;p=32837"},"modified":"2023-11-02T09:01:11","modified_gmt":"2023-11-02T09:01:11","slug":"andre-y-dorine-de-kulunka-teatro-oye-toca-ver","status":"publish","type":"tribe_events","link":"https:\/\/www.ull.es\/portal\/agenda\/evento\/andre-y-dorine-de-kulunka-teatro-oye-toca-ver\/","title":{"rendered":"&#8216;Andr\u00e9 y Dorine&#8217; de Kulunka Teatro. Oye Toca Ver"},"content":{"rendered":"<p>En el peque\u00f1o sal\u00f3n, de cuyas paredes cuelga el pasado, suenan las teclas de una m\u00e1quina de escribir y las notas de un violoncello. Son Andr\u00e9 y Dorine: una singular pareja de ancianos que, como tantas otras, ha ca\u00eddo en la desidia provocada por la rutina. Desde el humor veremos como lo que anta\u00f1o despertaba la pasi\u00f3n del uno por el otro, hoy en d\u00eda se ha convertido en indiferencia o incluso motivo de discusi\u00f3n. Pero un suceso viene a romper esta monoton\u00eda: la enfermedad. El alzheimer, nuestro gran antagonista. Devorador de los recuerdos, de la memoria, de la identidad. Se inicia entonces un volver a empezar en la relaci\u00f3n entre Andr\u00e9 y Dorine. Un viaje a trav\u00e9s del recuerdo. Recordar qui\u00e9nes han sido para no olvidar qui\u00e9nes son.<\/p>\n<p>Despu\u00e9s de intensos a\u00f1os de gira nacional e internacional, y tras tres exitosas temporadas en el Teatro Fern\u00e1n G\u00f3mez de Madrid, dos en el Teatre Poliorama de Barcelona siendo la primera en ranking de ocupaci\u00f3n, y una en el LATC de Los \u00c1ngeles, esta joven compa\u00f1\u00eda de Euskadi ha recorrido m\u00e1s de 25 pa\u00edses en 4 continentes, realizando m\u00e1s de 400 funciones en pa\u00edses como Estados Unidos, Inglaterra, China, Rusia, Turqu\u00eda, Nepal, Colombia, Ecuador, Argentina, Chile, Cuba, Rep\u00fablica Dominicana, Panam\u00e1, Finlandia, Noruega, Francia, Malasia&#8230; Con el lenguaje de la m\u00e1scara y sin una sola palabra, Kulunka Teatro ha sorprendido por medio mundo, cosechando un gran \u00e9xito de cr\u00edtica y publico.<\/p>\n<p><a href=\"http:\/\/www.tomaticket.es\/recintos\/paraninfo-ull\" target=\"_blank\" rel=\"noopener\" target=\"_blank\" rel=\"noopener\">Entrada<\/a>: 9 \u20ac.<\/p>\n","protected":false},"excerpt":{"rendered":"<p>En el peque\u00f1o sal\u00f3n, de cuyas paredes cuelga el pasado, suenan las teclas de una m\u00e1quina de escribir y las notas de un violoncello. Son Andr\u00e9 y Dorine: una singular pareja de ancianos que, como tantas otras, ha ca\u00eddo en la desidia provocada por la rutina. Desde el humor veremos como lo que anta\u00f1o despertaba&#8230;<\/p>\n","protected":false},"author":65,"featured_media":32839,"comment_status":"closed","ping_status":"closed","template":"","tags":[],"tribe_events_cat":[3987,4,343,191],"acf":[],"yoast_head":"<!-- This site is optimized with the Yoast SEO plugin v21.3 - https:\/\/yoast.com\/wordpress\/plugins\/seo\/ -->\n<title>&#039;Andr\u00e9 y Dorine&#039; de Kulunka Teatro. Oye Toca Ver - ULL - Agenda<\/title>\n<meta name=\"robots\" content=\"index, follow, max-snippet:-1, max-image-preview:large, max-video-preview:-1\" \/>\n<link rel=\"canonical\" href=\"https:\/\/www.ull.es\/portal\/agenda\/evento\/andre-y-dorine-de-kulunka-teatro-oye-toca-ver\/\" \/>\n<meta property=\"og:locale\" content=\"es_ES\" \/>\n<meta property=\"og:type\" content=\"article\" \/>\n<meta property=\"og:title\" content=\"&#039;Andr\u00e9 y Dorine&#039; de Kulunka Teatro. Oye Toca Ver - ULL - Agenda\" \/>\n<meta property=\"og:description\" content=\"En el peque\u00f1o sal\u00f3n, de cuyas paredes cuelga el pasado, suenan las teclas de una m\u00e1quina de escribir y las notas de un violoncello. Son Andr\u00e9 y Dorine: una singular pareja de ancianos que, como tantas otras, ha ca\u00eddo en la desidia provocada por la rutina. Desde el humor veremos como lo que anta\u00f1o despertaba...\" \/>\n<meta property=\"og:url\" content=\"https:\/\/www.ull.es\/portal\/agenda\/evento\/andre-y-dorine-de-kulunka-teatro-oye-toca-ver\/\" \/>\n<meta property=\"og:site_name\" content=\"ULL - Agenda\" \/>\n<meta property=\"article:modified_time\" content=\"2023-11-02T09:01:11+00:00\" \/>\n<meta property=\"og:image\" content=\"https:\/\/www.ull.es\/portal\/agenda\/wp-content\/uploads\/sites\/12\/2023\/11\/af-carteleria-oye-toca-ver-Andre-y-Dorine-700x350-px-1.jpg\" \/>\n\t<meta property=\"og:image:width\" content=\"1080\" \/>\n\t<meta property=\"og:image:height\" content=\"540\" \/>\n\t<meta property=\"og:image:type\" content=\"image\/jpeg\" \/>\n<meta name=\"twitter:card\" content=\"summary_large_image\" \/>\n<meta name=\"twitter:label1\" content=\"Tiempo de lectura\" \/>\n\t<meta name=\"twitter:data1\" content=\"2 minutos\" \/>\n<script type=\"application\/ld+json\" class=\"yoast-schema-graph\">{\"@context\":\"https:\/\/schema.org\",\"@graph\":[{\"@type\":\"WebPage\",\"@id\":\"https:\/\/www.ull.es\/portal\/agenda\/evento\/andre-y-dorine-de-kulunka-teatro-oye-toca-ver\/\",\"url\":\"https:\/\/www.ull.es\/portal\/agenda\/evento\/andre-y-dorine-de-kulunka-teatro-oye-toca-ver\/\",\"name\":\"'Andr\u00e9 y Dorine' de Kulunka Teatro. Oye Toca Ver - ULL - Agenda\",\"isPartOf\":{\"@id\":\"https:\/\/www.ull.es\/portal\/agenda\/#website\"},\"datePublished\":\"2023-11-02T08:51:29+00:00\",\"dateModified\":\"2023-11-02T09:01:11+00:00\",\"breadcrumb\":{\"@id\":\"https:\/\/www.ull.es\/portal\/agenda\/evento\/andre-y-dorine-de-kulunka-teatro-oye-toca-ver\/#breadcrumb\"},\"inLanguage\":\"es\",\"potentialAction\":[{\"@type\":\"ReadAction\",\"target\":[\"https:\/\/www.ull.es\/portal\/agenda\/evento\/andre-y-dorine-de-kulunka-teatro-oye-toca-ver\/\"]}]},{\"@type\":\"BreadcrumbList\",\"@id\":\"https:\/\/www.ull.es\/portal\/agenda\/evento\/andre-y-dorine-de-kulunka-teatro-oye-toca-ver\/#breadcrumb\",\"itemListElement\":[{\"@type\":\"ListItem\",\"position\":1,\"name\":\"Portada\",\"item\":\"https:\/\/www.ull.es\/portal\/agenda\/\"},{\"@type\":\"ListItem\",\"position\":2,\"name\":\"&#8216;Andr\u00e9 y Dorine&#8217; de Kulunka Teatro. Oye Toca Ver\"}]},{\"@type\":\"WebSite\",\"@id\":\"https:\/\/www.ull.es\/portal\/agenda\/#website\",\"url\":\"https:\/\/www.ull.es\/portal\/agenda\/\",\"name\":\"ULL - Agenda\",\"description\":\"\",\"potentialAction\":[{\"@type\":\"SearchAction\",\"target\":{\"@type\":\"EntryPoint\",\"urlTemplate\":\"https:\/\/www.ull.es\/portal\/agenda\/?s={search_term_string}\"},\"query-input\":\"required name=search_term_string\"}],\"inLanguage\":\"es\"}]}<\/script>\n<!-- \/ Yoast SEO plugin. -->","yoast_head_json":{"title":"'Andr\u00e9 y Dorine' de Kulunka Teatro. Oye Toca Ver - ULL - Agenda","robots":{"index":"index","follow":"follow","max-snippet":"max-snippet:-1","max-image-preview":"max-image-preview:large","max-video-preview":"max-video-preview:-1"},"canonical":"https:\/\/www.ull.es\/portal\/agenda\/evento\/andre-y-dorine-de-kulunka-teatro-oye-toca-ver\/","og_locale":"es_ES","og_type":"article","og_title":"'Andr\u00e9 y Dorine' de Kulunka Teatro. Oye Toca Ver - ULL - Agenda","og_description":"En el peque\u00f1o sal\u00f3n, de cuyas paredes cuelga el pasado, suenan las teclas de una m\u00e1quina de escribir y las notas de un violoncello. Son Andr\u00e9 y Dorine: una singular pareja de ancianos que, como tantas otras, ha ca\u00eddo en la desidia provocada por la rutina. Desde el humor veremos como lo que anta\u00f1o despertaba...","og_url":"https:\/\/www.ull.es\/portal\/agenda\/evento\/andre-y-dorine-de-kulunka-teatro-oye-toca-ver\/","og_site_name":"ULL - Agenda","article_modified_time":"2023-11-02T09:01:11+00:00","og_image":[{"width":1080,"height":540,"url":"https:\/\/www.ull.es\/portal\/agenda\/wp-content\/uploads\/sites\/12\/2023\/11\/af-carteleria-oye-toca-ver-Andre-y-Dorine-700x350-px-1.jpg","type":"image\/jpeg"}],"twitter_card":"summary_large_image","twitter_misc":{"Tiempo de lectura":"2 minutos"},"schema":{"@context":"https:\/\/schema.org","@graph":[{"@type":"WebPage","@id":"https:\/\/www.ull.es\/portal\/agenda\/evento\/andre-y-dorine-de-kulunka-teatro-oye-toca-ver\/","url":"https:\/\/www.ull.es\/portal\/agenda\/evento\/andre-y-dorine-de-kulunka-teatro-oye-toca-ver\/","name":"'Andr\u00e9 y Dorine' de Kulunka Teatro. Oye Toca Ver - ULL - Agenda","isPartOf":{"@id":"https:\/\/www.ull.es\/portal\/agenda\/#website"},"datePublished":"2023-11-02T08:51:29+00:00","dateModified":"2023-11-02T09:01:11+00:00","breadcrumb":{"@id":"https:\/\/www.ull.es\/portal\/agenda\/evento\/andre-y-dorine-de-kulunka-teatro-oye-toca-ver\/#breadcrumb"},"inLanguage":"es","potentialAction":[{"@type":"ReadAction","target":["https:\/\/www.ull.es\/portal\/agenda\/evento\/andre-y-dorine-de-kulunka-teatro-oye-toca-ver\/"]}]},{"@type":"BreadcrumbList","@id":"https:\/\/www.ull.es\/portal\/agenda\/evento\/andre-y-dorine-de-kulunka-teatro-oye-toca-ver\/#breadcrumb","itemListElement":[{"@type":"ListItem","position":1,"name":"Portada","item":"https:\/\/www.ull.es\/portal\/agenda\/"},{"@type":"ListItem","position":2,"name":"&#8216;Andr\u00e9 y Dorine&#8217; de Kulunka Teatro. Oye Toca Ver"}]},{"@type":"WebSite","@id":"https:\/\/www.ull.es\/portal\/agenda\/#website","url":"https:\/\/www.ull.es\/portal\/agenda\/","name":"ULL - Agenda","description":"","potentialAction":[{"@type":"SearchAction","target":{"@type":"EntryPoint","urlTemplate":"https:\/\/www.ull.es\/portal\/agenda\/?s={search_term_string}"},"query-input":"required name=search_term_string"}],"inLanguage":"es"}]}},"_links":{"self":[{"href":"https:\/\/www.ull.es\/portal\/agenda\/wp-json\/wp\/v2\/tribe_events\/32837"}],"collection":[{"href":"https:\/\/www.ull.es\/portal\/agenda\/wp-json\/wp\/v2\/tribe_events"}],"about":[{"href":"https:\/\/www.ull.es\/portal\/agenda\/wp-json\/wp\/v2\/types\/tribe_events"}],"author":[{"embeddable":true,"href":"https:\/\/www.ull.es\/portal\/agenda\/wp-json\/wp\/v2\/users\/65"}],"replies":[{"embeddable":true,"href":"https:\/\/www.ull.es\/portal\/agenda\/wp-json\/wp\/v2\/comments?post=32837"}],"version-history":[{"count":1,"href":"https:\/\/www.ull.es\/portal\/agenda\/wp-json\/wp\/v2\/tribe_events\/32837\/revisions"}],"predecessor-version":[{"id":32838,"href":"https:\/\/www.ull.es\/portal\/agenda\/wp-json\/wp\/v2\/tribe_events\/32837\/revisions\/32838"}],"wp:featuredmedia":[{"embeddable":true,"href":"https:\/\/www.ull.es\/portal\/agenda\/wp-json\/wp\/v2\/media\/32839"}],"wp:attachment":[{"href":"https:\/\/www.ull.es\/portal\/agenda\/wp-json\/wp\/v2\/media?parent=32837"}],"wp:term":[{"taxonomy":"post_tag","embeddable":true,"href":"https:\/\/www.ull.es\/portal\/agenda\/wp-json\/wp\/v2\/tags?post=32837"},{"taxonomy":"tribe_events_cat","embeddable":true,"href":"https:\/\/www.ull.es\/portal\/agenda\/wp-json\/wp\/v2\/tribe_events_cat?post=32837"}],"curies":[{"name":"wp","href":"https:\/\/api.w.org\/{rel}","templated":true}]}}