{"id":33373,"date":"2023-11-28T10:36:08","date_gmt":"2023-11-28T10:36:08","guid":{"rendered":"https:\/\/www.ull.es\/portal\/agenda\/?post_type=tribe_events&#038;p=33373"},"modified":"2023-11-28T10:36:08","modified_gmt":"2023-11-28T10:36:08","slug":"v-jornadas-de-semiotica-de-la-cultura-del-giesa-homenaje-a-jorge-lozano","status":"publish","type":"tribe_events","link":"https:\/\/www.ull.es\/portal\/agenda\/evento\/v-jornadas-de-semiotica-de-la-cultura-del-giesa-homenaje-a-jorge-lozano\/","title":{"rendered":"V Jornadas de Semi\u00f3tica de la Cultura del GIESA: Homenaje a Jorge Lozano"},"content":{"rendered":"<p>Homenaje p\u00f3stumo en su tierra al profesor palmero, Jorge Lozano, reconocido investigador en el campo de la semiolog\u00eda que falleci\u00f3 recientemente, v\u00edctima del COVID19. Catedr\u00e1tico de Teor\u00eda de la Informaci\u00f3n en la Universidad Complutense de Madrid, fue tambi\u00e9n un ensayista y conferenciante habitual, actividades en las que mostr\u00f3 su pensamiento brillante y pol\u00e9mico en distintas publicaciones e instituciones acad\u00e9micas del mundo.<\/p>\n<p><a href=\"https:\/\/drive.google.com\/file\/d\/1gkYLbBwZ5dzlByQSuWBZmJR3AnLLrBCa\/view?usp=sharing\" target=\"_blank\" rel=\"noopener\" target=\"_blank\" rel=\"noopener\">Cartel<\/a><\/p>\n","protected":false},"excerpt":{"rendered":"<p>Homenaje p\u00f3stumo en su tierra al profesor palmero, Jorge Lozano, reconocido investigador en el campo de la semiolog\u00eda que falleci\u00f3 recientemente, v\u00edctima del COVID19. Catedr\u00e1tico de Teor\u00eda de la Informaci\u00f3n en la Universidad Complutense de Madrid, fue tambi\u00e9n un ensayista y conferenciante habitual, actividades en las que mostr\u00f3 su pensamiento brillante y pol\u00e9mico en distintas&#8230;<\/p>\n","protected":false},"author":65,"featured_media":33374,"comment_status":"closed","ping_status":"closed","template":"","tags":[],"tribe_events_cat":[4,985,5,191],"acf":[],"yoast_head":"<!-- This site is optimized with the Yoast SEO plugin v21.3 - https:\/\/yoast.com\/wordpress\/plugins\/seo\/ -->\n<title>V Jornadas de Semi\u00f3tica de la Cultura del GIESA: Homenaje a Jorge Lozano - ULL - Agenda<\/title>\n<meta name=\"robots\" content=\"index, follow, max-snippet:-1, max-image-preview:large, max-video-preview:-1\" \/>\n<link rel=\"canonical\" href=\"https:\/\/www.ull.es\/portal\/agenda\/evento\/v-jornadas-de-semiotica-de-la-cultura-del-giesa-homenaje-a-jorge-lozano\/\" \/>\n<meta property=\"og:locale\" content=\"es_ES\" \/>\n<meta property=\"og:type\" content=\"article\" \/>\n<meta property=\"og:title\" content=\"V Jornadas de Semi\u00f3tica de la Cultura del GIESA: Homenaje a Jorge Lozano - ULL - Agenda\" \/>\n<meta property=\"og:description\" content=\"Homenaje p\u00f3stumo en su tierra al profesor palmero, Jorge Lozano, reconocido investigador en el campo de la semiolog\u00eda que falleci\u00f3 recientemente, v\u00edctima del COVID19. Catedr\u00e1tico de Teor\u00eda de la Informaci\u00f3n en la Universidad Complutense de Madrid, fue tambi\u00e9n un ensayista y conferenciante habitual, actividades en las que mostr\u00f3 su pensamiento brillante y pol\u00e9mico en distintas...\" \/>\n<meta property=\"og:url\" content=\"https:\/\/www.ull.es\/portal\/agenda\/evento\/v-jornadas-de-semiotica-de-la-cultura-del-giesa-homenaje-a-jorge-lozano\/\" \/>\n<meta property=\"og:site_name\" content=\"ULL - Agenda\" \/>\n<meta property=\"og:image\" content=\"https:\/\/www.ull.es\/portal\/agenda\/wp-content\/uploads\/sites\/12\/2023\/11\/Jornadas-Homenaje-Jorge-Lozano-Felix-J.-Rios-ULL.png\" \/>\n\t<meta property=\"og:image:width\" content=\"699\" \/>\n\t<meta property=\"og:image:height\" content=\"337\" \/>\n\t<meta property=\"og:image:type\" content=\"image\/png\" \/>\n<meta name=\"twitter:card\" content=\"summary_large_image\" \/>\n<meta name=\"twitter:label1\" content=\"Tiempo de lectura\" \/>\n\t<meta name=\"twitter:data1\" content=\"1 minuto\" \/>\n<script type=\"application\/ld+json\" class=\"yoast-schema-graph\">{\"@context\":\"https:\/\/schema.org\",\"@graph\":[{\"@type\":\"WebPage\",\"@id\":\"https:\/\/www.ull.es\/portal\/agenda\/evento\/v-jornadas-de-semiotica-de-la-cultura-del-giesa-homenaje-a-jorge-lozano\/\",\"url\":\"https:\/\/www.ull.es\/portal\/agenda\/evento\/v-jornadas-de-semiotica-de-la-cultura-del-giesa-homenaje-a-jorge-lozano\/\",\"name\":\"V Jornadas de Semi\u00f3tica de la Cultura del GIESA: Homenaje a Jorge Lozano - ULL - Agenda\",\"isPartOf\":{\"@id\":\"https:\/\/www.ull.es\/portal\/agenda\/#website\"},\"datePublished\":\"2023-11-28T10:36:08+00:00\",\"dateModified\":\"2023-11-28T10:36:08+00:00\",\"breadcrumb\":{\"@id\":\"https:\/\/www.ull.es\/portal\/agenda\/evento\/v-jornadas-de-semiotica-de-la-cultura-del-giesa-homenaje-a-jorge-lozano\/#breadcrumb\"},\"inLanguage\":\"es\",\"potentialAction\":[{\"@type\":\"ReadAction\",\"target\":[\"https:\/\/www.ull.es\/portal\/agenda\/evento\/v-jornadas-de-semiotica-de-la-cultura-del-giesa-homenaje-a-jorge-lozano\/\"]}]},{\"@type\":\"BreadcrumbList\",\"@id\":\"https:\/\/www.ull.es\/portal\/agenda\/evento\/v-jornadas-de-semiotica-de-la-cultura-del-giesa-homenaje-a-jorge-lozano\/#breadcrumb\",\"itemListElement\":[{\"@type\":\"ListItem\",\"position\":1,\"name\":\"Portada\",\"item\":\"https:\/\/www.ull.es\/portal\/agenda\/\"},{\"@type\":\"ListItem\",\"position\":2,\"name\":\"V Jornadas de Semi\u00f3tica de la Cultura del GIESA: Homenaje a Jorge Lozano\"}]},{\"@type\":\"WebSite\",\"@id\":\"https:\/\/www.ull.es\/portal\/agenda\/#website\",\"url\":\"https:\/\/www.ull.es\/portal\/agenda\/\",\"name\":\"ULL - Agenda\",\"description\":\"\",\"potentialAction\":[{\"@type\":\"SearchAction\",\"target\":{\"@type\":\"EntryPoint\",\"urlTemplate\":\"https:\/\/www.ull.es\/portal\/agenda\/?s={search_term_string}\"},\"query-input\":\"required name=search_term_string\"}],\"inLanguage\":\"es\"}]}<\/script>\n<!-- \/ Yoast SEO plugin. -->","yoast_head_json":{"title":"V Jornadas de Semi\u00f3tica de la Cultura del GIESA: Homenaje a Jorge Lozano - ULL - Agenda","robots":{"index":"index","follow":"follow","max-snippet":"max-snippet:-1","max-image-preview":"max-image-preview:large","max-video-preview":"max-video-preview:-1"},"canonical":"https:\/\/www.ull.es\/portal\/agenda\/evento\/v-jornadas-de-semiotica-de-la-cultura-del-giesa-homenaje-a-jorge-lozano\/","og_locale":"es_ES","og_type":"article","og_title":"V Jornadas de Semi\u00f3tica de la Cultura del GIESA: Homenaje a Jorge Lozano - ULL - Agenda","og_description":"Homenaje p\u00f3stumo en su tierra al profesor palmero, Jorge Lozano, reconocido investigador en el campo de la semiolog\u00eda que falleci\u00f3 recientemente, v\u00edctima del COVID19. Catedr\u00e1tico de Teor\u00eda de la Informaci\u00f3n en la Universidad Complutense de Madrid, fue tambi\u00e9n un ensayista y conferenciante habitual, actividades en las que mostr\u00f3 su pensamiento brillante y pol\u00e9mico en distintas...","og_url":"https:\/\/www.ull.es\/portal\/agenda\/evento\/v-jornadas-de-semiotica-de-la-cultura-del-giesa-homenaje-a-jorge-lozano\/","og_site_name":"ULL - Agenda","og_image":[{"width":699,"height":337,"url":"https:\/\/www.ull.es\/portal\/agenda\/wp-content\/uploads\/sites\/12\/2023\/11\/Jornadas-Homenaje-Jorge-Lozano-Felix-J.-Rios-ULL.png","type":"image\/png"}],"twitter_card":"summary_large_image","twitter_misc":{"Tiempo de lectura":"1 minuto"},"schema":{"@context":"https:\/\/schema.org","@graph":[{"@type":"WebPage","@id":"https:\/\/www.ull.es\/portal\/agenda\/evento\/v-jornadas-de-semiotica-de-la-cultura-del-giesa-homenaje-a-jorge-lozano\/","url":"https:\/\/www.ull.es\/portal\/agenda\/evento\/v-jornadas-de-semiotica-de-la-cultura-del-giesa-homenaje-a-jorge-lozano\/","name":"V Jornadas de Semi\u00f3tica de la Cultura del GIESA: Homenaje a Jorge Lozano - ULL - Agenda","isPartOf":{"@id":"https:\/\/www.ull.es\/portal\/agenda\/#website"},"datePublished":"2023-11-28T10:36:08+00:00","dateModified":"2023-11-28T10:36:08+00:00","breadcrumb":{"@id":"https:\/\/www.ull.es\/portal\/agenda\/evento\/v-jornadas-de-semiotica-de-la-cultura-del-giesa-homenaje-a-jorge-lozano\/#breadcrumb"},"inLanguage":"es","potentialAction":[{"@type":"ReadAction","target":["https:\/\/www.ull.es\/portal\/agenda\/evento\/v-jornadas-de-semiotica-de-la-cultura-del-giesa-homenaje-a-jorge-lozano\/"]}]},{"@type":"BreadcrumbList","@id":"https:\/\/www.ull.es\/portal\/agenda\/evento\/v-jornadas-de-semiotica-de-la-cultura-del-giesa-homenaje-a-jorge-lozano\/#breadcrumb","itemListElement":[{"@type":"ListItem","position":1,"name":"Portada","item":"https:\/\/www.ull.es\/portal\/agenda\/"},{"@type":"ListItem","position":2,"name":"V Jornadas de Semi\u00f3tica de la Cultura del GIESA: Homenaje a Jorge Lozano"}]},{"@type":"WebSite","@id":"https:\/\/www.ull.es\/portal\/agenda\/#website","url":"https:\/\/www.ull.es\/portal\/agenda\/","name":"ULL - Agenda","description":"","potentialAction":[{"@type":"SearchAction","target":{"@type":"EntryPoint","urlTemplate":"https:\/\/www.ull.es\/portal\/agenda\/?s={search_term_string}"},"query-input":"required name=search_term_string"}],"inLanguage":"es"}]}},"_links":{"self":[{"href":"https:\/\/www.ull.es\/portal\/agenda\/wp-json\/wp\/v2\/tribe_events\/33373"}],"collection":[{"href":"https:\/\/www.ull.es\/portal\/agenda\/wp-json\/wp\/v2\/tribe_events"}],"about":[{"href":"https:\/\/www.ull.es\/portal\/agenda\/wp-json\/wp\/v2\/types\/tribe_events"}],"author":[{"embeddable":true,"href":"https:\/\/www.ull.es\/portal\/agenda\/wp-json\/wp\/v2\/users\/65"}],"replies":[{"embeddable":true,"href":"https:\/\/www.ull.es\/portal\/agenda\/wp-json\/wp\/v2\/comments?post=33373"}],"version-history":[{"count":1,"href":"https:\/\/www.ull.es\/portal\/agenda\/wp-json\/wp\/v2\/tribe_events\/33373\/revisions"}],"predecessor-version":[{"id":33379,"href":"https:\/\/www.ull.es\/portal\/agenda\/wp-json\/wp\/v2\/tribe_events\/33373\/revisions\/33379"}],"wp:featuredmedia":[{"embeddable":true,"href":"https:\/\/www.ull.es\/portal\/agenda\/wp-json\/wp\/v2\/media\/33374"}],"wp:attachment":[{"href":"https:\/\/www.ull.es\/portal\/agenda\/wp-json\/wp\/v2\/media?parent=33373"}],"wp:term":[{"taxonomy":"post_tag","embeddable":true,"href":"https:\/\/www.ull.es\/portal\/agenda\/wp-json\/wp\/v2\/tags?post=33373"},{"taxonomy":"tribe_events_cat","embeddable":true,"href":"https:\/\/www.ull.es\/portal\/agenda\/wp-json\/wp\/v2\/tribe_events_cat?post=33373"}],"curies":[{"name":"wp","href":"https:\/\/api.w.org\/{rel}","templated":true}]}}