{"id":34607,"date":"2024-03-04T11:09:07","date_gmt":"2024-03-04T11:09:07","guid":{"rendered":"https:\/\/www.ull.es\/portal\/agenda\/?post_type=tribe_events&#038;p=34607"},"modified":"2024-03-04T14:00:44","modified_gmt":"2024-03-04T14:00:44","slug":"xi-olimpiada-filosofica-de-canarias","status":"publish","type":"tribe_events","link":"https:\/\/www.ull.es\/portal\/agenda\/evento\/xi-olimpiada-filosofica-de-canarias\/","title":{"rendered":"XI Olimpiada Filos\u00f3fica de Canarias"},"content":{"rendered":"<div>El\u00a0 viernes 15 de marzo se celebrar\u00e1 en la Universidad de La Laguna\u00a0 la final auton\u00f3mica de la XI Olimpiada Filos\u00f3fica de Canarias.\u00a0 El alumnado que resulte ganador en esta final auton\u00f3mica participar\u00e1 en la Olimpiada Filos\u00f3fica de Espa\u00f1a, que este curso ser\u00e1 en Bilbao en abril.<\/div>\n<div>\n<p>Toda la informaci\u00f3n sobre la final auton\u00f3mica puede consultarse en esta <a href=\"https:\/\/finalautonomicaolimpiadacanarias.blogspot.com\/\" target=\"_blank\" rel=\"noopener\" target=\"_blank\" rel=\"noopener\">p\u00e1gina<\/a>.La XI Olimpiada Filos\u00f3fica de Canarias est\u00e1 organizada por la Asociaci\u00f3n Olimpiada Filos\u00f3fica de Canarias en colaboraci\u00f3n con la Universidad de La Laguna y el Gobierno de Canarias. La Olimpiada Filos\u00f3fica est\u00e1 dirigida al alumnado de bachillerato y 3\u00ba y 4\u00ba de ESO, teniendo como objetivo potenciar la reflexi\u00f3n y el pensamiento cr\u00edtico en el alumnado de Ense\u00f1anza Secundaria. Este a\u00f1o el tema de la Olimpiada es \u201c\u00bfQu\u00e9 es el ocio?\u201d.<\/p>\n<\/div>\n","protected":false},"excerpt":{"rendered":"<p>El\u00a0 viernes 15 de marzo se celebrar\u00e1 en la Universidad de La Laguna\u00a0 la final auton\u00f3mica de la XI Olimpiada Filos\u00f3fica de Canarias.\u00a0 El alumnado que resulte ganador en esta final auton\u00f3mica participar\u00e1 en la Olimpiada Filos\u00f3fica de Espa\u00f1a, que este curso ser\u00e1 en Bilbao en abril. Toda la informaci\u00f3n sobre la final auton\u00f3mica puede&#8230;<\/p>\n","protected":false},"author":65,"featured_media":34628,"comment_status":"closed","ping_status":"closed","template":"","tags":[],"tribe_events_cat":[4,985,186,191],"acf":[],"yoast_head":"<!-- This site is optimized with the Yoast SEO plugin v21.3 - https:\/\/yoast.com\/wordpress\/plugins\/seo\/ -->\n<title>XI Olimpiada Filos\u00f3fica de Canarias - ULL - Agenda<\/title>\n<meta name=\"robots\" content=\"index, follow, max-snippet:-1, max-image-preview:large, max-video-preview:-1\" \/>\n<link rel=\"canonical\" href=\"https:\/\/www.ull.es\/portal\/agenda\/evento\/xi-olimpiada-filosofica-de-canarias\/\" \/>\n<meta property=\"og:locale\" content=\"es_ES\" \/>\n<meta property=\"og:type\" content=\"article\" \/>\n<meta property=\"og:title\" content=\"XI Olimpiada Filos\u00f3fica de Canarias - ULL - Agenda\" \/>\n<meta property=\"og:description\" content=\"El\u00a0 viernes 15 de marzo se celebrar\u00e1 en la Universidad de La Laguna\u00a0 la final auton\u00f3mica de la XI Olimpiada Filos\u00f3fica de Canarias.\u00a0 El alumnado que resulte ganador en esta final auton\u00f3mica participar\u00e1 en la Olimpiada Filos\u00f3fica de Espa\u00f1a, que este curso ser\u00e1 en Bilbao en abril. Toda la informaci\u00f3n sobre la final auton\u00f3mica puede...\" \/>\n<meta property=\"og:url\" content=\"https:\/\/www.ull.es\/portal\/agenda\/evento\/xi-olimpiada-filosofica-de-canarias\/\" \/>\n<meta property=\"og:site_name\" content=\"ULL - Agenda\" \/>\n<meta property=\"article:modified_time\" content=\"2024-03-04T14:00:44+00:00\" \/>\n<meta property=\"og:image\" content=\"https:\/\/www.ull.es\/portal\/agenda\/wp-content\/uploads\/sites\/12\/2024\/03\/XI-Olimpiada-Filosofica-de-Canarias_Banner-eventos.png\" \/>\n\t<meta property=\"og:image:width\" content=\"750\" \/>\n\t<meta property=\"og:image:height\" content=\"370\" \/>\n\t<meta property=\"og:image:type\" content=\"image\/png\" \/>\n<meta name=\"twitter:card\" content=\"summary_large_image\" \/>\n<meta name=\"twitter:label1\" content=\"Tiempo de lectura\" \/>\n\t<meta name=\"twitter:data1\" content=\"1 minuto\" \/>\n<script type=\"application\/ld+json\" class=\"yoast-schema-graph\">{\"@context\":\"https:\/\/schema.org\",\"@graph\":[{\"@type\":\"WebPage\",\"@id\":\"https:\/\/www.ull.es\/portal\/agenda\/evento\/xi-olimpiada-filosofica-de-canarias\/\",\"url\":\"https:\/\/www.ull.es\/portal\/agenda\/evento\/xi-olimpiada-filosofica-de-canarias\/\",\"name\":\"XI Olimpiada Filos\u00f3fica de Canarias - ULL - Agenda\",\"isPartOf\":{\"@id\":\"https:\/\/www.ull.es\/portal\/agenda\/#website\"},\"datePublished\":\"2024-03-04T11:09:07+00:00\",\"dateModified\":\"2024-03-04T14:00:44+00:00\",\"breadcrumb\":{\"@id\":\"https:\/\/www.ull.es\/portal\/agenda\/evento\/xi-olimpiada-filosofica-de-canarias\/#breadcrumb\"},\"inLanguage\":\"es\",\"potentialAction\":[{\"@type\":\"ReadAction\",\"target\":[\"https:\/\/www.ull.es\/portal\/agenda\/evento\/xi-olimpiada-filosofica-de-canarias\/\"]}]},{\"@type\":\"BreadcrumbList\",\"@id\":\"https:\/\/www.ull.es\/portal\/agenda\/evento\/xi-olimpiada-filosofica-de-canarias\/#breadcrumb\",\"itemListElement\":[{\"@type\":\"ListItem\",\"position\":1,\"name\":\"Portada\",\"item\":\"https:\/\/www.ull.es\/portal\/agenda\/\"},{\"@type\":\"ListItem\",\"position\":2,\"name\":\"XI Olimpiada Filos\u00f3fica de Canarias\"}]},{\"@type\":\"WebSite\",\"@id\":\"https:\/\/www.ull.es\/portal\/agenda\/#website\",\"url\":\"https:\/\/www.ull.es\/portal\/agenda\/\",\"name\":\"ULL - Agenda\",\"description\":\"\",\"potentialAction\":[{\"@type\":\"SearchAction\",\"target\":{\"@type\":\"EntryPoint\",\"urlTemplate\":\"https:\/\/www.ull.es\/portal\/agenda\/?s={search_term_string}\"},\"query-input\":\"required name=search_term_string\"}],\"inLanguage\":\"es\"}]}<\/script>\n<!-- \/ Yoast SEO plugin. -->","yoast_head_json":{"title":"XI Olimpiada Filos\u00f3fica de Canarias - ULL - Agenda","robots":{"index":"index","follow":"follow","max-snippet":"max-snippet:-1","max-image-preview":"max-image-preview:large","max-video-preview":"max-video-preview:-1"},"canonical":"https:\/\/www.ull.es\/portal\/agenda\/evento\/xi-olimpiada-filosofica-de-canarias\/","og_locale":"es_ES","og_type":"article","og_title":"XI Olimpiada Filos\u00f3fica de Canarias - ULL - Agenda","og_description":"El\u00a0 viernes 15 de marzo se celebrar\u00e1 en la Universidad de La Laguna\u00a0 la final auton\u00f3mica de la XI Olimpiada Filos\u00f3fica de Canarias.\u00a0 El alumnado que resulte ganador en esta final auton\u00f3mica participar\u00e1 en la Olimpiada Filos\u00f3fica de Espa\u00f1a, que este curso ser\u00e1 en Bilbao en abril. Toda la informaci\u00f3n sobre la final auton\u00f3mica puede...","og_url":"https:\/\/www.ull.es\/portal\/agenda\/evento\/xi-olimpiada-filosofica-de-canarias\/","og_site_name":"ULL - Agenda","article_modified_time":"2024-03-04T14:00:44+00:00","og_image":[{"width":750,"height":370,"url":"https:\/\/www.ull.es\/portal\/agenda\/wp-content\/uploads\/sites\/12\/2024\/03\/XI-Olimpiada-Filosofica-de-Canarias_Banner-eventos.png","type":"image\/png"}],"twitter_card":"summary_large_image","twitter_misc":{"Tiempo de lectura":"1 minuto"},"schema":{"@context":"https:\/\/schema.org","@graph":[{"@type":"WebPage","@id":"https:\/\/www.ull.es\/portal\/agenda\/evento\/xi-olimpiada-filosofica-de-canarias\/","url":"https:\/\/www.ull.es\/portal\/agenda\/evento\/xi-olimpiada-filosofica-de-canarias\/","name":"XI Olimpiada Filos\u00f3fica de Canarias - ULL - Agenda","isPartOf":{"@id":"https:\/\/www.ull.es\/portal\/agenda\/#website"},"datePublished":"2024-03-04T11:09:07+00:00","dateModified":"2024-03-04T14:00:44+00:00","breadcrumb":{"@id":"https:\/\/www.ull.es\/portal\/agenda\/evento\/xi-olimpiada-filosofica-de-canarias\/#breadcrumb"},"inLanguage":"es","potentialAction":[{"@type":"ReadAction","target":["https:\/\/www.ull.es\/portal\/agenda\/evento\/xi-olimpiada-filosofica-de-canarias\/"]}]},{"@type":"BreadcrumbList","@id":"https:\/\/www.ull.es\/portal\/agenda\/evento\/xi-olimpiada-filosofica-de-canarias\/#breadcrumb","itemListElement":[{"@type":"ListItem","position":1,"name":"Portada","item":"https:\/\/www.ull.es\/portal\/agenda\/"},{"@type":"ListItem","position":2,"name":"XI Olimpiada Filos\u00f3fica de Canarias"}]},{"@type":"WebSite","@id":"https:\/\/www.ull.es\/portal\/agenda\/#website","url":"https:\/\/www.ull.es\/portal\/agenda\/","name":"ULL - Agenda","description":"","potentialAction":[{"@type":"SearchAction","target":{"@type":"EntryPoint","urlTemplate":"https:\/\/www.ull.es\/portal\/agenda\/?s={search_term_string}"},"query-input":"required name=search_term_string"}],"inLanguage":"es"}]}},"_links":{"self":[{"href":"https:\/\/www.ull.es\/portal\/agenda\/wp-json\/wp\/v2\/tribe_events\/34607"}],"collection":[{"href":"https:\/\/www.ull.es\/portal\/agenda\/wp-json\/wp\/v2\/tribe_events"}],"about":[{"href":"https:\/\/www.ull.es\/portal\/agenda\/wp-json\/wp\/v2\/types\/tribe_events"}],"author":[{"embeddable":true,"href":"https:\/\/www.ull.es\/portal\/agenda\/wp-json\/wp\/v2\/users\/65"}],"replies":[{"embeddable":true,"href":"https:\/\/www.ull.es\/portal\/agenda\/wp-json\/wp\/v2\/comments?post=34607"}],"version-history":[{"count":3,"href":"https:\/\/www.ull.es\/portal\/agenda\/wp-json\/wp\/v2\/tribe_events\/34607\/revisions"}],"predecessor-version":[{"id":34629,"href":"https:\/\/www.ull.es\/portal\/agenda\/wp-json\/wp\/v2\/tribe_events\/34607\/revisions\/34629"}],"wp:featuredmedia":[{"embeddable":true,"href":"https:\/\/www.ull.es\/portal\/agenda\/wp-json\/wp\/v2\/media\/34628"}],"wp:attachment":[{"href":"https:\/\/www.ull.es\/portal\/agenda\/wp-json\/wp\/v2\/media?parent=34607"}],"wp:term":[{"taxonomy":"post_tag","embeddable":true,"href":"https:\/\/www.ull.es\/portal\/agenda\/wp-json\/wp\/v2\/tags?post=34607"},{"taxonomy":"tribe_events_cat","embeddable":true,"href":"https:\/\/www.ull.es\/portal\/agenda\/wp-json\/wp\/v2\/tribe_events_cat?post=34607"}],"curies":[{"name":"wp","href":"https:\/\/api.w.org\/{rel}","templated":true}]}}