{"id":34737,"date":"2024-03-12T11:36:04","date_gmt":"2024-03-12T11:36:04","guid":{"rendered":"https:\/\/www.ull.es\/portal\/agenda\/?post_type=tribe_events&#038;p=34737"},"modified":"2024-03-14T09:16:30","modified_gmt":"2024-03-14T09:16:30","slug":"taller-formativo-para-autores-impartido-por-la-editorial-cientifica-mdpi","status":"publish","type":"tribe_events","link":"https:\/\/www.ull.es\/portal\/agenda\/evento\/taller-formativo-para-autores-impartido-por-la-editorial-cientifica-mdpi\/","title":{"rendered":"Taller formativo para autores impartido por la editorial cient\u00edfica MDPI"},"content":{"rendered":"<p>Rocksy Zhang y Gabriel Mart\u00ednez Edo, editores asistentes de varias revistas de la editorial MDPI, impartir\u00e1n este taller destinado a autores que desean publicar en cabeceras cient\u00edficas. Tambi\u00e9n participar\u00e1 como ponente el catedr\u00e1tico de Ecolog\u00eda de nuestra universidad Jos\u00e9 Ram\u00f3n Ar\u00e9valo, editor jefe de la revista Ecologies.<\/p>\n<p>El workshop analizar\u00e1 los aspectos positivos m\u00e1s destacables de las publicaciones en abierto, ofrecer\u00e1 consejos para este proceso y se entregar\u00e1 material informativo sobre la editorial.<br \/>\nLos ponentes son asistentes editoriales de las revistas Sensors, Landscape, International Journal of Geo-information, Land and Climate, Drones, Nanomaterials y Nanomanufacturing, entre otros.<\/p>\n<p>M\u00e1s informaci\u00f3n y registro en este <a href=\"https:\/\/www.mdpi.com\/about\/announcements\/7984\" target=\"_blank\" rel=\"noopener\" target=\"_blank\" rel=\"noopener\">enlace.\u00a0<\/a><\/p>\n","protected":false},"excerpt":{"rendered":"<p>Rocksy Zhang y Gabriel Mart\u00ednez Edo, editores asistentes de varias revistas de la editorial MDPI, impartir\u00e1n este taller destinado a autores que desean publicar en cabeceras cient\u00edficas. Tambi\u00e9n participar\u00e1 como ponente el catedr\u00e1tico de Ecolog\u00eda de nuestra universidad Jos\u00e9 Ram\u00f3n Ar\u00e9valo, editor jefe de la revista Ecologies. El workshop analizar\u00e1 los aspectos positivos m\u00e1s destacables&#8230;<\/p>\n","protected":false},"author":65,"featured_media":34782,"comment_status":"closed","ping_status":"closed","template":"","tags":[],"tribe_events_cat":[4,972,187],"acf":[],"yoast_head":"<!-- This site is optimized with the Yoast SEO plugin v21.3 - https:\/\/yoast.com\/wordpress\/plugins\/seo\/ -->\n<title>Taller formativo para autores impartido por la editorial cient\u00edfica MDPI - ULL - Agenda<\/title>\n<meta name=\"robots\" content=\"index, follow, max-snippet:-1, max-image-preview:large, max-video-preview:-1\" \/>\n<link rel=\"canonical\" href=\"https:\/\/www.ull.es\/portal\/agenda\/evento\/taller-formativo-para-autores-impartido-por-la-editorial-cientifica-mdpi\/\" \/>\n<meta property=\"og:locale\" content=\"es_ES\" \/>\n<meta property=\"og:type\" content=\"article\" \/>\n<meta property=\"og:title\" content=\"Taller formativo para autores impartido por la editorial cient\u00edfica MDPI - ULL - Agenda\" \/>\n<meta property=\"og:description\" content=\"Rocksy Zhang y Gabriel Mart\u00ednez Edo, editores asistentes de varias revistas de la editorial MDPI, impartir\u00e1n este taller destinado a autores que desean publicar en cabeceras cient\u00edficas. Tambi\u00e9n participar\u00e1 como ponente el catedr\u00e1tico de Ecolog\u00eda de nuestra universidad Jos\u00e9 Ram\u00f3n Ar\u00e9valo, editor jefe de la revista Ecologies. El workshop analizar\u00e1 los aspectos positivos m\u00e1s destacables...\" \/>\n<meta property=\"og:url\" content=\"https:\/\/www.ull.es\/portal\/agenda\/evento\/taller-formativo-para-autores-impartido-por-la-editorial-cientifica-mdpi\/\" \/>\n<meta property=\"og:site_name\" content=\"ULL - Agenda\" \/>\n<meta property=\"article:modified_time\" content=\"2024-03-14T09:16:30+00:00\" \/>\n<meta property=\"og:image\" content=\"https:\/\/www.ull.es\/portal\/agenda\/wp-content\/uploads\/sites\/12\/2024\/03\/Taller-formativo-autores-MDPI_Banner-eventos.png\" \/>\n\t<meta property=\"og:image:width\" content=\"750\" \/>\n\t<meta property=\"og:image:height\" content=\"370\" \/>\n\t<meta property=\"og:image:type\" content=\"image\/png\" \/>\n<meta name=\"twitter:card\" content=\"summary_large_image\" \/>\n<meta name=\"twitter:label1\" content=\"Tiempo de lectura\" \/>\n\t<meta name=\"twitter:data1\" content=\"1 minuto\" \/>\n<script type=\"application\/ld+json\" class=\"yoast-schema-graph\">{\"@context\":\"https:\/\/schema.org\",\"@graph\":[{\"@type\":\"WebPage\",\"@id\":\"https:\/\/www.ull.es\/portal\/agenda\/evento\/taller-formativo-para-autores-impartido-por-la-editorial-cientifica-mdpi\/\",\"url\":\"https:\/\/www.ull.es\/portal\/agenda\/evento\/taller-formativo-para-autores-impartido-por-la-editorial-cientifica-mdpi\/\",\"name\":\"Taller formativo para autores impartido por la editorial cient\u00edfica MDPI - ULL - Agenda\",\"isPartOf\":{\"@id\":\"https:\/\/www.ull.es\/portal\/agenda\/#website\"},\"datePublished\":\"2024-03-12T11:36:04+00:00\",\"dateModified\":\"2024-03-14T09:16:30+00:00\",\"breadcrumb\":{\"@id\":\"https:\/\/www.ull.es\/portal\/agenda\/evento\/taller-formativo-para-autores-impartido-por-la-editorial-cientifica-mdpi\/#breadcrumb\"},\"inLanguage\":\"es\",\"potentialAction\":[{\"@type\":\"ReadAction\",\"target\":[\"https:\/\/www.ull.es\/portal\/agenda\/evento\/taller-formativo-para-autores-impartido-por-la-editorial-cientifica-mdpi\/\"]}]},{\"@type\":\"BreadcrumbList\",\"@id\":\"https:\/\/www.ull.es\/portal\/agenda\/evento\/taller-formativo-para-autores-impartido-por-la-editorial-cientifica-mdpi\/#breadcrumb\",\"itemListElement\":[{\"@type\":\"ListItem\",\"position\":1,\"name\":\"Portada\",\"item\":\"https:\/\/www.ull.es\/portal\/agenda\/\"},{\"@type\":\"ListItem\",\"position\":2,\"name\":\"Taller formativo para autores impartido por la editorial cient\u00edfica MDPI\"}]},{\"@type\":\"WebSite\",\"@id\":\"https:\/\/www.ull.es\/portal\/agenda\/#website\",\"url\":\"https:\/\/www.ull.es\/portal\/agenda\/\",\"name\":\"ULL - Agenda\",\"description\":\"\",\"potentialAction\":[{\"@type\":\"SearchAction\",\"target\":{\"@type\":\"EntryPoint\",\"urlTemplate\":\"https:\/\/www.ull.es\/portal\/agenda\/?s={search_term_string}\"},\"query-input\":\"required name=search_term_string\"}],\"inLanguage\":\"es\"}]}<\/script>\n<!-- \/ Yoast SEO plugin. -->","yoast_head_json":{"title":"Taller formativo para autores impartido por la editorial cient\u00edfica MDPI - ULL - Agenda","robots":{"index":"index","follow":"follow","max-snippet":"max-snippet:-1","max-image-preview":"max-image-preview:large","max-video-preview":"max-video-preview:-1"},"canonical":"https:\/\/www.ull.es\/portal\/agenda\/evento\/taller-formativo-para-autores-impartido-por-la-editorial-cientifica-mdpi\/","og_locale":"es_ES","og_type":"article","og_title":"Taller formativo para autores impartido por la editorial cient\u00edfica MDPI - ULL - Agenda","og_description":"Rocksy Zhang y Gabriel Mart\u00ednez Edo, editores asistentes de varias revistas de la editorial MDPI, impartir\u00e1n este taller destinado a autores que desean publicar en cabeceras cient\u00edficas. Tambi\u00e9n participar\u00e1 como ponente el catedr\u00e1tico de Ecolog\u00eda de nuestra universidad Jos\u00e9 Ram\u00f3n Ar\u00e9valo, editor jefe de la revista Ecologies. El workshop analizar\u00e1 los aspectos positivos m\u00e1s destacables...","og_url":"https:\/\/www.ull.es\/portal\/agenda\/evento\/taller-formativo-para-autores-impartido-por-la-editorial-cientifica-mdpi\/","og_site_name":"ULL - Agenda","article_modified_time":"2024-03-14T09:16:30+00:00","og_image":[{"width":750,"height":370,"url":"https:\/\/www.ull.es\/portal\/agenda\/wp-content\/uploads\/sites\/12\/2024\/03\/Taller-formativo-autores-MDPI_Banner-eventos.png","type":"image\/png"}],"twitter_card":"summary_large_image","twitter_misc":{"Tiempo de lectura":"1 minuto"},"schema":{"@context":"https:\/\/schema.org","@graph":[{"@type":"WebPage","@id":"https:\/\/www.ull.es\/portal\/agenda\/evento\/taller-formativo-para-autores-impartido-por-la-editorial-cientifica-mdpi\/","url":"https:\/\/www.ull.es\/portal\/agenda\/evento\/taller-formativo-para-autores-impartido-por-la-editorial-cientifica-mdpi\/","name":"Taller formativo para autores impartido por la editorial cient\u00edfica MDPI - ULL - Agenda","isPartOf":{"@id":"https:\/\/www.ull.es\/portal\/agenda\/#website"},"datePublished":"2024-03-12T11:36:04+00:00","dateModified":"2024-03-14T09:16:30+00:00","breadcrumb":{"@id":"https:\/\/www.ull.es\/portal\/agenda\/evento\/taller-formativo-para-autores-impartido-por-la-editorial-cientifica-mdpi\/#breadcrumb"},"inLanguage":"es","potentialAction":[{"@type":"ReadAction","target":["https:\/\/www.ull.es\/portal\/agenda\/evento\/taller-formativo-para-autores-impartido-por-la-editorial-cientifica-mdpi\/"]}]},{"@type":"BreadcrumbList","@id":"https:\/\/www.ull.es\/portal\/agenda\/evento\/taller-formativo-para-autores-impartido-por-la-editorial-cientifica-mdpi\/#breadcrumb","itemListElement":[{"@type":"ListItem","position":1,"name":"Portada","item":"https:\/\/www.ull.es\/portal\/agenda\/"},{"@type":"ListItem","position":2,"name":"Taller formativo para autores impartido por la editorial cient\u00edfica MDPI"}]},{"@type":"WebSite","@id":"https:\/\/www.ull.es\/portal\/agenda\/#website","url":"https:\/\/www.ull.es\/portal\/agenda\/","name":"ULL - Agenda","description":"","potentialAction":[{"@type":"SearchAction","target":{"@type":"EntryPoint","urlTemplate":"https:\/\/www.ull.es\/portal\/agenda\/?s={search_term_string}"},"query-input":"required name=search_term_string"}],"inLanguage":"es"}]}},"_links":{"self":[{"href":"https:\/\/www.ull.es\/portal\/agenda\/wp-json\/wp\/v2\/tribe_events\/34737"}],"collection":[{"href":"https:\/\/www.ull.es\/portal\/agenda\/wp-json\/wp\/v2\/tribe_events"}],"about":[{"href":"https:\/\/www.ull.es\/portal\/agenda\/wp-json\/wp\/v2\/types\/tribe_events"}],"author":[{"embeddable":true,"href":"https:\/\/www.ull.es\/portal\/agenda\/wp-json\/wp\/v2\/users\/65"}],"replies":[{"embeddable":true,"href":"https:\/\/www.ull.es\/portal\/agenda\/wp-json\/wp\/v2\/comments?post=34737"}],"version-history":[{"count":2,"href":"https:\/\/www.ull.es\/portal\/agenda\/wp-json\/wp\/v2\/tribe_events\/34737\/revisions"}],"predecessor-version":[{"id":34783,"href":"https:\/\/www.ull.es\/portal\/agenda\/wp-json\/wp\/v2\/tribe_events\/34737\/revisions\/34783"}],"wp:featuredmedia":[{"embeddable":true,"href":"https:\/\/www.ull.es\/portal\/agenda\/wp-json\/wp\/v2\/media\/34782"}],"wp:attachment":[{"href":"https:\/\/www.ull.es\/portal\/agenda\/wp-json\/wp\/v2\/media?parent=34737"}],"wp:term":[{"taxonomy":"post_tag","embeddable":true,"href":"https:\/\/www.ull.es\/portal\/agenda\/wp-json\/wp\/v2\/tags?post=34737"},{"taxonomy":"tribe_events_cat","embeddable":true,"href":"https:\/\/www.ull.es\/portal\/agenda\/wp-json\/wp\/v2\/tribe_events_cat?post=34737"}],"curies":[{"name":"wp","href":"https:\/\/api.w.org\/{rel}","templated":true}]}}