{"id":35002,"date":"2024-03-21T11:26:10","date_gmt":"2024-03-21T11:26:10","guid":{"rendered":"https:\/\/www.ull.es\/portal\/agenda\/?post_type=tribe_events&#038;p=35002"},"modified":"2024-04-11T11:12:25","modified_gmt":"2024-04-11T11:12:25","slug":"concierto-orquesta-de-camara-y-banda-del-primer-ciclo-del-conservatorio-profesional-de-musica-de-santa-cruz-de-tenerife","status":"publish","type":"tribe_events","link":"https:\/\/www.ull.es\/portal\/agenda\/evento\/concierto-orquesta-de-camara-y-banda-del-primer-ciclo-del-conservatorio-profesional-de-musica-de-santa-cruz-de-tenerife\/","title":{"rendered":"Concierto Orquesta de C\u00e1mara y Banda del primer ciclo del Conservatorio Profesional de M\u00fasica de Santa Cruz de Tenerife"},"content":{"rendered":"<div class=\"gmail_default\">\n<p>La Orquesta de C\u00e1mara del Conservatorio Profesional de M\u00fasica de Tenerife, est\u00e1 concebida como parte de la asignatura de M\u00fasica de C\u00e1mara. Para este curso 2023-24 se ha contado con alumnos\/as que cursan cuarto, quinto y sexto de ense\u00f1anza profesional. Con esta actividad tratamos por un lado, inculcar a nuestros alumnos, la t\u00e9cnica necesaria para formar parte de un grupo camer\u00edstico de estas caracter\u00edsticas, y adem\u00e1s dar la oportunidad de intervenir como solistas, lo cual supone un aliciente importante para ellos. A lo largo del curso, hemos querido abordar diversidad de obras, contrastando estilos musicales, desde el Barroco hasta la m\u00fasica actual.<\/p>\n<p>Para los alumnos supone un gran est\u00edmulo poder realizar durante el curso alg\u00fan concierto fuera de la isla de Tenerife, el cambio de p\u00fablico, escenario ambiente, siempre resulta muy enriquecedor para el alumnado y el Teatro Circo de Marte supone para nosotros un marco incomparable, y tambi\u00e9n un reto importante que abordamos con mucha ilusi\u00f3n.<\/p>\n<\/div>\n<div class=\"gmail_default\">\n<p>En esta ocasi\u00f3n , hemos querido adem\u00e1s contar con la colaboraci\u00f3n de la Escuela Insular de M\u00fasica de La Palma, la cual nos aporta a los alumnos solistas necesarios para la interpretaci\u00f3n de la Sinfonia de los Juguetes de Haydn, de tal forma que sigamos teniendo Concierto para cuatro violines y cello de Vivaldi se encuentra dentro de un grupo de 12 conciertos denominado L\u2019estro arm\u00f3nico (inspiraci\u00f3n arm\u00f3nica ).Cada una de las cuatro partes est\u00e1 dividida en secciones de tutti y solo, por tanto estos conciertos siguen siendo aut\u00e9nticos concerti Grossi, muy utilizados por compositores como Corelli, Haendel o el propio Antonio Vivaldi.Este concierto de si menor RV 580 consta de tres movimientos, Allegro &#8211; Largo &#8211; Allegro<\/p>\n<\/div>\n<div class=\"gmail_default\">\n<p>Por su parte el concierto para oboe solista y orquesta en re menor, escrito por Alessandro Marcello a comienzos del siglo XVIII se ha convertido en uno de los conciertos para oboe m\u00e1s famoso del repertorio obo\u00edstico Barroco. Consta de tres movimientos Andante &#8211; Adagio- Presto<\/p>\n<p>El compositor Brit\u00e1nico B.Britten, compuso su \u201cSymple Symphony\u201d op.4 entre diciembre de 1933 y febrero de 1934 utilizando material escrito para piano en sus primeros a\u00f1os como compositor. El primer movimiento utiliza el segundo movimiento de la \u201cSuite N1 para piano\u201d El segundo movimiento todo en Pizzicato usa la \u201cSonata para piano en s\u00ed bemol mayor\u201d para piano compuesta en 1924 y la canci\u00f3n para voz y piano \u201cThe Road Song \u201c escrita en 1924 El tercer movimiento utiliza el Prelude, Allegro di molto de la \u201cSuite N 3 para piano escrita en 1925 y el \u201cVals en s\u00ed mayor para piano\u201d de 1923. Este tercer movimiento corresponde al movimiento lento de la sinfon\u00eda escrito en forma tripartita. El cuarto movimiento hace uso del finale de la \u201cSonata para piano N 9\u201d compuesta en 1926 y de una canci\u00f3n de 1925 sobre una melod\u00eda tradicional sueca.<\/p>\n<\/div>\n<div class=\"gmail_default\">La \u201cSinfon\u00eda de los juguetes de Haydn\u201d durante mucho tiempo ha estado sometida a debate acerca de su autor\u00eda. Parece ser que lo m\u00e1s fiable podr\u00eda ser que fue compuesta por el monje benedictino natural del Tirol Edmund Angerer, lo cierto es que a d\u00eda de hoy en el \u00e1mbito de la m\u00fasica cl\u00e1sica, se le sigue dando la autor\u00eda a J.Haydn. Consta de tres movimientos, y su particularidad es la utilizaci\u00f3n de instrumentos de juguete como solistas. Para ello hemos querido contar con la colaboraci\u00f3n de alumnos de la Escuela insular de M\u00fasica de La Palma.\u201cNana para dormir a mi nieto Pablo\u201d del maestro palmero Lu\u00eds Cobiella Cuevas. Es una de las cinco nanas escritas para cuarteto de cuerda. No cabe duda de la importancia que el escritor, pensador y m\u00fasico como a \u00e9l le gustaba de lo llamasen. Entregado a su isla y a las fustas l\u00fastrales de la Bajada de la Virgen, con la composici\u00f3n de innumerables obras, pero sobre todo de sus \u201cMinu\u00e9 de los Aires en re\u201d y el \u201cMinu\u00e9 de Santo Domingo\u201d , pero sobre todo de su trilog\u00eda de Carros Aleg\u00f3ricos, muy vinculados sin duda a su profunda fe Cristiana.<\/div>\n<div class=\"gmail_default\"><\/div>\n<p><a href=\"http:\/\/www.tomaticket.es\/recintos\/paraninfo-ull\" target=\"_blank\" rel=\"noopener\">Entradas:<\/a> 5 \u20ac<\/p>\n","protected":false},"excerpt":{"rendered":"<p>La Orquesta de C\u00e1mara del Conservatorio Profesional de M\u00fasica de Tenerife, est\u00e1 concebida como parte de la asignatura de M\u00fasica de C\u00e1mara. Para este curso 2023-24 se ha contado con alumnos\/as que cursan cuarto, quinto y sexto de ense\u00f1anza profesional. Con esta actividad tratamos por un lado, inculcar a nuestros alumnos, la t\u00e9cnica necesaria para&#8230;<\/p>\n","protected":false},"author":65,"featured_media":35326,"comment_status":"closed","ping_status":"closed","template":"","tags":[],"tribe_events_cat":[3987,4,343,191],"acf":[],"yoast_head":"<!-- This site is optimized with the Yoast SEO plugin v21.3 - https:\/\/yoast.com\/wordpress\/plugins\/seo\/ -->\n<title>Concierto Orquesta de C\u00e1mara y Banda del primer ciclo del Conservatorio Profesional de M\u00fasica de Santa Cruz de Tenerife - ULL - Agenda<\/title>\n<meta name=\"robots\" content=\"index, follow, max-snippet:-1, max-image-preview:large, max-video-preview:-1\" \/>\n<link rel=\"canonical\" href=\"https:\/\/www.ull.es\/portal\/agenda\/evento\/concierto-orquesta-de-camara-y-banda-del-primer-ciclo-del-conservatorio-profesional-de-musica-de-santa-cruz-de-tenerife\/\" \/>\n<meta property=\"og:locale\" content=\"es_ES\" \/>\n<meta property=\"og:type\" content=\"article\" \/>\n<meta property=\"og:title\" content=\"Concierto Orquesta de C\u00e1mara y Banda del primer ciclo del Conservatorio Profesional de M\u00fasica de Santa Cruz de Tenerife - ULL - Agenda\" \/>\n<meta property=\"og:description\" content=\"La Orquesta de C\u00e1mara del Conservatorio Profesional de M\u00fasica de Tenerife, est\u00e1 concebida como parte de la asignatura de M\u00fasica de C\u00e1mara. Para este curso 2023-24 se ha contado con alumnos\/as que cursan cuarto, quinto y sexto de ense\u00f1anza profesional. Con esta actividad tratamos por un lado, inculcar a nuestros alumnos, la t\u00e9cnica necesaria para...\" \/>\n<meta property=\"og:url\" content=\"https:\/\/www.ull.es\/portal\/agenda\/evento\/concierto-orquesta-de-camara-y-banda-del-primer-ciclo-del-conservatorio-profesional-de-musica-de-santa-cruz-de-tenerife\/\" \/>\n<meta property=\"og:site_name\" content=\"ULL - Agenda\" \/>\n<meta property=\"article:modified_time\" content=\"2024-04-11T11:12:25+00:00\" \/>\n<meta property=\"og:image\" content=\"https:\/\/www.ull.es\/portal\/agenda\/wp-content\/uploads\/sites\/12\/2024\/03\/af-concierto-de-orquesta-de-camara-y-banda-CPM-1920x1080px-1.jpg\" \/>\n\t<meta property=\"og:image:width\" content=\"2500\" \/>\n\t<meta property=\"og:image:height\" content=\"1406\" \/>\n\t<meta property=\"og:image:type\" content=\"image\/jpeg\" \/>\n<meta name=\"twitter:card\" content=\"summary_large_image\" \/>\n<meta name=\"twitter:label1\" content=\"Tiempo de lectura\" \/>\n\t<meta name=\"twitter:data1\" content=\"4 minutos\" \/>\n<script type=\"application\/ld+json\" class=\"yoast-schema-graph\">{\"@context\":\"https:\/\/schema.org\",\"@graph\":[{\"@type\":\"WebPage\",\"@id\":\"https:\/\/www.ull.es\/portal\/agenda\/evento\/concierto-orquesta-de-camara-y-banda-del-primer-ciclo-del-conservatorio-profesional-de-musica-de-santa-cruz-de-tenerife\/\",\"url\":\"https:\/\/www.ull.es\/portal\/agenda\/evento\/concierto-orquesta-de-camara-y-banda-del-primer-ciclo-del-conservatorio-profesional-de-musica-de-santa-cruz-de-tenerife\/\",\"name\":\"Concierto Orquesta de C\u00e1mara y Banda del primer ciclo del Conservatorio Profesional de M\u00fasica de Santa Cruz de Tenerife - ULL - Agenda\",\"isPartOf\":{\"@id\":\"https:\/\/www.ull.es\/portal\/agenda\/#website\"},\"datePublished\":\"2024-03-21T11:26:10+00:00\",\"dateModified\":\"2024-04-11T11:12:25+00:00\",\"breadcrumb\":{\"@id\":\"https:\/\/www.ull.es\/portal\/agenda\/evento\/concierto-orquesta-de-camara-y-banda-del-primer-ciclo-del-conservatorio-profesional-de-musica-de-santa-cruz-de-tenerife\/#breadcrumb\"},\"inLanguage\":\"es\",\"potentialAction\":[{\"@type\":\"ReadAction\",\"target\":[\"https:\/\/www.ull.es\/portal\/agenda\/evento\/concierto-orquesta-de-camara-y-banda-del-primer-ciclo-del-conservatorio-profesional-de-musica-de-santa-cruz-de-tenerife\/\"]}]},{\"@type\":\"BreadcrumbList\",\"@id\":\"https:\/\/www.ull.es\/portal\/agenda\/evento\/concierto-orquesta-de-camara-y-banda-del-primer-ciclo-del-conservatorio-profesional-de-musica-de-santa-cruz-de-tenerife\/#breadcrumb\",\"itemListElement\":[{\"@type\":\"ListItem\",\"position\":1,\"name\":\"Portada\",\"item\":\"https:\/\/www.ull.es\/portal\/agenda\/\"},{\"@type\":\"ListItem\",\"position\":2,\"name\":\"Concierto Orquesta de C\u00e1mara y Banda del primer ciclo del Conservatorio Profesional de M\u00fasica de Santa Cruz de Tenerife\"}]},{\"@type\":\"WebSite\",\"@id\":\"https:\/\/www.ull.es\/portal\/agenda\/#website\",\"url\":\"https:\/\/www.ull.es\/portal\/agenda\/\",\"name\":\"ULL - Agenda\",\"description\":\"\",\"potentialAction\":[{\"@type\":\"SearchAction\",\"target\":{\"@type\":\"EntryPoint\",\"urlTemplate\":\"https:\/\/www.ull.es\/portal\/agenda\/?s={search_term_string}\"},\"query-input\":\"required name=search_term_string\"}],\"inLanguage\":\"es\"}]}<\/script>\n<!-- \/ Yoast SEO plugin. -->","yoast_head_json":{"title":"Concierto Orquesta de C\u00e1mara y Banda del primer ciclo del Conservatorio Profesional de M\u00fasica de Santa Cruz de Tenerife - ULL - Agenda","robots":{"index":"index","follow":"follow","max-snippet":"max-snippet:-1","max-image-preview":"max-image-preview:large","max-video-preview":"max-video-preview:-1"},"canonical":"https:\/\/www.ull.es\/portal\/agenda\/evento\/concierto-orquesta-de-camara-y-banda-del-primer-ciclo-del-conservatorio-profesional-de-musica-de-santa-cruz-de-tenerife\/","og_locale":"es_ES","og_type":"article","og_title":"Concierto Orquesta de C\u00e1mara y Banda del primer ciclo del Conservatorio Profesional de M\u00fasica de Santa Cruz de Tenerife - ULL - Agenda","og_description":"La Orquesta de C\u00e1mara del Conservatorio Profesional de M\u00fasica de Tenerife, est\u00e1 concebida como parte de la asignatura de M\u00fasica de C\u00e1mara. Para este curso 2023-24 se ha contado con alumnos\/as que cursan cuarto, quinto y sexto de ense\u00f1anza profesional. Con esta actividad tratamos por un lado, inculcar a nuestros alumnos, la t\u00e9cnica necesaria para...","og_url":"https:\/\/www.ull.es\/portal\/agenda\/evento\/concierto-orquesta-de-camara-y-banda-del-primer-ciclo-del-conservatorio-profesional-de-musica-de-santa-cruz-de-tenerife\/","og_site_name":"ULL - Agenda","article_modified_time":"2024-04-11T11:12:25+00:00","og_image":[{"width":2500,"height":1406,"url":"https:\/\/www.ull.es\/portal\/agenda\/wp-content\/uploads\/sites\/12\/2024\/03\/af-concierto-de-orquesta-de-camara-y-banda-CPM-1920x1080px-1.jpg","type":"image\/jpeg"}],"twitter_card":"summary_large_image","twitter_misc":{"Tiempo de lectura":"4 minutos"},"schema":{"@context":"https:\/\/schema.org","@graph":[{"@type":"WebPage","@id":"https:\/\/www.ull.es\/portal\/agenda\/evento\/concierto-orquesta-de-camara-y-banda-del-primer-ciclo-del-conservatorio-profesional-de-musica-de-santa-cruz-de-tenerife\/","url":"https:\/\/www.ull.es\/portal\/agenda\/evento\/concierto-orquesta-de-camara-y-banda-del-primer-ciclo-del-conservatorio-profesional-de-musica-de-santa-cruz-de-tenerife\/","name":"Concierto Orquesta de C\u00e1mara y Banda del primer ciclo del Conservatorio Profesional de M\u00fasica de Santa Cruz de Tenerife - ULL - Agenda","isPartOf":{"@id":"https:\/\/www.ull.es\/portal\/agenda\/#website"},"datePublished":"2024-03-21T11:26:10+00:00","dateModified":"2024-04-11T11:12:25+00:00","breadcrumb":{"@id":"https:\/\/www.ull.es\/portal\/agenda\/evento\/concierto-orquesta-de-camara-y-banda-del-primer-ciclo-del-conservatorio-profesional-de-musica-de-santa-cruz-de-tenerife\/#breadcrumb"},"inLanguage":"es","potentialAction":[{"@type":"ReadAction","target":["https:\/\/www.ull.es\/portal\/agenda\/evento\/concierto-orquesta-de-camara-y-banda-del-primer-ciclo-del-conservatorio-profesional-de-musica-de-santa-cruz-de-tenerife\/"]}]},{"@type":"BreadcrumbList","@id":"https:\/\/www.ull.es\/portal\/agenda\/evento\/concierto-orquesta-de-camara-y-banda-del-primer-ciclo-del-conservatorio-profesional-de-musica-de-santa-cruz-de-tenerife\/#breadcrumb","itemListElement":[{"@type":"ListItem","position":1,"name":"Portada","item":"https:\/\/www.ull.es\/portal\/agenda\/"},{"@type":"ListItem","position":2,"name":"Concierto Orquesta de C\u00e1mara y Banda del primer ciclo del Conservatorio Profesional de M\u00fasica de Santa Cruz de Tenerife"}]},{"@type":"WebSite","@id":"https:\/\/www.ull.es\/portal\/agenda\/#website","url":"https:\/\/www.ull.es\/portal\/agenda\/","name":"ULL - Agenda","description":"","potentialAction":[{"@type":"SearchAction","target":{"@type":"EntryPoint","urlTemplate":"https:\/\/www.ull.es\/portal\/agenda\/?s={search_term_string}"},"query-input":"required name=search_term_string"}],"inLanguage":"es"}]}},"_links":{"self":[{"href":"https:\/\/www.ull.es\/portal\/agenda\/wp-json\/wp\/v2\/tribe_events\/35002"}],"collection":[{"href":"https:\/\/www.ull.es\/portal\/agenda\/wp-json\/wp\/v2\/tribe_events"}],"about":[{"href":"https:\/\/www.ull.es\/portal\/agenda\/wp-json\/wp\/v2\/types\/tribe_events"}],"author":[{"embeddable":true,"href":"https:\/\/www.ull.es\/portal\/agenda\/wp-json\/wp\/v2\/users\/65"}],"replies":[{"embeddable":true,"href":"https:\/\/www.ull.es\/portal\/agenda\/wp-json\/wp\/v2\/comments?post=35002"}],"version-history":[{"count":5,"href":"https:\/\/www.ull.es\/portal\/agenda\/wp-json\/wp\/v2\/tribe_events\/35002\/revisions"}],"predecessor-version":[{"id":35329,"href":"https:\/\/www.ull.es\/portal\/agenda\/wp-json\/wp\/v2\/tribe_events\/35002\/revisions\/35329"}],"wp:featuredmedia":[{"embeddable":true,"href":"https:\/\/www.ull.es\/portal\/agenda\/wp-json\/wp\/v2\/media\/35326"}],"wp:attachment":[{"href":"https:\/\/www.ull.es\/portal\/agenda\/wp-json\/wp\/v2\/media?parent=35002"}],"wp:term":[{"taxonomy":"post_tag","embeddable":true,"href":"https:\/\/www.ull.es\/portal\/agenda\/wp-json\/wp\/v2\/tags?post=35002"},{"taxonomy":"tribe_events_cat","embeddable":true,"href":"https:\/\/www.ull.es\/portal\/agenda\/wp-json\/wp\/v2\/tribe_events_cat?post=35002"}],"curies":[{"name":"wp","href":"https:\/\/api.w.org\/{rel}","templated":true}]}}