{"id":35064,"date":"2024-04-01T08:30:14","date_gmt":"2024-04-01T08:30:14","guid":{"rendered":"https:\/\/www.ull.es\/portal\/agenda\/?post_type=tribe_events&#038;p=35064"},"modified":"2024-04-05T09:06:41","modified_gmt":"2024-04-05T09:06:41","slug":"seminario-internacional-nuevas-formas-de-exclusion-y-resistencia-de-migrantes-en-un-contexto-de-inclusion-diferencial","status":"publish","type":"tribe_events","link":"https:\/\/www.ull.es\/portal\/agenda\/evento\/seminario-internacional-nuevas-formas-de-exclusion-y-resistencia-de-migrantes-en-un-contexto-de-inclusion-diferencial\/","title":{"rendered":"Seminario Internacional \u201cNuevas formas de exclusi\u00f3n y resistencia de migrantes en un contexto de inclusi\u00f3n diferencial\u201d."},"content":{"rendered":"<p>La C\u00e1tedra Cultural Globalizaci\u00f3n, Migraciones y Nueva Ciudadan\u00eda de la Universidad de La Laguna organiza el lunes 22 de abril de 2024 de 17.00 a 19.00, el Seminario Internacional \u201cNuevas formas de exclusi\u00f3n y resistencia de migrantes en un contexto de inclusi\u00f3n diferencial\u201d.<\/p>\n<p>El encuentro-debate se centrar\u00e1 en los procesos de \u201cinclusi\u00f3n diferencial\u201d ahondando en las din\u00e1micas de racismo institucional y las formas de movilizaci\u00f3n de las personas migrantes en Italia y en Canarias.<\/p>\n<p>\u201cInclusi\u00f3n diferencial\u201d es un concepto propuesto por Sandro Mezzadra (autor de libros cl\u00e1sicos como \u201cLa frontera como m\u00e9todo\u201d o \u201cDerecho de Fuga\u201d) para describir la l\u00f3gica emergente de la gesti\u00f3n migratoria en la cual se busca la integraci\u00f3n de las personas migrantes en el sistema econ\u00f3mico sin reconocer sus derechos.<\/p>\n<p>En el seminario participar\u00e1n Omid Firouzu Tabar, doctor en sociolog\u00eda, activista y profesor de la Universidad de Padua, expertos en el estudio de las formas de segregaci\u00f3n de las personas migrantes y de las m\u00faltiples resistencias y \u201ccontraconductas\u201d implementadas por ellas; Natalia Oldano, investigadora de la Red de Acci\u00f3n e Investigaci\u00f3n Social y docente del m\u00e1ster de Migraciones e Interculturalidad de la UCLM, experta en migraciones desde la perspectiva de g\u00e9nero y pol\u00edticas de cuidado; Leonora Ruffo, soci\u00f3loga e investigadora de los procesos migratorios en Canarias.<\/p>\n<p>Coordinan Barbara Rostecka y Daniel Buraschi de la C\u00e1tedra Cultural Globalizaci\u00f3n, Migraciones y Nueva Ciudadan\u00eda.<\/p>\n","protected":false},"excerpt":{"rendered":"<p>La C\u00e1tedra Cultural Globalizaci\u00f3n, Migraciones y Nueva Ciudadan\u00eda de la Universidad de La Laguna organiza el lunes 22 de abril de 2024 de 17.00 a 19.00, el Seminario Internacional \u201cNuevas formas de exclusi\u00f3n y resistencia de migrantes en un contexto de inclusi\u00f3n diferencial\u201d. El encuentro-debate se centrar\u00e1 en los procesos de \u201cinclusi\u00f3n diferencial\u201d ahondando en&#8230;<\/p>\n","protected":false},"author":65,"featured_media":35183,"comment_status":"closed","ping_status":"closed","template":"","tags":[],"tribe_events_cat":[344,3987,4,3308,191],"acf":[],"yoast_head":"<!-- This site is optimized with the Yoast SEO plugin v21.3 - https:\/\/yoast.com\/wordpress\/plugins\/seo\/ -->\n<title>Seminario Internacional \u201cNuevas formas de exclusi\u00f3n y resistencia de migrantes en un contexto de inclusi\u00f3n diferencial\u201d. - ULL - Agenda<\/title>\n<meta name=\"robots\" content=\"index, follow, max-snippet:-1, max-image-preview:large, max-video-preview:-1\" \/>\n<link rel=\"canonical\" href=\"https:\/\/www.ull.es\/portal\/agenda\/evento\/seminario-internacional-nuevas-formas-de-exclusion-y-resistencia-de-migrantes-en-un-contexto-de-inclusion-diferencial\/\" \/>\n<meta property=\"og:locale\" content=\"es_ES\" \/>\n<meta property=\"og:type\" content=\"article\" \/>\n<meta property=\"og:title\" content=\"Seminario Internacional \u201cNuevas formas de exclusi\u00f3n y resistencia de migrantes en un contexto de inclusi\u00f3n diferencial\u201d. - ULL - Agenda\" \/>\n<meta property=\"og:description\" content=\"La C\u00e1tedra Cultural Globalizaci\u00f3n, Migraciones y Nueva Ciudadan\u00eda de la Universidad de La Laguna organiza el lunes 22 de abril de 2024 de 17.00 a 19.00, el Seminario Internacional \u201cNuevas formas de exclusi\u00f3n y resistencia de migrantes en un contexto de inclusi\u00f3n diferencial\u201d. El encuentro-debate se centrar\u00e1 en los procesos de \u201cinclusi\u00f3n diferencial\u201d ahondando en...\" \/>\n<meta property=\"og:url\" content=\"https:\/\/www.ull.es\/portal\/agenda\/evento\/seminario-internacional-nuevas-formas-de-exclusion-y-resistencia-de-migrantes-en-un-contexto-de-inclusion-diferencial\/\" \/>\n<meta property=\"og:site_name\" content=\"ULL - Agenda\" \/>\n<meta property=\"article:modified_time\" content=\"2024-04-05T09:06:41+00:00\" \/>\n<meta property=\"og:image\" content=\"https:\/\/www.ull.es\/portal\/agenda\/wp-content\/uploads\/sites\/12\/2024\/04\/Seminario-Nuevas-formas-de-exclusion.png\" \/>\n\t<meta property=\"og:image:width\" content=\"750\" \/>\n\t<meta property=\"og:image:height\" content=\"370\" \/>\n\t<meta property=\"og:image:type\" content=\"image\/png\" \/>\n<meta name=\"twitter:card\" content=\"summary_large_image\" \/>\n<meta name=\"twitter:label1\" content=\"Tiempo de lectura\" \/>\n\t<meta name=\"twitter:data1\" content=\"2 minutos\" \/>\n<script type=\"application\/ld+json\" class=\"yoast-schema-graph\">{\"@context\":\"https:\/\/schema.org\",\"@graph\":[{\"@type\":\"WebPage\",\"@id\":\"https:\/\/www.ull.es\/portal\/agenda\/evento\/seminario-internacional-nuevas-formas-de-exclusion-y-resistencia-de-migrantes-en-un-contexto-de-inclusion-diferencial\/\",\"url\":\"https:\/\/www.ull.es\/portal\/agenda\/evento\/seminario-internacional-nuevas-formas-de-exclusion-y-resistencia-de-migrantes-en-un-contexto-de-inclusion-diferencial\/\",\"name\":\"Seminario Internacional \u201cNuevas formas de exclusi\u00f3n y resistencia de migrantes en un contexto de inclusi\u00f3n diferencial\u201d. - ULL - Agenda\",\"isPartOf\":{\"@id\":\"https:\/\/www.ull.es\/portal\/agenda\/#website\"},\"datePublished\":\"2024-04-01T08:30:14+00:00\",\"dateModified\":\"2024-04-05T09:06:41+00:00\",\"breadcrumb\":{\"@id\":\"https:\/\/www.ull.es\/portal\/agenda\/evento\/seminario-internacional-nuevas-formas-de-exclusion-y-resistencia-de-migrantes-en-un-contexto-de-inclusion-diferencial\/#breadcrumb\"},\"inLanguage\":\"es\",\"potentialAction\":[{\"@type\":\"ReadAction\",\"target\":[\"https:\/\/www.ull.es\/portal\/agenda\/evento\/seminario-internacional-nuevas-formas-de-exclusion-y-resistencia-de-migrantes-en-un-contexto-de-inclusion-diferencial\/\"]}]},{\"@type\":\"BreadcrumbList\",\"@id\":\"https:\/\/www.ull.es\/portal\/agenda\/evento\/seminario-internacional-nuevas-formas-de-exclusion-y-resistencia-de-migrantes-en-un-contexto-de-inclusion-diferencial\/#breadcrumb\",\"itemListElement\":[{\"@type\":\"ListItem\",\"position\":1,\"name\":\"Portada\",\"item\":\"https:\/\/www.ull.es\/portal\/agenda\/\"},{\"@type\":\"ListItem\",\"position\":2,\"name\":\"Seminario Internacional \u201cNuevas formas de exclusi\u00f3n y resistencia de migrantes en un contexto de inclusi\u00f3n diferencial\u201d.\"}]},{\"@type\":\"WebSite\",\"@id\":\"https:\/\/www.ull.es\/portal\/agenda\/#website\",\"url\":\"https:\/\/www.ull.es\/portal\/agenda\/\",\"name\":\"ULL - Agenda\",\"description\":\"\",\"potentialAction\":[{\"@type\":\"SearchAction\",\"target\":{\"@type\":\"EntryPoint\",\"urlTemplate\":\"https:\/\/www.ull.es\/portal\/agenda\/?s={search_term_string}\"},\"query-input\":\"required name=search_term_string\"}],\"inLanguage\":\"es\"}]}<\/script>\n<!-- \/ Yoast SEO plugin. -->","yoast_head_json":{"title":"Seminario Internacional \u201cNuevas formas de exclusi\u00f3n y resistencia de migrantes en un contexto de inclusi\u00f3n diferencial\u201d. - ULL - Agenda","robots":{"index":"index","follow":"follow","max-snippet":"max-snippet:-1","max-image-preview":"max-image-preview:large","max-video-preview":"max-video-preview:-1"},"canonical":"https:\/\/www.ull.es\/portal\/agenda\/evento\/seminario-internacional-nuevas-formas-de-exclusion-y-resistencia-de-migrantes-en-un-contexto-de-inclusion-diferencial\/","og_locale":"es_ES","og_type":"article","og_title":"Seminario Internacional \u201cNuevas formas de exclusi\u00f3n y resistencia de migrantes en un contexto de inclusi\u00f3n diferencial\u201d. - ULL - Agenda","og_description":"La C\u00e1tedra Cultural Globalizaci\u00f3n, Migraciones y Nueva Ciudadan\u00eda de la Universidad de La Laguna organiza el lunes 22 de abril de 2024 de 17.00 a 19.00, el Seminario Internacional \u201cNuevas formas de exclusi\u00f3n y resistencia de migrantes en un contexto de inclusi\u00f3n diferencial\u201d. El encuentro-debate se centrar\u00e1 en los procesos de \u201cinclusi\u00f3n diferencial\u201d ahondando en...","og_url":"https:\/\/www.ull.es\/portal\/agenda\/evento\/seminario-internacional-nuevas-formas-de-exclusion-y-resistencia-de-migrantes-en-un-contexto-de-inclusion-diferencial\/","og_site_name":"ULL - Agenda","article_modified_time":"2024-04-05T09:06:41+00:00","og_image":[{"width":750,"height":370,"url":"https:\/\/www.ull.es\/portal\/agenda\/wp-content\/uploads\/sites\/12\/2024\/04\/Seminario-Nuevas-formas-de-exclusion.png","type":"image\/png"}],"twitter_card":"summary_large_image","twitter_misc":{"Tiempo de lectura":"2 minutos"},"schema":{"@context":"https:\/\/schema.org","@graph":[{"@type":"WebPage","@id":"https:\/\/www.ull.es\/portal\/agenda\/evento\/seminario-internacional-nuevas-formas-de-exclusion-y-resistencia-de-migrantes-en-un-contexto-de-inclusion-diferencial\/","url":"https:\/\/www.ull.es\/portal\/agenda\/evento\/seminario-internacional-nuevas-formas-de-exclusion-y-resistencia-de-migrantes-en-un-contexto-de-inclusion-diferencial\/","name":"Seminario Internacional \u201cNuevas formas de exclusi\u00f3n y resistencia de migrantes en un contexto de inclusi\u00f3n diferencial\u201d. - ULL - Agenda","isPartOf":{"@id":"https:\/\/www.ull.es\/portal\/agenda\/#website"},"datePublished":"2024-04-01T08:30:14+00:00","dateModified":"2024-04-05T09:06:41+00:00","breadcrumb":{"@id":"https:\/\/www.ull.es\/portal\/agenda\/evento\/seminario-internacional-nuevas-formas-de-exclusion-y-resistencia-de-migrantes-en-un-contexto-de-inclusion-diferencial\/#breadcrumb"},"inLanguage":"es","potentialAction":[{"@type":"ReadAction","target":["https:\/\/www.ull.es\/portal\/agenda\/evento\/seminario-internacional-nuevas-formas-de-exclusion-y-resistencia-de-migrantes-en-un-contexto-de-inclusion-diferencial\/"]}]},{"@type":"BreadcrumbList","@id":"https:\/\/www.ull.es\/portal\/agenda\/evento\/seminario-internacional-nuevas-formas-de-exclusion-y-resistencia-de-migrantes-en-un-contexto-de-inclusion-diferencial\/#breadcrumb","itemListElement":[{"@type":"ListItem","position":1,"name":"Portada","item":"https:\/\/www.ull.es\/portal\/agenda\/"},{"@type":"ListItem","position":2,"name":"Seminario Internacional \u201cNuevas formas de exclusi\u00f3n y resistencia de migrantes en un contexto de inclusi\u00f3n diferencial\u201d."}]},{"@type":"WebSite","@id":"https:\/\/www.ull.es\/portal\/agenda\/#website","url":"https:\/\/www.ull.es\/portal\/agenda\/","name":"ULL - Agenda","description":"","potentialAction":[{"@type":"SearchAction","target":{"@type":"EntryPoint","urlTemplate":"https:\/\/www.ull.es\/portal\/agenda\/?s={search_term_string}"},"query-input":"required name=search_term_string"}],"inLanguage":"es"}]}},"_links":{"self":[{"href":"https:\/\/www.ull.es\/portal\/agenda\/wp-json\/wp\/v2\/tribe_events\/35064"}],"collection":[{"href":"https:\/\/www.ull.es\/portal\/agenda\/wp-json\/wp\/v2\/tribe_events"}],"about":[{"href":"https:\/\/www.ull.es\/portal\/agenda\/wp-json\/wp\/v2\/types\/tribe_events"}],"author":[{"embeddable":true,"href":"https:\/\/www.ull.es\/portal\/agenda\/wp-json\/wp\/v2\/users\/65"}],"replies":[{"embeddable":true,"href":"https:\/\/www.ull.es\/portal\/agenda\/wp-json\/wp\/v2\/comments?post=35064"}],"version-history":[{"count":1,"href":"https:\/\/www.ull.es\/portal\/agenda\/wp-json\/wp\/v2\/tribe_events\/35064\/revisions"}],"predecessor-version":[{"id":35065,"href":"https:\/\/www.ull.es\/portal\/agenda\/wp-json\/wp\/v2\/tribe_events\/35064\/revisions\/35065"}],"wp:featuredmedia":[{"embeddable":true,"href":"https:\/\/www.ull.es\/portal\/agenda\/wp-json\/wp\/v2\/media\/35183"}],"wp:attachment":[{"href":"https:\/\/www.ull.es\/portal\/agenda\/wp-json\/wp\/v2\/media?parent=35064"}],"wp:term":[{"taxonomy":"post_tag","embeddable":true,"href":"https:\/\/www.ull.es\/portal\/agenda\/wp-json\/wp\/v2\/tags?post=35064"},{"taxonomy":"tribe_events_cat","embeddable":true,"href":"https:\/\/www.ull.es\/portal\/agenda\/wp-json\/wp\/v2\/tribe_events_cat?post=35064"}],"curies":[{"name":"wp","href":"https:\/\/api.w.org\/{rel}","templated":true}]}}