{"id":35107,"date":"2024-04-02T08:53:33","date_gmt":"2024-04-02T08:53:33","guid":{"rendered":"https:\/\/www.ull.es\/portal\/agenda\/?post_type=tribe_events&#038;p=35107"},"modified":"2024-04-11T12:35:13","modified_gmt":"2024-04-11T12:35:13","slug":"seminario-de-geopolitica-de-los-archipielagos-africanos-entre-la-autonomia-y-la-ultraperificidad","status":"publish","type":"tribe_events","link":"https:\/\/www.ull.es\/portal\/agenda\/evento\/seminario-de-geopolitica-de-los-archipielagos-africanos-entre-la-autonomia-y-la-ultraperificidad\/","title":{"rendered":"Seminario de geopol\u00edtica de los archipi\u00e9lagos africanos: Entre la autonom\u00eda y la ultraperificidad"},"content":{"rendered":"<p>Este seminario tiene como objetivo ofrecer un marco de reflexi\u00f3n y debate sobre el contexto geopol\u00edtico y la situaci\u00f3n socioecon\u00f3mica en la que se encuentran algunos archipi\u00e9lagos africanos, en este caso, Canarias, Cabo Verde, Sao Tom\u00e9 y Reuni\u00f3n.<\/p>\n<p>La geopol\u00edtica es una disciplina que surge a comienzos del siglo XX, si bien sus antecedentes se remontan al \u00faltimo cuarto del siglo anterior. Ese momento hist\u00f3rico se identifica con el inicio y desarrollo de la fase imperialista del capitalismo mundial, y en ese contexto, el fundamento de esta nueva disciplina no era otro que el de analizar y organizar el mundo a partir de los intereses de cada potencia en su particular carrera imperialista.<\/p>\n<p>Diversas teor\u00edas geopol\u00edticas salieron a la palestra desde el Reino Unido, Francia, Rusia, Estados Unidos y Jap\u00f3n, siendo su aplicaci\u00f3n pr\u00e1ctica m\u00e1s notoria la creaci\u00f3n de la Geopolitik por el r\u00e9gimen nazi en la primera mitad de la d\u00e9cada de 1930, basada en conceptos retomados de los postulados ratzelianos desarrollados en el siglo anterior. Sin embargo, el marxismo trata de entender la geopol\u00edtica desde la lucha de clases y la econom\u00eda pol\u00edtica. As\u00ed lo entendi\u00f3 Lenin en su conocida obra \u201cEl imperialismo fase superior del capitalismo\u201d, la cual podemos considerar como el primer trabajo de geopol\u00edtica marxista.<\/p>\n<p>En ella, Lenin, bas\u00e1ndose en los escritos de Marx y Engels, explica c\u00f3mo el capitalismo de librecambio hab\u00eda llegado a su fin, y mediante un extraordinario an\u00e1lisis emp\u00edrico (citando trabajos de ge\u00f3grafos de la \u00e9poca), demuestra c\u00f3mo en los pa\u00edses m\u00e1s adelantados de entonces, la concentraci\u00f3n de capital hab\u00eda dado lugar a la aparici\u00f3n de grandes monopolios que acaparaban sectores enteros de la producci\u00f3n y se conformaba una oligarqu\u00eda financiera que, unida al poder militar de las grandes potencias, se repart\u00edan los mercados y los territorios del mundo entero. Se trata de una obra que es perfectamente aplicable a la realidad actual, ya que permite la comprensi\u00f3n de conflictos acaecidos en los \u00faltimos cuarenta a\u00f1os de postguerra fr\u00eda, tales como las actuales guerras en Siria y en Ucrania.<\/p>\n<p><a href=\"https:\/\/drive.google.com\/file\/d\/1pjPU6ZJaTuUZ1SF1g7qbrmpMC37PtSn4\/view\" target=\"_blank\" rel=\"noopener\" target=\"_blank\" rel=\"noopener\">Cartel<\/a><\/p>\n<p><a href=\"https:\/\/drive.google.com\/file\/d\/1ZQJCSRp4NRT8FeX1nz1Vj5nP5R-baqHj\/view\" target=\"_blank\" rel=\"noopener\" target=\"_blank\" rel=\"noopener\">Programa<\/a><\/p>\n","protected":false},"excerpt":{"rendered":"<p>Este seminario tiene como objetivo ofrecer un marco de reflexi\u00f3n y debate sobre el contexto geopol\u00edtico y la situaci\u00f3n socioecon\u00f3mica en la que se encuentran algunos archipi\u00e9lagos africanos, en este caso, Canarias, Cabo Verde, Sao Tom\u00e9 y Reuni\u00f3n. La geopol\u00edtica es una disciplina que surge a comienzos del siglo XX, si bien sus antecedentes se&#8230;<\/p>\n","protected":false},"author":65,"featured_media":35164,"comment_status":"closed","ping_status":"closed","template":"","tags":[],"tribe_events_cat":[4,5,187],"acf":[],"yoast_head":"<!-- This site is optimized with the Yoast SEO plugin v21.3 - https:\/\/yoast.com\/wordpress\/plugins\/seo\/ -->\n<title>Seminario de geopol\u00edtica de los archipi\u00e9lagos africanos: Entre la autonom\u00eda y la ultraperificidad - ULL - Agenda<\/title>\n<meta name=\"robots\" content=\"index, follow, max-snippet:-1, max-image-preview:large, max-video-preview:-1\" \/>\n<link rel=\"canonical\" href=\"https:\/\/www.ull.es\/portal\/agenda\/evento\/seminario-de-geopolitica-de-los-archipielagos-africanos-entre-la-autonomia-y-la-ultraperificidad\/\" \/>\n<meta property=\"og:locale\" content=\"es_ES\" \/>\n<meta property=\"og:type\" content=\"article\" \/>\n<meta property=\"og:title\" content=\"Seminario de geopol\u00edtica de los archipi\u00e9lagos africanos: Entre la autonom\u00eda y la ultraperificidad - ULL - Agenda\" \/>\n<meta property=\"og:description\" content=\"Este seminario tiene como objetivo ofrecer un marco de reflexi\u00f3n y debate sobre el contexto geopol\u00edtico y la situaci\u00f3n socioecon\u00f3mica en la que se encuentran algunos archipi\u00e9lagos africanos, en este caso, Canarias, Cabo Verde, Sao Tom\u00e9 y Reuni\u00f3n. La geopol\u00edtica es una disciplina que surge a comienzos del siglo XX, si bien sus antecedentes se...\" \/>\n<meta property=\"og:url\" content=\"https:\/\/www.ull.es\/portal\/agenda\/evento\/seminario-de-geopolitica-de-los-archipielagos-africanos-entre-la-autonomia-y-la-ultraperificidad\/\" \/>\n<meta property=\"og:site_name\" content=\"ULL - Agenda\" \/>\n<meta property=\"article:modified_time\" content=\"2024-04-11T12:35:13+00:00\" \/>\n<meta property=\"og:image\" content=\"https:\/\/www.ull.es\/portal\/agenda\/wp-content\/uploads\/sites\/12\/2024\/04\/Seminario-de-geopolitica-de-los-archipielagos-africanos_Banner-eventos-1.png\" \/>\n\t<meta property=\"og:image:width\" content=\"750\" \/>\n\t<meta property=\"og:image:height\" content=\"370\" \/>\n\t<meta property=\"og:image:type\" content=\"image\/png\" \/>\n<meta name=\"twitter:card\" content=\"summary_large_image\" \/>\n<meta name=\"twitter:label1\" content=\"Tiempo de lectura\" \/>\n\t<meta name=\"twitter:data1\" content=\"2 minutos\" \/>\n<script type=\"application\/ld+json\" class=\"yoast-schema-graph\">{\"@context\":\"https:\/\/schema.org\",\"@graph\":[{\"@type\":\"WebPage\",\"@id\":\"https:\/\/www.ull.es\/portal\/agenda\/evento\/seminario-de-geopolitica-de-los-archipielagos-africanos-entre-la-autonomia-y-la-ultraperificidad\/\",\"url\":\"https:\/\/www.ull.es\/portal\/agenda\/evento\/seminario-de-geopolitica-de-los-archipielagos-africanos-entre-la-autonomia-y-la-ultraperificidad\/\",\"name\":\"Seminario de geopol\u00edtica de los archipi\u00e9lagos africanos: Entre la autonom\u00eda y la ultraperificidad - ULL - Agenda\",\"isPartOf\":{\"@id\":\"https:\/\/www.ull.es\/portal\/agenda\/#website\"},\"datePublished\":\"2024-04-02T08:53:33+00:00\",\"dateModified\":\"2024-04-11T12:35:13+00:00\",\"breadcrumb\":{\"@id\":\"https:\/\/www.ull.es\/portal\/agenda\/evento\/seminario-de-geopolitica-de-los-archipielagos-africanos-entre-la-autonomia-y-la-ultraperificidad\/#breadcrumb\"},\"inLanguage\":\"es\",\"potentialAction\":[{\"@type\":\"ReadAction\",\"target\":[\"https:\/\/www.ull.es\/portal\/agenda\/evento\/seminario-de-geopolitica-de-los-archipielagos-africanos-entre-la-autonomia-y-la-ultraperificidad\/\"]}]},{\"@type\":\"BreadcrumbList\",\"@id\":\"https:\/\/www.ull.es\/portal\/agenda\/evento\/seminario-de-geopolitica-de-los-archipielagos-africanos-entre-la-autonomia-y-la-ultraperificidad\/#breadcrumb\",\"itemListElement\":[{\"@type\":\"ListItem\",\"position\":1,\"name\":\"Portada\",\"item\":\"https:\/\/www.ull.es\/portal\/agenda\/\"},{\"@type\":\"ListItem\",\"position\":2,\"name\":\"Seminario de geopol\u00edtica de los archipi\u00e9lagos africanos: Entre la autonom\u00eda y la ultraperificidad\"}]},{\"@type\":\"WebSite\",\"@id\":\"https:\/\/www.ull.es\/portal\/agenda\/#website\",\"url\":\"https:\/\/www.ull.es\/portal\/agenda\/\",\"name\":\"ULL - Agenda\",\"description\":\"\",\"potentialAction\":[{\"@type\":\"SearchAction\",\"target\":{\"@type\":\"EntryPoint\",\"urlTemplate\":\"https:\/\/www.ull.es\/portal\/agenda\/?s={search_term_string}\"},\"query-input\":\"required name=search_term_string\"}],\"inLanguage\":\"es\"}]}<\/script>\n<!-- \/ Yoast SEO plugin. -->","yoast_head_json":{"title":"Seminario de geopol\u00edtica de los archipi\u00e9lagos africanos: Entre la autonom\u00eda y la ultraperificidad - ULL - Agenda","robots":{"index":"index","follow":"follow","max-snippet":"max-snippet:-1","max-image-preview":"max-image-preview:large","max-video-preview":"max-video-preview:-1"},"canonical":"https:\/\/www.ull.es\/portal\/agenda\/evento\/seminario-de-geopolitica-de-los-archipielagos-africanos-entre-la-autonomia-y-la-ultraperificidad\/","og_locale":"es_ES","og_type":"article","og_title":"Seminario de geopol\u00edtica de los archipi\u00e9lagos africanos: Entre la autonom\u00eda y la ultraperificidad - ULL - Agenda","og_description":"Este seminario tiene como objetivo ofrecer un marco de reflexi\u00f3n y debate sobre el contexto geopol\u00edtico y la situaci\u00f3n socioecon\u00f3mica en la que se encuentran algunos archipi\u00e9lagos africanos, en este caso, Canarias, Cabo Verde, Sao Tom\u00e9 y Reuni\u00f3n. La geopol\u00edtica es una disciplina que surge a comienzos del siglo XX, si bien sus antecedentes se...","og_url":"https:\/\/www.ull.es\/portal\/agenda\/evento\/seminario-de-geopolitica-de-los-archipielagos-africanos-entre-la-autonomia-y-la-ultraperificidad\/","og_site_name":"ULL - Agenda","article_modified_time":"2024-04-11T12:35:13+00:00","og_image":[{"width":750,"height":370,"url":"https:\/\/www.ull.es\/portal\/agenda\/wp-content\/uploads\/sites\/12\/2024\/04\/Seminario-de-geopolitica-de-los-archipielagos-africanos_Banner-eventos-1.png","type":"image\/png"}],"twitter_card":"summary_large_image","twitter_misc":{"Tiempo de lectura":"2 minutos"},"schema":{"@context":"https:\/\/schema.org","@graph":[{"@type":"WebPage","@id":"https:\/\/www.ull.es\/portal\/agenda\/evento\/seminario-de-geopolitica-de-los-archipielagos-africanos-entre-la-autonomia-y-la-ultraperificidad\/","url":"https:\/\/www.ull.es\/portal\/agenda\/evento\/seminario-de-geopolitica-de-los-archipielagos-africanos-entre-la-autonomia-y-la-ultraperificidad\/","name":"Seminario de geopol\u00edtica de los archipi\u00e9lagos africanos: Entre la autonom\u00eda y la ultraperificidad - ULL - Agenda","isPartOf":{"@id":"https:\/\/www.ull.es\/portal\/agenda\/#website"},"datePublished":"2024-04-02T08:53:33+00:00","dateModified":"2024-04-11T12:35:13+00:00","breadcrumb":{"@id":"https:\/\/www.ull.es\/portal\/agenda\/evento\/seminario-de-geopolitica-de-los-archipielagos-africanos-entre-la-autonomia-y-la-ultraperificidad\/#breadcrumb"},"inLanguage":"es","potentialAction":[{"@type":"ReadAction","target":["https:\/\/www.ull.es\/portal\/agenda\/evento\/seminario-de-geopolitica-de-los-archipielagos-africanos-entre-la-autonomia-y-la-ultraperificidad\/"]}]},{"@type":"BreadcrumbList","@id":"https:\/\/www.ull.es\/portal\/agenda\/evento\/seminario-de-geopolitica-de-los-archipielagos-africanos-entre-la-autonomia-y-la-ultraperificidad\/#breadcrumb","itemListElement":[{"@type":"ListItem","position":1,"name":"Portada","item":"https:\/\/www.ull.es\/portal\/agenda\/"},{"@type":"ListItem","position":2,"name":"Seminario de geopol\u00edtica de los archipi\u00e9lagos africanos: Entre la autonom\u00eda y la ultraperificidad"}]},{"@type":"WebSite","@id":"https:\/\/www.ull.es\/portal\/agenda\/#website","url":"https:\/\/www.ull.es\/portal\/agenda\/","name":"ULL - Agenda","description":"","potentialAction":[{"@type":"SearchAction","target":{"@type":"EntryPoint","urlTemplate":"https:\/\/www.ull.es\/portal\/agenda\/?s={search_term_string}"},"query-input":"required name=search_term_string"}],"inLanguage":"es"}]}},"_links":{"self":[{"href":"https:\/\/www.ull.es\/portal\/agenda\/wp-json\/wp\/v2\/tribe_events\/35107"}],"collection":[{"href":"https:\/\/www.ull.es\/portal\/agenda\/wp-json\/wp\/v2\/tribe_events"}],"about":[{"href":"https:\/\/www.ull.es\/portal\/agenda\/wp-json\/wp\/v2\/types\/tribe_events"}],"author":[{"embeddable":true,"href":"https:\/\/www.ull.es\/portal\/agenda\/wp-json\/wp\/v2\/users\/65"}],"replies":[{"embeddable":true,"href":"https:\/\/www.ull.es\/portal\/agenda\/wp-json\/wp\/v2\/comments?post=35107"}],"version-history":[{"count":2,"href":"https:\/\/www.ull.es\/portal\/agenda\/wp-json\/wp\/v2\/tribe_events\/35107\/revisions"}],"predecessor-version":[{"id":35167,"href":"https:\/\/www.ull.es\/portal\/agenda\/wp-json\/wp\/v2\/tribe_events\/35107\/revisions\/35167"}],"wp:featuredmedia":[{"embeddable":true,"href":"https:\/\/www.ull.es\/portal\/agenda\/wp-json\/wp\/v2\/media\/35164"}],"wp:attachment":[{"href":"https:\/\/www.ull.es\/portal\/agenda\/wp-json\/wp\/v2\/media?parent=35107"}],"wp:term":[{"taxonomy":"post_tag","embeddable":true,"href":"https:\/\/www.ull.es\/portal\/agenda\/wp-json\/wp\/v2\/tags?post=35107"},{"taxonomy":"tribe_events_cat","embeddable":true,"href":"https:\/\/www.ull.es\/portal\/agenda\/wp-json\/wp\/v2\/tribe_events_cat?post=35107"}],"curies":[{"name":"wp","href":"https:\/\/api.w.org\/{rel}","templated":true}]}}