{"id":35336,"date":"2024-04-11T12:33:46","date_gmt":"2024-04-11T12:33:46","guid":{"rendered":"https:\/\/www.ull.es\/portal\/agenda\/?post_type=tribe_events&#038;p=35336"},"modified":"2024-04-15T13:09:39","modified_gmt":"2024-04-15T13:09:39","slug":"cuartas-jornadas-de-orientacion-laboral-de-biologia","status":"publish","type":"tribe_events","link":"https:\/\/www.ull.es\/portal\/agenda\/evento\/cuartas-jornadas-de-orientacion-laboral-de-biologia\/","title":{"rendered":"Cuartas Jornadas de Orientaci\u00f3n Laboral de Biolog\u00eda"},"content":{"rendered":"<p><span style=\"font-weight: 400;\">El d\u00eda 13 de abril de 2024 tendr\u00e1 lugar la <\/span><b>IV Edici\u00f3n de las Jornadas de Orientaci\u00f3n Laboral<\/b><span style=\"font-weight: 400;\">, dedicado a las futuras salidas despu\u00e9s del Grado en Biolog\u00eda. Este evento se celebrar\u00e1 de manera presencial en la Secci\u00f3n de Biolog\u00eda de la Facultad de Ciencias.\u00a0<\/span><\/p>\n<p><span style=\"font-weight: 400;\">En este congreso puede asistir alumnado de diferentes titulaciones (como, por ejemplo, Biolog\u00eda, Ciencias Ambientales, Qu\u00edmica), as\u00ed como de diversas titulaciones de m\u00e1ster e incluso doctorado. La asistencia a todo el evento junto con una breve redacci\u00f3n podr\u00e1 ser convalidado por 1 cr\u00e9dito ECTS.\u00a0<\/span><\/p>\n<p><span style=\"font-weight: 400;\">A lo largo de este d\u00eda se llevar\u00e1n a cabo una serie de entrevistas que abordar\u00e1n temas como \u00bfqu\u00e9 les ha llevado a su profesi\u00f3n?, los pasos que han seguido, consejos para poder llegar a trabajar en ese \u00e1mbito. Estas charlas o entrevistas durar\u00e1n aproximadamente 20 minuto y se realizar\u00e1n a bi\u00f3logos y bi\u00f3logas que se encuentren en activo en algunas de las salidas profesionales de esta disciplina.\u00a0<\/span><\/p>\n<p><span style=\"font-weight: 400;\">La fecha tope de inscripci\u00f3n ser\u00e1 hasta el 12 de abril de 2024, rellenando el siguiente<a href=\"https:\/\/docs.google.com\/forms\/d\/e\/1FAIpQLSdJZ_v8H5STAV7tpMc0jsu5pXBJgDzpNUD_gaQroKNzLb_FaA\/viewform\" target=\"_blank\" rel=\"noopener\" target=\"_blank\" rel=\"noopener\"> formulario.<\/a><\/span><\/p>\n<p><a href=\"https:\/\/drive.google.com\/file\/d\/1EyYybHUY6CmcG6jkUsfE_oebsbU925rm\/view?usp=sharing\" target=\"_blank\" rel=\"noopener\" target=\"_blank\" rel=\"noopener\">Cartel<\/a><\/p>\n","protected":false},"excerpt":{"rendered":"<p>El d\u00eda 13 de abril de 2024 tendr\u00e1 lugar la IV Edici\u00f3n de las Jornadas de Orientaci\u00f3n Laboral, dedicado a las futuras salidas despu\u00e9s del Grado en Biolog\u00eda. Este evento se celebrar\u00e1 de manera presencial en la Secci\u00f3n de Biolog\u00eda de la Facultad de Ciencias.\u00a0 En este congreso puede asistir alumnado de diferentes titulaciones (como,&#8230;<\/p>\n","protected":false},"author":65,"featured_media":35389,"comment_status":"closed","ping_status":"closed","template":"","tags":[],"tribe_events_cat":[4,972,186,191],"acf":[],"yoast_head":"<!-- This site is optimized with the Yoast SEO plugin v21.3 - https:\/\/yoast.com\/wordpress\/plugins\/seo\/ -->\n<title>Cuartas Jornadas de Orientaci\u00f3n Laboral de Biolog\u00eda - ULL - Agenda<\/title>\n<meta name=\"robots\" content=\"index, follow, max-snippet:-1, max-image-preview:large, max-video-preview:-1\" \/>\n<link rel=\"canonical\" href=\"https:\/\/www.ull.es\/portal\/agenda\/evento\/cuartas-jornadas-de-orientacion-laboral-de-biologia\/\" \/>\n<meta property=\"og:locale\" content=\"es_ES\" \/>\n<meta property=\"og:type\" content=\"article\" \/>\n<meta property=\"og:title\" content=\"Cuartas Jornadas de Orientaci\u00f3n Laboral de Biolog\u00eda - ULL - Agenda\" \/>\n<meta property=\"og:description\" content=\"El d\u00eda 13 de abril de 2024 tendr\u00e1 lugar la IV Edici\u00f3n de las Jornadas de Orientaci\u00f3n Laboral, dedicado a las futuras salidas despu\u00e9s del Grado en Biolog\u00eda. Este evento se celebrar\u00e1 de manera presencial en la Secci\u00f3n de Biolog\u00eda de la Facultad de Ciencias.\u00a0 En este congreso puede asistir alumnado de diferentes titulaciones (como,...\" \/>\n<meta property=\"og:url\" content=\"https:\/\/www.ull.es\/portal\/agenda\/evento\/cuartas-jornadas-de-orientacion-laboral-de-biologia\/\" \/>\n<meta property=\"og:site_name\" content=\"ULL - Agenda\" \/>\n<meta property=\"article:modified_time\" content=\"2024-04-15T13:09:39+00:00\" \/>\n<meta property=\"og:image\" content=\"https:\/\/www.ull.es\/portal\/agenda\/wp-content\/uploads\/sites\/12\/2024\/04\/4as-JOnradas-de-Orientacion-Laboral-de-Biologia_Banner-eventos.png\" \/>\n\t<meta property=\"og:image:width\" content=\"750\" \/>\n\t<meta property=\"og:image:height\" content=\"370\" \/>\n\t<meta property=\"og:image:type\" content=\"image\/png\" \/>\n<meta name=\"twitter:card\" content=\"summary_large_image\" \/>\n<meta name=\"twitter:label1\" content=\"Tiempo de lectura\" \/>\n\t<meta name=\"twitter:data1\" content=\"1 minuto\" \/>\n<script type=\"application\/ld+json\" class=\"yoast-schema-graph\">{\"@context\":\"https:\/\/schema.org\",\"@graph\":[{\"@type\":\"WebPage\",\"@id\":\"https:\/\/www.ull.es\/portal\/agenda\/evento\/cuartas-jornadas-de-orientacion-laboral-de-biologia\/\",\"url\":\"https:\/\/www.ull.es\/portal\/agenda\/evento\/cuartas-jornadas-de-orientacion-laboral-de-biologia\/\",\"name\":\"Cuartas Jornadas de Orientaci\u00f3n Laboral de Biolog\u00eda - ULL - Agenda\",\"isPartOf\":{\"@id\":\"https:\/\/www.ull.es\/portal\/agenda\/#website\"},\"datePublished\":\"2024-04-11T12:33:46+00:00\",\"dateModified\":\"2024-04-15T13:09:39+00:00\",\"breadcrumb\":{\"@id\":\"https:\/\/www.ull.es\/portal\/agenda\/evento\/cuartas-jornadas-de-orientacion-laboral-de-biologia\/#breadcrumb\"},\"inLanguage\":\"es\",\"potentialAction\":[{\"@type\":\"ReadAction\",\"target\":[\"https:\/\/www.ull.es\/portal\/agenda\/evento\/cuartas-jornadas-de-orientacion-laboral-de-biologia\/\"]}]},{\"@type\":\"BreadcrumbList\",\"@id\":\"https:\/\/www.ull.es\/portal\/agenda\/evento\/cuartas-jornadas-de-orientacion-laboral-de-biologia\/#breadcrumb\",\"itemListElement\":[{\"@type\":\"ListItem\",\"position\":1,\"name\":\"Portada\",\"item\":\"https:\/\/www.ull.es\/portal\/agenda\/\"},{\"@type\":\"ListItem\",\"position\":2,\"name\":\"Cuartas Jornadas de Orientaci\u00f3n Laboral de Biolog\u00eda\"}]},{\"@type\":\"WebSite\",\"@id\":\"https:\/\/www.ull.es\/portal\/agenda\/#website\",\"url\":\"https:\/\/www.ull.es\/portal\/agenda\/\",\"name\":\"ULL - Agenda\",\"description\":\"\",\"potentialAction\":[{\"@type\":\"SearchAction\",\"target\":{\"@type\":\"EntryPoint\",\"urlTemplate\":\"https:\/\/www.ull.es\/portal\/agenda\/?s={search_term_string}\"},\"query-input\":\"required name=search_term_string\"}],\"inLanguage\":\"es\"}]}<\/script>\n<!-- \/ Yoast SEO plugin. -->","yoast_head_json":{"title":"Cuartas Jornadas de Orientaci\u00f3n Laboral de Biolog\u00eda - ULL - Agenda","robots":{"index":"index","follow":"follow","max-snippet":"max-snippet:-1","max-image-preview":"max-image-preview:large","max-video-preview":"max-video-preview:-1"},"canonical":"https:\/\/www.ull.es\/portal\/agenda\/evento\/cuartas-jornadas-de-orientacion-laboral-de-biologia\/","og_locale":"es_ES","og_type":"article","og_title":"Cuartas Jornadas de Orientaci\u00f3n Laboral de Biolog\u00eda - ULL - Agenda","og_description":"El d\u00eda 13 de abril de 2024 tendr\u00e1 lugar la IV Edici\u00f3n de las Jornadas de Orientaci\u00f3n Laboral, dedicado a las futuras salidas despu\u00e9s del Grado en Biolog\u00eda. Este evento se celebrar\u00e1 de manera presencial en la Secci\u00f3n de Biolog\u00eda de la Facultad de Ciencias.\u00a0 En este congreso puede asistir alumnado de diferentes titulaciones (como,...","og_url":"https:\/\/www.ull.es\/portal\/agenda\/evento\/cuartas-jornadas-de-orientacion-laboral-de-biologia\/","og_site_name":"ULL - Agenda","article_modified_time":"2024-04-15T13:09:39+00:00","og_image":[{"width":750,"height":370,"url":"https:\/\/www.ull.es\/portal\/agenda\/wp-content\/uploads\/sites\/12\/2024\/04\/4as-JOnradas-de-Orientacion-Laboral-de-Biologia_Banner-eventos.png","type":"image\/png"}],"twitter_card":"summary_large_image","twitter_misc":{"Tiempo de lectura":"1 minuto"},"schema":{"@context":"https:\/\/schema.org","@graph":[{"@type":"WebPage","@id":"https:\/\/www.ull.es\/portal\/agenda\/evento\/cuartas-jornadas-de-orientacion-laboral-de-biologia\/","url":"https:\/\/www.ull.es\/portal\/agenda\/evento\/cuartas-jornadas-de-orientacion-laboral-de-biologia\/","name":"Cuartas Jornadas de Orientaci\u00f3n Laboral de Biolog\u00eda - ULL - Agenda","isPartOf":{"@id":"https:\/\/www.ull.es\/portal\/agenda\/#website"},"datePublished":"2024-04-11T12:33:46+00:00","dateModified":"2024-04-15T13:09:39+00:00","breadcrumb":{"@id":"https:\/\/www.ull.es\/portal\/agenda\/evento\/cuartas-jornadas-de-orientacion-laboral-de-biologia\/#breadcrumb"},"inLanguage":"es","potentialAction":[{"@type":"ReadAction","target":["https:\/\/www.ull.es\/portal\/agenda\/evento\/cuartas-jornadas-de-orientacion-laboral-de-biologia\/"]}]},{"@type":"BreadcrumbList","@id":"https:\/\/www.ull.es\/portal\/agenda\/evento\/cuartas-jornadas-de-orientacion-laboral-de-biologia\/#breadcrumb","itemListElement":[{"@type":"ListItem","position":1,"name":"Portada","item":"https:\/\/www.ull.es\/portal\/agenda\/"},{"@type":"ListItem","position":2,"name":"Cuartas Jornadas de Orientaci\u00f3n Laboral de Biolog\u00eda"}]},{"@type":"WebSite","@id":"https:\/\/www.ull.es\/portal\/agenda\/#website","url":"https:\/\/www.ull.es\/portal\/agenda\/","name":"ULL - Agenda","description":"","potentialAction":[{"@type":"SearchAction","target":{"@type":"EntryPoint","urlTemplate":"https:\/\/www.ull.es\/portal\/agenda\/?s={search_term_string}"},"query-input":"required name=search_term_string"}],"inLanguage":"es"}]}},"_links":{"self":[{"href":"https:\/\/www.ull.es\/portal\/agenda\/wp-json\/wp\/v2\/tribe_events\/35336"}],"collection":[{"href":"https:\/\/www.ull.es\/portal\/agenda\/wp-json\/wp\/v2\/tribe_events"}],"about":[{"href":"https:\/\/www.ull.es\/portal\/agenda\/wp-json\/wp\/v2\/types\/tribe_events"}],"author":[{"embeddable":true,"href":"https:\/\/www.ull.es\/portal\/agenda\/wp-json\/wp\/v2\/users\/65"}],"replies":[{"embeddable":true,"href":"https:\/\/www.ull.es\/portal\/agenda\/wp-json\/wp\/v2\/comments?post=35336"}],"version-history":[{"count":1,"href":"https:\/\/www.ull.es\/portal\/agenda\/wp-json\/wp\/v2\/tribe_events\/35336\/revisions"}],"predecessor-version":[{"id":35337,"href":"https:\/\/www.ull.es\/portal\/agenda\/wp-json\/wp\/v2\/tribe_events\/35336\/revisions\/35337"}],"wp:featuredmedia":[{"embeddable":true,"href":"https:\/\/www.ull.es\/portal\/agenda\/wp-json\/wp\/v2\/media\/35389"}],"wp:attachment":[{"href":"https:\/\/www.ull.es\/portal\/agenda\/wp-json\/wp\/v2\/media?parent=35336"}],"wp:term":[{"taxonomy":"post_tag","embeddable":true,"href":"https:\/\/www.ull.es\/portal\/agenda\/wp-json\/wp\/v2\/tags?post=35336"},{"taxonomy":"tribe_events_cat","embeddable":true,"href":"https:\/\/www.ull.es\/portal\/agenda\/wp-json\/wp\/v2\/tribe_events_cat?post=35336"}],"curies":[{"name":"wp","href":"https:\/\/api.w.org\/{rel}","templated":true}]}}