{"id":35349,"date":"2024-04-12T11:10:23","date_gmt":"2024-04-12T11:10:23","guid":{"rendered":"https:\/\/www.ull.es\/portal\/agenda\/?post_type=tribe_events&#038;p=35349"},"modified":"2024-04-25T07:41:26","modified_gmt":"2024-04-25T07:41:26","slug":"jornada-academica-procedimiento-de-documentacion-de-ninos-y-ninas-migrantes-no-acompanados","status":"publish","type":"tribe_events","link":"https:\/\/www.ull.es\/portal\/agenda\/evento\/jornada-academica-procedimiento-de-documentacion-de-ninos-y-ninas-migrantes-no-acompanados\/","title":{"rendered":"Jornada acad\u00e9mica: Procedimiento de documentaci\u00f3n de ni\u00f1os y ni\u00f1as migrantes no acompa\u00f1ados"},"content":{"rendered":"<p><span style=\"font-weight: 400;\">El Consulado de Senegal en Canarias, el Cuerpo Nacional de Polic\u00eda y el \u00e1rea de Derecho Internacional Privado de la Facultad de Derecho de la Universidad de La Laguna organizan, con la colaboraci\u00f3n del Centro de Documentaci\u00f3n Europea y en el marco del Proyecto I+D+i de generaci\u00f3n de conocimiento \u00abSostenibilidad ambiental, social y econ\u00f3mica de la justicia. Retos de la Agenda 2030\u00bb, una Jornada acad\u00e9mica centrada en los aspectos procedimentales de la identificaci\u00f3n y documentaci\u00f3n de los ni\u00f1os y ni\u00f1as migrantes no acompa\u00f1ados que llegan a Canarias, con especial referencia a Senegal. La llegada de ni\u00f1os y ni\u00f1as migrantes no acompa\u00f1ados es un fen\u00f3meno muy habitual, siendo una de las principales dificultades iniciales su identificaci\u00f3n. En los \u00faltimos meses, adem\u00e1s, una de las principales rutas migratorias que tiene como destino nuestras islas parte de Senegal.<\/span><\/p>\n<p><span style=\"font-weight: 400;\">Por ello, el Consulado de Senegal ha impulsado junto al Cuerpo Nacional de Polic\u00eda y el \u00e1rea de Derecho Internacional Privado de la Facultad de Derecho de la ULL una jornada en la que se expondr\u00e1n los principales aspectos a conocer en relaci\u00f3n con el proceso de documentaci\u00f3n. La jornada est\u00e1 dirigida a todas las personas profesionales, como trabajadores\/as sociales y abogados\/as, que trabajan en el \u00e1mbito de la extranjer\u00eda con ni\u00f1os y ni\u00f1as no acompa\u00f1ados. Tambi\u00e9n se destina a todo el estudiantado y profesorado de la Facultad de Derecho y de otros centros de esta Universidad.<\/span><\/p>\n<p><span style=\"font-weight: 400;\">La jornada contar\u00e1 con la presencia, entre otros, de la C\u00f3nsul de Senegal en Canarias, Katia Van Bockel, y ser\u00e1 moderada por Guayas\u00e9n Marrero Gonz\u00e1lez, coordinador del \u00e1rea de Derecho Internacional Privado de la Facultad de Derecho de la ULL y miembro del equipo de trabajo del Proyecto I+D+i de generaci\u00f3n de conocimiento \u00abSostenibilidad ambiental, social y econ\u00f3mica de la justicia. Retos de la Agenda 2030\u00bb<\/span><\/p>\n<p><a href=\"https:\/\/drive.google.com\/file\/d\/1H3Hrmw_NXtt9dY41aFCtFgOT3bOv6wXz\/view?usp=sharing\" target=\"_blank\" rel=\"noopener\" target=\"_blank\" rel=\"noopener\">Programa<\/a><\/p>\n","protected":false},"excerpt":{"rendered":"<p>El Consulado de Senegal en Canarias, el Cuerpo Nacional de Polic\u00eda y el \u00e1rea de Derecho Internacional Privado de la Facultad de Derecho de la Universidad de La Laguna organizan, con la colaboraci\u00f3n del Centro de Documentaci\u00f3n Europea y en el marco del Proyecto I+D+i de generaci\u00f3n de conocimiento \u00abSostenibilidad ambiental, social y econ\u00f3mica de&#8230;<\/p>\n","protected":false},"author":65,"featured_media":35405,"comment_status":"closed","ping_status":"closed","template":"","tags":[],"tribe_events_cat":[841,4,865,191],"acf":[],"yoast_head":"<!-- This site is optimized with the Yoast SEO plugin v21.3 - https:\/\/yoast.com\/wordpress\/plugins\/seo\/ -->\n<title>Jornada acad\u00e9mica: Procedimiento de documentaci\u00f3n de ni\u00f1os y ni\u00f1as migrantes no acompa\u00f1ados - ULL - Agenda<\/title>\n<meta name=\"robots\" content=\"index, follow, max-snippet:-1, max-image-preview:large, max-video-preview:-1\" \/>\n<link rel=\"canonical\" href=\"https:\/\/www.ull.es\/portal\/agenda\/evento\/jornada-academica-procedimiento-de-documentacion-de-ninos-y-ninas-migrantes-no-acompanados\/\" \/>\n<meta property=\"og:locale\" content=\"es_ES\" \/>\n<meta property=\"og:type\" content=\"article\" \/>\n<meta property=\"og:title\" content=\"Jornada acad\u00e9mica: Procedimiento de documentaci\u00f3n de ni\u00f1os y ni\u00f1as migrantes no acompa\u00f1ados - ULL - Agenda\" \/>\n<meta property=\"og:description\" content=\"El Consulado de Senegal en Canarias, el Cuerpo Nacional de Polic\u00eda y el \u00e1rea de Derecho Internacional Privado de la Facultad de Derecho de la Universidad de La Laguna organizan, con la colaboraci\u00f3n del Centro de Documentaci\u00f3n Europea y en el marco del Proyecto I+D+i de generaci\u00f3n de conocimiento \u00abSostenibilidad ambiental, social y econ\u00f3mica de...\" \/>\n<meta property=\"og:url\" content=\"https:\/\/www.ull.es\/portal\/agenda\/evento\/jornada-academica-procedimiento-de-documentacion-de-ninos-y-ninas-migrantes-no-acompanados\/\" \/>\n<meta property=\"og:site_name\" content=\"ULL - Agenda\" \/>\n<meta property=\"article:modified_time\" content=\"2024-04-25T07:41:26+00:00\" \/>\n<meta property=\"og:image\" content=\"https:\/\/www.ull.es\/portal\/agenda\/wp-content\/uploads\/sites\/12\/2024\/04\/PROCEDIMIENTO-DE-DOCUMENTACION-DE-NINOS-Y-NINAS-MIGRANTES-NO-ACOMPANADOS_Banner-eventos.png\" \/>\n\t<meta property=\"og:image:width\" content=\"750\" \/>\n\t<meta property=\"og:image:height\" content=\"370\" \/>\n\t<meta property=\"og:image:type\" content=\"image\/png\" \/>\n<meta name=\"twitter:card\" content=\"summary_large_image\" \/>\n<meta name=\"twitter:label1\" content=\"Tiempo de lectura\" \/>\n\t<meta name=\"twitter:data1\" content=\"2 minutos\" \/>\n<script type=\"application\/ld+json\" class=\"yoast-schema-graph\">{\"@context\":\"https:\/\/schema.org\",\"@graph\":[{\"@type\":\"WebPage\",\"@id\":\"https:\/\/www.ull.es\/portal\/agenda\/evento\/jornada-academica-procedimiento-de-documentacion-de-ninos-y-ninas-migrantes-no-acompanados\/\",\"url\":\"https:\/\/www.ull.es\/portal\/agenda\/evento\/jornada-academica-procedimiento-de-documentacion-de-ninos-y-ninas-migrantes-no-acompanados\/\",\"name\":\"Jornada acad\u00e9mica: Procedimiento de documentaci\u00f3n de ni\u00f1os y ni\u00f1as migrantes no acompa\u00f1ados - ULL - Agenda\",\"isPartOf\":{\"@id\":\"https:\/\/www.ull.es\/portal\/agenda\/#website\"},\"datePublished\":\"2024-04-12T11:10:23+00:00\",\"dateModified\":\"2024-04-25T07:41:26+00:00\",\"breadcrumb\":{\"@id\":\"https:\/\/www.ull.es\/portal\/agenda\/evento\/jornada-academica-procedimiento-de-documentacion-de-ninos-y-ninas-migrantes-no-acompanados\/#breadcrumb\"},\"inLanguage\":\"es\",\"potentialAction\":[{\"@type\":\"ReadAction\",\"target\":[\"https:\/\/www.ull.es\/portal\/agenda\/evento\/jornada-academica-procedimiento-de-documentacion-de-ninos-y-ninas-migrantes-no-acompanados\/\"]}]},{\"@type\":\"BreadcrumbList\",\"@id\":\"https:\/\/www.ull.es\/portal\/agenda\/evento\/jornada-academica-procedimiento-de-documentacion-de-ninos-y-ninas-migrantes-no-acompanados\/#breadcrumb\",\"itemListElement\":[{\"@type\":\"ListItem\",\"position\":1,\"name\":\"Portada\",\"item\":\"https:\/\/www.ull.es\/portal\/agenda\/\"},{\"@type\":\"ListItem\",\"position\":2,\"name\":\"Jornada acad\u00e9mica: Procedimiento de documentaci\u00f3n de ni\u00f1os y ni\u00f1as migrantes no acompa\u00f1ados\"}]},{\"@type\":\"WebSite\",\"@id\":\"https:\/\/www.ull.es\/portal\/agenda\/#website\",\"url\":\"https:\/\/www.ull.es\/portal\/agenda\/\",\"name\":\"ULL - Agenda\",\"description\":\"\",\"potentialAction\":[{\"@type\":\"SearchAction\",\"target\":{\"@type\":\"EntryPoint\",\"urlTemplate\":\"https:\/\/www.ull.es\/portal\/agenda\/?s={search_term_string}\"},\"query-input\":\"required name=search_term_string\"}],\"inLanguage\":\"es\"}]}<\/script>\n<!-- \/ Yoast SEO plugin. -->","yoast_head_json":{"title":"Jornada acad\u00e9mica: Procedimiento de documentaci\u00f3n de ni\u00f1os y ni\u00f1as migrantes no acompa\u00f1ados - ULL - Agenda","robots":{"index":"index","follow":"follow","max-snippet":"max-snippet:-1","max-image-preview":"max-image-preview:large","max-video-preview":"max-video-preview:-1"},"canonical":"https:\/\/www.ull.es\/portal\/agenda\/evento\/jornada-academica-procedimiento-de-documentacion-de-ninos-y-ninas-migrantes-no-acompanados\/","og_locale":"es_ES","og_type":"article","og_title":"Jornada acad\u00e9mica: Procedimiento de documentaci\u00f3n de ni\u00f1os y ni\u00f1as migrantes no acompa\u00f1ados - ULL - Agenda","og_description":"El Consulado de Senegal en Canarias, el Cuerpo Nacional de Polic\u00eda y el \u00e1rea de Derecho Internacional Privado de la Facultad de Derecho de la Universidad de La Laguna organizan, con la colaboraci\u00f3n del Centro de Documentaci\u00f3n Europea y en el marco del Proyecto I+D+i de generaci\u00f3n de conocimiento \u00abSostenibilidad ambiental, social y econ\u00f3mica de...","og_url":"https:\/\/www.ull.es\/portal\/agenda\/evento\/jornada-academica-procedimiento-de-documentacion-de-ninos-y-ninas-migrantes-no-acompanados\/","og_site_name":"ULL - Agenda","article_modified_time":"2024-04-25T07:41:26+00:00","og_image":[{"width":750,"height":370,"url":"https:\/\/www.ull.es\/portal\/agenda\/wp-content\/uploads\/sites\/12\/2024\/04\/PROCEDIMIENTO-DE-DOCUMENTACION-DE-NINOS-Y-NINAS-MIGRANTES-NO-ACOMPANADOS_Banner-eventos.png","type":"image\/png"}],"twitter_card":"summary_large_image","twitter_misc":{"Tiempo de lectura":"2 minutos"},"schema":{"@context":"https:\/\/schema.org","@graph":[{"@type":"WebPage","@id":"https:\/\/www.ull.es\/portal\/agenda\/evento\/jornada-academica-procedimiento-de-documentacion-de-ninos-y-ninas-migrantes-no-acompanados\/","url":"https:\/\/www.ull.es\/portal\/agenda\/evento\/jornada-academica-procedimiento-de-documentacion-de-ninos-y-ninas-migrantes-no-acompanados\/","name":"Jornada acad\u00e9mica: Procedimiento de documentaci\u00f3n de ni\u00f1os y ni\u00f1as migrantes no acompa\u00f1ados - ULL - Agenda","isPartOf":{"@id":"https:\/\/www.ull.es\/portal\/agenda\/#website"},"datePublished":"2024-04-12T11:10:23+00:00","dateModified":"2024-04-25T07:41:26+00:00","breadcrumb":{"@id":"https:\/\/www.ull.es\/portal\/agenda\/evento\/jornada-academica-procedimiento-de-documentacion-de-ninos-y-ninas-migrantes-no-acompanados\/#breadcrumb"},"inLanguage":"es","potentialAction":[{"@type":"ReadAction","target":["https:\/\/www.ull.es\/portal\/agenda\/evento\/jornada-academica-procedimiento-de-documentacion-de-ninos-y-ninas-migrantes-no-acompanados\/"]}]},{"@type":"BreadcrumbList","@id":"https:\/\/www.ull.es\/portal\/agenda\/evento\/jornada-academica-procedimiento-de-documentacion-de-ninos-y-ninas-migrantes-no-acompanados\/#breadcrumb","itemListElement":[{"@type":"ListItem","position":1,"name":"Portada","item":"https:\/\/www.ull.es\/portal\/agenda\/"},{"@type":"ListItem","position":2,"name":"Jornada acad\u00e9mica: Procedimiento de documentaci\u00f3n de ni\u00f1os y ni\u00f1as migrantes no acompa\u00f1ados"}]},{"@type":"WebSite","@id":"https:\/\/www.ull.es\/portal\/agenda\/#website","url":"https:\/\/www.ull.es\/portal\/agenda\/","name":"ULL - Agenda","description":"","potentialAction":[{"@type":"SearchAction","target":{"@type":"EntryPoint","urlTemplate":"https:\/\/www.ull.es\/portal\/agenda\/?s={search_term_string}"},"query-input":"required name=search_term_string"}],"inLanguage":"es"}]}},"_links":{"self":[{"href":"https:\/\/www.ull.es\/portal\/agenda\/wp-json\/wp\/v2\/tribe_events\/35349"}],"collection":[{"href":"https:\/\/www.ull.es\/portal\/agenda\/wp-json\/wp\/v2\/tribe_events"}],"about":[{"href":"https:\/\/www.ull.es\/portal\/agenda\/wp-json\/wp\/v2\/types\/tribe_events"}],"author":[{"embeddable":true,"href":"https:\/\/www.ull.es\/portal\/agenda\/wp-json\/wp\/v2\/users\/65"}],"replies":[{"embeddable":true,"href":"https:\/\/www.ull.es\/portal\/agenda\/wp-json\/wp\/v2\/comments?post=35349"}],"version-history":[{"count":4,"href":"https:\/\/www.ull.es\/portal\/agenda\/wp-json\/wp\/v2\/tribe_events\/35349\/revisions"}],"predecessor-version":[{"id":35388,"href":"https:\/\/www.ull.es\/portal\/agenda\/wp-json\/wp\/v2\/tribe_events\/35349\/revisions\/35388"}],"wp:featuredmedia":[{"embeddable":true,"href":"https:\/\/www.ull.es\/portal\/agenda\/wp-json\/wp\/v2\/media\/35405"}],"wp:attachment":[{"href":"https:\/\/www.ull.es\/portal\/agenda\/wp-json\/wp\/v2\/media?parent=35349"}],"wp:term":[{"taxonomy":"post_tag","embeddable":true,"href":"https:\/\/www.ull.es\/portal\/agenda\/wp-json\/wp\/v2\/tags?post=35349"},{"taxonomy":"tribe_events_cat","embeddable":true,"href":"https:\/\/www.ull.es\/portal\/agenda\/wp-json\/wp\/v2\/tribe_events_cat?post=35349"}],"curies":[{"name":"wp","href":"https:\/\/api.w.org\/{rel}","templated":true}]}}