{"id":35391,"date":"2024-04-15T13:53:18","date_gmt":"2024-04-15T13:53:18","guid":{"rendered":"https:\/\/www.ull.es\/portal\/agenda\/?post_type=tribe_events&#038;p=35391"},"modified":"2024-06-19T11:21:04","modified_gmt":"2024-06-19T11:21:04","slug":"exposicion-hacer-historia-el-archivo-de-la-transicion-democratica-en-canarias-de-la-biblioteca-de-la-ull","status":"publish","type":"tribe_events","link":"https:\/\/www.ull.es\/portal\/agenda\/evento\/exposicion-hacer-historia-el-archivo-de-la-transicion-democratica-en-canarias-de-la-biblioteca-de-la-ull\/","title":{"rendered":"Exposici\u00f3n D\u00eda del Libro: \u201cHacer historia: el Archivo de la Transici\u00f3n Democr\u00e1tica en Canarias\u00bb"},"content":{"rendered":"<p>El Servicio de Biblioteca de la Universidad de La Laguna dedica sus actividades del D\u00eda del Libro de 2024 a mostrar una parte importante de sus valiosos fondos personales y de entidades.<\/p>\n<p>Es por ello que el acto principal ser\u00e1 la inauguraci\u00f3n de la exposici\u00f3n \u201cHacer historia: el Archivo de la Transici\u00f3n Democr\u00e1tica en Canarias de la Biblioteca de la ULL\u201d, que tendr\u00e1 lugar el martes 23 de abril a las 11:00 horas en la Biblioteca General y de Humanidades. Previamente tendr\u00e1 lugar el cap\u00edtulo de donaciones ya habitual cada a\u00f1o, con la firma del acta de aceptaci\u00f3n de la donaci\u00f3n de la asociaci\u00f3n Alumni ULL, as\u00ed como la firma del acta <span style=\"font-weight: 400;\">de donaci\u00f3n de la familia Millares y de una nueva donaci\u00f3n de Jos\u00e9 Luis Escohotado Ibor.<\/span><\/p>\n<p>Como complemento al acto de inauguraci\u00f3n de la exposici\u00f3n habr\u00e1 una performance a cargo de la Agrupaci\u00f3n de Teatro de Filolog\u00eda. A las 12:00 tendr\u00e1 lugar la mesa redonda que, bajo el t\u00edtulo \u201cArchivos y memoria democr\u00e1tica. Dificultades y retos\u201d, contar\u00e1 con Emilio Rosillo Clement, director del Archivo de la Democracia de la Universidad de Alicante, Juan Manuel Brito D\u00edaz, profesor de Historia de la ULPGC, Domingo Gar\u00ed-Montllor Hayek, profesor de Historia Contempor\u00e1nea de la ULL, Alberto B\u00e1ez Garc\u00eda, investigador y profesor de Ciencia Pol\u00edtica de la ULL, y ser\u00e1 moderada por Inma Blasco Herranz, profesora de Historia Contempor\u00e1nea de la ULL.<\/p>\n","protected":false},"excerpt":{"rendered":"<p>El Servicio de Biblioteca de la Universidad de La Laguna dedica sus actividades del D\u00eda del Libro de 2024 a mostrar una parte importante de sus valiosos fondos personales y de entidades. Es por ello que el acto principal ser\u00e1 la inauguraci\u00f3n de la exposici\u00f3n \u201cHacer historia: el Archivo de la Transici\u00f3n Democr\u00e1tica en Canarias&#8230;<\/p>\n","protected":false},"author":65,"featured_media":35392,"comment_status":"closed","ping_status":"closed","template":"","tags":[],"tribe_events_cat":[1669,3987,4,19,186,187],"acf":[],"yoast_head":"<!-- This site is optimized with the Yoast SEO plugin v21.3 - https:\/\/yoast.com\/wordpress\/plugins\/seo\/ -->\n<title>Exposici\u00f3n D\u00eda del Libro: \u201cHacer historia: el Archivo de la Transici\u00f3n Democr\u00e1tica en Canarias&quot; - ULL - Agenda<\/title>\n<meta name=\"robots\" content=\"index, follow, max-snippet:-1, max-image-preview:large, max-video-preview:-1\" \/>\n<link rel=\"canonical\" href=\"https:\/\/www.ull.es\/portal\/agenda\/evento\/exposicion-hacer-historia-el-archivo-de-la-transicion-democratica-en-canarias-de-la-biblioteca-de-la-ull\/\" \/>\n<meta property=\"og:locale\" content=\"es_ES\" \/>\n<meta property=\"og:type\" content=\"article\" \/>\n<meta property=\"og:title\" content=\"Exposici\u00f3n D\u00eda del Libro: \u201cHacer historia: el Archivo de la Transici\u00f3n Democr\u00e1tica en Canarias&quot; - ULL - Agenda\" \/>\n<meta property=\"og:description\" content=\"El Servicio de Biblioteca de la Universidad de La Laguna dedica sus actividades del D\u00eda del Libro de 2024 a mostrar una parte importante de sus valiosos fondos personales y de entidades. Es por ello que el acto principal ser\u00e1 la inauguraci\u00f3n de la exposici\u00f3n \u201cHacer historia: el Archivo de la Transici\u00f3n Democr\u00e1tica en Canarias...\" \/>\n<meta property=\"og:url\" content=\"https:\/\/www.ull.es\/portal\/agenda\/evento\/exposicion-hacer-historia-el-archivo-de-la-transicion-democratica-en-canarias-de-la-biblioteca-de-la-ull\/\" \/>\n<meta property=\"og:site_name\" content=\"ULL - Agenda\" \/>\n<meta property=\"article:modified_time\" content=\"2024-06-19T11:21:04+00:00\" \/>\n<meta property=\"og:image\" content=\"https:\/\/www.ull.es\/portal\/agenda\/wp-content\/uploads\/sites\/12\/2024\/04\/fb-publicacio\u2560un-horizontal.jpg\" \/>\n\t<meta property=\"og:image:width\" content=\"1200\" \/>\n\t<meta property=\"og:image:height\" content=\"630\" \/>\n\t<meta property=\"og:image:type\" content=\"image\/jpeg\" \/>\n<meta name=\"twitter:card\" content=\"summary_large_image\" \/>\n<meta name=\"twitter:label1\" content=\"Tiempo de lectura\" \/>\n\t<meta name=\"twitter:data1\" content=\"2 minutos\" \/>\n<script type=\"application\/ld+json\" class=\"yoast-schema-graph\">{\"@context\":\"https:\/\/schema.org\",\"@graph\":[{\"@type\":\"WebPage\",\"@id\":\"https:\/\/www.ull.es\/portal\/agenda\/evento\/exposicion-hacer-historia-el-archivo-de-la-transicion-democratica-en-canarias-de-la-biblioteca-de-la-ull\/\",\"url\":\"https:\/\/www.ull.es\/portal\/agenda\/evento\/exposicion-hacer-historia-el-archivo-de-la-transicion-democratica-en-canarias-de-la-biblioteca-de-la-ull\/\",\"name\":\"Exposici\u00f3n D\u00eda del Libro: \u201cHacer historia: el Archivo de la Transici\u00f3n Democr\u00e1tica en Canarias\\\" - ULL - Agenda\",\"isPartOf\":{\"@id\":\"https:\/\/www.ull.es\/portal\/agenda\/#website\"},\"datePublished\":\"2024-04-15T13:53:18+00:00\",\"dateModified\":\"2024-06-19T11:21:04+00:00\",\"breadcrumb\":{\"@id\":\"https:\/\/www.ull.es\/portal\/agenda\/evento\/exposicion-hacer-historia-el-archivo-de-la-transicion-democratica-en-canarias-de-la-biblioteca-de-la-ull\/#breadcrumb\"},\"inLanguage\":\"es\",\"potentialAction\":[{\"@type\":\"ReadAction\",\"target\":[\"https:\/\/www.ull.es\/portal\/agenda\/evento\/exposicion-hacer-historia-el-archivo-de-la-transicion-democratica-en-canarias-de-la-biblioteca-de-la-ull\/\"]}]},{\"@type\":\"BreadcrumbList\",\"@id\":\"https:\/\/www.ull.es\/portal\/agenda\/evento\/exposicion-hacer-historia-el-archivo-de-la-transicion-democratica-en-canarias-de-la-biblioteca-de-la-ull\/#breadcrumb\",\"itemListElement\":[{\"@type\":\"ListItem\",\"position\":1,\"name\":\"Portada\",\"item\":\"https:\/\/www.ull.es\/portal\/agenda\/\"},{\"@type\":\"ListItem\",\"position\":2,\"name\":\"Exposici\u00f3n D\u00eda del Libro: \u201cHacer historia: el Archivo de la Transici\u00f3n Democr\u00e1tica en Canarias\u00bb\"}]},{\"@type\":\"WebSite\",\"@id\":\"https:\/\/www.ull.es\/portal\/agenda\/#website\",\"url\":\"https:\/\/www.ull.es\/portal\/agenda\/\",\"name\":\"ULL - Agenda\",\"description\":\"\",\"potentialAction\":[{\"@type\":\"SearchAction\",\"target\":{\"@type\":\"EntryPoint\",\"urlTemplate\":\"https:\/\/www.ull.es\/portal\/agenda\/?s={search_term_string}\"},\"query-input\":\"required name=search_term_string\"}],\"inLanguage\":\"es\"}]}<\/script>\n<!-- \/ Yoast SEO plugin. -->","yoast_head_json":{"title":"Exposici\u00f3n D\u00eda del Libro: \u201cHacer historia: el Archivo de la Transici\u00f3n Democr\u00e1tica en Canarias\" - ULL - Agenda","robots":{"index":"index","follow":"follow","max-snippet":"max-snippet:-1","max-image-preview":"max-image-preview:large","max-video-preview":"max-video-preview:-1"},"canonical":"https:\/\/www.ull.es\/portal\/agenda\/evento\/exposicion-hacer-historia-el-archivo-de-la-transicion-democratica-en-canarias-de-la-biblioteca-de-la-ull\/","og_locale":"es_ES","og_type":"article","og_title":"Exposici\u00f3n D\u00eda del Libro: \u201cHacer historia: el Archivo de la Transici\u00f3n Democr\u00e1tica en Canarias\" - ULL - Agenda","og_description":"El Servicio de Biblioteca de la Universidad de La Laguna dedica sus actividades del D\u00eda del Libro de 2024 a mostrar una parte importante de sus valiosos fondos personales y de entidades. Es por ello que el acto principal ser\u00e1 la inauguraci\u00f3n de la exposici\u00f3n \u201cHacer historia: el Archivo de la Transici\u00f3n Democr\u00e1tica en Canarias...","og_url":"https:\/\/www.ull.es\/portal\/agenda\/evento\/exposicion-hacer-historia-el-archivo-de-la-transicion-democratica-en-canarias-de-la-biblioteca-de-la-ull\/","og_site_name":"ULL - Agenda","article_modified_time":"2024-06-19T11:21:04+00:00","og_image":[{"width":1200,"height":630,"url":"https:\/\/www.ull.es\/portal\/agenda\/wp-content\/uploads\/sites\/12\/2024\/04\/fb-publicacio\u2560un-horizontal.jpg","type":"image\/jpeg"}],"twitter_card":"summary_large_image","twitter_misc":{"Tiempo de lectura":"2 minutos"},"schema":{"@context":"https:\/\/schema.org","@graph":[{"@type":"WebPage","@id":"https:\/\/www.ull.es\/portal\/agenda\/evento\/exposicion-hacer-historia-el-archivo-de-la-transicion-democratica-en-canarias-de-la-biblioteca-de-la-ull\/","url":"https:\/\/www.ull.es\/portal\/agenda\/evento\/exposicion-hacer-historia-el-archivo-de-la-transicion-democratica-en-canarias-de-la-biblioteca-de-la-ull\/","name":"Exposici\u00f3n D\u00eda del Libro: \u201cHacer historia: el Archivo de la Transici\u00f3n Democr\u00e1tica en Canarias\" - ULL - Agenda","isPartOf":{"@id":"https:\/\/www.ull.es\/portal\/agenda\/#website"},"datePublished":"2024-04-15T13:53:18+00:00","dateModified":"2024-06-19T11:21:04+00:00","breadcrumb":{"@id":"https:\/\/www.ull.es\/portal\/agenda\/evento\/exposicion-hacer-historia-el-archivo-de-la-transicion-democratica-en-canarias-de-la-biblioteca-de-la-ull\/#breadcrumb"},"inLanguage":"es","potentialAction":[{"@type":"ReadAction","target":["https:\/\/www.ull.es\/portal\/agenda\/evento\/exposicion-hacer-historia-el-archivo-de-la-transicion-democratica-en-canarias-de-la-biblioteca-de-la-ull\/"]}]},{"@type":"BreadcrumbList","@id":"https:\/\/www.ull.es\/portal\/agenda\/evento\/exposicion-hacer-historia-el-archivo-de-la-transicion-democratica-en-canarias-de-la-biblioteca-de-la-ull\/#breadcrumb","itemListElement":[{"@type":"ListItem","position":1,"name":"Portada","item":"https:\/\/www.ull.es\/portal\/agenda\/"},{"@type":"ListItem","position":2,"name":"Exposici\u00f3n D\u00eda del Libro: \u201cHacer historia: el Archivo de la Transici\u00f3n Democr\u00e1tica en Canarias\u00bb"}]},{"@type":"WebSite","@id":"https:\/\/www.ull.es\/portal\/agenda\/#website","url":"https:\/\/www.ull.es\/portal\/agenda\/","name":"ULL - Agenda","description":"","potentialAction":[{"@type":"SearchAction","target":{"@type":"EntryPoint","urlTemplate":"https:\/\/www.ull.es\/portal\/agenda\/?s={search_term_string}"},"query-input":"required name=search_term_string"}],"inLanguage":"es"}]}},"_links":{"self":[{"href":"https:\/\/www.ull.es\/portal\/agenda\/wp-json\/wp\/v2\/tribe_events\/35391"}],"collection":[{"href":"https:\/\/www.ull.es\/portal\/agenda\/wp-json\/wp\/v2\/tribe_events"}],"about":[{"href":"https:\/\/www.ull.es\/portal\/agenda\/wp-json\/wp\/v2\/types\/tribe_events"}],"author":[{"embeddable":true,"href":"https:\/\/www.ull.es\/portal\/agenda\/wp-json\/wp\/v2\/users\/65"}],"replies":[{"embeddable":true,"href":"https:\/\/www.ull.es\/portal\/agenda\/wp-json\/wp\/v2\/comments?post=35391"}],"version-history":[{"count":3,"href":"https:\/\/www.ull.es\/portal\/agenda\/wp-json\/wp\/v2\/tribe_events\/35391\/revisions"}],"predecessor-version":[{"id":35544,"href":"https:\/\/www.ull.es\/portal\/agenda\/wp-json\/wp\/v2\/tribe_events\/35391\/revisions\/35544"}],"wp:featuredmedia":[{"embeddable":true,"href":"https:\/\/www.ull.es\/portal\/agenda\/wp-json\/wp\/v2\/media\/35392"}],"wp:attachment":[{"href":"https:\/\/www.ull.es\/portal\/agenda\/wp-json\/wp\/v2\/media?parent=35391"}],"wp:term":[{"taxonomy":"post_tag","embeddable":true,"href":"https:\/\/www.ull.es\/portal\/agenda\/wp-json\/wp\/v2\/tags?post=35391"},{"taxonomy":"tribe_events_cat","embeddable":true,"href":"https:\/\/www.ull.es\/portal\/agenda\/wp-json\/wp\/v2\/tribe_events_cat?post=35391"}],"curies":[{"name":"wp","href":"https:\/\/api.w.org\/{rel}","templated":true}]}}