{"id":35532,"date":"2024-04-19T13:24:06","date_gmt":"2024-04-19T13:24:06","guid":{"rendered":"https:\/\/www.ull.es\/portal\/agenda\/?post_type=tribe_events&#038;p=35532"},"modified":"2024-04-22T08:00:07","modified_gmt":"2024-04-22T08:00:07","slug":"iv-jornadas-de-asociacionismo-agrario-de-canarias-el-sector-platanero-un-ejemplo-de-integracion-organizativa","status":"publish","type":"tribe_events","link":"https:\/\/www.ull.es\/portal\/agenda\/evento\/iv-jornadas-de-asociacionismo-agrario-de-canarias-el-sector-platanero-un-ejemplo-de-integracion-organizativa\/","title":{"rendered":"IV Jornadas de Asociacionismo Agrario de Canarias: El sector platanero, un ejemplo de integraci\u00f3n organizativa"},"content":{"rendered":"<div dir=\"auto\">\n<p>Las IV Jornadas de Asociacionismo Agrario de Canarias, re\u00fane a destacados actores del sector del pl\u00e1tano y de la academia en un espacio de intercambio y reflexi\u00f3n. En esta edici\u00f3n, nos enfocamos explorar la innovaci\u00f3n empresarial, el compromiso ambiental y la integraci\u00f3n con la sociedad canaria por parte de las empresas del sector, incluyendo Sociedades Agrarias de Transformaci\u00f3n (SAT) y Cooperativas.<\/p>\n<p>Nuestro principal objetivo es destacar y promover las iniciativas innovadoras desarrolladas por las empresas del sector del pl\u00e1tano en Canarias, as\u00ed como su compromiso con la sostenibilidad ambiental y su contribuci\u00f3n al desarrollo socioecon\u00f3mico del territorio. Buscamos generar un espacio de aprendizaje y colaboraci\u00f3n que impulse el crecimiento y la competitividad del sector agrario canario. Durante estas jornadas, exploraremos c\u00f3mo las empresas del sector del pl\u00e1tano est\u00e1n liderando el camino en t\u00e9rminos de innovaci\u00f3n empresarial, adoptando nuevas tecnolog\u00edas y pr\u00e1cticas sostenibles para mejorar la eficiencia y la calidad de sus productos. Tambi\u00e9n examinaremos su compromiso con el medio ambiente, destacando iniciativas de conservaci\u00f3n de recursos naturales, reducci\u00f3n de residuos y promoci\u00f3n de pr\u00e1cticas agr\u00edcolas responsables.<\/p>\n<p>Adem\u00e1s, analizaremos el papel crucial que estas empresas desempe\u00f1an en la sociedad canaria, desde la creaci\u00f3n de empleo y la dinamizaci\u00f3n econ\u00f3mica hasta su contribuci\u00f3n a la seguridad alimentaria y la preservaci\u00f3n del patrimonio agr\u00edcola de las islas. Las IV Jornadas de Asociacionismo Agrario de Canarias se llevar\u00e1n a cabo el 7 de mayo, de 9 a 12 horas en la Sala de Juntas de la Facultad de Econom\u00eda, Empresa y Turismo de la Universidad de La Laguna. Esperamos contar con la participaci\u00f3n activa de todos los interesados en fortalecer y promover el desarrollo sostenible del sector agrario en nuestra comunidad.<\/p>\n<\/div>\n<p>Direcci\u00f3n acad\u00e9mica: C\u00e1ndido Rom\u00e1n Cervantes, Profesor Titular de Universidad, Departamento de Direcci\u00f3n de Empresas e Historia Econ\u00f3mica. Director de la C\u00e1tedra Cajasiete de Econom\u00eda Social y Colaborativa de la Universidad de La Laguna.<\/p>\n<p><strong>CERTIFICADO DE ASISTENCIA<\/strong>: La Universidad de La Laguna, a trav\u00e9s del Vicerrectorado de Cultura y Extensi\u00f3n Universitaria, emitir\u00e1 un certificado de asistencia a todas aquellas personas que participen, previa inscripci\u00f3n en la actividad.<\/p>\n<p>Asistencia gratuita previa inscripci\u00f3n.\u00a0<a href=\"https:\/\/sede.fg.ull.es\/es\/curso\/detalle?code=a24020153&amp;name=iv-jornadas-de-asociacionismo-agrario-de-canarias-el-sector-platanero-un-ejemplo-de-integracion-organizativa&amp;query=%3Fcode%3DA24020153\" target=\"_blank\" rel=\"noopener noreferrer\" target=\"_blank\" rel=\"noopener\"><strong><u>Inscr\u00edbete aqu\u00ed.<\/u><\/strong><\/a><\/p>\n<p><strong>Contacto: 922 319 616 \/ 922 319 626 \u2013\u00a0<\/strong><a href=\"mailto:extuni@ull.edu.es\" target=\"_blank\" rel=\"noopener\" target=\"_blank\" rel=\"noopener\"><strong>extuni@ull.es<\/strong><\/a><\/p>\n<p><a href=\"https:\/\/drive.google.com\/file\/d\/1sIcpExlsMzyy3lxc0Grg3Q-gIOosQHxs\/view?usp=sharing\" target=\"_blank\" rel=\"noopener\" target=\"_blank\" rel=\"noopener\">Descargar programa<\/a><\/p>\n","protected":false},"excerpt":{"rendered":"<p>Las IV Jornadas de Asociacionismo Agrario de Canarias, re\u00fane a destacados actores del sector del pl\u00e1tano y de la academia en un espacio de intercambio y reflexi\u00f3n. En esta edici\u00f3n, nos enfocamos explorar la innovaci\u00f3n empresarial, el compromiso ambiental y la integraci\u00f3n con la sociedad canaria por parte de las empresas del sector, incluyendo Sociedades&#8230;<\/p>\n","protected":false},"author":43,"featured_media":35552,"comment_status":"closed","ping_status":"closed","template":"","tags":[4259,977,3812,3751],"tribe_events_cat":[472,3165,4,186],"acf":[],"yoast_head":"<!-- This site is optimized with the Yoast SEO plugin v21.3 - https:\/\/yoast.com\/wordpress\/plugins\/seo\/ -->\n<title>IV Jornadas de Asociacionismo Agrario de Canarias: El sector platanero, un ejemplo de integraci\u00f3n organizativa - ULL - Agenda<\/title>\n<meta name=\"robots\" content=\"index, follow, max-snippet:-1, max-image-preview:large, max-video-preview:-1\" \/>\n<link rel=\"canonical\" href=\"https:\/\/www.ull.es\/portal\/agenda\/evento\/iv-jornadas-de-asociacionismo-agrario-de-canarias-el-sector-platanero-un-ejemplo-de-integracion-organizativa\/\" \/>\n<meta property=\"og:locale\" content=\"es_ES\" \/>\n<meta property=\"og:type\" content=\"article\" \/>\n<meta property=\"og:title\" content=\"IV Jornadas de Asociacionismo Agrario de Canarias: El sector platanero, un ejemplo de integraci\u00f3n organizativa - ULL - Agenda\" \/>\n<meta property=\"og:description\" content=\"Las IV Jornadas de Asociacionismo Agrario de Canarias, re\u00fane a destacados actores del sector del pl\u00e1tano y de la academia en un espacio de intercambio y reflexi\u00f3n. En esta edici\u00f3n, nos enfocamos explorar la innovaci\u00f3n empresarial, el compromiso ambiental y la integraci\u00f3n con la sociedad canaria por parte de las empresas del sector, incluyendo Sociedades...\" \/>\n<meta property=\"og:url\" content=\"https:\/\/www.ull.es\/portal\/agenda\/evento\/iv-jornadas-de-asociacionismo-agrario-de-canarias-el-sector-platanero-un-ejemplo-de-integracion-organizativa\/\" \/>\n<meta property=\"og:site_name\" content=\"ULL - Agenda\" \/>\n<meta property=\"article:modified_time\" content=\"2024-04-22T08:00:07+00:00\" \/>\n<meta property=\"og:image\" content=\"https:\/\/www.ull.es\/portal\/agenda\/wp-content\/uploads\/sites\/12\/2024\/04\/platano-2.png\" \/>\n\t<meta property=\"og:image:width\" content=\"700\" \/>\n\t<meta property=\"og:image:height\" content=\"350\" \/>\n\t<meta property=\"og:image:type\" content=\"image\/png\" \/>\n<meta name=\"twitter:card\" content=\"summary_large_image\" \/>\n<meta name=\"twitter:label1\" content=\"Tiempo de lectura\" \/>\n\t<meta name=\"twitter:data1\" content=\"2 minutos\" \/>\n<script type=\"application\/ld+json\" class=\"yoast-schema-graph\">{\"@context\":\"https:\/\/schema.org\",\"@graph\":[{\"@type\":\"WebPage\",\"@id\":\"https:\/\/www.ull.es\/portal\/agenda\/evento\/iv-jornadas-de-asociacionismo-agrario-de-canarias-el-sector-platanero-un-ejemplo-de-integracion-organizativa\/\",\"url\":\"https:\/\/www.ull.es\/portal\/agenda\/evento\/iv-jornadas-de-asociacionismo-agrario-de-canarias-el-sector-platanero-un-ejemplo-de-integracion-organizativa\/\",\"name\":\"IV Jornadas de Asociacionismo Agrario de Canarias: El sector platanero, un ejemplo de integraci\u00f3n organizativa - ULL - Agenda\",\"isPartOf\":{\"@id\":\"https:\/\/www.ull.es\/portal\/agenda\/#website\"},\"datePublished\":\"2024-04-19T13:24:06+00:00\",\"dateModified\":\"2024-04-22T08:00:07+00:00\",\"breadcrumb\":{\"@id\":\"https:\/\/www.ull.es\/portal\/agenda\/evento\/iv-jornadas-de-asociacionismo-agrario-de-canarias-el-sector-platanero-un-ejemplo-de-integracion-organizativa\/#breadcrumb\"},\"inLanguage\":\"es\",\"potentialAction\":[{\"@type\":\"ReadAction\",\"target\":[\"https:\/\/www.ull.es\/portal\/agenda\/evento\/iv-jornadas-de-asociacionismo-agrario-de-canarias-el-sector-platanero-un-ejemplo-de-integracion-organizativa\/\"]}]},{\"@type\":\"BreadcrumbList\",\"@id\":\"https:\/\/www.ull.es\/portal\/agenda\/evento\/iv-jornadas-de-asociacionismo-agrario-de-canarias-el-sector-platanero-un-ejemplo-de-integracion-organizativa\/#breadcrumb\",\"itemListElement\":[{\"@type\":\"ListItem\",\"position\":1,\"name\":\"Portada\",\"item\":\"https:\/\/www.ull.es\/portal\/agenda\/\"},{\"@type\":\"ListItem\",\"position\":2,\"name\":\"IV Jornadas de Asociacionismo Agrario de Canarias: El sector platanero, un ejemplo de integraci\u00f3n organizativa\"}]},{\"@type\":\"WebSite\",\"@id\":\"https:\/\/www.ull.es\/portal\/agenda\/#website\",\"url\":\"https:\/\/www.ull.es\/portal\/agenda\/\",\"name\":\"ULL - Agenda\",\"description\":\"\",\"potentialAction\":[{\"@type\":\"SearchAction\",\"target\":{\"@type\":\"EntryPoint\",\"urlTemplate\":\"https:\/\/www.ull.es\/portal\/agenda\/?s={search_term_string}\"},\"query-input\":\"required name=search_term_string\"}],\"inLanguage\":\"es\"}]}<\/script>\n<!-- \/ Yoast SEO plugin. -->","yoast_head_json":{"title":"IV Jornadas de Asociacionismo Agrario de Canarias: El sector platanero, un ejemplo de integraci\u00f3n organizativa - ULL - Agenda","robots":{"index":"index","follow":"follow","max-snippet":"max-snippet:-1","max-image-preview":"max-image-preview:large","max-video-preview":"max-video-preview:-1"},"canonical":"https:\/\/www.ull.es\/portal\/agenda\/evento\/iv-jornadas-de-asociacionismo-agrario-de-canarias-el-sector-platanero-un-ejemplo-de-integracion-organizativa\/","og_locale":"es_ES","og_type":"article","og_title":"IV Jornadas de Asociacionismo Agrario de Canarias: El sector platanero, un ejemplo de integraci\u00f3n organizativa - ULL - Agenda","og_description":"Las IV Jornadas de Asociacionismo Agrario de Canarias, re\u00fane a destacados actores del sector del pl\u00e1tano y de la academia en un espacio de intercambio y reflexi\u00f3n. En esta edici\u00f3n, nos enfocamos explorar la innovaci\u00f3n empresarial, el compromiso ambiental y la integraci\u00f3n con la sociedad canaria por parte de las empresas del sector, incluyendo Sociedades...","og_url":"https:\/\/www.ull.es\/portal\/agenda\/evento\/iv-jornadas-de-asociacionismo-agrario-de-canarias-el-sector-platanero-un-ejemplo-de-integracion-organizativa\/","og_site_name":"ULL - Agenda","article_modified_time":"2024-04-22T08:00:07+00:00","og_image":[{"width":700,"height":350,"url":"https:\/\/www.ull.es\/portal\/agenda\/wp-content\/uploads\/sites\/12\/2024\/04\/platano-2.png","type":"image\/png"}],"twitter_card":"summary_large_image","twitter_misc":{"Tiempo de lectura":"2 minutos"},"schema":{"@context":"https:\/\/schema.org","@graph":[{"@type":"WebPage","@id":"https:\/\/www.ull.es\/portal\/agenda\/evento\/iv-jornadas-de-asociacionismo-agrario-de-canarias-el-sector-platanero-un-ejemplo-de-integracion-organizativa\/","url":"https:\/\/www.ull.es\/portal\/agenda\/evento\/iv-jornadas-de-asociacionismo-agrario-de-canarias-el-sector-platanero-un-ejemplo-de-integracion-organizativa\/","name":"IV Jornadas de Asociacionismo Agrario de Canarias: El sector platanero, un ejemplo de integraci\u00f3n organizativa - ULL - Agenda","isPartOf":{"@id":"https:\/\/www.ull.es\/portal\/agenda\/#website"},"datePublished":"2024-04-19T13:24:06+00:00","dateModified":"2024-04-22T08:00:07+00:00","breadcrumb":{"@id":"https:\/\/www.ull.es\/portal\/agenda\/evento\/iv-jornadas-de-asociacionismo-agrario-de-canarias-el-sector-platanero-un-ejemplo-de-integracion-organizativa\/#breadcrumb"},"inLanguage":"es","potentialAction":[{"@type":"ReadAction","target":["https:\/\/www.ull.es\/portal\/agenda\/evento\/iv-jornadas-de-asociacionismo-agrario-de-canarias-el-sector-platanero-un-ejemplo-de-integracion-organizativa\/"]}]},{"@type":"BreadcrumbList","@id":"https:\/\/www.ull.es\/portal\/agenda\/evento\/iv-jornadas-de-asociacionismo-agrario-de-canarias-el-sector-platanero-un-ejemplo-de-integracion-organizativa\/#breadcrumb","itemListElement":[{"@type":"ListItem","position":1,"name":"Portada","item":"https:\/\/www.ull.es\/portal\/agenda\/"},{"@type":"ListItem","position":2,"name":"IV Jornadas de Asociacionismo Agrario de Canarias: El sector platanero, un ejemplo de integraci\u00f3n organizativa"}]},{"@type":"WebSite","@id":"https:\/\/www.ull.es\/portal\/agenda\/#website","url":"https:\/\/www.ull.es\/portal\/agenda\/","name":"ULL - Agenda","description":"","potentialAction":[{"@type":"SearchAction","target":{"@type":"EntryPoint","urlTemplate":"https:\/\/www.ull.es\/portal\/agenda\/?s={search_term_string}"},"query-input":"required name=search_term_string"}],"inLanguage":"es"}]}},"_links":{"self":[{"href":"https:\/\/www.ull.es\/portal\/agenda\/wp-json\/wp\/v2\/tribe_events\/35532"}],"collection":[{"href":"https:\/\/www.ull.es\/portal\/agenda\/wp-json\/wp\/v2\/tribe_events"}],"about":[{"href":"https:\/\/www.ull.es\/portal\/agenda\/wp-json\/wp\/v2\/types\/tribe_events"}],"author":[{"embeddable":true,"href":"https:\/\/www.ull.es\/portal\/agenda\/wp-json\/wp\/v2\/users\/43"}],"replies":[{"embeddable":true,"href":"https:\/\/www.ull.es\/portal\/agenda\/wp-json\/wp\/v2\/comments?post=35532"}],"version-history":[{"count":4,"href":"https:\/\/www.ull.es\/portal\/agenda\/wp-json\/wp\/v2\/tribe_events\/35532\/revisions"}],"predecessor-version":[{"id":35537,"href":"https:\/\/www.ull.es\/portal\/agenda\/wp-json\/wp\/v2\/tribe_events\/35532\/revisions\/35537"}],"wp:featuredmedia":[{"embeddable":true,"href":"https:\/\/www.ull.es\/portal\/agenda\/wp-json\/wp\/v2\/media\/35552"}],"wp:attachment":[{"href":"https:\/\/www.ull.es\/portal\/agenda\/wp-json\/wp\/v2\/media?parent=35532"}],"wp:term":[{"taxonomy":"post_tag","embeddable":true,"href":"https:\/\/www.ull.es\/portal\/agenda\/wp-json\/wp\/v2\/tags?post=35532"},{"taxonomy":"tribe_events_cat","embeddable":true,"href":"https:\/\/www.ull.es\/portal\/agenda\/wp-json\/wp\/v2\/tribe_events_cat?post=35532"}],"curies":[{"name":"wp","href":"https:\/\/api.w.org\/{rel}","templated":true}]}}