{"id":35556,"date":"2024-04-22T08:35:44","date_gmt":"2024-04-22T08:35:44","guid":{"rendered":"https:\/\/www.ull.es\/portal\/agenda\/?post_type=tribe_events&#038;p=35556"},"modified":"2024-05-13T12:38:34","modified_gmt":"2024-05-13T12:38:34","slug":"jornada-antecedentes-y-consolidacion-del-registro-de-la-propiedad","status":"publish","type":"tribe_events","link":"https:\/\/www.ull.es\/portal\/agenda\/evento\/jornada-antecedentes-y-consolidacion-del-registro-de-la-propiedad\/","title":{"rendered":"Jornada: Antecedentes y consolidaci\u00f3n del Registro de la propiedad"},"content":{"rendered":"<p>La C\u00e1tedra de Derecho Registral Bienvenido Oliver celebra el martes 14 de mayo esta interesante jornada sobre la historia del Registro de la Propiedad, instituci\u00f3n capital de nuestro ordenamiento jur\u00eddico, en la que m\u00e1ximos expertos sobre la materia se pronunciar\u00e1n acerca su construcci\u00f3n y evoluci\u00f3n.<\/p>\n<p><strong>Programa<\/strong><\/p>\n<p>16:25: Apertura del seminario, a cargo de D. Carlos Celestino Lalanda, decano territorial de los registradores de Canarias (Tenerife)<\/p>\n<p>16.30: \u201cDe los registros de censos y tributos al Registro de la propiedad (siglos XVI-XIX)\u201d, a cargo de D\u00aa Margarita Serna Vallejo, catedr\u00e1tica de Historia del Derecho de la Universidad de Cantabria<\/p>\n<p>17.15: \u00abDesencuentro de instituciones hermanas. Posesi\u00f3n entre Catastro y Registro (1890-1944)\u201d, a cargo de D. Fernando Mart\u00ednez P\u00e9rez, profesor titular de Historia del Derecho de la Universidad Aut\u00f3noma de Madrid<\/p>\n<p>18.00: \u201cColegio de Registradores de Espa\u00f1a: historia y actualidad\u201d, a cargo de D. Sebasti\u00e1n del Rey Barba, Registrador de la Propiedad y Vocal-Director de Relaciones Institucionales del Colegio de Registradores de Espa\u00f1a<\/p>\n","protected":false},"excerpt":{"rendered":"<p>La C\u00e1tedra de Derecho Registral Bienvenido Oliver celebra el martes 14 de mayo esta interesante jornada sobre la historia del Registro de la Propiedad, instituci\u00f3n capital de nuestro ordenamiento jur\u00eddico, en la que m\u00e1ximos expertos sobre la materia se pronunciar\u00e1n acerca su construcci\u00f3n y evoluci\u00f3n. Programa 16:25: Apertura del seminario, a cargo de D. Carlos&#8230;<\/p>\n","protected":false},"author":65,"featured_media":35598,"comment_status":"closed","ping_status":"closed","template":"","tags":[],"tribe_events_cat":[344,3626,4,865],"acf":[],"yoast_head":"<!-- This site is optimized with the Yoast SEO plugin v21.3 - https:\/\/yoast.com\/wordpress\/plugins\/seo\/ -->\n<title>Jornada: Antecedentes y consolidaci\u00f3n del Registro de la propiedad - ULL - Agenda<\/title>\n<meta name=\"robots\" content=\"index, follow, max-snippet:-1, max-image-preview:large, max-video-preview:-1\" \/>\n<link rel=\"canonical\" href=\"https:\/\/www.ull.es\/portal\/agenda\/evento\/jornada-antecedentes-y-consolidacion-del-registro-de-la-propiedad\/\" \/>\n<meta property=\"og:locale\" content=\"es_ES\" \/>\n<meta property=\"og:type\" content=\"article\" \/>\n<meta property=\"og:title\" content=\"Jornada: Antecedentes y consolidaci\u00f3n del Registro de la propiedad - ULL - Agenda\" \/>\n<meta property=\"og:description\" content=\"La C\u00e1tedra de Derecho Registral Bienvenido Oliver celebra el martes 14 de mayo esta interesante jornada sobre la historia del Registro de la Propiedad, instituci\u00f3n capital de nuestro ordenamiento jur\u00eddico, en la que m\u00e1ximos expertos sobre la materia se pronunciar\u00e1n acerca su construcci\u00f3n y evoluci\u00f3n. Programa 16:25: Apertura del seminario, a cargo de D. Carlos...\" \/>\n<meta property=\"og:url\" content=\"https:\/\/www.ull.es\/portal\/agenda\/evento\/jornada-antecedentes-y-consolidacion-del-registro-de-la-propiedad\/\" \/>\n<meta property=\"og:site_name\" content=\"ULL - Agenda\" \/>\n<meta property=\"article:modified_time\" content=\"2024-05-13T12:38:34+00:00\" \/>\n<meta property=\"og:image\" content=\"https:\/\/www.ull.es\/portal\/agenda\/wp-content\/uploads\/sites\/12\/2024\/04\/Antecedenes-y-consolidacion-registro-de-la-propiedad_Banner-eventos.png\" \/>\n\t<meta property=\"og:image:width\" content=\"750\" \/>\n\t<meta property=\"og:image:height\" content=\"370\" \/>\n\t<meta property=\"og:image:type\" content=\"image\/png\" \/>\n<meta name=\"twitter:card\" content=\"summary_large_image\" \/>\n<meta name=\"twitter:label1\" content=\"Tiempo de lectura\" \/>\n\t<meta name=\"twitter:data1\" content=\"1 minuto\" \/>\n<script type=\"application\/ld+json\" class=\"yoast-schema-graph\">{\"@context\":\"https:\/\/schema.org\",\"@graph\":[{\"@type\":\"WebPage\",\"@id\":\"https:\/\/www.ull.es\/portal\/agenda\/evento\/jornada-antecedentes-y-consolidacion-del-registro-de-la-propiedad\/\",\"url\":\"https:\/\/www.ull.es\/portal\/agenda\/evento\/jornada-antecedentes-y-consolidacion-del-registro-de-la-propiedad\/\",\"name\":\"Jornada: Antecedentes y consolidaci\u00f3n del Registro de la propiedad - ULL - Agenda\",\"isPartOf\":{\"@id\":\"https:\/\/www.ull.es\/portal\/agenda\/#website\"},\"datePublished\":\"2024-04-22T08:35:44+00:00\",\"dateModified\":\"2024-05-13T12:38:34+00:00\",\"breadcrumb\":{\"@id\":\"https:\/\/www.ull.es\/portal\/agenda\/evento\/jornada-antecedentes-y-consolidacion-del-registro-de-la-propiedad\/#breadcrumb\"},\"inLanguage\":\"es\",\"potentialAction\":[{\"@type\":\"ReadAction\",\"target\":[\"https:\/\/www.ull.es\/portal\/agenda\/evento\/jornada-antecedentes-y-consolidacion-del-registro-de-la-propiedad\/\"]}]},{\"@type\":\"BreadcrumbList\",\"@id\":\"https:\/\/www.ull.es\/portal\/agenda\/evento\/jornada-antecedentes-y-consolidacion-del-registro-de-la-propiedad\/#breadcrumb\",\"itemListElement\":[{\"@type\":\"ListItem\",\"position\":1,\"name\":\"Portada\",\"item\":\"https:\/\/www.ull.es\/portal\/agenda\/\"},{\"@type\":\"ListItem\",\"position\":2,\"name\":\"Jornada: Antecedentes y consolidaci\u00f3n del Registro de la propiedad\"}]},{\"@type\":\"WebSite\",\"@id\":\"https:\/\/www.ull.es\/portal\/agenda\/#website\",\"url\":\"https:\/\/www.ull.es\/portal\/agenda\/\",\"name\":\"ULL - Agenda\",\"description\":\"\",\"potentialAction\":[{\"@type\":\"SearchAction\",\"target\":{\"@type\":\"EntryPoint\",\"urlTemplate\":\"https:\/\/www.ull.es\/portal\/agenda\/?s={search_term_string}\"},\"query-input\":\"required name=search_term_string\"}],\"inLanguage\":\"es\"}]}<\/script>\n<!-- \/ Yoast SEO plugin. -->","yoast_head_json":{"title":"Jornada: Antecedentes y consolidaci\u00f3n del Registro de la propiedad - ULL - Agenda","robots":{"index":"index","follow":"follow","max-snippet":"max-snippet:-1","max-image-preview":"max-image-preview:large","max-video-preview":"max-video-preview:-1"},"canonical":"https:\/\/www.ull.es\/portal\/agenda\/evento\/jornada-antecedentes-y-consolidacion-del-registro-de-la-propiedad\/","og_locale":"es_ES","og_type":"article","og_title":"Jornada: Antecedentes y consolidaci\u00f3n del Registro de la propiedad - ULL - Agenda","og_description":"La C\u00e1tedra de Derecho Registral Bienvenido Oliver celebra el martes 14 de mayo esta interesante jornada sobre la historia del Registro de la Propiedad, instituci\u00f3n capital de nuestro ordenamiento jur\u00eddico, en la que m\u00e1ximos expertos sobre la materia se pronunciar\u00e1n acerca su construcci\u00f3n y evoluci\u00f3n. Programa 16:25: Apertura del seminario, a cargo de D. Carlos...","og_url":"https:\/\/www.ull.es\/portal\/agenda\/evento\/jornada-antecedentes-y-consolidacion-del-registro-de-la-propiedad\/","og_site_name":"ULL - Agenda","article_modified_time":"2024-05-13T12:38:34+00:00","og_image":[{"width":750,"height":370,"url":"https:\/\/www.ull.es\/portal\/agenda\/wp-content\/uploads\/sites\/12\/2024\/04\/Antecedenes-y-consolidacion-registro-de-la-propiedad_Banner-eventos.png","type":"image\/png"}],"twitter_card":"summary_large_image","twitter_misc":{"Tiempo de lectura":"1 minuto"},"schema":{"@context":"https:\/\/schema.org","@graph":[{"@type":"WebPage","@id":"https:\/\/www.ull.es\/portal\/agenda\/evento\/jornada-antecedentes-y-consolidacion-del-registro-de-la-propiedad\/","url":"https:\/\/www.ull.es\/portal\/agenda\/evento\/jornada-antecedentes-y-consolidacion-del-registro-de-la-propiedad\/","name":"Jornada: Antecedentes y consolidaci\u00f3n del Registro de la propiedad - ULL - Agenda","isPartOf":{"@id":"https:\/\/www.ull.es\/portal\/agenda\/#website"},"datePublished":"2024-04-22T08:35:44+00:00","dateModified":"2024-05-13T12:38:34+00:00","breadcrumb":{"@id":"https:\/\/www.ull.es\/portal\/agenda\/evento\/jornada-antecedentes-y-consolidacion-del-registro-de-la-propiedad\/#breadcrumb"},"inLanguage":"es","potentialAction":[{"@type":"ReadAction","target":["https:\/\/www.ull.es\/portal\/agenda\/evento\/jornada-antecedentes-y-consolidacion-del-registro-de-la-propiedad\/"]}]},{"@type":"BreadcrumbList","@id":"https:\/\/www.ull.es\/portal\/agenda\/evento\/jornada-antecedentes-y-consolidacion-del-registro-de-la-propiedad\/#breadcrumb","itemListElement":[{"@type":"ListItem","position":1,"name":"Portada","item":"https:\/\/www.ull.es\/portal\/agenda\/"},{"@type":"ListItem","position":2,"name":"Jornada: Antecedentes y consolidaci\u00f3n del Registro de la propiedad"}]},{"@type":"WebSite","@id":"https:\/\/www.ull.es\/portal\/agenda\/#website","url":"https:\/\/www.ull.es\/portal\/agenda\/","name":"ULL - Agenda","description":"","potentialAction":[{"@type":"SearchAction","target":{"@type":"EntryPoint","urlTemplate":"https:\/\/www.ull.es\/portal\/agenda\/?s={search_term_string}"},"query-input":"required name=search_term_string"}],"inLanguage":"es"}]}},"_links":{"self":[{"href":"https:\/\/www.ull.es\/portal\/agenda\/wp-json\/wp\/v2\/tribe_events\/35556"}],"collection":[{"href":"https:\/\/www.ull.es\/portal\/agenda\/wp-json\/wp\/v2\/tribe_events"}],"about":[{"href":"https:\/\/www.ull.es\/portal\/agenda\/wp-json\/wp\/v2\/types\/tribe_events"}],"author":[{"embeddable":true,"href":"https:\/\/www.ull.es\/portal\/agenda\/wp-json\/wp\/v2\/users\/65"}],"replies":[{"embeddable":true,"href":"https:\/\/www.ull.es\/portal\/agenda\/wp-json\/wp\/v2\/comments?post=35556"}],"version-history":[{"count":1,"href":"https:\/\/www.ull.es\/portal\/agenda\/wp-json\/wp\/v2\/tribe_events\/35556\/revisions"}],"predecessor-version":[{"id":35557,"href":"https:\/\/www.ull.es\/portal\/agenda\/wp-json\/wp\/v2\/tribe_events\/35556\/revisions\/35557"}],"wp:featuredmedia":[{"embeddable":true,"href":"https:\/\/www.ull.es\/portal\/agenda\/wp-json\/wp\/v2\/media\/35598"}],"wp:attachment":[{"href":"https:\/\/www.ull.es\/portal\/agenda\/wp-json\/wp\/v2\/media?parent=35556"}],"wp:term":[{"taxonomy":"post_tag","embeddable":true,"href":"https:\/\/www.ull.es\/portal\/agenda\/wp-json\/wp\/v2\/tags?post=35556"},{"taxonomy":"tribe_events_cat","embeddable":true,"href":"https:\/\/www.ull.es\/portal\/agenda\/wp-json\/wp\/v2\/tribe_events_cat?post=35556"}],"curies":[{"name":"wp","href":"https:\/\/api.w.org\/{rel}","templated":true}]}}