{"id":35592,"date":"2024-04-24T07:46:20","date_gmt":"2024-04-24T07:46:20","guid":{"rendered":"https:\/\/www.ull.es\/portal\/agenda\/?post_type=tribe_events&#038;p=35592"},"modified":"2024-05-15T12:35:14","modified_gmt":"2024-05-15T12:35:14","slug":"xxix-congreso-internacional-dialogo-fe-cultura","status":"publish","type":"tribe_events","link":"https:\/\/www.ull.es\/portal\/agenda\/evento\/xxix-congreso-internacional-dialogo-fe-cultura\/","title":{"rendered":"XXIX Congreso Internacional Di\u00e1logo Fe-Cultura"},"content":{"rendered":"<p>Este Congreso sobre la recepci\u00f3n del Concilio Vaticano II a los 60 a\u00f1os de su celebraci\u00f3n tiene como principal objetivo proporcionar un espacio de reflexi\u00f3n y an\u00e1lisis sobre el impacto que ha tenido este evento ecum\u00e9nico en la Iglesia cat\u00f3lica y en la sociedad en general. A lo largo de las diferentes sesiones, ponencias y mesas redondas, se busca explorar c\u00f3mo las ense\u00f1anzas y las reformas propuestas por el Concilio han influido, no solo en la propia Iglesia sino en la relaci\u00f3n de la Iglesia con el mundo contempor\u00e1neo. Adem\u00e1s, se pretende examinar cr\u00edticamente los desaf\u00edos y oportunidades que han surgido en el proceso de recepci\u00f3n del Concilio, identificando \u00e1reas donde se ha logrado un mayor avance y aquellas que a\u00fan requieren atenci\u00f3n y desarrollo.<\/p>\n<p>Las actividades del Congreso incluir\u00e1n una amplia gama de eventos y actividades dise\u00f1adas para abordar diversos aspectos relacionados con la recepci\u00f3n del Concilio Vaticano II. Entre ellas se encuentran conferencias magistrales a cargo de destacados expertos en teolog\u00eda, historia y pastoral, mesas redondas donde se promueve el di\u00e1logo entre investigadores y profesionales, as\u00ed como presentaciones de trabajos acad\u00e9micos que ofrecen nuevas perspectivas y enfoques sobre el tema.<\/p>\n<p>Asimismo, se organizan encuentros informales, di\u00e1logos y actividades que enriquecen la experiencia de los participantes y fomentan el intercambio de ideas y experiencias. Al concluir el Congreso, se espera haber generado un corpus de conocimiento s\u00f3lido y actualizado sobre la recepci\u00f3n del Concilio Vaticano II, que pueda servir de base para futuras investigaciones y reflexiones teol\u00f3gicas y pastorales. Adem\u00e1s, se aspira a promover un mayor compromiso y participaci\u00f3n en la aplicaci\u00f3n y profundizaci\u00f3n de las ense\u00f1anzas conciliares, reconociendo la diversidad de perspectivas y enriqueciendo el di\u00e1logo intergeneracional. En \u00faltima instancia, el objetivo final es contribuir al desarrollo y la renovaci\u00f3n continua de la sociedad y la Iglesia.<\/p>\n<p>Para m\u00e1s informaci\u00f3n, pulse este <a href=\"https:\/\/sites.google.com\/cettenerife.org\/congreso-fe-cultura-2024\/inicio\" target=\"_blank\" rel=\"noopener\" target=\"_blank\" rel=\"noopener\">enlace.\u00a0<\/a><\/p>\n<p><a href=\"https:\/\/drive.google.com\/file\/d\/1OpVcIepl9NecKQuPUP_faHQVcxv6Dgmz\/view?usp=sharing\" target=\"_blank\" rel=\"noopener\" target=\"_blank\" rel=\"noopener\">Cartel<\/a><\/p>\n<p><a href=\"https:\/\/sites.google.com\/cettenerife.org\/congreso-fe-cultura-2024\/inicio\" target=\"_blank\" rel=\"noopener\" target=\"_blank\" rel=\"noopener\">Inscripci\u00f3n<\/a><\/p>\n","protected":false},"excerpt":{"rendered":"<p>Este Congreso sobre la recepci\u00f3n del Concilio Vaticano II a los 60 a\u00f1os de su celebraci\u00f3n tiene como principal objetivo proporcionar un espacio de reflexi\u00f3n y an\u00e1lisis sobre el impacto que ha tenido este evento ecum\u00e9nico en la Iglesia cat\u00f3lica y en la sociedad en general. A lo largo de las diferentes sesiones, ponencias y&#8230;<\/p>\n","protected":false},"author":65,"featured_media":35855,"comment_status":"closed","ping_status":"closed","template":"","tags":[],"tribe_events_cat":[344,3987,4],"acf":[],"yoast_head":"<!-- This site is optimized with the Yoast SEO plugin v21.3 - https:\/\/yoast.com\/wordpress\/plugins\/seo\/ -->\n<title>XXIX Congreso Internacional Di\u00e1logo Fe-Cultura - ULL - Agenda<\/title>\n<meta name=\"robots\" content=\"index, follow, max-snippet:-1, max-image-preview:large, max-video-preview:-1\" \/>\n<link rel=\"canonical\" href=\"https:\/\/www.ull.es\/portal\/agenda\/evento\/xxix-congreso-internacional-dialogo-fe-cultura\/\" \/>\n<meta property=\"og:locale\" content=\"es_ES\" \/>\n<meta property=\"og:type\" content=\"article\" \/>\n<meta property=\"og:title\" content=\"XXIX Congreso Internacional Di\u00e1logo Fe-Cultura - ULL - Agenda\" \/>\n<meta property=\"og:description\" content=\"Este Congreso sobre la recepci\u00f3n del Concilio Vaticano II a los 60 a\u00f1os de su celebraci\u00f3n tiene como principal objetivo proporcionar un espacio de reflexi\u00f3n y an\u00e1lisis sobre el impacto que ha tenido este evento ecum\u00e9nico en la Iglesia cat\u00f3lica y en la sociedad en general. A lo largo de las diferentes sesiones, ponencias y...\" \/>\n<meta property=\"og:url\" content=\"https:\/\/www.ull.es\/portal\/agenda\/evento\/xxix-congreso-internacional-dialogo-fe-cultura\/\" \/>\n<meta property=\"og:site_name\" content=\"ULL - Agenda\" \/>\n<meta property=\"article:modified_time\" content=\"2024-05-15T12:35:14+00:00\" \/>\n<meta property=\"og:image\" content=\"https:\/\/www.ull.es\/portal\/agenda\/wp-content\/uploads\/sites\/12\/2024\/04\/XXIX-Congreso-Internacional-Dialogo-Fe-Cultura.png\" \/>\n\t<meta property=\"og:image:width\" content=\"750\" \/>\n\t<meta property=\"og:image:height\" content=\"370\" \/>\n\t<meta property=\"og:image:type\" content=\"image\/png\" \/>\n<meta name=\"twitter:card\" content=\"summary_large_image\" \/>\n<meta name=\"twitter:label1\" content=\"Tiempo de lectura\" \/>\n\t<meta name=\"twitter:data1\" content=\"2 minutos\" \/>\n<script type=\"application\/ld+json\" class=\"yoast-schema-graph\">{\"@context\":\"https:\/\/schema.org\",\"@graph\":[{\"@type\":\"WebPage\",\"@id\":\"https:\/\/www.ull.es\/portal\/agenda\/evento\/xxix-congreso-internacional-dialogo-fe-cultura\/\",\"url\":\"https:\/\/www.ull.es\/portal\/agenda\/evento\/xxix-congreso-internacional-dialogo-fe-cultura\/\",\"name\":\"XXIX Congreso Internacional Di\u00e1logo Fe-Cultura - ULL - Agenda\",\"isPartOf\":{\"@id\":\"https:\/\/www.ull.es\/portal\/agenda\/#website\"},\"datePublished\":\"2024-04-24T07:46:20+00:00\",\"dateModified\":\"2024-05-15T12:35:14+00:00\",\"breadcrumb\":{\"@id\":\"https:\/\/www.ull.es\/portal\/agenda\/evento\/xxix-congreso-internacional-dialogo-fe-cultura\/#breadcrumb\"},\"inLanguage\":\"es\",\"potentialAction\":[{\"@type\":\"ReadAction\",\"target\":[\"https:\/\/www.ull.es\/portal\/agenda\/evento\/xxix-congreso-internacional-dialogo-fe-cultura\/\"]}]},{\"@type\":\"BreadcrumbList\",\"@id\":\"https:\/\/www.ull.es\/portal\/agenda\/evento\/xxix-congreso-internacional-dialogo-fe-cultura\/#breadcrumb\",\"itemListElement\":[{\"@type\":\"ListItem\",\"position\":1,\"name\":\"Portada\",\"item\":\"https:\/\/www.ull.es\/portal\/agenda\/\"},{\"@type\":\"ListItem\",\"position\":2,\"name\":\"XXIX Congreso Internacional Di\u00e1logo Fe-Cultura\"}]},{\"@type\":\"WebSite\",\"@id\":\"https:\/\/www.ull.es\/portal\/agenda\/#website\",\"url\":\"https:\/\/www.ull.es\/portal\/agenda\/\",\"name\":\"ULL - Agenda\",\"description\":\"\",\"potentialAction\":[{\"@type\":\"SearchAction\",\"target\":{\"@type\":\"EntryPoint\",\"urlTemplate\":\"https:\/\/www.ull.es\/portal\/agenda\/?s={search_term_string}\"},\"query-input\":\"required name=search_term_string\"}],\"inLanguage\":\"es\"}]}<\/script>\n<!-- \/ Yoast SEO plugin. -->","yoast_head_json":{"title":"XXIX Congreso Internacional Di\u00e1logo Fe-Cultura - ULL - Agenda","robots":{"index":"index","follow":"follow","max-snippet":"max-snippet:-1","max-image-preview":"max-image-preview:large","max-video-preview":"max-video-preview:-1"},"canonical":"https:\/\/www.ull.es\/portal\/agenda\/evento\/xxix-congreso-internacional-dialogo-fe-cultura\/","og_locale":"es_ES","og_type":"article","og_title":"XXIX Congreso Internacional Di\u00e1logo Fe-Cultura - ULL - Agenda","og_description":"Este Congreso sobre la recepci\u00f3n del Concilio Vaticano II a los 60 a\u00f1os de su celebraci\u00f3n tiene como principal objetivo proporcionar un espacio de reflexi\u00f3n y an\u00e1lisis sobre el impacto que ha tenido este evento ecum\u00e9nico en la Iglesia cat\u00f3lica y en la sociedad en general. A lo largo de las diferentes sesiones, ponencias y...","og_url":"https:\/\/www.ull.es\/portal\/agenda\/evento\/xxix-congreso-internacional-dialogo-fe-cultura\/","og_site_name":"ULL - Agenda","article_modified_time":"2024-05-15T12:35:14+00:00","og_image":[{"width":750,"height":370,"url":"https:\/\/www.ull.es\/portal\/agenda\/wp-content\/uploads\/sites\/12\/2024\/04\/XXIX-Congreso-Internacional-Dialogo-Fe-Cultura.png","type":"image\/png"}],"twitter_card":"summary_large_image","twitter_misc":{"Tiempo de lectura":"2 minutos"},"schema":{"@context":"https:\/\/schema.org","@graph":[{"@type":"WebPage","@id":"https:\/\/www.ull.es\/portal\/agenda\/evento\/xxix-congreso-internacional-dialogo-fe-cultura\/","url":"https:\/\/www.ull.es\/portal\/agenda\/evento\/xxix-congreso-internacional-dialogo-fe-cultura\/","name":"XXIX Congreso Internacional Di\u00e1logo Fe-Cultura - ULL - Agenda","isPartOf":{"@id":"https:\/\/www.ull.es\/portal\/agenda\/#website"},"datePublished":"2024-04-24T07:46:20+00:00","dateModified":"2024-05-15T12:35:14+00:00","breadcrumb":{"@id":"https:\/\/www.ull.es\/portal\/agenda\/evento\/xxix-congreso-internacional-dialogo-fe-cultura\/#breadcrumb"},"inLanguage":"es","potentialAction":[{"@type":"ReadAction","target":["https:\/\/www.ull.es\/portal\/agenda\/evento\/xxix-congreso-internacional-dialogo-fe-cultura\/"]}]},{"@type":"BreadcrumbList","@id":"https:\/\/www.ull.es\/portal\/agenda\/evento\/xxix-congreso-internacional-dialogo-fe-cultura\/#breadcrumb","itemListElement":[{"@type":"ListItem","position":1,"name":"Portada","item":"https:\/\/www.ull.es\/portal\/agenda\/"},{"@type":"ListItem","position":2,"name":"XXIX Congreso Internacional Di\u00e1logo Fe-Cultura"}]},{"@type":"WebSite","@id":"https:\/\/www.ull.es\/portal\/agenda\/#website","url":"https:\/\/www.ull.es\/portal\/agenda\/","name":"ULL - Agenda","description":"","potentialAction":[{"@type":"SearchAction","target":{"@type":"EntryPoint","urlTemplate":"https:\/\/www.ull.es\/portal\/agenda\/?s={search_term_string}"},"query-input":"required name=search_term_string"}],"inLanguage":"es"}]}},"_links":{"self":[{"href":"https:\/\/www.ull.es\/portal\/agenda\/wp-json\/wp\/v2\/tribe_events\/35592"}],"collection":[{"href":"https:\/\/www.ull.es\/portal\/agenda\/wp-json\/wp\/v2\/tribe_events"}],"about":[{"href":"https:\/\/www.ull.es\/portal\/agenda\/wp-json\/wp\/v2\/types\/tribe_events"}],"author":[{"embeddable":true,"href":"https:\/\/www.ull.es\/portal\/agenda\/wp-json\/wp\/v2\/users\/65"}],"replies":[{"embeddable":true,"href":"https:\/\/www.ull.es\/portal\/agenda\/wp-json\/wp\/v2\/comments?post=35592"}],"version-history":[{"count":3,"href":"https:\/\/www.ull.es\/portal\/agenda\/wp-json\/wp\/v2\/tribe_events\/35592\/revisions"}],"predecessor-version":[{"id":35595,"href":"https:\/\/www.ull.es\/portal\/agenda\/wp-json\/wp\/v2\/tribe_events\/35592\/revisions\/35595"}],"wp:featuredmedia":[{"embeddable":true,"href":"https:\/\/www.ull.es\/portal\/agenda\/wp-json\/wp\/v2\/media\/35855"}],"wp:attachment":[{"href":"https:\/\/www.ull.es\/portal\/agenda\/wp-json\/wp\/v2\/media?parent=35592"}],"wp:term":[{"taxonomy":"post_tag","embeddable":true,"href":"https:\/\/www.ull.es\/portal\/agenda\/wp-json\/wp\/v2\/tags?post=35592"},{"taxonomy":"tribe_events_cat","embeddable":true,"href":"https:\/\/www.ull.es\/portal\/agenda\/wp-json\/wp\/v2\/tribe_events_cat?post=35592"}],"curies":[{"name":"wp","href":"https:\/\/api.w.org\/{rel}","templated":true}]}}