{"id":35654,"date":"2024-04-29T10:47:12","date_gmt":"2024-04-29T10:47:12","guid":{"rendered":"https:\/\/www.ull.es\/portal\/agenda\/?post_type=tribe_events&#038;p=35654"},"modified":"2024-04-30T08:57:45","modified_gmt":"2024-04-30T08:57:45","slug":"trans-formando-el-cine-como-herramienta-activista-y-didactica-para-visibilizar-a-las-personas-trans","status":"publish","type":"tribe_events","link":"https:\/\/www.ull.es\/portal\/agenda\/evento\/trans-formando-el-cine-como-herramienta-activista-y-didactica-para-visibilizar-a-las-personas-trans\/","title":{"rendered":"\u00abTrans-formando\u00bb, el cine como herramienta activista y did\u00e1ctica para visibilizar a las personas trans"},"content":{"rendered":"<div>\n<div>\n<p>TRANS-FORMANDO tiene como objetivo fundamental mostrar las potencialidades del Cine como una herramienta activista y did\u00e1ctica para visibilizar a las personas trans. El d\u00eda 17 de mayo de 2024, coincidiendo con el D\u00eda Internacional contra la LGTBIfobia, la Fundaci\u00f3n Pedro Zerolo y Charlas de Cine, con el Aula Cultural de Diversidad LGBTIQ+ como anfitriona universitaria y con el apoyo de otras entidades e instituciones, pondremos en marcha cuatro mesas redondas, que se centrar\u00e1n en aspectos concretos como son el activismo, el cine, la educaci\u00f3n y el alumnado, con el objetivo fundamental de reflexionar sobre los procesos de inclusi\u00f3n de las personas trans en nuestra sociedad y aquellas herramientas esenciales para visibilizar a este colectivo en nuestra sociedad.<\/p>\n<\/div>\n<div><b>Programa\u00a0<\/b><\/div>\n<p><b>Inauguraci\u00f3n y bienvenida<\/b>, a cargo de Luisa Est\u00e9vez , Miquel Fern\u00e1ndez, Antonio Poveda Mart\u00ednez y Rosa Mar\u00eda Lavi\u00f1a Bellido (responsables de la Fundaci\u00f3n Pedro Zerolo) y Antonio Adelfo Alberto Delgado N\u00fa\u00f1ez, Director de Secretariado de Acceso y Diversidad de la Universidad de La Laguna.<br \/>\n<b>Mesa sobre activismo<\/b>, con Gerjo P\u00e9rez Meli\u00e1 (Director de la Cinemateca Pedro Zerolo), Gonzalo Abaha Nguema Mikue (Coordinador del colectivo Somos Parte Del Mundo en Guinea Ecuatorial) y Nayara Mart\u00ednez (Vicepresidenta de Libertrans)<\/p>\n<div>Mesa sobre cine, con Manuel D\u00edaz (director de Charlas de Cine), Nacha S\u00e1nchez (protagonista del largometraje Vestida de Azul), Eva Hern\u00e1ndez (Investigadora y docente de an\u00e1lisis cinematogr\u00e1fico) y Sagri Hern\u00e1ndez (responsable de protocolo del Festival de Cine Fant\u00e1stico de Canarias Ciudad de La Laguna &#8211; Isla Calavera).<\/div>\n<div><b>Mesa sobre educaci\u00f3n<\/b>, con\u00a0Olga D\u00edez Fern\u00e1ndez (profesora de ense\u00f1anza secundaria), Sergio Siverio Luis (Prof. de Derecho Constitucional y Director del Aula de Diversidad LGBTIQA+ de la ULL), Sonia Fern\u00e1ndez Nieves (vicepresidenta de Chrysallis) e \u00cdan Fajardo Tub\u00edo (promotor de igualdad de g\u00e9nero).<\/div>\n<p><b>Cierre con mesa del alumnado<\/b>, con Lola M\u00e1rquez Fuentes (estudiante del m\u00e1ster en estudios de g\u00e9nero y pol\u00edticas de igualdad y Secretaria del\u00a0 Aula de Diversidad LGBTIQA+ de la ULL), Elena Crespo Garc\u00eda (estudiante del Grado en Sociolog\u00eda de la ULL), Santiago Garc\u00eda Lorenzo (estudiante del Grado en Antropolog\u00eda Social y Cultural de la ULL).<\/p>\n<div>\n<div>\n<p><b>Presenta<\/b>: Jos\u00e9 Antonio Ramos Arteaga, profesor del Depto. de Filolog\u00eda Hisp\u00e1nica y miembro del Aula de Diversidad LGBTIQ+ de la ULL.<\/p>\n<p><a href=\"https:\/\/drive.google.com\/file\/d\/1wCVhu3Z_MDLa12l3ORvxjiQ8FBGMLKuj\/view?usp=sharing\" target=\"_blank\" rel=\"noopener\" target=\"_blank\" rel=\"noopener\">Cartel<\/a><\/p>\n<\/div>\n<\/div>\n<\/div>\n<div><\/div>\n<div><\/div>\n","protected":false},"excerpt":{"rendered":"<p>TRANS-FORMANDO tiene como objetivo fundamental mostrar las potencialidades del Cine como una herramienta activista y did\u00e1ctica para visibilizar a las personas trans. El d\u00eda 17 de mayo de 2024, coincidiendo con el D\u00eda Internacional contra la LGTBIfobia, la Fundaci\u00f3n Pedro Zerolo y Charlas de Cine, con el Aula Cultural de Diversidad LGBTIQ+ como anfitriona universitaria&#8230;<\/p>\n","protected":false},"author":65,"featured_media":35664,"comment_status":"closed","ping_status":"closed","template":"","tags":[],"tribe_events_cat":[344,3987,4,186,191],"acf":[],"yoast_head":"<!-- This site is optimized with the Yoast SEO plugin v21.3 - https:\/\/yoast.com\/wordpress\/plugins\/seo\/ -->\n<title>&quot;Trans-formando&quot;, el cine como herramienta activista y did\u00e1ctica para visibilizar a las personas trans - ULL - Agenda<\/title>\n<meta name=\"robots\" content=\"index, follow, max-snippet:-1, max-image-preview:large, max-video-preview:-1\" \/>\n<link rel=\"canonical\" href=\"https:\/\/www.ull.es\/portal\/agenda\/evento\/trans-formando-el-cine-como-herramienta-activista-y-didactica-para-visibilizar-a-las-personas-trans\/\" \/>\n<meta property=\"og:locale\" content=\"es_ES\" \/>\n<meta property=\"og:type\" content=\"article\" \/>\n<meta property=\"og:title\" content=\"&quot;Trans-formando&quot;, el cine como herramienta activista y did\u00e1ctica para visibilizar a las personas trans - ULL - Agenda\" \/>\n<meta property=\"og:description\" content=\"TRANS-FORMANDO tiene como objetivo fundamental mostrar las potencialidades del Cine como una herramienta activista y did\u00e1ctica para visibilizar a las personas trans. El d\u00eda 17 de mayo de 2024, coincidiendo con el D\u00eda Internacional contra la LGTBIfobia, la Fundaci\u00f3n Pedro Zerolo y Charlas de Cine, con el Aula Cultural de Diversidad LGBTIQ+ como anfitriona universitaria...\" \/>\n<meta property=\"og:url\" content=\"https:\/\/www.ull.es\/portal\/agenda\/evento\/trans-formando-el-cine-como-herramienta-activista-y-didactica-para-visibilizar-a-las-personas-trans\/\" \/>\n<meta property=\"og:site_name\" content=\"ULL - Agenda\" \/>\n<meta property=\"article:modified_time\" content=\"2024-04-30T08:57:45+00:00\" \/>\n<meta property=\"og:image\" content=\"https:\/\/www.ull.es\/portal\/agenda\/wp-content\/uploads\/sites\/12\/2024\/04\/Transformando-_Banner.png\" \/>\n\t<meta property=\"og:image:width\" content=\"750\" \/>\n\t<meta property=\"og:image:height\" content=\"370\" \/>\n\t<meta property=\"og:image:type\" content=\"image\/png\" \/>\n<meta name=\"twitter:card\" content=\"summary_large_image\" \/>\n<meta name=\"twitter:label1\" content=\"Tiempo de lectura\" \/>\n\t<meta name=\"twitter:data1\" content=\"2 minutos\" \/>\n<script type=\"application\/ld+json\" class=\"yoast-schema-graph\">{\"@context\":\"https:\/\/schema.org\",\"@graph\":[{\"@type\":\"WebPage\",\"@id\":\"https:\/\/www.ull.es\/portal\/agenda\/evento\/trans-formando-el-cine-como-herramienta-activista-y-didactica-para-visibilizar-a-las-personas-trans\/\",\"url\":\"https:\/\/www.ull.es\/portal\/agenda\/evento\/trans-formando-el-cine-como-herramienta-activista-y-didactica-para-visibilizar-a-las-personas-trans\/\",\"name\":\"\\\"Trans-formando\\\", el cine como herramienta activista y did\u00e1ctica para visibilizar a las personas trans - ULL - Agenda\",\"isPartOf\":{\"@id\":\"https:\/\/www.ull.es\/portal\/agenda\/#website\"},\"datePublished\":\"2024-04-29T10:47:12+00:00\",\"dateModified\":\"2024-04-30T08:57:45+00:00\",\"breadcrumb\":{\"@id\":\"https:\/\/www.ull.es\/portal\/agenda\/evento\/trans-formando-el-cine-como-herramienta-activista-y-didactica-para-visibilizar-a-las-personas-trans\/#breadcrumb\"},\"inLanguage\":\"es\",\"potentialAction\":[{\"@type\":\"ReadAction\",\"target\":[\"https:\/\/www.ull.es\/portal\/agenda\/evento\/trans-formando-el-cine-como-herramienta-activista-y-didactica-para-visibilizar-a-las-personas-trans\/\"]}]},{\"@type\":\"BreadcrumbList\",\"@id\":\"https:\/\/www.ull.es\/portal\/agenda\/evento\/trans-formando-el-cine-como-herramienta-activista-y-didactica-para-visibilizar-a-las-personas-trans\/#breadcrumb\",\"itemListElement\":[{\"@type\":\"ListItem\",\"position\":1,\"name\":\"Portada\",\"item\":\"https:\/\/www.ull.es\/portal\/agenda\/\"},{\"@type\":\"ListItem\",\"position\":2,\"name\":\"\u00abTrans-formando\u00bb, el cine como herramienta activista y did\u00e1ctica para visibilizar a las personas trans\"}]},{\"@type\":\"WebSite\",\"@id\":\"https:\/\/www.ull.es\/portal\/agenda\/#website\",\"url\":\"https:\/\/www.ull.es\/portal\/agenda\/\",\"name\":\"ULL - Agenda\",\"description\":\"\",\"potentialAction\":[{\"@type\":\"SearchAction\",\"target\":{\"@type\":\"EntryPoint\",\"urlTemplate\":\"https:\/\/www.ull.es\/portal\/agenda\/?s={search_term_string}\"},\"query-input\":\"required name=search_term_string\"}],\"inLanguage\":\"es\"}]}<\/script>\n<!-- \/ Yoast SEO plugin. -->","yoast_head_json":{"title":"\"Trans-formando\", el cine como herramienta activista y did\u00e1ctica para visibilizar a las personas trans - ULL - Agenda","robots":{"index":"index","follow":"follow","max-snippet":"max-snippet:-1","max-image-preview":"max-image-preview:large","max-video-preview":"max-video-preview:-1"},"canonical":"https:\/\/www.ull.es\/portal\/agenda\/evento\/trans-formando-el-cine-como-herramienta-activista-y-didactica-para-visibilizar-a-las-personas-trans\/","og_locale":"es_ES","og_type":"article","og_title":"\"Trans-formando\", el cine como herramienta activista y did\u00e1ctica para visibilizar a las personas trans - ULL - Agenda","og_description":"TRANS-FORMANDO tiene como objetivo fundamental mostrar las potencialidades del Cine como una herramienta activista y did\u00e1ctica para visibilizar a las personas trans. El d\u00eda 17 de mayo de 2024, coincidiendo con el D\u00eda Internacional contra la LGTBIfobia, la Fundaci\u00f3n Pedro Zerolo y Charlas de Cine, con el Aula Cultural de Diversidad LGBTIQ+ como anfitriona universitaria...","og_url":"https:\/\/www.ull.es\/portal\/agenda\/evento\/trans-formando-el-cine-como-herramienta-activista-y-didactica-para-visibilizar-a-las-personas-trans\/","og_site_name":"ULL - Agenda","article_modified_time":"2024-04-30T08:57:45+00:00","og_image":[{"width":750,"height":370,"url":"https:\/\/www.ull.es\/portal\/agenda\/wp-content\/uploads\/sites\/12\/2024\/04\/Transformando-_Banner.png","type":"image\/png"}],"twitter_card":"summary_large_image","twitter_misc":{"Tiempo de lectura":"2 minutos"},"schema":{"@context":"https:\/\/schema.org","@graph":[{"@type":"WebPage","@id":"https:\/\/www.ull.es\/portal\/agenda\/evento\/trans-formando-el-cine-como-herramienta-activista-y-didactica-para-visibilizar-a-las-personas-trans\/","url":"https:\/\/www.ull.es\/portal\/agenda\/evento\/trans-formando-el-cine-como-herramienta-activista-y-didactica-para-visibilizar-a-las-personas-trans\/","name":"\"Trans-formando\", el cine como herramienta activista y did\u00e1ctica para visibilizar a las personas trans - ULL - Agenda","isPartOf":{"@id":"https:\/\/www.ull.es\/portal\/agenda\/#website"},"datePublished":"2024-04-29T10:47:12+00:00","dateModified":"2024-04-30T08:57:45+00:00","breadcrumb":{"@id":"https:\/\/www.ull.es\/portal\/agenda\/evento\/trans-formando-el-cine-como-herramienta-activista-y-didactica-para-visibilizar-a-las-personas-trans\/#breadcrumb"},"inLanguage":"es","potentialAction":[{"@type":"ReadAction","target":["https:\/\/www.ull.es\/portal\/agenda\/evento\/trans-formando-el-cine-como-herramienta-activista-y-didactica-para-visibilizar-a-las-personas-trans\/"]}]},{"@type":"BreadcrumbList","@id":"https:\/\/www.ull.es\/portal\/agenda\/evento\/trans-formando-el-cine-como-herramienta-activista-y-didactica-para-visibilizar-a-las-personas-trans\/#breadcrumb","itemListElement":[{"@type":"ListItem","position":1,"name":"Portada","item":"https:\/\/www.ull.es\/portal\/agenda\/"},{"@type":"ListItem","position":2,"name":"\u00abTrans-formando\u00bb, el cine como herramienta activista y did\u00e1ctica para visibilizar a las personas trans"}]},{"@type":"WebSite","@id":"https:\/\/www.ull.es\/portal\/agenda\/#website","url":"https:\/\/www.ull.es\/portal\/agenda\/","name":"ULL - Agenda","description":"","potentialAction":[{"@type":"SearchAction","target":{"@type":"EntryPoint","urlTemplate":"https:\/\/www.ull.es\/portal\/agenda\/?s={search_term_string}"},"query-input":"required name=search_term_string"}],"inLanguage":"es"}]}},"_links":{"self":[{"href":"https:\/\/www.ull.es\/portal\/agenda\/wp-json\/wp\/v2\/tribe_events\/35654"}],"collection":[{"href":"https:\/\/www.ull.es\/portal\/agenda\/wp-json\/wp\/v2\/tribe_events"}],"about":[{"href":"https:\/\/www.ull.es\/portal\/agenda\/wp-json\/wp\/v2\/types\/tribe_events"}],"author":[{"embeddable":true,"href":"https:\/\/www.ull.es\/portal\/agenda\/wp-json\/wp\/v2\/users\/65"}],"replies":[{"embeddable":true,"href":"https:\/\/www.ull.es\/portal\/agenda\/wp-json\/wp\/v2\/comments?post=35654"}],"version-history":[{"count":7,"href":"https:\/\/www.ull.es\/portal\/agenda\/wp-json\/wp\/v2\/tribe_events\/35654\/revisions"}],"predecessor-version":[{"id":35665,"href":"https:\/\/www.ull.es\/portal\/agenda\/wp-json\/wp\/v2\/tribe_events\/35654\/revisions\/35665"}],"wp:featuredmedia":[{"embeddable":true,"href":"https:\/\/www.ull.es\/portal\/agenda\/wp-json\/wp\/v2\/media\/35664"}],"wp:attachment":[{"href":"https:\/\/www.ull.es\/portal\/agenda\/wp-json\/wp\/v2\/media?parent=35654"}],"wp:term":[{"taxonomy":"post_tag","embeddable":true,"href":"https:\/\/www.ull.es\/portal\/agenda\/wp-json\/wp\/v2\/tags?post=35654"},{"taxonomy":"tribe_events_cat","embeddable":true,"href":"https:\/\/www.ull.es\/portal\/agenda\/wp-json\/wp\/v2\/tribe_events_cat?post=35654"}],"curies":[{"name":"wp","href":"https:\/\/api.w.org\/{rel}","templated":true}]}}