{"id":35689,"date":"2024-05-02T08:08:31","date_gmt":"2024-05-02T08:08:31","guid":{"rendered":"https:\/\/www.ull.es\/portal\/agenda\/?post_type=tribe_events&#038;p=35689"},"modified":"2024-05-02T10:27:59","modified_gmt":"2024-05-02T10:27:59","slug":"dialogo-sobre-la-transmision-del-riesgo-en-la-compraventa-de-roma-a-la-codificacion","status":"publish","type":"tribe_events","link":"https:\/\/www.ull.es\/portal\/agenda\/evento\/dialogo-sobre-la-transmision-del-riesgo-en-la-compraventa-de-roma-a-la-codificacion\/","title":{"rendered":"Di\u00e1logo sobre la transmisi\u00f3n del riesgo en la compraventa: de Roma a la Codificaci\u00f3n"},"content":{"rendered":"<p>El pr\u00f3ximo martes 7 de mayo, a las 16:00 h, se celebrar\u00e1 en la Sala de Juntas de la Facultad de Derecho de la Universidad de La Laguna un coloquio sobre la figura de la transmisi\u00f3n del riesgo en el contrato de compraventa en el que se combinar\u00e1n dos perspectivas de an\u00e1lisis.<\/p>\n<p>Por un lado, las razones hist\u00f3ricas y t\u00e9cnico-jur\u00eddicas que justifican el surgimiento en Roma de la m\u00e1xima periculum est emptoris. Por otro lado, la \u00f3ptica de Derecho positivo para comprender qu\u00e9 queda de este antiguo expediente en el ordenamiento jur\u00eddico espa\u00f1ol y su impacto en la bilateralidad del contrato.<\/p>\n<p>Intervendr\u00e1n Ver\u00f3nica D. D\u00edaz Sazo, profesora Ayudante del \u00e1rea de Derecho romano de la Universidad de La Laguna e Ignacio Varela Castro, investigador posdoctoral del \u00e1rea de Derecho civil de la Universidad de Santiago de Compostela.<\/p>\n","protected":false},"excerpt":{"rendered":"<p>El pr\u00f3ximo martes 7 de mayo, a las 16:00 h, se celebrar\u00e1 en la Sala de Juntas de la Facultad de Derecho de la Universidad de La Laguna un coloquio sobre la figura de la transmisi\u00f3n del riesgo en el contrato de compraventa en el que se combinar\u00e1n dos perspectivas de an\u00e1lisis. Por un lado,&#8230;<\/p>\n","protected":false},"author":65,"featured_media":35705,"comment_status":"closed","ping_status":"closed","template":"","tags":[],"tribe_events_cat":[344,3626,3987,4,191],"acf":[],"yoast_head":"<!-- This site is optimized with the Yoast SEO plugin v21.3 - https:\/\/yoast.com\/wordpress\/plugins\/seo\/ -->\n<title>Di\u00e1logo sobre la transmisi\u00f3n del riesgo en la compraventa: de Roma a la Codificaci\u00f3n - ULL - Agenda<\/title>\n<meta name=\"robots\" content=\"index, follow, max-snippet:-1, max-image-preview:large, max-video-preview:-1\" \/>\n<link rel=\"canonical\" href=\"https:\/\/www.ull.es\/portal\/agenda\/evento\/dialogo-sobre-la-transmision-del-riesgo-en-la-compraventa-de-roma-a-la-codificacion\/\" \/>\n<meta property=\"og:locale\" content=\"es_ES\" \/>\n<meta property=\"og:type\" content=\"article\" \/>\n<meta property=\"og:title\" content=\"Di\u00e1logo sobre la transmisi\u00f3n del riesgo en la compraventa: de Roma a la Codificaci\u00f3n - ULL - Agenda\" \/>\n<meta property=\"og:description\" content=\"El pr\u00f3ximo martes 7 de mayo, a las 16:00 h, se celebrar\u00e1 en la Sala de Juntas de la Facultad de Derecho de la Universidad de La Laguna un coloquio sobre la figura de la transmisi\u00f3n del riesgo en el contrato de compraventa en el que se combinar\u00e1n dos perspectivas de an\u00e1lisis. Por un lado,...\" \/>\n<meta property=\"og:url\" content=\"https:\/\/www.ull.es\/portal\/agenda\/evento\/dialogo-sobre-la-transmision-del-riesgo-en-la-compraventa-de-roma-a-la-codificacion\/\" \/>\n<meta property=\"og:site_name\" content=\"ULL - Agenda\" \/>\n<meta property=\"article:modified_time\" content=\"2024-05-02T10:27:59+00:00\" \/>\n<meta property=\"og:image\" content=\"https:\/\/www.ull.es\/portal\/agenda\/wp-content\/uploads\/sites\/12\/2024\/05\/Dialogo-sobre-la-transmision-del-riesgo-en-la-compraventa-de-Roma-a-la-Codificacion_Banner-eventos.png\" \/>\n\t<meta property=\"og:image:width\" content=\"750\" \/>\n\t<meta property=\"og:image:height\" content=\"370\" \/>\n\t<meta property=\"og:image:type\" content=\"image\/png\" \/>\n<meta name=\"twitter:card\" content=\"summary_large_image\" \/>\n<meta name=\"twitter:label1\" content=\"Tiempo de lectura\" \/>\n\t<meta name=\"twitter:data1\" content=\"1 minuto\" \/>\n<script type=\"application\/ld+json\" class=\"yoast-schema-graph\">{\"@context\":\"https:\/\/schema.org\",\"@graph\":[{\"@type\":\"WebPage\",\"@id\":\"https:\/\/www.ull.es\/portal\/agenda\/evento\/dialogo-sobre-la-transmision-del-riesgo-en-la-compraventa-de-roma-a-la-codificacion\/\",\"url\":\"https:\/\/www.ull.es\/portal\/agenda\/evento\/dialogo-sobre-la-transmision-del-riesgo-en-la-compraventa-de-roma-a-la-codificacion\/\",\"name\":\"Di\u00e1logo sobre la transmisi\u00f3n del riesgo en la compraventa: de Roma a la Codificaci\u00f3n - ULL - Agenda\",\"isPartOf\":{\"@id\":\"https:\/\/www.ull.es\/portal\/agenda\/#website\"},\"datePublished\":\"2024-05-02T08:08:31+00:00\",\"dateModified\":\"2024-05-02T10:27:59+00:00\",\"breadcrumb\":{\"@id\":\"https:\/\/www.ull.es\/portal\/agenda\/evento\/dialogo-sobre-la-transmision-del-riesgo-en-la-compraventa-de-roma-a-la-codificacion\/#breadcrumb\"},\"inLanguage\":\"es\",\"potentialAction\":[{\"@type\":\"ReadAction\",\"target\":[\"https:\/\/www.ull.es\/portal\/agenda\/evento\/dialogo-sobre-la-transmision-del-riesgo-en-la-compraventa-de-roma-a-la-codificacion\/\"]}]},{\"@type\":\"BreadcrumbList\",\"@id\":\"https:\/\/www.ull.es\/portal\/agenda\/evento\/dialogo-sobre-la-transmision-del-riesgo-en-la-compraventa-de-roma-a-la-codificacion\/#breadcrumb\",\"itemListElement\":[{\"@type\":\"ListItem\",\"position\":1,\"name\":\"Portada\",\"item\":\"https:\/\/www.ull.es\/portal\/agenda\/\"},{\"@type\":\"ListItem\",\"position\":2,\"name\":\"Di\u00e1logo sobre la transmisi\u00f3n del riesgo en la compraventa: de Roma a la Codificaci\u00f3n\"}]},{\"@type\":\"WebSite\",\"@id\":\"https:\/\/www.ull.es\/portal\/agenda\/#website\",\"url\":\"https:\/\/www.ull.es\/portal\/agenda\/\",\"name\":\"ULL - Agenda\",\"description\":\"\",\"potentialAction\":[{\"@type\":\"SearchAction\",\"target\":{\"@type\":\"EntryPoint\",\"urlTemplate\":\"https:\/\/www.ull.es\/portal\/agenda\/?s={search_term_string}\"},\"query-input\":\"required name=search_term_string\"}],\"inLanguage\":\"es\"}]}<\/script>\n<!-- \/ Yoast SEO plugin. -->","yoast_head_json":{"title":"Di\u00e1logo sobre la transmisi\u00f3n del riesgo en la compraventa: de Roma a la Codificaci\u00f3n - ULL - Agenda","robots":{"index":"index","follow":"follow","max-snippet":"max-snippet:-1","max-image-preview":"max-image-preview:large","max-video-preview":"max-video-preview:-1"},"canonical":"https:\/\/www.ull.es\/portal\/agenda\/evento\/dialogo-sobre-la-transmision-del-riesgo-en-la-compraventa-de-roma-a-la-codificacion\/","og_locale":"es_ES","og_type":"article","og_title":"Di\u00e1logo sobre la transmisi\u00f3n del riesgo en la compraventa: de Roma a la Codificaci\u00f3n - ULL - Agenda","og_description":"El pr\u00f3ximo martes 7 de mayo, a las 16:00 h, se celebrar\u00e1 en la Sala de Juntas de la Facultad de Derecho de la Universidad de La Laguna un coloquio sobre la figura de la transmisi\u00f3n del riesgo en el contrato de compraventa en el que se combinar\u00e1n dos perspectivas de an\u00e1lisis. Por un lado,...","og_url":"https:\/\/www.ull.es\/portal\/agenda\/evento\/dialogo-sobre-la-transmision-del-riesgo-en-la-compraventa-de-roma-a-la-codificacion\/","og_site_name":"ULL - Agenda","article_modified_time":"2024-05-02T10:27:59+00:00","og_image":[{"width":750,"height":370,"url":"https:\/\/www.ull.es\/portal\/agenda\/wp-content\/uploads\/sites\/12\/2024\/05\/Dialogo-sobre-la-transmision-del-riesgo-en-la-compraventa-de-Roma-a-la-Codificacion_Banner-eventos.png","type":"image\/png"}],"twitter_card":"summary_large_image","twitter_misc":{"Tiempo de lectura":"1 minuto"},"schema":{"@context":"https:\/\/schema.org","@graph":[{"@type":"WebPage","@id":"https:\/\/www.ull.es\/portal\/agenda\/evento\/dialogo-sobre-la-transmision-del-riesgo-en-la-compraventa-de-roma-a-la-codificacion\/","url":"https:\/\/www.ull.es\/portal\/agenda\/evento\/dialogo-sobre-la-transmision-del-riesgo-en-la-compraventa-de-roma-a-la-codificacion\/","name":"Di\u00e1logo sobre la transmisi\u00f3n del riesgo en la compraventa: de Roma a la Codificaci\u00f3n - ULL - Agenda","isPartOf":{"@id":"https:\/\/www.ull.es\/portal\/agenda\/#website"},"datePublished":"2024-05-02T08:08:31+00:00","dateModified":"2024-05-02T10:27:59+00:00","breadcrumb":{"@id":"https:\/\/www.ull.es\/portal\/agenda\/evento\/dialogo-sobre-la-transmision-del-riesgo-en-la-compraventa-de-roma-a-la-codificacion\/#breadcrumb"},"inLanguage":"es","potentialAction":[{"@type":"ReadAction","target":["https:\/\/www.ull.es\/portal\/agenda\/evento\/dialogo-sobre-la-transmision-del-riesgo-en-la-compraventa-de-roma-a-la-codificacion\/"]}]},{"@type":"BreadcrumbList","@id":"https:\/\/www.ull.es\/portal\/agenda\/evento\/dialogo-sobre-la-transmision-del-riesgo-en-la-compraventa-de-roma-a-la-codificacion\/#breadcrumb","itemListElement":[{"@type":"ListItem","position":1,"name":"Portada","item":"https:\/\/www.ull.es\/portal\/agenda\/"},{"@type":"ListItem","position":2,"name":"Di\u00e1logo sobre la transmisi\u00f3n del riesgo en la compraventa: de Roma a la Codificaci\u00f3n"}]},{"@type":"WebSite","@id":"https:\/\/www.ull.es\/portal\/agenda\/#website","url":"https:\/\/www.ull.es\/portal\/agenda\/","name":"ULL - Agenda","description":"","potentialAction":[{"@type":"SearchAction","target":{"@type":"EntryPoint","urlTemplate":"https:\/\/www.ull.es\/portal\/agenda\/?s={search_term_string}"},"query-input":"required name=search_term_string"}],"inLanguage":"es"}]}},"_links":{"self":[{"href":"https:\/\/www.ull.es\/portal\/agenda\/wp-json\/wp\/v2\/tribe_events\/35689"}],"collection":[{"href":"https:\/\/www.ull.es\/portal\/agenda\/wp-json\/wp\/v2\/tribe_events"}],"about":[{"href":"https:\/\/www.ull.es\/portal\/agenda\/wp-json\/wp\/v2\/types\/tribe_events"}],"author":[{"embeddable":true,"href":"https:\/\/www.ull.es\/portal\/agenda\/wp-json\/wp\/v2\/users\/65"}],"replies":[{"embeddable":true,"href":"https:\/\/www.ull.es\/portal\/agenda\/wp-json\/wp\/v2\/comments?post=35689"}],"version-history":[{"count":1,"href":"https:\/\/www.ull.es\/portal\/agenda\/wp-json\/wp\/v2\/tribe_events\/35689\/revisions"}],"predecessor-version":[{"id":35690,"href":"https:\/\/www.ull.es\/portal\/agenda\/wp-json\/wp\/v2\/tribe_events\/35689\/revisions\/35690"}],"wp:featuredmedia":[{"embeddable":true,"href":"https:\/\/www.ull.es\/portal\/agenda\/wp-json\/wp\/v2\/media\/35705"}],"wp:attachment":[{"href":"https:\/\/www.ull.es\/portal\/agenda\/wp-json\/wp\/v2\/media?parent=35689"}],"wp:term":[{"taxonomy":"post_tag","embeddable":true,"href":"https:\/\/www.ull.es\/portal\/agenda\/wp-json\/wp\/v2\/tags?post=35689"},{"taxonomy":"tribe_events_cat","embeddable":true,"href":"https:\/\/www.ull.es\/portal\/agenda\/wp-json\/wp\/v2\/tribe_events_cat?post=35689"}],"curies":[{"name":"wp","href":"https:\/\/api.w.org\/{rel}","templated":true}]}}