{"id":35778,"date":"2024-05-06T07:53:33","date_gmt":"2024-05-06T07:53:33","guid":{"rendered":"https:\/\/www.ull.es\/portal\/agenda\/?post_type=tribe_events&#038;p=35778"},"modified":"2024-05-14T07:17:21","modified_gmt":"2024-05-14T07:17:21","slug":"acta-de-celebracion-del-dia-de-la-pedagogia","status":"publish","type":"tribe_events","link":"https:\/\/www.ull.es\/portal\/agenda\/evento\/acta-de-celebracion-del-dia-de-la-pedagogia\/","title":{"rendered":"Acto de celebraci\u00f3n del D\u00eda de la Pedagog\u00eda"},"content":{"rendered":"<p>La Facultad de Educaci\u00f3n y el Colegio Profesional de la Pedagog\u00eda y la Psicopedagog\u00eda de Santa Cruz de Tenerife organizan la celebraci\u00f3n del d\u00eda de la Pedagog\u00eda, que tendr\u00e1 lugar el mi\u00e9rcoles 15 de mayo a las 18:00 horas en el Aula Magna del Campus Central.<\/p>\n<p>La necesidad de la pedagog\u00eda en la sociedad y los nuevos retos de la educaci\u00f3n ocupar\u00e1n el protagonismo del acto, (se adjunta el programa). En la inauguraci\u00f3n contaremos con la presencia del Rector de la Universidad de La Laguna, Francisco Javier Garc\u00eda Rodr\u00edguez, la del Consejero de Empleo, Educaci\u00f3n y Juventud del Cabildo de Tenerife, Efra\u00edn Medina Hern\u00e1ndez y la del Viceconsejero de Educaci\u00f3n del Gobierno de Canarias, Jos\u00e9 Manuel Cabrera Delgado.<\/p>\n<p>A las 20:00\u00a0 horas concluir\u00e1 el acto y, a continuaci\u00f3n, se servir\u00e1 un brindis ofrecido por el Colegio Profesional de la Pedagog\u00eda y la Psicopedagog\u00eda de Santa Cruz de Tenerife.<\/p>\n<p>La entrada es libre hasta completar aforo, si bien tendr\u00e1n preferencia las personas inscritas en el siguiente\u00a0<a href=\"https:\/\/forms.office.com\/pages\/responsepage.aspx?id=ghBtMP2sDkODQWYigZ0_J2TphA2uFOFBmAX4I5cK67lUNjVDTFZVQUZOTVlOQlhFR0ZXQVo1VUpLSy4u&amp;origin=lprLink\" target=\"_blank\" rel=\"noopener\" data-saferedirecturl=\"https:\/\/www.google.com\/url?q=https:\/\/forms.office.com\/pages\/responsepage.aspx?id%3DghBtMP2sDkODQWYigZ0_J2TphA2uFOFBmAX4I5cK67lUNjVDTFZVQUZOTVlOQlhFR0ZXQVo1VUpLSy4u%26origin%3DlprLink&amp;source=gmail&amp;ust=1715067709224000&amp;usg=AOvVaw1zvCGxxSjrNg3PlNPPEKa1\" target=\"_blank\" rel=\"noopener\">enlace<\/a>.<\/p>\n<p><a href=\"https:\/\/drive.google.com\/file\/d\/1QQpXXBG0YZ1_4XubJoALJU0_31pMmHFE\/view?usp=sharing\" target=\"_blank\" rel=\"noopener\" target=\"_blank\" rel=\"noopener\">Programa<\/a><\/p>\n","protected":false},"excerpt":{"rendered":"<p>La Facultad de Educaci\u00f3n y el Colegio Profesional de la Pedagog\u00eda y la Psicopedagog\u00eda de Santa Cruz de Tenerife organizan la celebraci\u00f3n del d\u00eda de la Pedagog\u00eda, que tendr\u00e1 lugar el mi\u00e9rcoles 15 de mayo a las 18:00 horas en el Aula Magna del Campus Central. La necesidad de la pedagog\u00eda en la sociedad y&#8230;<\/p>\n","protected":false},"author":65,"featured_media":35839,"comment_status":"closed","ping_status":"closed","template":"","tags":[],"tribe_events_cat":[4,815,191],"acf":[],"yoast_head":"<!-- This site is optimized with the Yoast SEO plugin v21.3 - https:\/\/yoast.com\/wordpress\/plugins\/seo\/ -->\n<title>Acto de celebraci\u00f3n del D\u00eda de la Pedagog\u00eda - ULL - Agenda<\/title>\n<meta name=\"robots\" content=\"index, follow, max-snippet:-1, max-image-preview:large, max-video-preview:-1\" \/>\n<link rel=\"canonical\" href=\"https:\/\/www.ull.es\/portal\/agenda\/evento\/acta-de-celebracion-del-dia-de-la-pedagogia\/\" \/>\n<meta property=\"og:locale\" content=\"es_ES\" \/>\n<meta property=\"og:type\" content=\"article\" \/>\n<meta property=\"og:title\" content=\"Acto de celebraci\u00f3n del D\u00eda de la Pedagog\u00eda - ULL - Agenda\" \/>\n<meta property=\"og:description\" content=\"La Facultad de Educaci\u00f3n y el Colegio Profesional de la Pedagog\u00eda y la Psicopedagog\u00eda de Santa Cruz de Tenerife organizan la celebraci\u00f3n del d\u00eda de la Pedagog\u00eda, que tendr\u00e1 lugar el mi\u00e9rcoles 15 de mayo a las 18:00 horas en el Aula Magna del Campus Central. La necesidad de la pedagog\u00eda en la sociedad y...\" \/>\n<meta property=\"og:url\" content=\"https:\/\/www.ull.es\/portal\/agenda\/evento\/acta-de-celebracion-del-dia-de-la-pedagogia\/\" \/>\n<meta property=\"og:site_name\" content=\"ULL - Agenda\" \/>\n<meta property=\"article:modified_time\" content=\"2024-05-14T07:17:21+00:00\" \/>\n<meta property=\"og:image\" content=\"https:\/\/www.ull.es\/portal\/agenda\/wp-content\/uploads\/sites\/12\/2024\/05\/Acto-dia-de-la-pedagogia_Banner-eventos.png\" \/>\n\t<meta property=\"og:image:width\" content=\"750\" \/>\n\t<meta property=\"og:image:height\" content=\"370\" \/>\n\t<meta property=\"og:image:type\" content=\"image\/png\" \/>\n<meta name=\"twitter:card\" content=\"summary_large_image\" \/>\n<meta name=\"twitter:label1\" content=\"Tiempo de lectura\" \/>\n\t<meta name=\"twitter:data1\" content=\"1 minuto\" \/>\n<script type=\"application\/ld+json\" class=\"yoast-schema-graph\">{\"@context\":\"https:\/\/schema.org\",\"@graph\":[{\"@type\":\"WebPage\",\"@id\":\"https:\/\/www.ull.es\/portal\/agenda\/evento\/acta-de-celebracion-del-dia-de-la-pedagogia\/\",\"url\":\"https:\/\/www.ull.es\/portal\/agenda\/evento\/acta-de-celebracion-del-dia-de-la-pedagogia\/\",\"name\":\"Acto de celebraci\u00f3n del D\u00eda de la Pedagog\u00eda - ULL - Agenda\",\"isPartOf\":{\"@id\":\"https:\/\/www.ull.es\/portal\/agenda\/#website\"},\"datePublished\":\"2024-05-06T07:53:33+00:00\",\"dateModified\":\"2024-05-14T07:17:21+00:00\",\"breadcrumb\":{\"@id\":\"https:\/\/www.ull.es\/portal\/agenda\/evento\/acta-de-celebracion-del-dia-de-la-pedagogia\/#breadcrumb\"},\"inLanguage\":\"es\",\"potentialAction\":[{\"@type\":\"ReadAction\",\"target\":[\"https:\/\/www.ull.es\/portal\/agenda\/evento\/acta-de-celebracion-del-dia-de-la-pedagogia\/\"]}]},{\"@type\":\"BreadcrumbList\",\"@id\":\"https:\/\/www.ull.es\/portal\/agenda\/evento\/acta-de-celebracion-del-dia-de-la-pedagogia\/#breadcrumb\",\"itemListElement\":[{\"@type\":\"ListItem\",\"position\":1,\"name\":\"Portada\",\"item\":\"https:\/\/www.ull.es\/portal\/agenda\/\"},{\"@type\":\"ListItem\",\"position\":2,\"name\":\"Acto de celebraci\u00f3n del D\u00eda de la Pedagog\u00eda\"}]},{\"@type\":\"WebSite\",\"@id\":\"https:\/\/www.ull.es\/portal\/agenda\/#website\",\"url\":\"https:\/\/www.ull.es\/portal\/agenda\/\",\"name\":\"ULL - Agenda\",\"description\":\"\",\"potentialAction\":[{\"@type\":\"SearchAction\",\"target\":{\"@type\":\"EntryPoint\",\"urlTemplate\":\"https:\/\/www.ull.es\/portal\/agenda\/?s={search_term_string}\"},\"query-input\":\"required name=search_term_string\"}],\"inLanguage\":\"es\"}]}<\/script>\n<!-- \/ Yoast SEO plugin. -->","yoast_head_json":{"title":"Acto de celebraci\u00f3n del D\u00eda de la Pedagog\u00eda - ULL - Agenda","robots":{"index":"index","follow":"follow","max-snippet":"max-snippet:-1","max-image-preview":"max-image-preview:large","max-video-preview":"max-video-preview:-1"},"canonical":"https:\/\/www.ull.es\/portal\/agenda\/evento\/acta-de-celebracion-del-dia-de-la-pedagogia\/","og_locale":"es_ES","og_type":"article","og_title":"Acto de celebraci\u00f3n del D\u00eda de la Pedagog\u00eda - ULL - Agenda","og_description":"La Facultad de Educaci\u00f3n y el Colegio Profesional de la Pedagog\u00eda y la Psicopedagog\u00eda de Santa Cruz de Tenerife organizan la celebraci\u00f3n del d\u00eda de la Pedagog\u00eda, que tendr\u00e1 lugar el mi\u00e9rcoles 15 de mayo a las 18:00 horas en el Aula Magna del Campus Central. La necesidad de la pedagog\u00eda en la sociedad y...","og_url":"https:\/\/www.ull.es\/portal\/agenda\/evento\/acta-de-celebracion-del-dia-de-la-pedagogia\/","og_site_name":"ULL - Agenda","article_modified_time":"2024-05-14T07:17:21+00:00","og_image":[{"width":750,"height":370,"url":"https:\/\/www.ull.es\/portal\/agenda\/wp-content\/uploads\/sites\/12\/2024\/05\/Acto-dia-de-la-pedagogia_Banner-eventos.png","type":"image\/png"}],"twitter_card":"summary_large_image","twitter_misc":{"Tiempo de lectura":"1 minuto"},"schema":{"@context":"https:\/\/schema.org","@graph":[{"@type":"WebPage","@id":"https:\/\/www.ull.es\/portal\/agenda\/evento\/acta-de-celebracion-del-dia-de-la-pedagogia\/","url":"https:\/\/www.ull.es\/portal\/agenda\/evento\/acta-de-celebracion-del-dia-de-la-pedagogia\/","name":"Acto de celebraci\u00f3n del D\u00eda de la Pedagog\u00eda - ULL - Agenda","isPartOf":{"@id":"https:\/\/www.ull.es\/portal\/agenda\/#website"},"datePublished":"2024-05-06T07:53:33+00:00","dateModified":"2024-05-14T07:17:21+00:00","breadcrumb":{"@id":"https:\/\/www.ull.es\/portal\/agenda\/evento\/acta-de-celebracion-del-dia-de-la-pedagogia\/#breadcrumb"},"inLanguage":"es","potentialAction":[{"@type":"ReadAction","target":["https:\/\/www.ull.es\/portal\/agenda\/evento\/acta-de-celebracion-del-dia-de-la-pedagogia\/"]}]},{"@type":"BreadcrumbList","@id":"https:\/\/www.ull.es\/portal\/agenda\/evento\/acta-de-celebracion-del-dia-de-la-pedagogia\/#breadcrumb","itemListElement":[{"@type":"ListItem","position":1,"name":"Portada","item":"https:\/\/www.ull.es\/portal\/agenda\/"},{"@type":"ListItem","position":2,"name":"Acto de celebraci\u00f3n del D\u00eda de la Pedagog\u00eda"}]},{"@type":"WebSite","@id":"https:\/\/www.ull.es\/portal\/agenda\/#website","url":"https:\/\/www.ull.es\/portal\/agenda\/","name":"ULL - Agenda","description":"","potentialAction":[{"@type":"SearchAction","target":{"@type":"EntryPoint","urlTemplate":"https:\/\/www.ull.es\/portal\/agenda\/?s={search_term_string}"},"query-input":"required name=search_term_string"}],"inLanguage":"es"}]}},"_links":{"self":[{"href":"https:\/\/www.ull.es\/portal\/agenda\/wp-json\/wp\/v2\/tribe_events\/35778"}],"collection":[{"href":"https:\/\/www.ull.es\/portal\/agenda\/wp-json\/wp\/v2\/tribe_events"}],"about":[{"href":"https:\/\/www.ull.es\/portal\/agenda\/wp-json\/wp\/v2\/types\/tribe_events"}],"author":[{"embeddable":true,"href":"https:\/\/www.ull.es\/portal\/agenda\/wp-json\/wp\/v2\/users\/65"}],"replies":[{"embeddable":true,"href":"https:\/\/www.ull.es\/portal\/agenda\/wp-json\/wp\/v2\/comments?post=35778"}],"version-history":[{"count":5,"href":"https:\/\/www.ull.es\/portal\/agenda\/wp-json\/wp\/v2\/tribe_events\/35778\/revisions"}],"predecessor-version":[{"id":35937,"href":"https:\/\/www.ull.es\/portal\/agenda\/wp-json\/wp\/v2\/tribe_events\/35778\/revisions\/35937"}],"wp:featuredmedia":[{"embeddable":true,"href":"https:\/\/www.ull.es\/portal\/agenda\/wp-json\/wp\/v2\/media\/35839"}],"wp:attachment":[{"href":"https:\/\/www.ull.es\/portal\/agenda\/wp-json\/wp\/v2\/media?parent=35778"}],"wp:term":[{"taxonomy":"post_tag","embeddable":true,"href":"https:\/\/www.ull.es\/portal\/agenda\/wp-json\/wp\/v2\/tags?post=35778"},{"taxonomy":"tribe_events_cat","embeddable":true,"href":"https:\/\/www.ull.es\/portal\/agenda\/wp-json\/wp\/v2\/tribe_events_cat?post=35778"}],"curies":[{"name":"wp","href":"https:\/\/api.w.org\/{rel}","templated":true}]}}