{"id":35858,"date":"2024-05-07T09:21:53","date_gmt":"2024-05-07T09:21:53","guid":{"rendered":"https:\/\/www.ull.es\/portal\/agenda\/?post_type=tribe_events&#038;p=35858"},"modified":"2024-05-07T13:21:18","modified_gmt":"2024-05-07T13:21:18","slug":"ceremonia-academica-conmemorativa-del-50-aniversario-de-creacion-de-la-facultad-de-farmacia","status":"publish","type":"tribe_events","link":"https:\/\/www.ull.es\/portal\/agenda\/evento\/ceremonia-academica-conmemorativa-del-50-aniversario-de-creacion-de-la-facultad-de-farmacia\/","title":{"rendered":"Ceremonia acad\u00e9mica conmemorativa del 50 aniversario de creaci\u00f3n de la Facultad de Farmacia"},"content":{"rendered":"<p>La Facultad de Farmacia de la Universidad de La Laguna celebra el s\u00e1bado 11 de mayo a partir de las 18:00 horas en el Aula Magna del Aulario General C\u00e9sar Manrique la ceremonia acad\u00e9mica conmemorativa del 50 aniversario de creaci\u00f3n de esta instituci\u00f3n.<\/p>\n<p>La ceremonia estar\u00e1 presidida por Francisco J. Garc\u00eda Rodr\u00edguez, Rector de la Universidad de La Laguna y al acto asistir\u00e1n tambi\u00e9n Fernando Clavijo, presidente de Canarias, Jos\u00e9 Fernando D\u00edaz Flores, director General de Salud P\u00fablica\u00a0 y Ciro Guti\u00e9rrez Ascanio, viceconsejero de Universidades del Gobierno de Canarias. Tambi\u00e9n estar\u00e1 presente Marta Dom\u00ednguez, directora de Secretariado de C\u00e1tedras Institucionales y Susana Abdala, decana de la Facultad de Farmacia, as\u00ed como algunos ex-vicerrectores, adem\u00e1s de algunos decanos de otros centros de nuestra universidad y algunos ex decanos de los 9 que ha tenido esta Facultad.<\/p>\n<p><strong>Programa<\/strong><\/p>\n<ol>\n<li>Apertura del acto por el Sr. Rector Magn\u00edfico D. Francisco J. Garc\u00eda Rodr\u00edguez<\/li>\n<li>Intervenci\u00f3n de la representante de la primera promoci\u00f3n D\u00f1a. Margarita Tom\u00e1s Mart\u00ed<\/li>\n<li>Entrega de insignias a los egresados de la primera promoci\u00f3n<\/li>\n<li>Proyecci\u00f3n de un v\u00eddeo de egresados<\/li>\n<li>Presentaci\u00f3n del conferenciante a cargo del Sr. Secretario de la Facultad D. Jos\u00e9 Enrique Pi\u00f1ero Barroso<\/li>\n<li>Conferencia titulada \u201cMis recuerdos y vivencias en torno a la Facultad de Farmacia de la ULL en su 50 aniversario\u201d a cargo del<br \/>\nCatedr\u00e1tico de Toxicolog\u00eda D. Arturo Hardisson de la Torre<\/li>\n<li>Intervenci\u00f3n del ex Decano D. Miguel \u00c1ngel Esteso D\u00edaz<\/li>\n<li>Entrega de placas<\/li>\n<li>Intervenci\u00f3n de la Ilma. Sra. Decana de la Facultad de Farmacia D\u00f1a. Susana Abdala Kuri<\/li>\n<li>\u00a0Intervenci\u00f3n del Excmo. Sr. Presidente de Canarias D. Fernando Clavijo Batlle<\/li>\n<li>Intervenci\u00f3n del Sr. Rector Magn\u00edfico D. Francisco J. Garc\u00eda Rodr\u00edguez<\/li>\n<li>Cierre del acto a cargo del Sr. Rector Magn\u00edfico D. Francisco J. Garc\u00eda Rodr\u00edguez<\/li>\n<li>Interpretaci\u00f3n del Gaudeamus por la Coral de C\u00e1mara de la Facultad de Farmacia<\/li>\n<li>C\u00f3ctel de bienvenida a todos los asistentes<\/li>\n<\/ol>\n","protected":false},"excerpt":{"rendered":"<p>La Facultad de Farmacia de la Universidad de La Laguna celebra el s\u00e1bado 11 de mayo a partir de las 18:00 horas en el Aula Magna del Aulario General C\u00e9sar Manrique la ceremonia acad\u00e9mica conmemorativa del 50 aniversario de creaci\u00f3n de esta instituci\u00f3n. La ceremonia estar\u00e1 presidida por Francisco J. Garc\u00eda Rodr\u00edguez, Rector de la&#8230;<\/p>\n","protected":false},"author":65,"featured_media":35868,"comment_status":"closed","ping_status":"closed","template":"","tags":[],"tribe_events_cat":[4,2580,191],"acf":[],"yoast_head":"<!-- This site is optimized with the Yoast SEO plugin v21.3 - https:\/\/yoast.com\/wordpress\/plugins\/seo\/ -->\n<title>Ceremonia acad\u00e9mica conmemorativa del 50 aniversario de creaci\u00f3n de la Facultad de Farmacia - ULL - Agenda<\/title>\n<meta name=\"robots\" content=\"index, follow, max-snippet:-1, max-image-preview:large, max-video-preview:-1\" \/>\n<link rel=\"canonical\" href=\"https:\/\/www.ull.es\/portal\/agenda\/evento\/ceremonia-academica-conmemorativa-del-50-aniversario-de-creacion-de-la-facultad-de-farmacia\/\" \/>\n<meta property=\"og:locale\" content=\"es_ES\" \/>\n<meta property=\"og:type\" content=\"article\" \/>\n<meta property=\"og:title\" content=\"Ceremonia acad\u00e9mica conmemorativa del 50 aniversario de creaci\u00f3n de la Facultad de Farmacia - ULL - Agenda\" \/>\n<meta property=\"og:description\" content=\"La Facultad de Farmacia de la Universidad de La Laguna celebra el s\u00e1bado 11 de mayo a partir de las 18:00 horas en el Aula Magna del Aulario General C\u00e9sar Manrique la ceremonia acad\u00e9mica conmemorativa del 50 aniversario de creaci\u00f3n de esta instituci\u00f3n. La ceremonia estar\u00e1 presidida por Francisco J. Garc\u00eda Rodr\u00edguez, Rector de la...\" \/>\n<meta property=\"og:url\" content=\"https:\/\/www.ull.es\/portal\/agenda\/evento\/ceremonia-academica-conmemorativa-del-50-aniversario-de-creacion-de-la-facultad-de-farmacia\/\" \/>\n<meta property=\"og:site_name\" content=\"ULL - Agenda\" \/>\n<meta property=\"article:modified_time\" content=\"2024-05-07T13:21:18+00:00\" \/>\n<meta property=\"og:image\" content=\"https:\/\/www.ull.es\/portal\/agenda\/wp-content\/uploads\/sites\/12\/2024\/05\/Ceremonia-academica-conmemorativa-del-50-aniversario-de-creacion-de-la-Facu_Banner-eventos.png\" \/>\n\t<meta property=\"og:image:width\" content=\"750\" \/>\n\t<meta property=\"og:image:height\" content=\"370\" \/>\n\t<meta property=\"og:image:type\" content=\"image\/png\" \/>\n<meta name=\"twitter:card\" content=\"summary_large_image\" \/>\n<meta name=\"twitter:label1\" content=\"Tiempo de lectura\" \/>\n\t<meta name=\"twitter:data1\" content=\"2 minutos\" \/>\n<script type=\"application\/ld+json\" class=\"yoast-schema-graph\">{\"@context\":\"https:\/\/schema.org\",\"@graph\":[{\"@type\":\"WebPage\",\"@id\":\"https:\/\/www.ull.es\/portal\/agenda\/evento\/ceremonia-academica-conmemorativa-del-50-aniversario-de-creacion-de-la-facultad-de-farmacia\/\",\"url\":\"https:\/\/www.ull.es\/portal\/agenda\/evento\/ceremonia-academica-conmemorativa-del-50-aniversario-de-creacion-de-la-facultad-de-farmacia\/\",\"name\":\"Ceremonia acad\u00e9mica conmemorativa del 50 aniversario de creaci\u00f3n de la Facultad de Farmacia - ULL - Agenda\",\"isPartOf\":{\"@id\":\"https:\/\/www.ull.es\/portal\/agenda\/#website\"},\"datePublished\":\"2024-05-07T09:21:53+00:00\",\"dateModified\":\"2024-05-07T13:21:18+00:00\",\"breadcrumb\":{\"@id\":\"https:\/\/www.ull.es\/portal\/agenda\/evento\/ceremonia-academica-conmemorativa-del-50-aniversario-de-creacion-de-la-facultad-de-farmacia\/#breadcrumb\"},\"inLanguage\":\"es\",\"potentialAction\":[{\"@type\":\"ReadAction\",\"target\":[\"https:\/\/www.ull.es\/portal\/agenda\/evento\/ceremonia-academica-conmemorativa-del-50-aniversario-de-creacion-de-la-facultad-de-farmacia\/\"]}]},{\"@type\":\"BreadcrumbList\",\"@id\":\"https:\/\/www.ull.es\/portal\/agenda\/evento\/ceremonia-academica-conmemorativa-del-50-aniversario-de-creacion-de-la-facultad-de-farmacia\/#breadcrumb\",\"itemListElement\":[{\"@type\":\"ListItem\",\"position\":1,\"name\":\"Portada\",\"item\":\"https:\/\/www.ull.es\/portal\/agenda\/\"},{\"@type\":\"ListItem\",\"position\":2,\"name\":\"Ceremonia acad\u00e9mica conmemorativa del 50 aniversario de creaci\u00f3n de la Facultad de Farmacia\"}]},{\"@type\":\"WebSite\",\"@id\":\"https:\/\/www.ull.es\/portal\/agenda\/#website\",\"url\":\"https:\/\/www.ull.es\/portal\/agenda\/\",\"name\":\"ULL - Agenda\",\"description\":\"\",\"potentialAction\":[{\"@type\":\"SearchAction\",\"target\":{\"@type\":\"EntryPoint\",\"urlTemplate\":\"https:\/\/www.ull.es\/portal\/agenda\/?s={search_term_string}\"},\"query-input\":\"required name=search_term_string\"}],\"inLanguage\":\"es\"}]}<\/script>\n<!-- \/ Yoast SEO plugin. -->","yoast_head_json":{"title":"Ceremonia acad\u00e9mica conmemorativa del 50 aniversario de creaci\u00f3n de la Facultad de Farmacia - ULL - Agenda","robots":{"index":"index","follow":"follow","max-snippet":"max-snippet:-1","max-image-preview":"max-image-preview:large","max-video-preview":"max-video-preview:-1"},"canonical":"https:\/\/www.ull.es\/portal\/agenda\/evento\/ceremonia-academica-conmemorativa-del-50-aniversario-de-creacion-de-la-facultad-de-farmacia\/","og_locale":"es_ES","og_type":"article","og_title":"Ceremonia acad\u00e9mica conmemorativa del 50 aniversario de creaci\u00f3n de la Facultad de Farmacia - ULL - Agenda","og_description":"La Facultad de Farmacia de la Universidad de La Laguna celebra el s\u00e1bado 11 de mayo a partir de las 18:00 horas en el Aula Magna del Aulario General C\u00e9sar Manrique la ceremonia acad\u00e9mica conmemorativa del 50 aniversario de creaci\u00f3n de esta instituci\u00f3n. La ceremonia estar\u00e1 presidida por Francisco J. Garc\u00eda Rodr\u00edguez, Rector de la...","og_url":"https:\/\/www.ull.es\/portal\/agenda\/evento\/ceremonia-academica-conmemorativa-del-50-aniversario-de-creacion-de-la-facultad-de-farmacia\/","og_site_name":"ULL - Agenda","article_modified_time":"2024-05-07T13:21:18+00:00","og_image":[{"width":750,"height":370,"url":"https:\/\/www.ull.es\/portal\/agenda\/wp-content\/uploads\/sites\/12\/2024\/05\/Ceremonia-academica-conmemorativa-del-50-aniversario-de-creacion-de-la-Facu_Banner-eventos.png","type":"image\/png"}],"twitter_card":"summary_large_image","twitter_misc":{"Tiempo de lectura":"2 minutos"},"schema":{"@context":"https:\/\/schema.org","@graph":[{"@type":"WebPage","@id":"https:\/\/www.ull.es\/portal\/agenda\/evento\/ceremonia-academica-conmemorativa-del-50-aniversario-de-creacion-de-la-facultad-de-farmacia\/","url":"https:\/\/www.ull.es\/portal\/agenda\/evento\/ceremonia-academica-conmemorativa-del-50-aniversario-de-creacion-de-la-facultad-de-farmacia\/","name":"Ceremonia acad\u00e9mica conmemorativa del 50 aniversario de creaci\u00f3n de la Facultad de Farmacia - ULL - Agenda","isPartOf":{"@id":"https:\/\/www.ull.es\/portal\/agenda\/#website"},"datePublished":"2024-05-07T09:21:53+00:00","dateModified":"2024-05-07T13:21:18+00:00","breadcrumb":{"@id":"https:\/\/www.ull.es\/portal\/agenda\/evento\/ceremonia-academica-conmemorativa-del-50-aniversario-de-creacion-de-la-facultad-de-farmacia\/#breadcrumb"},"inLanguage":"es","potentialAction":[{"@type":"ReadAction","target":["https:\/\/www.ull.es\/portal\/agenda\/evento\/ceremonia-academica-conmemorativa-del-50-aniversario-de-creacion-de-la-facultad-de-farmacia\/"]}]},{"@type":"BreadcrumbList","@id":"https:\/\/www.ull.es\/portal\/agenda\/evento\/ceremonia-academica-conmemorativa-del-50-aniversario-de-creacion-de-la-facultad-de-farmacia\/#breadcrumb","itemListElement":[{"@type":"ListItem","position":1,"name":"Portada","item":"https:\/\/www.ull.es\/portal\/agenda\/"},{"@type":"ListItem","position":2,"name":"Ceremonia acad\u00e9mica conmemorativa del 50 aniversario de creaci\u00f3n de la Facultad de Farmacia"}]},{"@type":"WebSite","@id":"https:\/\/www.ull.es\/portal\/agenda\/#website","url":"https:\/\/www.ull.es\/portal\/agenda\/","name":"ULL - Agenda","description":"","potentialAction":[{"@type":"SearchAction","target":{"@type":"EntryPoint","urlTemplate":"https:\/\/www.ull.es\/portal\/agenda\/?s={search_term_string}"},"query-input":"required name=search_term_string"}],"inLanguage":"es"}]}},"_links":{"self":[{"href":"https:\/\/www.ull.es\/portal\/agenda\/wp-json\/wp\/v2\/tribe_events\/35858"}],"collection":[{"href":"https:\/\/www.ull.es\/portal\/agenda\/wp-json\/wp\/v2\/tribe_events"}],"about":[{"href":"https:\/\/www.ull.es\/portal\/agenda\/wp-json\/wp\/v2\/types\/tribe_events"}],"author":[{"embeddable":true,"href":"https:\/\/www.ull.es\/portal\/agenda\/wp-json\/wp\/v2\/users\/65"}],"replies":[{"embeddable":true,"href":"https:\/\/www.ull.es\/portal\/agenda\/wp-json\/wp\/v2\/comments?post=35858"}],"version-history":[{"count":3,"href":"https:\/\/www.ull.es\/portal\/agenda\/wp-json\/wp\/v2\/tribe_events\/35858\/revisions"}],"predecessor-version":[{"id":35865,"href":"https:\/\/www.ull.es\/portal\/agenda\/wp-json\/wp\/v2\/tribe_events\/35858\/revisions\/35865"}],"wp:featuredmedia":[{"embeddable":true,"href":"https:\/\/www.ull.es\/portal\/agenda\/wp-json\/wp\/v2\/media\/35868"}],"wp:attachment":[{"href":"https:\/\/www.ull.es\/portal\/agenda\/wp-json\/wp\/v2\/media?parent=35858"}],"wp:term":[{"taxonomy":"post_tag","embeddable":true,"href":"https:\/\/www.ull.es\/portal\/agenda\/wp-json\/wp\/v2\/tags?post=35858"},{"taxonomy":"tribe_events_cat","embeddable":true,"href":"https:\/\/www.ull.es\/portal\/agenda\/wp-json\/wp\/v2\/tribe_events_cat?post=35858"}],"curies":[{"name":"wp","href":"https:\/\/api.w.org\/{rel}","templated":true}]}}