{"id":36332,"date":"2024-06-10T13:12:41","date_gmt":"2024-06-10T13:12:41","guid":{"rendered":"https:\/\/www.ull.es\/portal\/agenda\/?post_type=tribe_events&#038;p=36332"},"modified":"2024-06-12T07:11:00","modified_gmt":"2024-06-12T07:11:00","slug":"como-reproducir-frutales","status":"publish","type":"tribe_events","link":"https:\/\/www.ull.es\/portal\/agenda\/evento\/como-reproducir-frutales\/","title":{"rendered":"\u00bfC\u00f3mo reproducir frutales?"},"content":{"rendered":"<p>El taller <em>\u00ab\u00bfC\u00f3mo reproducir frutales?\u00bb<\/em>\u00a0forma parte de la programaci\u00f3n de los Cursos de Extensi\u00f3n Universitaria de la \u201c<a href=\"https:\/\/www.ull.es\/cultura\/cursos-extension-universitaria\/universidad-de-verano-de-adeje\/\" target=\"_blank\" rel=\"noopener noreferrer\" target=\"_blank\" rel=\"noopener\">Universidad de Verano de Adeje 2024<\/a>\u201d, que se celebrar\u00e1 en el municipio de Adeje el 22 de julio de 2024.<\/p>\n<p>Objetivos del taller:<\/p>\n<ul>\n<li>Conocer las pr\u00e1cticas usuales en la preproducci\u00f3n de frutales, especialmente el injerto.<\/li>\n<li>Entender las razones por las se injerta y por qu\u00e9 es especialmente importante en el caso de las variedades tradicionales.<\/li>\n<li>Practicar los diferentes tipos de injerto.<\/li>\n<\/ul>\n<p>Se emplear\u00e1 una metodolog\u00eda aplicada, intercalando la clase te\u00f3rica con la explicaci\u00f3n de car\u00e1cter pr\u00e1ctico y basada en el modelo de ense\u00f1anza MECA (Modelo de Ense\u00f1anza Centrada en el Alumnado).<\/p>\n<p>Este taller est\u00e1 dirigido a estudiantes de ingenier\u00eda agraria, ciencias ambientales y biolog\u00eda; estudiantes de capacitaci\u00f3n agraria; agricultores profesionales y aficionados; desempleados.<\/p>\n<p>Direcci\u00f3n acad\u00e9mica: Antonio C. Perdomo Molina. Profesor Asociado, Departamento de Ingenier\u00eda Agraria y del Medio Natural de la Universidad de La Laguna.<\/p>\n<p><strong>CERTIFICADO DE ASISTENCIA Y APTITUD:\u00a0\u00a0<\/strong>La Universidad de La Laguna, a trav\u00e9s del Vicerrectorado de Cultura y Extensi\u00f3n Universitaria, emitir\u00e1 un certificado de asistencia a todas aquellas personas que participen en la totalidad de las horas lectivas. Adem\u00e1s, aquellas personas que superen la evaluaci\u00f3n, recibir\u00e1n un certificado de asistencia y aprovechamiento.<\/p>\n<p><a href=\"https:\/\/www.adeje.es\/uva\/cursos-y-talleres\/23638-cmo-reproducir-frutales\" target=\"_blank\" rel=\"noopener\" target=\"_blank\" rel=\"noopener\"><strong><u>M\u00e1s informaci\u00f3n e inscripci\u00f3n aqu\u00ed.<\/u><\/strong><\/a><\/p>\n<p><strong>Contacto: 922 319 616 \/ 922 319 626 \u2013\u00a0<\/strong><a href=\"mailto:extuni@ull.edu.es\" target=\"_blank\" rel=\"noopener\" target=\"_blank\" rel=\"noopener\"><strong>extuni@ull.es<\/strong><\/a><\/p>\n","protected":false},"excerpt":{"rendered":"<p>El taller \u00ab\u00bfC\u00f3mo reproducir frutales?\u00bb\u00a0forma parte de la programaci\u00f3n de los Cursos de Extensi\u00f3n Universitaria de la \u201cUniversidad de Verano de Adeje 2024\u201d, que se celebrar\u00e1 en el municipio de Adeje el 22 de julio de 2024. Objetivos del taller: Conocer las pr\u00e1cticas usuales en la preproducci\u00f3n de frutales, especialmente el injerto. Entender las razones&#8230;<\/p>\n","protected":false},"author":43,"featured_media":36384,"comment_status":"closed","ping_status":"closed","template":"","tags":[4259,4710,977,3812,4711,3751,4165,245,4931,4709],"tribe_events_cat":[472,4,186,3942],"acf":[],"yoast_head":"<!-- This site is optimized with the Yoast SEO plugin v21.3 - https:\/\/yoast.com\/wordpress\/plugins\/seo\/ -->\n<title>\u00bfC\u00f3mo reproducir frutales? - ULL - Agenda<\/title>\n<meta name=\"robots\" content=\"index, follow, max-snippet:-1, max-image-preview:large, max-video-preview:-1\" \/>\n<link rel=\"canonical\" href=\"https:\/\/www.ull.es\/portal\/agenda\/evento\/como-reproducir-frutales\/\" \/>\n<meta property=\"og:locale\" content=\"es_ES\" \/>\n<meta property=\"og:type\" content=\"article\" \/>\n<meta property=\"og:title\" content=\"\u00bfC\u00f3mo reproducir frutales? - ULL - Agenda\" \/>\n<meta property=\"og:description\" content=\"El taller \u00ab\u00bfC\u00f3mo reproducir frutales?\u00bb\u00a0forma parte de la programaci\u00f3n de los Cursos de Extensi\u00f3n Universitaria de la \u201cUniversidad de Verano de Adeje 2024\u201d, que se celebrar\u00e1 en el municipio de Adeje el 22 de julio de 2024. Objetivos del taller: Conocer las pr\u00e1cticas usuales en la preproducci\u00f3n de frutales, especialmente el injerto. Entender las razones...\" \/>\n<meta property=\"og:url\" content=\"https:\/\/www.ull.es\/portal\/agenda\/evento\/como-reproducir-frutales\/\" \/>\n<meta property=\"og:site_name\" content=\"ULL - Agenda\" \/>\n<meta property=\"article:modified_time\" content=\"2024-06-12T07:11:00+00:00\" \/>\n<meta property=\"og:image\" content=\"https:\/\/www.ull.es\/portal\/agenda\/wp-content\/uploads\/sites\/12\/2024\/06\/13.png\" \/>\n\t<meta property=\"og:image:width\" content=\"700\" \/>\n\t<meta property=\"og:image:height\" content=\"350\" \/>\n\t<meta property=\"og:image:type\" content=\"image\/png\" \/>\n<meta name=\"twitter:card\" content=\"summary_large_image\" \/>\n<meta name=\"twitter:label1\" content=\"Tiempo de lectura\" \/>\n\t<meta name=\"twitter:data1\" content=\"1 minuto\" \/>\n<script type=\"application\/ld+json\" class=\"yoast-schema-graph\">{\"@context\":\"https:\/\/schema.org\",\"@graph\":[{\"@type\":\"WebPage\",\"@id\":\"https:\/\/www.ull.es\/portal\/agenda\/evento\/como-reproducir-frutales\/\",\"url\":\"https:\/\/www.ull.es\/portal\/agenda\/evento\/como-reproducir-frutales\/\",\"name\":\"\u00bfC\u00f3mo reproducir frutales? - ULL - Agenda\",\"isPartOf\":{\"@id\":\"https:\/\/www.ull.es\/portal\/agenda\/#website\"},\"datePublished\":\"2024-06-10T13:12:41+00:00\",\"dateModified\":\"2024-06-12T07:11:00+00:00\",\"breadcrumb\":{\"@id\":\"https:\/\/www.ull.es\/portal\/agenda\/evento\/como-reproducir-frutales\/#breadcrumb\"},\"inLanguage\":\"es\",\"potentialAction\":[{\"@type\":\"ReadAction\",\"target\":[\"https:\/\/www.ull.es\/portal\/agenda\/evento\/como-reproducir-frutales\/\"]}]},{\"@type\":\"BreadcrumbList\",\"@id\":\"https:\/\/www.ull.es\/portal\/agenda\/evento\/como-reproducir-frutales\/#breadcrumb\",\"itemListElement\":[{\"@type\":\"ListItem\",\"position\":1,\"name\":\"Portada\",\"item\":\"https:\/\/www.ull.es\/portal\/agenda\/\"},{\"@type\":\"ListItem\",\"position\":2,\"name\":\"\u00bfC\u00f3mo reproducir frutales?\"}]},{\"@type\":\"WebSite\",\"@id\":\"https:\/\/www.ull.es\/portal\/agenda\/#website\",\"url\":\"https:\/\/www.ull.es\/portal\/agenda\/\",\"name\":\"ULL - Agenda\",\"description\":\"\",\"potentialAction\":[{\"@type\":\"SearchAction\",\"target\":{\"@type\":\"EntryPoint\",\"urlTemplate\":\"https:\/\/www.ull.es\/portal\/agenda\/?s={search_term_string}\"},\"query-input\":\"required name=search_term_string\"}],\"inLanguage\":\"es\"}]}<\/script>\n<!-- \/ Yoast SEO plugin. -->","yoast_head_json":{"title":"\u00bfC\u00f3mo reproducir frutales? - ULL - Agenda","robots":{"index":"index","follow":"follow","max-snippet":"max-snippet:-1","max-image-preview":"max-image-preview:large","max-video-preview":"max-video-preview:-1"},"canonical":"https:\/\/www.ull.es\/portal\/agenda\/evento\/como-reproducir-frutales\/","og_locale":"es_ES","og_type":"article","og_title":"\u00bfC\u00f3mo reproducir frutales? - ULL - Agenda","og_description":"El taller \u00ab\u00bfC\u00f3mo reproducir frutales?\u00bb\u00a0forma parte de la programaci\u00f3n de los Cursos de Extensi\u00f3n Universitaria de la \u201cUniversidad de Verano de Adeje 2024\u201d, que se celebrar\u00e1 en el municipio de Adeje el 22 de julio de 2024. Objetivos del taller: Conocer las pr\u00e1cticas usuales en la preproducci\u00f3n de frutales, especialmente el injerto. Entender las razones...","og_url":"https:\/\/www.ull.es\/portal\/agenda\/evento\/como-reproducir-frutales\/","og_site_name":"ULL - Agenda","article_modified_time":"2024-06-12T07:11:00+00:00","og_image":[{"width":700,"height":350,"url":"https:\/\/www.ull.es\/portal\/agenda\/wp-content\/uploads\/sites\/12\/2024\/06\/13.png","type":"image\/png"}],"twitter_card":"summary_large_image","twitter_misc":{"Tiempo de lectura":"1 minuto"},"schema":{"@context":"https:\/\/schema.org","@graph":[{"@type":"WebPage","@id":"https:\/\/www.ull.es\/portal\/agenda\/evento\/como-reproducir-frutales\/","url":"https:\/\/www.ull.es\/portal\/agenda\/evento\/como-reproducir-frutales\/","name":"\u00bfC\u00f3mo reproducir frutales? - ULL - Agenda","isPartOf":{"@id":"https:\/\/www.ull.es\/portal\/agenda\/#website"},"datePublished":"2024-06-10T13:12:41+00:00","dateModified":"2024-06-12T07:11:00+00:00","breadcrumb":{"@id":"https:\/\/www.ull.es\/portal\/agenda\/evento\/como-reproducir-frutales\/#breadcrumb"},"inLanguage":"es","potentialAction":[{"@type":"ReadAction","target":["https:\/\/www.ull.es\/portal\/agenda\/evento\/como-reproducir-frutales\/"]}]},{"@type":"BreadcrumbList","@id":"https:\/\/www.ull.es\/portal\/agenda\/evento\/como-reproducir-frutales\/#breadcrumb","itemListElement":[{"@type":"ListItem","position":1,"name":"Portada","item":"https:\/\/www.ull.es\/portal\/agenda\/"},{"@type":"ListItem","position":2,"name":"\u00bfC\u00f3mo reproducir frutales?"}]},{"@type":"WebSite","@id":"https:\/\/www.ull.es\/portal\/agenda\/#website","url":"https:\/\/www.ull.es\/portal\/agenda\/","name":"ULL - Agenda","description":"","potentialAction":[{"@type":"SearchAction","target":{"@type":"EntryPoint","urlTemplate":"https:\/\/www.ull.es\/portal\/agenda\/?s={search_term_string}"},"query-input":"required name=search_term_string"}],"inLanguage":"es"}]}},"_links":{"self":[{"href":"https:\/\/www.ull.es\/portal\/agenda\/wp-json\/wp\/v2\/tribe_events\/36332"}],"collection":[{"href":"https:\/\/www.ull.es\/portal\/agenda\/wp-json\/wp\/v2\/tribe_events"}],"about":[{"href":"https:\/\/www.ull.es\/portal\/agenda\/wp-json\/wp\/v2\/types\/tribe_events"}],"author":[{"embeddable":true,"href":"https:\/\/www.ull.es\/portal\/agenda\/wp-json\/wp\/v2\/users\/43"}],"replies":[{"embeddable":true,"href":"https:\/\/www.ull.es\/portal\/agenda\/wp-json\/wp\/v2\/comments?post=36332"}],"version-history":[{"count":5,"href":"https:\/\/www.ull.es\/portal\/agenda\/wp-json\/wp\/v2\/tribe_events\/36332\/revisions"}],"predecessor-version":[{"id":36392,"href":"https:\/\/www.ull.es\/portal\/agenda\/wp-json\/wp\/v2\/tribe_events\/36332\/revisions\/36392"}],"wp:featuredmedia":[{"embeddable":true,"href":"https:\/\/www.ull.es\/portal\/agenda\/wp-json\/wp\/v2\/media\/36384"}],"wp:attachment":[{"href":"https:\/\/www.ull.es\/portal\/agenda\/wp-json\/wp\/v2\/media?parent=36332"}],"wp:term":[{"taxonomy":"post_tag","embeddable":true,"href":"https:\/\/www.ull.es\/portal\/agenda\/wp-json\/wp\/v2\/tags?post=36332"},{"taxonomy":"tribe_events_cat","embeddable":true,"href":"https:\/\/www.ull.es\/portal\/agenda\/wp-json\/wp\/v2\/tribe_events_cat?post=36332"}],"curies":[{"name":"wp","href":"https:\/\/api.w.org\/{rel}","templated":true}]}}