{"id":36868,"date":"2024-07-09T09:21:15","date_gmt":"2024-07-09T09:21:15","guid":{"rendered":"https:\/\/www.ull.es\/portal\/agenda\/?post_type=tribe_events&#038;p=36868"},"modified":"2024-07-09T12:39:41","modified_gmt":"2024-07-09T12:39:41","slug":"simposio-de-presentacion-del-nucleo-iberoamericano-de-lenguaje-y-cerebro","status":"publish","type":"tribe_events","link":"https:\/\/www.ull.es\/portal\/agenda\/evento\/simposio-de-presentacion-del-nucleo-iberoamericano-de-lenguaje-y-cerebro\/","title":{"rendered":"Simposio de presentaci\u00f3n del N\u00facleo Iberoamericano de Lenguaje y Cerebro"},"content":{"rendered":"<p>Simposio de presentaci\u00f3n del N\u00facleo Iberoamericano de Lenguaje y Cerebro, el 10 de julio a las 13:00 h se celebrar\u00e1 un simposio inaugural en el que se presentar\u00e1 este proyecto, y que reunir\u00e1 investigadores del Centro de Neurociencias Cognitivas de la Universidad de San Andr\u00e9s (Buenos Aires), la facultad de Humanidades de la Universidad de Santiago de Chile y el Instituto Universitario de Neurociencia de la Universidad de La Laguna para potenciar la neuroling\u00fc\u00edstica. El evento podr\u00e1 seguirse en modalidad virtual a trav\u00e9s de zoom utilizando este <a href=\"https:\/\/reuna.zoom.us\/j\/89008826005?pwd=c1U5cEFBbDFoUkNpYzFTd0xqV08yZz09\" target=\"_blank\" rel=\"noopener\" target=\"_blank\" rel=\"noopener\">enlace<\/a>.<\/p>\n<p>El N\u00facleo Iberoamericano de Lenguaje y Cerebro (NILC) surge para formalizar y potenciar las colaboraciones cient\u00edficas entre el Centro de Neurociencias Cognitivas (CNC) de la Universidad de San Andr\u00e9s (Argentina), El Instituto Universitario de Neurociencias (IUNE) de la Universidad de La Laguna (Espa\u00f1a) y el Programa Interdisciplinario de Investigaci\u00f3n Experimental en Comunicaci\u00f3n y Cognici\u00f3n (PIIECC) de la Universidad de Santiago de Chile (Chile).<\/p>\n<p>Su misi\u00f3n es erigirse como un espacio de investigaci\u00f3n neuroling\u00fc\u00edstica de vanguardia en lengua castellana. Sus objetivos son:<\/p>\n<ul>\n<li>generar investigaci\u00f3n multic\u00e9ntrica de alto impacto,<\/li>\n<li>favorecer el intercambio de saberes y recursos de investigaci\u00f3n para maximizar las capacidades de cada instituci\u00f3n por separado,<\/li>\n<li>\u00a0instrumentar instancias de formaci\u00f3n entre las instituciones y<\/li>\n<li>\u00a0potenciar la visibilidad p\u00fablica de la labor en curso y futura.<\/li>\n<\/ul>\n<p>Este Simposio inaugural visibilizar\u00e1 los recursos y l\u00edneas de investigaci\u00f3n de cada centro participante. A su vez, propiciar\u00e1 instancias de di\u00e1logo y planificaci\u00f3n conjunta entre sus miembros. Por \u00faltimo, redundar\u00e1 en acciones concretas alineadas con los objetivos anteriores.<\/p>\n<p><a href=\"https:\/\/drive.google.com\/file\/d\/10rl3JINaEVjJ--z1JOKWijiWJvSVUiPE\/view?usp=sharing\" target=\"_blank\" rel=\"noopener\" target=\"_blank\" rel=\"noopener\">Programa<\/a><\/p>\n<p><a href=\"https:\/\/drive.google.com\/file\/d\/1aNTqAvuX2AFEvW8vhUZLJQRTPS6UHk38\/view?usp=sharing\" target=\"_blank\" rel=\"noopener\" target=\"_blank\" rel=\"noopener\">Cartel<\/a><\/p>\n","protected":false},"excerpt":{"rendered":"<p>Simposio de presentaci\u00f3n del N\u00facleo Iberoamericano de Lenguaje y Cerebro, el 10 de julio a las 13:00 h se celebrar\u00e1 un simposio inaugural en el que se presentar\u00e1 este proyecto, y que reunir\u00e1 investigadores del Centro de Neurociencias Cognitivas de la Universidad de San Andr\u00e9s (Buenos Aires), la facultad de Humanidades de la Universidad de&#8230;<\/p>\n","protected":false},"author":65,"featured_media":36877,"comment_status":"closed","ping_status":"closed","template":"","tags":[],"tribe_events_cat":[4,1831,1835,191],"acf":[],"yoast_head":"<!-- This site is optimized with the Yoast SEO plugin v21.3 - https:\/\/yoast.com\/wordpress\/plugins\/seo\/ -->\n<title>Simposio de presentaci\u00f3n del N\u00facleo Iberoamericano de Lenguaje y Cerebro - ULL - Agenda<\/title>\n<meta name=\"robots\" content=\"index, follow, max-snippet:-1, max-image-preview:large, max-video-preview:-1\" \/>\n<link rel=\"canonical\" href=\"https:\/\/www.ull.es\/portal\/agenda\/evento\/simposio-de-presentacion-del-nucleo-iberoamericano-de-lenguaje-y-cerebro\/\" \/>\n<meta property=\"og:locale\" content=\"es_ES\" \/>\n<meta property=\"og:type\" content=\"article\" \/>\n<meta property=\"og:title\" content=\"Simposio de presentaci\u00f3n del N\u00facleo Iberoamericano de Lenguaje y Cerebro - ULL - Agenda\" \/>\n<meta property=\"og:description\" content=\"Simposio de presentaci\u00f3n del N\u00facleo Iberoamericano de Lenguaje y Cerebro, el 10 de julio a las 13:00 h se celebrar\u00e1 un simposio inaugural en el que se presentar\u00e1 este proyecto, y que reunir\u00e1 investigadores del Centro de Neurociencias Cognitivas de la Universidad de San Andr\u00e9s (Buenos Aires), la facultad de Humanidades de la Universidad de...\" \/>\n<meta property=\"og:url\" content=\"https:\/\/www.ull.es\/portal\/agenda\/evento\/simposio-de-presentacion-del-nucleo-iberoamericano-de-lenguaje-y-cerebro\/\" \/>\n<meta property=\"og:site_name\" content=\"ULL - Agenda\" \/>\n<meta property=\"article:modified_time\" content=\"2024-07-09T12:39:41+00:00\" \/>\n<meta property=\"og:image\" content=\"https:\/\/www.ull.es\/portal\/agenda\/wp-content\/uploads\/sites\/12\/2024\/07\/Simposium-Presentacion-del-Nucleo-Iberoamericano-de-Lenguaje-y-Cerebro_Banner-eventos.png\" \/>\n\t<meta property=\"og:image:width\" content=\"750\" \/>\n\t<meta property=\"og:image:height\" content=\"370\" \/>\n\t<meta property=\"og:image:type\" content=\"image\/png\" \/>\n<meta name=\"twitter:card\" content=\"summary_large_image\" \/>\n<meta name=\"twitter:label1\" content=\"Tiempo de lectura\" \/>\n\t<meta name=\"twitter:data1\" content=\"2 minutos\" \/>\n<script type=\"application\/ld+json\" class=\"yoast-schema-graph\">{\"@context\":\"https:\/\/schema.org\",\"@graph\":[{\"@type\":\"WebPage\",\"@id\":\"https:\/\/www.ull.es\/portal\/agenda\/evento\/simposio-de-presentacion-del-nucleo-iberoamericano-de-lenguaje-y-cerebro\/\",\"url\":\"https:\/\/www.ull.es\/portal\/agenda\/evento\/simposio-de-presentacion-del-nucleo-iberoamericano-de-lenguaje-y-cerebro\/\",\"name\":\"Simposio de presentaci\u00f3n del N\u00facleo Iberoamericano de Lenguaje y Cerebro - ULL - Agenda\",\"isPartOf\":{\"@id\":\"https:\/\/www.ull.es\/portal\/agenda\/#website\"},\"datePublished\":\"2024-07-09T09:21:15+00:00\",\"dateModified\":\"2024-07-09T12:39:41+00:00\",\"breadcrumb\":{\"@id\":\"https:\/\/www.ull.es\/portal\/agenda\/evento\/simposio-de-presentacion-del-nucleo-iberoamericano-de-lenguaje-y-cerebro\/#breadcrumb\"},\"inLanguage\":\"es\",\"potentialAction\":[{\"@type\":\"ReadAction\",\"target\":[\"https:\/\/www.ull.es\/portal\/agenda\/evento\/simposio-de-presentacion-del-nucleo-iberoamericano-de-lenguaje-y-cerebro\/\"]}]},{\"@type\":\"BreadcrumbList\",\"@id\":\"https:\/\/www.ull.es\/portal\/agenda\/evento\/simposio-de-presentacion-del-nucleo-iberoamericano-de-lenguaje-y-cerebro\/#breadcrumb\",\"itemListElement\":[{\"@type\":\"ListItem\",\"position\":1,\"name\":\"Portada\",\"item\":\"https:\/\/www.ull.es\/portal\/agenda\/\"},{\"@type\":\"ListItem\",\"position\":2,\"name\":\"Simposio de presentaci\u00f3n del N\u00facleo Iberoamericano de Lenguaje y Cerebro\"}]},{\"@type\":\"WebSite\",\"@id\":\"https:\/\/www.ull.es\/portal\/agenda\/#website\",\"url\":\"https:\/\/www.ull.es\/portal\/agenda\/\",\"name\":\"ULL - Agenda\",\"description\":\"\",\"potentialAction\":[{\"@type\":\"SearchAction\",\"target\":{\"@type\":\"EntryPoint\",\"urlTemplate\":\"https:\/\/www.ull.es\/portal\/agenda\/?s={search_term_string}\"},\"query-input\":\"required name=search_term_string\"}],\"inLanguage\":\"es\"}]}<\/script>\n<!-- \/ Yoast SEO plugin. -->","yoast_head_json":{"title":"Simposio de presentaci\u00f3n del N\u00facleo Iberoamericano de Lenguaje y Cerebro - ULL - Agenda","robots":{"index":"index","follow":"follow","max-snippet":"max-snippet:-1","max-image-preview":"max-image-preview:large","max-video-preview":"max-video-preview:-1"},"canonical":"https:\/\/www.ull.es\/portal\/agenda\/evento\/simposio-de-presentacion-del-nucleo-iberoamericano-de-lenguaje-y-cerebro\/","og_locale":"es_ES","og_type":"article","og_title":"Simposio de presentaci\u00f3n del N\u00facleo Iberoamericano de Lenguaje y Cerebro - ULL - Agenda","og_description":"Simposio de presentaci\u00f3n del N\u00facleo Iberoamericano de Lenguaje y Cerebro, el 10 de julio a las 13:00 h se celebrar\u00e1 un simposio inaugural en el que se presentar\u00e1 este proyecto, y que reunir\u00e1 investigadores del Centro de Neurociencias Cognitivas de la Universidad de San Andr\u00e9s (Buenos Aires), la facultad de Humanidades de la Universidad de...","og_url":"https:\/\/www.ull.es\/portal\/agenda\/evento\/simposio-de-presentacion-del-nucleo-iberoamericano-de-lenguaje-y-cerebro\/","og_site_name":"ULL - Agenda","article_modified_time":"2024-07-09T12:39:41+00:00","og_image":[{"width":750,"height":370,"url":"https:\/\/www.ull.es\/portal\/agenda\/wp-content\/uploads\/sites\/12\/2024\/07\/Simposium-Presentacion-del-Nucleo-Iberoamericano-de-Lenguaje-y-Cerebro_Banner-eventos.png","type":"image\/png"}],"twitter_card":"summary_large_image","twitter_misc":{"Tiempo de lectura":"2 minutos"},"schema":{"@context":"https:\/\/schema.org","@graph":[{"@type":"WebPage","@id":"https:\/\/www.ull.es\/portal\/agenda\/evento\/simposio-de-presentacion-del-nucleo-iberoamericano-de-lenguaje-y-cerebro\/","url":"https:\/\/www.ull.es\/portal\/agenda\/evento\/simposio-de-presentacion-del-nucleo-iberoamericano-de-lenguaje-y-cerebro\/","name":"Simposio de presentaci\u00f3n del N\u00facleo Iberoamericano de Lenguaje y Cerebro - ULL - Agenda","isPartOf":{"@id":"https:\/\/www.ull.es\/portal\/agenda\/#website"},"datePublished":"2024-07-09T09:21:15+00:00","dateModified":"2024-07-09T12:39:41+00:00","breadcrumb":{"@id":"https:\/\/www.ull.es\/portal\/agenda\/evento\/simposio-de-presentacion-del-nucleo-iberoamericano-de-lenguaje-y-cerebro\/#breadcrumb"},"inLanguage":"es","potentialAction":[{"@type":"ReadAction","target":["https:\/\/www.ull.es\/portal\/agenda\/evento\/simposio-de-presentacion-del-nucleo-iberoamericano-de-lenguaje-y-cerebro\/"]}]},{"@type":"BreadcrumbList","@id":"https:\/\/www.ull.es\/portal\/agenda\/evento\/simposio-de-presentacion-del-nucleo-iberoamericano-de-lenguaje-y-cerebro\/#breadcrumb","itemListElement":[{"@type":"ListItem","position":1,"name":"Portada","item":"https:\/\/www.ull.es\/portal\/agenda\/"},{"@type":"ListItem","position":2,"name":"Simposio de presentaci\u00f3n del N\u00facleo Iberoamericano de Lenguaje y Cerebro"}]},{"@type":"WebSite","@id":"https:\/\/www.ull.es\/portal\/agenda\/#website","url":"https:\/\/www.ull.es\/portal\/agenda\/","name":"ULL - Agenda","description":"","potentialAction":[{"@type":"SearchAction","target":{"@type":"EntryPoint","urlTemplate":"https:\/\/www.ull.es\/portal\/agenda\/?s={search_term_string}"},"query-input":"required name=search_term_string"}],"inLanguage":"es"}]}},"_links":{"self":[{"href":"https:\/\/www.ull.es\/portal\/agenda\/wp-json\/wp\/v2\/tribe_events\/36868"}],"collection":[{"href":"https:\/\/www.ull.es\/portal\/agenda\/wp-json\/wp\/v2\/tribe_events"}],"about":[{"href":"https:\/\/www.ull.es\/portal\/agenda\/wp-json\/wp\/v2\/types\/tribe_events"}],"author":[{"embeddable":true,"href":"https:\/\/www.ull.es\/portal\/agenda\/wp-json\/wp\/v2\/users\/65"}],"replies":[{"embeddable":true,"href":"https:\/\/www.ull.es\/portal\/agenda\/wp-json\/wp\/v2\/comments?post=36868"}],"version-history":[{"count":1,"href":"https:\/\/www.ull.es\/portal\/agenda\/wp-json\/wp\/v2\/tribe_events\/36868\/revisions"}],"predecessor-version":[{"id":36869,"href":"https:\/\/www.ull.es\/portal\/agenda\/wp-json\/wp\/v2\/tribe_events\/36868\/revisions\/36869"}],"wp:featuredmedia":[{"embeddable":true,"href":"https:\/\/www.ull.es\/portal\/agenda\/wp-json\/wp\/v2\/media\/36877"}],"wp:attachment":[{"href":"https:\/\/www.ull.es\/portal\/agenda\/wp-json\/wp\/v2\/media?parent=36868"}],"wp:term":[{"taxonomy":"post_tag","embeddable":true,"href":"https:\/\/www.ull.es\/portal\/agenda\/wp-json\/wp\/v2\/tags?post=36868"},{"taxonomy":"tribe_events_cat","embeddable":true,"href":"https:\/\/www.ull.es\/portal\/agenda\/wp-json\/wp\/v2\/tribe_events_cat?post=36868"}],"curies":[{"name":"wp","href":"https:\/\/api.w.org\/{rel}","templated":true}]}}