{"id":36923,"date":"2024-07-11T12:18:36","date_gmt":"2024-07-11T12:18:36","guid":{"rendered":"https:\/\/www.ull.es\/portal\/agenda\/?post_type=tribe_events&#038;p=36923"},"modified":"2024-07-24T10:11:18","modified_gmt":"2024-07-24T10:11:18","slug":"presentacion-de-resultados-de-la-tesis-doctoral-valor-pronostico-de-signos-y-sintomas-en-pacientes-con-infeccion-causada-por-covid-19-valorados-en-atencion-primaria","status":"publish","type":"tribe_events","link":"https:\/\/www.ull.es\/portal\/agenda\/evento\/presentacion-de-resultados-de-la-tesis-doctoral-valor-pronostico-de-signos-y-sintomas-en-pacientes-con-infeccion-causada-por-covid-19-valorados-en-atencion-primaria\/","title":{"rendered":"Presentaci\u00f3n de resultados de la tesis doctoral \u00abValor pron\u00f3stico de signos y s\u00edntomas en pacientes con infecci\u00f3n causada por covid-19 valorados en atenci\u00f3n primaria\u00bb"},"content":{"rendered":"<p>Este a\u00f1o contaremos con la presentaci\u00f3n de resultados de la tesis doctoral <em>\u00abValor pron\u00f3stico de signos y s\u00edntomas en pacientes con infecci\u00f3n causada por covid-19 valorados en atenci\u00f3n primaria\u00bb<\/em>\u00a0en el marco de la \u00a0<a href=\"https:\/\/www.ull.es\/cultura\/cursos-extension-universitaria\/universidad-de-verano-de-la-gomera\/\" target=\"_blank\" rel=\"noopener\" target=\"_blank\" rel=\"noopener\">\u201cUniversidad de Verano de La Gomera 2024\u201d<\/a>, \u00a0que tendr\u00e1 lugar el pr\u00f3ximo 26 de julio en el Sal\u00f3n de Plenos del Ayuntamiento de Vallehermoso a las 19:30 horas.<\/p>\n<p>Cristina Garc\u00eda Marichal, tutorizada por la doctora Mar\u00eda Candelaria Mart\u00edn Gonz\u00e1lez, presentar\u00e1 los resultados de su tesis doctoral.<\/p>\n<div>\n<div>La enfermedad causada por el virus SARS-CoV-2 ha supuesto desde el a\u00f1o 2020 un riesgo para la salud global y, particularmente, para la salud de los colectivos m\u00e1s vulnerables. El surgimiento de este virus desencaden\u00f3 una situaci\u00f3n de colapso sanitario grave, de escala mundial, con importante repercusi\u00f3n a todos los niveles del sistema sanitario, vi\u00e9ndose seriamente comprometida la asistencia m\u00e9dica continuada a los enfermos. Desde Atenci\u00f3n Primaria se intentaron desarrollar diferentes programas que permitieran la vigilancia cl\u00ednica a los pacientes buscando alternativas a la presencialidad, para intentar controlar la pandemia. Una de estas estrategias fue el programa EDCO, que incluy\u00f3 a pacientes vulnerables con infecci\u00f3n covid en el \u00e1rea de salud de Tenerife. A continuaci\u00f3n, se realiza una revisi\u00f3n pormenorizada tanto de la biolog\u00eda del SARS-CoV-2, epidemiolog\u00eda, factores de riesgo de contraer la infecci\u00f3n y factores de vulnerabilidad, cl\u00ednica, m\u00e9todos diagn\u00f3sticos y de los principales tratamientos que se han propuesto a lo largo de la pandemia. Finalmente, se hace referencia al abordaje de la infecci\u00f3n desde el punto de vista de la Atenci\u00f3n Primaria y se detalla el programa EDCO, del que derivan los datos que hemos evaluado en el desarrollo de este trabajo.<\/div>\n<\/div>\n<p>&nbsp;<\/p>\n<p>Entrada libre hasta completar el aforo.<\/p>\n<p>Contacto: 922 319 616 \/ 922 319 626 \u2013\u00a0<a href=\"mailto:extuni@ull.edu.es\" target=\"_blank\" rel=\"noopener\" target=\"_blank\" rel=\"noopener\">extuni@ull.es<\/a><\/p>\n","protected":false},"excerpt":{"rendered":"<p>Este a\u00f1o contaremos con la presentaci\u00f3n de resultados de la tesis doctoral \u00abValor pron\u00f3stico de signos y s\u00edntomas en pacientes con infecci\u00f3n causada por covid-19 valorados en atenci\u00f3n primaria\u00bb\u00a0en el marco de la \u00a0\u201cUniversidad de Verano de La Gomera 2024\u201d, \u00a0que tendr\u00e1 lugar el pr\u00f3ximo 26 de julio en el Sal\u00f3n de Plenos del Ayuntamiento&#8230;<\/p>\n","protected":false},"author":43,"featured_media":37124,"comment_status":"closed","ping_status":"closed","template":"","tags":[4259,4712,977,3812,4713,3751,3001],"tribe_events_cat":[472,1555,4,186],"acf":[],"yoast_head":"<!-- This site is optimized with the Yoast SEO plugin v21.3 - https:\/\/yoast.com\/wordpress\/plugins\/seo\/ -->\n<title>Presentaci\u00f3n de resultados de la tesis doctoral \u00abValor pron\u00f3stico de signos y s\u00edntomas en pacientes con infecci\u00f3n causada por covid-19 valorados en atenci\u00f3n primaria\u00bb - ULL - Agenda<\/title>\n<meta name=\"robots\" content=\"index, follow, max-snippet:-1, max-image-preview:large, max-video-preview:-1\" \/>\n<link rel=\"canonical\" href=\"https:\/\/www.ull.es\/portal\/agenda\/evento\/presentacion-de-resultados-de-la-tesis-doctoral-valor-pronostico-de-signos-y-sintomas-en-pacientes-con-infeccion-causada-por-covid-19-valorados-en-atencion-primaria\/\" \/>\n<meta property=\"og:locale\" content=\"es_ES\" \/>\n<meta property=\"og:type\" content=\"article\" \/>\n<meta property=\"og:title\" content=\"Presentaci\u00f3n de resultados de la tesis doctoral \u00abValor pron\u00f3stico de signos y s\u00edntomas en pacientes con infecci\u00f3n causada por covid-19 valorados en atenci\u00f3n primaria\u00bb - ULL - Agenda\" \/>\n<meta property=\"og:description\" content=\"Este a\u00f1o contaremos con la presentaci\u00f3n de resultados de la tesis doctoral \u00abValor pron\u00f3stico de signos y s\u00edntomas en pacientes con infecci\u00f3n causada por covid-19 valorados en atenci\u00f3n primaria\u00bb\u00a0en el marco de la \u00a0\u201cUniversidad de Verano de La Gomera 2024\u201d, \u00a0que tendr\u00e1 lugar el pr\u00f3ximo 26 de julio en el Sal\u00f3n de Plenos del Ayuntamiento...\" \/>\n<meta property=\"og:url\" content=\"https:\/\/www.ull.es\/portal\/agenda\/evento\/presentacion-de-resultados-de-la-tesis-doctoral-valor-pronostico-de-signos-y-sintomas-en-pacientes-con-infeccion-causada-por-covid-19-valorados-en-atencion-primaria\/\" \/>\n<meta property=\"og:site_name\" content=\"ULL - Agenda\" \/>\n<meta property=\"article:modified_time\" content=\"2024-07-24T10:11:18+00:00\" \/>\n<meta property=\"og:image\" content=\"https:\/\/www.ull.es\/portal\/agenda\/wp-content\/uploads\/sites\/12\/2024\/07\/Tesis-doctoral-valor-pronostico-de-signos-y-sintomas.png\" \/>\n\t<meta property=\"og:image:width\" content=\"750\" \/>\n\t<meta property=\"og:image:height\" content=\"370\" \/>\n\t<meta property=\"og:image:type\" content=\"image\/png\" \/>\n<meta name=\"twitter:card\" content=\"summary_large_image\" \/>\n<meta name=\"twitter:label1\" content=\"Tiempo de lectura\" \/>\n\t<meta name=\"twitter:data1\" content=\"2 minutos\" \/>\n<script type=\"application\/ld+json\" class=\"yoast-schema-graph\">{\"@context\":\"https:\/\/schema.org\",\"@graph\":[{\"@type\":\"WebPage\",\"@id\":\"https:\/\/www.ull.es\/portal\/agenda\/evento\/presentacion-de-resultados-de-la-tesis-doctoral-valor-pronostico-de-signos-y-sintomas-en-pacientes-con-infeccion-causada-por-covid-19-valorados-en-atencion-primaria\/\",\"url\":\"https:\/\/www.ull.es\/portal\/agenda\/evento\/presentacion-de-resultados-de-la-tesis-doctoral-valor-pronostico-de-signos-y-sintomas-en-pacientes-con-infeccion-causada-por-covid-19-valorados-en-atencion-primaria\/\",\"name\":\"Presentaci\u00f3n de resultados de la tesis doctoral \u00abValor pron\u00f3stico de signos y s\u00edntomas en pacientes con infecci\u00f3n causada por covid-19 valorados en atenci\u00f3n primaria\u00bb - ULL - Agenda\",\"isPartOf\":{\"@id\":\"https:\/\/www.ull.es\/portal\/agenda\/#website\"},\"datePublished\":\"2024-07-11T12:18:36+00:00\",\"dateModified\":\"2024-07-24T10:11:18+00:00\",\"breadcrumb\":{\"@id\":\"https:\/\/www.ull.es\/portal\/agenda\/evento\/presentacion-de-resultados-de-la-tesis-doctoral-valor-pronostico-de-signos-y-sintomas-en-pacientes-con-infeccion-causada-por-covid-19-valorados-en-atencion-primaria\/#breadcrumb\"},\"inLanguage\":\"es\",\"potentialAction\":[{\"@type\":\"ReadAction\",\"target\":[\"https:\/\/www.ull.es\/portal\/agenda\/evento\/presentacion-de-resultados-de-la-tesis-doctoral-valor-pronostico-de-signos-y-sintomas-en-pacientes-con-infeccion-causada-por-covid-19-valorados-en-atencion-primaria\/\"]}]},{\"@type\":\"BreadcrumbList\",\"@id\":\"https:\/\/www.ull.es\/portal\/agenda\/evento\/presentacion-de-resultados-de-la-tesis-doctoral-valor-pronostico-de-signos-y-sintomas-en-pacientes-con-infeccion-causada-por-covid-19-valorados-en-atencion-primaria\/#breadcrumb\",\"itemListElement\":[{\"@type\":\"ListItem\",\"position\":1,\"name\":\"Portada\",\"item\":\"https:\/\/www.ull.es\/portal\/agenda\/\"},{\"@type\":\"ListItem\",\"position\":2,\"name\":\"Presentaci\u00f3n de resultados de la tesis doctoral \u00abValor pron\u00f3stico de signos y s\u00edntomas en pacientes con infecci\u00f3n causada por covid-19 valorados en atenci\u00f3n primaria\u00bb\"}]},{\"@type\":\"WebSite\",\"@id\":\"https:\/\/www.ull.es\/portal\/agenda\/#website\",\"url\":\"https:\/\/www.ull.es\/portal\/agenda\/\",\"name\":\"ULL - Agenda\",\"description\":\"\",\"potentialAction\":[{\"@type\":\"SearchAction\",\"target\":{\"@type\":\"EntryPoint\",\"urlTemplate\":\"https:\/\/www.ull.es\/portal\/agenda\/?s={search_term_string}\"},\"query-input\":\"required name=search_term_string\"}],\"inLanguage\":\"es\"}]}<\/script>\n<!-- \/ Yoast SEO plugin. -->","yoast_head_json":{"title":"Presentaci\u00f3n de resultados de la tesis doctoral \u00abValor pron\u00f3stico de signos y s\u00edntomas en pacientes con infecci\u00f3n causada por covid-19 valorados en atenci\u00f3n primaria\u00bb - ULL - Agenda","robots":{"index":"index","follow":"follow","max-snippet":"max-snippet:-1","max-image-preview":"max-image-preview:large","max-video-preview":"max-video-preview:-1"},"canonical":"https:\/\/www.ull.es\/portal\/agenda\/evento\/presentacion-de-resultados-de-la-tesis-doctoral-valor-pronostico-de-signos-y-sintomas-en-pacientes-con-infeccion-causada-por-covid-19-valorados-en-atencion-primaria\/","og_locale":"es_ES","og_type":"article","og_title":"Presentaci\u00f3n de resultados de la tesis doctoral \u00abValor pron\u00f3stico de signos y s\u00edntomas en pacientes con infecci\u00f3n causada por covid-19 valorados en atenci\u00f3n primaria\u00bb - ULL - Agenda","og_description":"Este a\u00f1o contaremos con la presentaci\u00f3n de resultados de la tesis doctoral \u00abValor pron\u00f3stico de signos y s\u00edntomas en pacientes con infecci\u00f3n causada por covid-19 valorados en atenci\u00f3n primaria\u00bb\u00a0en el marco de la \u00a0\u201cUniversidad de Verano de La Gomera 2024\u201d, \u00a0que tendr\u00e1 lugar el pr\u00f3ximo 26 de julio en el Sal\u00f3n de Plenos del Ayuntamiento...","og_url":"https:\/\/www.ull.es\/portal\/agenda\/evento\/presentacion-de-resultados-de-la-tesis-doctoral-valor-pronostico-de-signos-y-sintomas-en-pacientes-con-infeccion-causada-por-covid-19-valorados-en-atencion-primaria\/","og_site_name":"ULL - Agenda","article_modified_time":"2024-07-24T10:11:18+00:00","og_image":[{"width":750,"height":370,"url":"https:\/\/www.ull.es\/portal\/agenda\/wp-content\/uploads\/sites\/12\/2024\/07\/Tesis-doctoral-valor-pronostico-de-signos-y-sintomas.png","type":"image\/png"}],"twitter_card":"summary_large_image","twitter_misc":{"Tiempo de lectura":"2 minutos"},"schema":{"@context":"https:\/\/schema.org","@graph":[{"@type":"WebPage","@id":"https:\/\/www.ull.es\/portal\/agenda\/evento\/presentacion-de-resultados-de-la-tesis-doctoral-valor-pronostico-de-signos-y-sintomas-en-pacientes-con-infeccion-causada-por-covid-19-valorados-en-atencion-primaria\/","url":"https:\/\/www.ull.es\/portal\/agenda\/evento\/presentacion-de-resultados-de-la-tesis-doctoral-valor-pronostico-de-signos-y-sintomas-en-pacientes-con-infeccion-causada-por-covid-19-valorados-en-atencion-primaria\/","name":"Presentaci\u00f3n de resultados de la tesis doctoral \u00abValor pron\u00f3stico de signos y s\u00edntomas en pacientes con infecci\u00f3n causada por covid-19 valorados en atenci\u00f3n primaria\u00bb - ULL - Agenda","isPartOf":{"@id":"https:\/\/www.ull.es\/portal\/agenda\/#website"},"datePublished":"2024-07-11T12:18:36+00:00","dateModified":"2024-07-24T10:11:18+00:00","breadcrumb":{"@id":"https:\/\/www.ull.es\/portal\/agenda\/evento\/presentacion-de-resultados-de-la-tesis-doctoral-valor-pronostico-de-signos-y-sintomas-en-pacientes-con-infeccion-causada-por-covid-19-valorados-en-atencion-primaria\/#breadcrumb"},"inLanguage":"es","potentialAction":[{"@type":"ReadAction","target":["https:\/\/www.ull.es\/portal\/agenda\/evento\/presentacion-de-resultados-de-la-tesis-doctoral-valor-pronostico-de-signos-y-sintomas-en-pacientes-con-infeccion-causada-por-covid-19-valorados-en-atencion-primaria\/"]}]},{"@type":"BreadcrumbList","@id":"https:\/\/www.ull.es\/portal\/agenda\/evento\/presentacion-de-resultados-de-la-tesis-doctoral-valor-pronostico-de-signos-y-sintomas-en-pacientes-con-infeccion-causada-por-covid-19-valorados-en-atencion-primaria\/#breadcrumb","itemListElement":[{"@type":"ListItem","position":1,"name":"Portada","item":"https:\/\/www.ull.es\/portal\/agenda\/"},{"@type":"ListItem","position":2,"name":"Presentaci\u00f3n de resultados de la tesis doctoral \u00abValor pron\u00f3stico de signos y s\u00edntomas en pacientes con infecci\u00f3n causada por covid-19 valorados en atenci\u00f3n primaria\u00bb"}]},{"@type":"WebSite","@id":"https:\/\/www.ull.es\/portal\/agenda\/#website","url":"https:\/\/www.ull.es\/portal\/agenda\/","name":"ULL - Agenda","description":"","potentialAction":[{"@type":"SearchAction","target":{"@type":"EntryPoint","urlTemplate":"https:\/\/www.ull.es\/portal\/agenda\/?s={search_term_string}"},"query-input":"required name=search_term_string"}],"inLanguage":"es"}]}},"_links":{"self":[{"href":"https:\/\/www.ull.es\/portal\/agenda\/wp-json\/wp\/v2\/tribe_events\/36923"}],"collection":[{"href":"https:\/\/www.ull.es\/portal\/agenda\/wp-json\/wp\/v2\/tribe_events"}],"about":[{"href":"https:\/\/www.ull.es\/portal\/agenda\/wp-json\/wp\/v2\/types\/tribe_events"}],"author":[{"embeddable":true,"href":"https:\/\/www.ull.es\/portal\/agenda\/wp-json\/wp\/v2\/users\/43"}],"replies":[{"embeddable":true,"href":"https:\/\/www.ull.es\/portal\/agenda\/wp-json\/wp\/v2\/comments?post=36923"}],"version-history":[{"count":7,"href":"https:\/\/www.ull.es\/portal\/agenda\/wp-json\/wp\/v2\/tribe_events\/36923\/revisions"}],"predecessor-version":[{"id":37123,"href":"https:\/\/www.ull.es\/portal\/agenda\/wp-json\/wp\/v2\/tribe_events\/36923\/revisions\/37123"}],"wp:featuredmedia":[{"embeddable":true,"href":"https:\/\/www.ull.es\/portal\/agenda\/wp-json\/wp\/v2\/media\/37124"}],"wp:attachment":[{"href":"https:\/\/www.ull.es\/portal\/agenda\/wp-json\/wp\/v2\/media?parent=36923"}],"wp:term":[{"taxonomy":"post_tag","embeddable":true,"href":"https:\/\/www.ull.es\/portal\/agenda\/wp-json\/wp\/v2\/tags?post=36923"},{"taxonomy":"tribe_events_cat","embeddable":true,"href":"https:\/\/www.ull.es\/portal\/agenda\/wp-json\/wp\/v2\/tribe_events_cat?post=36923"}],"curies":[{"name":"wp","href":"https:\/\/api.w.org\/{rel}","templated":true}]}}