{"id":36934,"date":"2024-07-11T12:50:49","date_gmt":"2024-07-11T12:50:49","guid":{"rendered":"https:\/\/www.ull.es\/portal\/agenda\/?post_type=tribe_events&#038;p=36934"},"modified":"2024-07-11T12:53:08","modified_gmt":"2024-07-11T12:53:08","slug":"escepticos-en-el-pub-en-tenerife-n-o-112-15-2-colaboracion-publico-privada-en-la-industria-turistica-canaria-mito-o-realidad","status":"publish","type":"tribe_events","link":"https:\/\/www.ull.es\/portal\/agenda\/evento\/escepticos-en-el-pub-en-tenerife-n-o-112-15-2-colaboracion-publico-privada-en-la-industria-turistica-canaria-mito-o-realidad\/","title":{"rendered":"Esc\u00e9pticos en el Pub en Tenerife n.\u00ba 112 (15.2): \u00abColaboraci\u00f3n p\u00fablico-privada en la industria tur\u00edstica canaria \u00bfmito o realidad?\u00bb"},"content":{"rendered":"<p>El Aula Cultural de Divulgaci\u00f3n Cient\u00edfica, el Aula Cultural \u00abRadio Campus\u00bb, la Asociaci\u00f3n cultural de relaciones internacionales \u00abHacer para el Desarrollo\u00bb y Docencia en Derecho Civil organizan este seminario que se celebrar\u00e1 en el Pub \u00abS\u00f3crates\u00bb el 25 de octubre de 2024 de 20:00 a 22:00 horas.<\/p>\n<p>La conferencia pretende exponer las posibilidades de la colaboraci\u00f3n p\u00fablico-privada en el \u00e1mbito de la industria tur\u00edstica canaria.<\/p>\n<p>Los vertiginosos cambios producidos en la industria tur\u00edstica hacen cada vez m\u00e1s perentoria una gesti\u00f3n integral de los destinos tur\u00edsticos. Pues ya no solo es necesaria la promoci\u00f3n tur\u00edstica de la zona, sino ofertar al turista una satisfacci\u00f3n global. Un alcance multidisciplinar que contempla desde seguridad, limpieza, medioambiente\u2026 De manera que la colaboraci\u00f3n entre el sector p\u00fablico y privado resulta imprescindible. De ah\u00ed que t\u00e9rminos como gobernanza adquieran una especial relevancia. Donde las OGD (Organizaciones de Gesti\u00f3n de Destinos) se convierten en elementos esenciales para la consecuci\u00f3n de este objetivo, aglutinadores de los distintos agentes y actores que intervienen en el destino tur\u00edstico y cuyos intereses muchas veces est\u00e1n contrapuestos. Sin embargo, \u00bfeste enfoque en Canarias es una realidad o todav\u00eda una quimera?<\/p>\n<p>Dirigido a cualquier persona interesada en el debate en torno al modelo tur\u00edstico en Canarias.<\/p>\n<p>Imparte: Mar\u00eda Ibiza Meli\u00e1n Reyes. Profesora de Derecho Internacional P\u00fablico, Universidad de La Laguna. Profesora de Derecho Privado, Derecho Mercantil y Financiero y Derecho Administrativo del Turismo en el Grado de Turismo de IRIARTE, centro adscrito a la Universidad de La Laguna.<\/p>\n<p>Direcci\u00f3n acad\u00e9mica: Luis Javier Capote P\u00e9rez. Profesor Contratado Doctor Tipo I de Derecho Civil de la Universidad de La Laguna. Co-Director y miembro fundador del Aula Cultural de Divulgaci\u00f3n Cient\u00edfica de la Universidad de La Laguna.<\/p>\n<p><a href=\"https:\/\/sede.fg.ull.es\/es\/curso\/detalle?code=a24020202&amp;name=escepticos-en-el-pub-en-tenerife-n-112-15-2-colaboracion-publico-privada-en-la-industria-turistica-canaria-mito-o-realidad&amp;query=%3Fcode%3DA24020202\" target=\"_blank\" rel=\"noopener\" target=\"_blank\" rel=\"noopener\"><strong><u>M\u00e1s informaci\u00f3n e inscripci\u00f3n aqu\u00ed.<\/u><\/strong><\/a><\/p>\n<p>CERTIFICADO DE ASISTENCIA: La Universidad de La Laguna, a trav\u00e9s del Vicerrectorado de Cultura y Extensi\u00f3n Universitaria, emitir\u00e1 un certificado de asistencia a todas aquellas personas que participen, previa inscripci\u00f3n en la actividad.<\/p>\n<p><strong>Contacto: 922 319 616 \/ 922 319 626 \u2013\u00a0<\/strong><a href=\"mailto:extuni@ull.edu.es\" target=\"_blank\" rel=\"noopener\" target=\"_blank\" rel=\"noopener\"><strong>extuni@ull.es<\/strong><\/a><\/p>\n<p>Colaboran: C\u00e1tedra Cultural \u00abFrancisco Tom\u00e1s y Valiente\u00bb, Pub \u00abS\u00f3crates\u00bb y ARP-Sociedad para el Avance del Pensamiento Cr\u00edtico.<\/p>\n","protected":false},"excerpt":{"rendered":"<p>El Aula Cultural de Divulgaci\u00f3n Cient\u00edfica, el Aula Cultural \u00abRadio Campus\u00bb, la Asociaci\u00f3n cultural de relaciones internacionales \u00abHacer para el Desarrollo\u00bb y Docencia en Derecho Civil organizan este seminario que se celebrar\u00e1 en el Pub \u00abS\u00f3crates\u00bb el 25 de octubre de 2024 de 20:00 a 22:00 horas. La conferencia pretende exponer las posibilidades de la&#8230;<\/p>\n","protected":false},"author":43,"featured_media":36936,"comment_status":"closed","ping_status":"closed","template":"","tags":[4259,977,3812,3294,3751],"tribe_events_cat":[472,4802,471,4,186],"acf":[],"yoast_head":"<!-- This site is optimized with the Yoast SEO plugin v21.3 - https:\/\/yoast.com\/wordpress\/plugins\/seo\/ -->\n<title>Esc\u00e9pticos en el Pub en Tenerife n.\u00ba 112 (15.2): \u00abColaboraci\u00f3n p\u00fablico-privada en la industria tur\u00edstica canaria \u00bfmito o realidad?\u00bb - ULL - Agenda<\/title>\n<meta name=\"robots\" content=\"index, follow, max-snippet:-1, max-image-preview:large, max-video-preview:-1\" \/>\n<link rel=\"canonical\" href=\"https:\/\/www.ull.es\/portal\/agenda\/evento\/escepticos-en-el-pub-en-tenerife-n-o-112-15-2-colaboracion-publico-privada-en-la-industria-turistica-canaria-mito-o-realidad\/\" \/>\n<meta property=\"og:locale\" content=\"es_ES\" \/>\n<meta property=\"og:type\" content=\"article\" \/>\n<meta property=\"og:title\" content=\"Esc\u00e9pticos en el Pub en Tenerife n.\u00ba 112 (15.2): \u00abColaboraci\u00f3n p\u00fablico-privada en la industria tur\u00edstica canaria \u00bfmito o realidad?\u00bb - ULL - Agenda\" \/>\n<meta property=\"og:description\" content=\"El Aula Cultural de Divulgaci\u00f3n Cient\u00edfica, el Aula Cultural \u00abRadio Campus\u00bb, la Asociaci\u00f3n cultural de relaciones internacionales \u00abHacer para el Desarrollo\u00bb y Docencia en Derecho Civil organizan este seminario que se celebrar\u00e1 en el Pub \u00abS\u00f3crates\u00bb el 25 de octubre de 2024 de 20:00 a 22:00 horas. La conferencia pretende exponer las posibilidades de la...\" \/>\n<meta property=\"og:url\" content=\"https:\/\/www.ull.es\/portal\/agenda\/evento\/escepticos-en-el-pub-en-tenerife-n-o-112-15-2-colaboracion-publico-privada-en-la-industria-turistica-canaria-mito-o-realidad\/\" \/>\n<meta property=\"og:site_name\" content=\"ULL - Agenda\" \/>\n<meta property=\"article:modified_time\" content=\"2024-07-11T12:53:08+00:00\" \/>\n<meta property=\"og:image\" content=\"https:\/\/www.ull.es\/portal\/agenda\/wp-content\/uploads\/sites\/12\/2024\/07\/PubTurismo.png\" \/>\n\t<meta property=\"og:image:width\" content=\"700\" \/>\n\t<meta property=\"og:image:height\" content=\"350\" \/>\n\t<meta property=\"og:image:type\" content=\"image\/png\" \/>\n<meta name=\"twitter:card\" content=\"summary_large_image\" \/>\n<meta name=\"twitter:label1\" content=\"Tiempo de lectura\" \/>\n\t<meta name=\"twitter:data1\" content=\"2 minutos\" \/>\n<script type=\"application\/ld+json\" class=\"yoast-schema-graph\">{\"@context\":\"https:\/\/schema.org\",\"@graph\":[{\"@type\":\"WebPage\",\"@id\":\"https:\/\/www.ull.es\/portal\/agenda\/evento\/escepticos-en-el-pub-en-tenerife-n-o-112-15-2-colaboracion-publico-privada-en-la-industria-turistica-canaria-mito-o-realidad\/\",\"url\":\"https:\/\/www.ull.es\/portal\/agenda\/evento\/escepticos-en-el-pub-en-tenerife-n-o-112-15-2-colaboracion-publico-privada-en-la-industria-turistica-canaria-mito-o-realidad\/\",\"name\":\"Esc\u00e9pticos en el Pub en Tenerife n.\u00ba 112 (15.2): \u00abColaboraci\u00f3n p\u00fablico-privada en la industria tur\u00edstica canaria \u00bfmito o realidad?\u00bb - ULL - Agenda\",\"isPartOf\":{\"@id\":\"https:\/\/www.ull.es\/portal\/agenda\/#website\"},\"datePublished\":\"2024-07-11T12:50:49+00:00\",\"dateModified\":\"2024-07-11T12:53:08+00:00\",\"breadcrumb\":{\"@id\":\"https:\/\/www.ull.es\/portal\/agenda\/evento\/escepticos-en-el-pub-en-tenerife-n-o-112-15-2-colaboracion-publico-privada-en-la-industria-turistica-canaria-mito-o-realidad\/#breadcrumb\"},\"inLanguage\":\"es\",\"potentialAction\":[{\"@type\":\"ReadAction\",\"target\":[\"https:\/\/www.ull.es\/portal\/agenda\/evento\/escepticos-en-el-pub-en-tenerife-n-o-112-15-2-colaboracion-publico-privada-en-la-industria-turistica-canaria-mito-o-realidad\/\"]}]},{\"@type\":\"BreadcrumbList\",\"@id\":\"https:\/\/www.ull.es\/portal\/agenda\/evento\/escepticos-en-el-pub-en-tenerife-n-o-112-15-2-colaboracion-publico-privada-en-la-industria-turistica-canaria-mito-o-realidad\/#breadcrumb\",\"itemListElement\":[{\"@type\":\"ListItem\",\"position\":1,\"name\":\"Portada\",\"item\":\"https:\/\/www.ull.es\/portal\/agenda\/\"},{\"@type\":\"ListItem\",\"position\":2,\"name\":\"Esc\u00e9pticos en el Pub en Tenerife n.\u00ba 112 (15.2): \u00abColaboraci\u00f3n p\u00fablico-privada en la industria tur\u00edstica canaria \u00bfmito o realidad?\u00bb\"}]},{\"@type\":\"WebSite\",\"@id\":\"https:\/\/www.ull.es\/portal\/agenda\/#website\",\"url\":\"https:\/\/www.ull.es\/portal\/agenda\/\",\"name\":\"ULL - Agenda\",\"description\":\"\",\"potentialAction\":[{\"@type\":\"SearchAction\",\"target\":{\"@type\":\"EntryPoint\",\"urlTemplate\":\"https:\/\/www.ull.es\/portal\/agenda\/?s={search_term_string}\"},\"query-input\":\"required name=search_term_string\"}],\"inLanguage\":\"es\"}]}<\/script>\n<!-- \/ Yoast SEO plugin. -->","yoast_head_json":{"title":"Esc\u00e9pticos en el Pub en Tenerife n.\u00ba 112 (15.2): \u00abColaboraci\u00f3n p\u00fablico-privada en la industria tur\u00edstica canaria \u00bfmito o realidad?\u00bb - ULL - Agenda","robots":{"index":"index","follow":"follow","max-snippet":"max-snippet:-1","max-image-preview":"max-image-preview:large","max-video-preview":"max-video-preview:-1"},"canonical":"https:\/\/www.ull.es\/portal\/agenda\/evento\/escepticos-en-el-pub-en-tenerife-n-o-112-15-2-colaboracion-publico-privada-en-la-industria-turistica-canaria-mito-o-realidad\/","og_locale":"es_ES","og_type":"article","og_title":"Esc\u00e9pticos en el Pub en Tenerife n.\u00ba 112 (15.2): \u00abColaboraci\u00f3n p\u00fablico-privada en la industria tur\u00edstica canaria \u00bfmito o realidad?\u00bb - ULL - Agenda","og_description":"El Aula Cultural de Divulgaci\u00f3n Cient\u00edfica, el Aula Cultural \u00abRadio Campus\u00bb, la Asociaci\u00f3n cultural de relaciones internacionales \u00abHacer para el Desarrollo\u00bb y Docencia en Derecho Civil organizan este seminario que se celebrar\u00e1 en el Pub \u00abS\u00f3crates\u00bb el 25 de octubre de 2024 de 20:00 a 22:00 horas. La conferencia pretende exponer las posibilidades de la...","og_url":"https:\/\/www.ull.es\/portal\/agenda\/evento\/escepticos-en-el-pub-en-tenerife-n-o-112-15-2-colaboracion-publico-privada-en-la-industria-turistica-canaria-mito-o-realidad\/","og_site_name":"ULL - Agenda","article_modified_time":"2024-07-11T12:53:08+00:00","og_image":[{"width":700,"height":350,"url":"https:\/\/www.ull.es\/portal\/agenda\/wp-content\/uploads\/sites\/12\/2024\/07\/PubTurismo.png","type":"image\/png"}],"twitter_card":"summary_large_image","twitter_misc":{"Tiempo de lectura":"2 minutos"},"schema":{"@context":"https:\/\/schema.org","@graph":[{"@type":"WebPage","@id":"https:\/\/www.ull.es\/portal\/agenda\/evento\/escepticos-en-el-pub-en-tenerife-n-o-112-15-2-colaboracion-publico-privada-en-la-industria-turistica-canaria-mito-o-realidad\/","url":"https:\/\/www.ull.es\/portal\/agenda\/evento\/escepticos-en-el-pub-en-tenerife-n-o-112-15-2-colaboracion-publico-privada-en-la-industria-turistica-canaria-mito-o-realidad\/","name":"Esc\u00e9pticos en el Pub en Tenerife n.\u00ba 112 (15.2): \u00abColaboraci\u00f3n p\u00fablico-privada en la industria tur\u00edstica canaria \u00bfmito o realidad?\u00bb - ULL - Agenda","isPartOf":{"@id":"https:\/\/www.ull.es\/portal\/agenda\/#website"},"datePublished":"2024-07-11T12:50:49+00:00","dateModified":"2024-07-11T12:53:08+00:00","breadcrumb":{"@id":"https:\/\/www.ull.es\/portal\/agenda\/evento\/escepticos-en-el-pub-en-tenerife-n-o-112-15-2-colaboracion-publico-privada-en-la-industria-turistica-canaria-mito-o-realidad\/#breadcrumb"},"inLanguage":"es","potentialAction":[{"@type":"ReadAction","target":["https:\/\/www.ull.es\/portal\/agenda\/evento\/escepticos-en-el-pub-en-tenerife-n-o-112-15-2-colaboracion-publico-privada-en-la-industria-turistica-canaria-mito-o-realidad\/"]}]},{"@type":"BreadcrumbList","@id":"https:\/\/www.ull.es\/portal\/agenda\/evento\/escepticos-en-el-pub-en-tenerife-n-o-112-15-2-colaboracion-publico-privada-en-la-industria-turistica-canaria-mito-o-realidad\/#breadcrumb","itemListElement":[{"@type":"ListItem","position":1,"name":"Portada","item":"https:\/\/www.ull.es\/portal\/agenda\/"},{"@type":"ListItem","position":2,"name":"Esc\u00e9pticos en el Pub en Tenerife n.\u00ba 112 (15.2): \u00abColaboraci\u00f3n p\u00fablico-privada en la industria tur\u00edstica canaria \u00bfmito o realidad?\u00bb"}]},{"@type":"WebSite","@id":"https:\/\/www.ull.es\/portal\/agenda\/#website","url":"https:\/\/www.ull.es\/portal\/agenda\/","name":"ULL - Agenda","description":"","potentialAction":[{"@type":"SearchAction","target":{"@type":"EntryPoint","urlTemplate":"https:\/\/www.ull.es\/portal\/agenda\/?s={search_term_string}"},"query-input":"required name=search_term_string"}],"inLanguage":"es"}]}},"_links":{"self":[{"href":"https:\/\/www.ull.es\/portal\/agenda\/wp-json\/wp\/v2\/tribe_events\/36934"}],"collection":[{"href":"https:\/\/www.ull.es\/portal\/agenda\/wp-json\/wp\/v2\/tribe_events"}],"about":[{"href":"https:\/\/www.ull.es\/portal\/agenda\/wp-json\/wp\/v2\/types\/tribe_events"}],"author":[{"embeddable":true,"href":"https:\/\/www.ull.es\/portal\/agenda\/wp-json\/wp\/v2\/users\/43"}],"replies":[{"embeddable":true,"href":"https:\/\/www.ull.es\/portal\/agenda\/wp-json\/wp\/v2\/comments?post=36934"}],"version-history":[{"count":1,"href":"https:\/\/www.ull.es\/portal\/agenda\/wp-json\/wp\/v2\/tribe_events\/36934\/revisions"}],"predecessor-version":[{"id":36935,"href":"https:\/\/www.ull.es\/portal\/agenda\/wp-json\/wp\/v2\/tribe_events\/36934\/revisions\/36935"}],"wp:featuredmedia":[{"embeddable":true,"href":"https:\/\/www.ull.es\/portal\/agenda\/wp-json\/wp\/v2\/media\/36936"}],"wp:attachment":[{"href":"https:\/\/www.ull.es\/portal\/agenda\/wp-json\/wp\/v2\/media?parent=36934"}],"wp:term":[{"taxonomy":"post_tag","embeddable":true,"href":"https:\/\/www.ull.es\/portal\/agenda\/wp-json\/wp\/v2\/tags?post=36934"},{"taxonomy":"tribe_events_cat","embeddable":true,"href":"https:\/\/www.ull.es\/portal\/agenda\/wp-json\/wp\/v2\/tribe_events_cat?post=36934"}],"curies":[{"name":"wp","href":"https:\/\/api.w.org\/{rel}","templated":true}]}}