{"id":37252,"date":"2024-07-30T10:30:24","date_gmt":"2024-07-30T10:30:24","guid":{"rendered":"https:\/\/www.ull.es\/portal\/agenda\/?post_type=tribe_events&#038;p=37252"},"modified":"2024-07-30T10:37:17","modified_gmt":"2024-07-30T10:37:17","slug":"iii-congreso-internacional-de-investigacion-teatral-y-muestra-escenica-escenificar-las-naciones-pluralidades-y-territorios-en-las-artes-escenicas-iberoamericanas-siglos-xx-y-xxi","status":"publish","type":"tribe_events","link":"https:\/\/www.ull.es\/portal\/agenda\/evento\/iii-congreso-internacional-de-investigacion-teatral-y-muestra-escenica-escenificar-las-naciones-pluralidades-y-territorios-en-las-artes-escenicas-iberoamericanas-siglos-xx-y-xxi\/","title":{"rendered":"III Congreso Internacional de Investigaci\u00f3n Teatral y Muestra Esc\u00e9nica. \u00abEscenificar las naciones. Pluralidades y territorios en las artes esc\u00e9nicas iberoamericanas (siglos XX y XXI)\u00bb"},"content":{"rendered":"<p>El Aula Cultural de Artes Esc\u00e9nicas con la colaboraci\u00f3n de la Escuela de Actores de Canarias organizan este congreso internacional que se celebrar\u00e1 los d\u00edas 25, 26 y 27 de septiembre de 2024 en el Campus de Guajara y en el Teatro del Centro Autorizado Superior de Arte Dram\u00e1tico-Escuela de Actores de Canarias.<\/p>\n<p>Este congreso se propone para analizar las representaciones y discursos esc\u00e9nicos de las identidades nacionales en las artes esc\u00e9nicas del siglo XX y XXI en sus diferentes manifestaciones creativas: dramaturgia, interpretaci\u00f3n, direcci\u00f3n de escena, danza, circo, escenograf\u00eda, figurinismo, aspectos t\u00e9cnicos o de producci\u00f3n, etc. De esta manera, se pretende ahondar en las construcciones esc\u00e9nicas de las naciones que permean en los escenarios iberoamericanos durante los siglos XX y XXI ya sea en una dimensi\u00f3n pol\u00edtica expl\u00edcita o latente, desde diversos enfoques y disciplinas de an\u00e1lisis (como la historia, los estudios transatl\u00e1nticos, las ciencias pol\u00edticas, etc.) o desde una \u00f3ptica interseccional e inclusiva, que integre la perspectiva de g\u00e9nero, queer, de\/poscolonial, crip o cualesquiera que sean pertinentes para generar nuevas perspectivas sobre el asunto propuesto. As\u00ed, se invita a releer aquellos espect\u00e1culos que construyen, reconstruyen, deconstruyen o dinamitan en escena los estados-naci\u00f3n, los nacionalismos estatales y subestatales, los s\u00edmbolos y estereotipos nacionales, as\u00ed como las narrativas historiogr\u00e1ficas y la cr\u00edtica esc\u00e9nica que ha contribuido a interpretaciones guiadas por estos preceptos.<\/p>\n<p>Asimismo, este encuentro responde a la creciente necesidad de crear una metodolog\u00eda ad hoc para el hecho esc\u00e9nico y la creaci\u00f3n de espacios exclusivamente dedicados a las artes esc\u00e9nicas en Espa\u00f1a, en donde especialistas en diversas disciplinas puedan aportar sus \u00faltimas investigaciones.<\/p>\n<p>Dirigido a estudiantes de arte dram\u00e1tico, filolog\u00eda, historia del arte, musicolog\u00eda y otras disciplinas afines, como a especialistas en artes esc\u00e9nicas y p\u00fablico general interesado en la materia.<\/p>\n<p>Direcci\u00f3n acad\u00e9mica: Carlos Brito D\u00edaz. Profesor Titular Filolog\u00eda Espa\u00f1ola, Universidad de La Laguna.<\/p>\n<p>Codirecci\u00f3n: Alejandro Coello Hern\u00e1ndez. Investigador predoctoral FPU del Instituto de Historia del CSIC.<\/p>\n<p><a href=\"https:\/\/sede.fg.ull.es\/es\/curso\/detalle?code=a24020212&amp;name=iii-congreso-internacional-de-investigacion-teatral-y-muestra-escenica-escenificar-las-naciones-pluralidades-y-territorios-en-las-artes-escenicas-iber&amp;query=%3Fcode%3DA24020212\" target=\"_blank\" rel=\"noopener\" target=\"_blank\" rel=\"noopener\"><strong><u>M\u00e1s informaci\u00f3n e inscripci\u00f3n aqu\u00ed.<\/u><\/strong><\/a><\/p>\n<p><a href=\"https:\/\/drive.google.com\/file\/d\/18fphQu7hhWsN0t3NhiqMd8OvQ0nFvv_M\/view?usp=sharing\" target=\"_blank\" rel=\"noopener\" target=\"_blank\" rel=\"noopener\">Descarga el cartel aqu\u00ed.<\/a><\/p>\n<p><a href=\"https:\/\/drive.google.com\/file\/d\/1Mo2xDS44DfxAdChl6FqZUgoZTCWxUi5-\/view?usp=sharing\" target=\"_blank\" rel=\"noopener\" target=\"_blank\" rel=\"noopener\">Descarga el programa aqu\u00ed.<\/a><\/p>\n<p><strong>CERTIFICADO DE ASISTENCIA, APTITUD Y RECONOCIMIENTO POR CR\u00c9DITO ECTS<\/strong><\/p>\n<p>La Universidad de La Laguna, a trav\u00e9s del Vicerrectorado de Cultura y Extensi\u00f3n Universitaria, emitir\u00e1 un certificado de asistencia a todas aquellas personas que asistan a un m\u00ednimo del 80% de las horas lectivas presenciales. Asimismo, aquellas personas que superen el trabajo aut\u00f3nomo del alumnado, recibir\u00e1n un certificado de asistencia y aprovechamiento, reconocible a su vez por un cr\u00e9dito ECTS.<\/p>\n<p><strong>Contacto: 922 319 616 \/ 922 319 626 \u2013\u00a0<\/strong><a href=\"mailto:extuni@ull.edu.es\" target=\"_blank\" rel=\"noopener\" target=\"_blank\" rel=\"noopener\"><strong>extuni@ull.es<\/strong><\/a><\/p>\n<p>Colaboran: Secci\u00f3n de Filolog\u00eda, Departamento de Filolog\u00eda Espa\u00f1ola, Vicerrectorado de Investigaci\u00f3n y Transferencia.<\/p>\n","protected":false},"excerpt":{"rendered":"<p>El Aula Cultural de Artes Esc\u00e9nicas con la colaboraci\u00f3n de la Escuela de Actores de Canarias organizan este congreso internacional que se celebrar\u00e1 los d\u00edas 25, 26 y 27 de septiembre de 2024 en el Campus de Guajara y en el Teatro del Centro Autorizado Superior de Arte Dram\u00e1tico-Escuela de Actores de Canarias. Este congreso&#8230;<\/p>\n","protected":false},"author":43,"featured_media":37253,"comment_status":"closed","ping_status":"closed","template":"","tags":[4259,977,3812,4638,3751],"tribe_events_cat":[472,471,4,186],"acf":[],"yoast_head":"<!-- This site is optimized with the Yoast SEO plugin v21.3 - https:\/\/yoast.com\/wordpress\/plugins\/seo\/ -->\n<title>III Congreso Internacional de Investigaci\u00f3n Teatral y Muestra Esc\u00e9nica. \u00abEscenificar las naciones. Pluralidades y territorios en las artes esc\u00e9nicas iberoamericanas (siglos XX y XXI)\u00bb - ULL - Agenda<\/title>\n<meta name=\"robots\" content=\"index, follow, max-snippet:-1, max-image-preview:large, max-video-preview:-1\" \/>\n<link rel=\"canonical\" href=\"https:\/\/www.ull.es\/portal\/agenda\/evento\/iii-congreso-internacional-de-investigacion-teatral-y-muestra-escenica-escenificar-las-naciones-pluralidades-y-territorios-en-las-artes-escenicas-iberoamericanas-siglos-xx-y-xxi\/\" \/>\n<meta property=\"og:locale\" content=\"es_ES\" \/>\n<meta property=\"og:type\" content=\"article\" \/>\n<meta property=\"og:title\" content=\"III Congreso Internacional de Investigaci\u00f3n Teatral y Muestra Esc\u00e9nica. \u00abEscenificar las naciones. Pluralidades y territorios en las artes esc\u00e9nicas iberoamericanas (siglos XX y XXI)\u00bb - ULL - Agenda\" \/>\n<meta property=\"og:description\" content=\"El Aula Cultural de Artes Esc\u00e9nicas con la colaboraci\u00f3n de la Escuela de Actores de Canarias organizan este congreso internacional que se celebrar\u00e1 los d\u00edas 25, 26 y 27 de septiembre de 2024 en el Campus de Guajara y en el Teatro del Centro Autorizado Superior de Arte Dram\u00e1tico-Escuela de Actores de Canarias. Este congreso...\" \/>\n<meta property=\"og:url\" content=\"https:\/\/www.ull.es\/portal\/agenda\/evento\/iii-congreso-internacional-de-investigacion-teatral-y-muestra-escenica-escenificar-las-naciones-pluralidades-y-territorios-en-las-artes-escenicas-iberoamericanas-siglos-xx-y-xxi\/\" \/>\n<meta property=\"og:site_name\" content=\"ULL - Agenda\" \/>\n<meta property=\"article:modified_time\" content=\"2024-07-30T10:37:17+00:00\" \/>\n<meta property=\"og:image\" content=\"https:\/\/www.ull.es\/portal\/agenda\/wp-content\/uploads\/sites\/12\/2024\/07\/BannerCongresoTeatral.png\" \/>\n\t<meta property=\"og:image:width\" content=\"700\" \/>\n\t<meta property=\"og:image:height\" content=\"350\" \/>\n\t<meta property=\"og:image:type\" content=\"image\/png\" \/>\n<meta name=\"twitter:card\" content=\"summary_large_image\" \/>\n<meta name=\"twitter:label1\" content=\"Tiempo de lectura\" \/>\n\t<meta name=\"twitter:data1\" content=\"2 minutos\" \/>\n<script type=\"application\/ld+json\" class=\"yoast-schema-graph\">{\"@context\":\"https:\/\/schema.org\",\"@graph\":[{\"@type\":\"WebPage\",\"@id\":\"https:\/\/www.ull.es\/portal\/agenda\/evento\/iii-congreso-internacional-de-investigacion-teatral-y-muestra-escenica-escenificar-las-naciones-pluralidades-y-territorios-en-las-artes-escenicas-iberoamericanas-siglos-xx-y-xxi\/\",\"url\":\"https:\/\/www.ull.es\/portal\/agenda\/evento\/iii-congreso-internacional-de-investigacion-teatral-y-muestra-escenica-escenificar-las-naciones-pluralidades-y-territorios-en-las-artes-escenicas-iberoamericanas-siglos-xx-y-xxi\/\",\"name\":\"III Congreso Internacional de Investigaci\u00f3n Teatral y Muestra Esc\u00e9nica. \u00abEscenificar las naciones. Pluralidades y territorios en las artes esc\u00e9nicas iberoamericanas (siglos XX y XXI)\u00bb - ULL - Agenda\",\"isPartOf\":{\"@id\":\"https:\/\/www.ull.es\/portal\/agenda\/#website\"},\"datePublished\":\"2024-07-30T10:30:24+00:00\",\"dateModified\":\"2024-07-30T10:37:17+00:00\",\"breadcrumb\":{\"@id\":\"https:\/\/www.ull.es\/portal\/agenda\/evento\/iii-congreso-internacional-de-investigacion-teatral-y-muestra-escenica-escenificar-las-naciones-pluralidades-y-territorios-en-las-artes-escenicas-iberoamericanas-siglos-xx-y-xxi\/#breadcrumb\"},\"inLanguage\":\"es\",\"potentialAction\":[{\"@type\":\"ReadAction\",\"target\":[\"https:\/\/www.ull.es\/portal\/agenda\/evento\/iii-congreso-internacional-de-investigacion-teatral-y-muestra-escenica-escenificar-las-naciones-pluralidades-y-territorios-en-las-artes-escenicas-iberoamericanas-siglos-xx-y-xxi\/\"]}]},{\"@type\":\"BreadcrumbList\",\"@id\":\"https:\/\/www.ull.es\/portal\/agenda\/evento\/iii-congreso-internacional-de-investigacion-teatral-y-muestra-escenica-escenificar-las-naciones-pluralidades-y-territorios-en-las-artes-escenicas-iberoamericanas-siglos-xx-y-xxi\/#breadcrumb\",\"itemListElement\":[{\"@type\":\"ListItem\",\"position\":1,\"name\":\"Portada\",\"item\":\"https:\/\/www.ull.es\/portal\/agenda\/\"},{\"@type\":\"ListItem\",\"position\":2,\"name\":\"III Congreso Internacional de Investigaci\u00f3n Teatral y Muestra Esc\u00e9nica. \u00abEscenificar las naciones. Pluralidades y territorios en las artes esc\u00e9nicas iberoamericanas (siglos XX y XXI)\u00bb\"}]},{\"@type\":\"WebSite\",\"@id\":\"https:\/\/www.ull.es\/portal\/agenda\/#website\",\"url\":\"https:\/\/www.ull.es\/portal\/agenda\/\",\"name\":\"ULL - Agenda\",\"description\":\"\",\"potentialAction\":[{\"@type\":\"SearchAction\",\"target\":{\"@type\":\"EntryPoint\",\"urlTemplate\":\"https:\/\/www.ull.es\/portal\/agenda\/?s={search_term_string}\"},\"query-input\":\"required name=search_term_string\"}],\"inLanguage\":\"es\"}]}<\/script>\n<!-- \/ Yoast SEO plugin. -->","yoast_head_json":{"title":"III Congreso Internacional de Investigaci\u00f3n Teatral y Muestra Esc\u00e9nica. \u00abEscenificar las naciones. Pluralidades y territorios en las artes esc\u00e9nicas iberoamericanas (siglos XX y XXI)\u00bb - ULL - Agenda","robots":{"index":"index","follow":"follow","max-snippet":"max-snippet:-1","max-image-preview":"max-image-preview:large","max-video-preview":"max-video-preview:-1"},"canonical":"https:\/\/www.ull.es\/portal\/agenda\/evento\/iii-congreso-internacional-de-investigacion-teatral-y-muestra-escenica-escenificar-las-naciones-pluralidades-y-territorios-en-las-artes-escenicas-iberoamericanas-siglos-xx-y-xxi\/","og_locale":"es_ES","og_type":"article","og_title":"III Congreso Internacional de Investigaci\u00f3n Teatral y Muestra Esc\u00e9nica. \u00abEscenificar las naciones. Pluralidades y territorios en las artes esc\u00e9nicas iberoamericanas (siglos XX y XXI)\u00bb - ULL - Agenda","og_description":"El Aula Cultural de Artes Esc\u00e9nicas con la colaboraci\u00f3n de la Escuela de Actores de Canarias organizan este congreso internacional que se celebrar\u00e1 los d\u00edas 25, 26 y 27 de septiembre de 2024 en el Campus de Guajara y en el Teatro del Centro Autorizado Superior de Arte Dram\u00e1tico-Escuela de Actores de Canarias. Este congreso...","og_url":"https:\/\/www.ull.es\/portal\/agenda\/evento\/iii-congreso-internacional-de-investigacion-teatral-y-muestra-escenica-escenificar-las-naciones-pluralidades-y-territorios-en-las-artes-escenicas-iberoamericanas-siglos-xx-y-xxi\/","og_site_name":"ULL - Agenda","article_modified_time":"2024-07-30T10:37:17+00:00","og_image":[{"width":700,"height":350,"url":"https:\/\/www.ull.es\/portal\/agenda\/wp-content\/uploads\/sites\/12\/2024\/07\/BannerCongresoTeatral.png","type":"image\/png"}],"twitter_card":"summary_large_image","twitter_misc":{"Tiempo de lectura":"2 minutos"},"schema":{"@context":"https:\/\/schema.org","@graph":[{"@type":"WebPage","@id":"https:\/\/www.ull.es\/portal\/agenda\/evento\/iii-congreso-internacional-de-investigacion-teatral-y-muestra-escenica-escenificar-las-naciones-pluralidades-y-territorios-en-las-artes-escenicas-iberoamericanas-siglos-xx-y-xxi\/","url":"https:\/\/www.ull.es\/portal\/agenda\/evento\/iii-congreso-internacional-de-investigacion-teatral-y-muestra-escenica-escenificar-las-naciones-pluralidades-y-territorios-en-las-artes-escenicas-iberoamericanas-siglos-xx-y-xxi\/","name":"III Congreso Internacional de Investigaci\u00f3n Teatral y Muestra Esc\u00e9nica. \u00abEscenificar las naciones. Pluralidades y territorios en las artes esc\u00e9nicas iberoamericanas (siglos XX y XXI)\u00bb - ULL - Agenda","isPartOf":{"@id":"https:\/\/www.ull.es\/portal\/agenda\/#website"},"datePublished":"2024-07-30T10:30:24+00:00","dateModified":"2024-07-30T10:37:17+00:00","breadcrumb":{"@id":"https:\/\/www.ull.es\/portal\/agenda\/evento\/iii-congreso-internacional-de-investigacion-teatral-y-muestra-escenica-escenificar-las-naciones-pluralidades-y-territorios-en-las-artes-escenicas-iberoamericanas-siglos-xx-y-xxi\/#breadcrumb"},"inLanguage":"es","potentialAction":[{"@type":"ReadAction","target":["https:\/\/www.ull.es\/portal\/agenda\/evento\/iii-congreso-internacional-de-investigacion-teatral-y-muestra-escenica-escenificar-las-naciones-pluralidades-y-territorios-en-las-artes-escenicas-iberoamericanas-siglos-xx-y-xxi\/"]}]},{"@type":"BreadcrumbList","@id":"https:\/\/www.ull.es\/portal\/agenda\/evento\/iii-congreso-internacional-de-investigacion-teatral-y-muestra-escenica-escenificar-las-naciones-pluralidades-y-territorios-en-las-artes-escenicas-iberoamericanas-siglos-xx-y-xxi\/#breadcrumb","itemListElement":[{"@type":"ListItem","position":1,"name":"Portada","item":"https:\/\/www.ull.es\/portal\/agenda\/"},{"@type":"ListItem","position":2,"name":"III Congreso Internacional de Investigaci\u00f3n Teatral y Muestra Esc\u00e9nica. \u00abEscenificar las naciones. Pluralidades y territorios en las artes esc\u00e9nicas iberoamericanas (siglos XX y XXI)\u00bb"}]},{"@type":"WebSite","@id":"https:\/\/www.ull.es\/portal\/agenda\/#website","url":"https:\/\/www.ull.es\/portal\/agenda\/","name":"ULL - Agenda","description":"","potentialAction":[{"@type":"SearchAction","target":{"@type":"EntryPoint","urlTemplate":"https:\/\/www.ull.es\/portal\/agenda\/?s={search_term_string}"},"query-input":"required name=search_term_string"}],"inLanguage":"es"}]}},"_links":{"self":[{"href":"https:\/\/www.ull.es\/portal\/agenda\/wp-json\/wp\/v2\/tribe_events\/37252"}],"collection":[{"href":"https:\/\/www.ull.es\/portal\/agenda\/wp-json\/wp\/v2\/tribe_events"}],"about":[{"href":"https:\/\/www.ull.es\/portal\/agenda\/wp-json\/wp\/v2\/types\/tribe_events"}],"author":[{"embeddable":true,"href":"https:\/\/www.ull.es\/portal\/agenda\/wp-json\/wp\/v2\/users\/43"}],"replies":[{"embeddable":true,"href":"https:\/\/www.ull.es\/portal\/agenda\/wp-json\/wp\/v2\/comments?post=37252"}],"version-history":[{"count":5,"href":"https:\/\/www.ull.es\/portal\/agenda\/wp-json\/wp\/v2\/tribe_events\/37252\/revisions"}],"predecessor-version":[{"id":37263,"href":"https:\/\/www.ull.es\/portal\/agenda\/wp-json\/wp\/v2\/tribe_events\/37252\/revisions\/37263"}],"wp:featuredmedia":[{"embeddable":true,"href":"https:\/\/www.ull.es\/portal\/agenda\/wp-json\/wp\/v2\/media\/37253"}],"wp:attachment":[{"href":"https:\/\/www.ull.es\/portal\/agenda\/wp-json\/wp\/v2\/media?parent=37252"}],"wp:term":[{"taxonomy":"post_tag","embeddable":true,"href":"https:\/\/www.ull.es\/portal\/agenda\/wp-json\/wp\/v2\/tags?post=37252"},{"taxonomy":"tribe_events_cat","embeddable":true,"href":"https:\/\/www.ull.es\/portal\/agenda\/wp-json\/wp\/v2\/tribe_events_cat?post=37252"}],"curies":[{"name":"wp","href":"https:\/\/api.w.org\/{rel}","templated":true}]}}