{"id":37817,"date":"2024-09-11T08:21:49","date_gmt":"2024-09-11T08:21:49","guid":{"rendered":"https:\/\/www.ull.es\/portal\/agenda\/?post_type=tribe_events&#038;p=37817"},"modified":"2024-10-08T10:44:37","modified_gmt":"2024-10-08T10:44:37","slug":"exposicion-linea-ecuatorial-latido-universal","status":"publish","type":"tribe_events","link":"https:\/\/www.ull.es\/portal\/agenda\/evento\/exposicion-linea-ecuatorial-latido-universal\/","title":{"rendered":"\ud83c\uddea\ud83c\udde8 Exposici\u00f3n de pintura ecuatoriana: &#8216;L\u00ednea ecuatorial, latido universal&#8217;"},"content":{"rendered":"<p>Llega la IV edici\u00f3n de Campus Am\u00e9rica, del 9 al 18 de octubre, un espacio de valoraci\u00f3n e impulso de las acciones de internacionalizaci\u00f3n de la Universidad de La Laguna con el continente americano, este a\u00f1o con Ecuador como pa\u00eds invitado.<\/p>\n<p>En esta ocasi\u00f3n, Ecuador se enorgullece en presentar la obra de Rosy Revelo, una reconocida artista latinoamericana cuya trayectoria art\u00edstica aborda temas como la memoria, la identidad, la diversidad y las simbolog\u00edas, desde una perspectiva contempor\u00e1nea. Su obra ofrece una ventana \u00fanica para visibilizar la riqueza cultural de Ecuador, un pa\u00eds en la mitad del mundo, caracterizado por su diversidad y pluriculturalidad.<\/p>\n<p>La exposici\u00f3n y recorrido visual de la obra de Rosy Revelo prometen una experiencia est\u00e9tica \u00fanica. La presencia de la artista, con su amplia y polifac\u00e9tica obra pl\u00e1stica y visual, nos sumergir\u00e1 en un universo art\u00edstico que representa las cuatro regiones del Ecuador. A trav\u00e9s de su trabajo, Campus Am\u00e9rica 2024 nos invita a explorar y descubrir las m\u00faltiples facetas culturales de este pa\u00eds sudamericano.<\/p>\n<p>La<strong> inauguraci\u00f3n de esta exposici\u00f3n tendr\u00e1 lugar el 8 de octubre a las 18:00 de la tarde, en la &#8216;Sala de Arte Paraninfo. Pablo Gonz\u00e1lez Vera&#8217;<\/strong>. A partir de ese d\u00eda, estar\u00e1 abierta hasta el 18 de octubre, en horario de 17.00 a 20.00 horas de lunes a viernes.<\/p>\n<p>Autora: Rosy Revelo<br \/>\nT\u00edtulo: \u00abL\u00cdNEA ECUATORIAL Latido Universal\u00bb<br \/>\nT\u00e9cnica: Pintura, Grabado e Instalaci\u00f3n<br \/>\nSoporte: sustrato Mixto<br \/>\nN\u00famero de obras: 100 obras en Lienzo, cartulina, aluminio, y algod\u00f3n<br \/>\nDimensi\u00f3n: formatos variados<\/p>\n<p><strong><a href=\"https:\/\/www.ull.es\/portal\/campusamerica\/\" target=\"_blank\" rel=\"noopener\" target=\"_blank\" rel=\"noopener\">M\u00e1s informaci\u00f3n en la web<\/a><\/strong><\/p>\n","protected":false},"excerpt":{"rendered":"<p>Llega la IV edici\u00f3n de Campus Am\u00e9rica, del 9 al 18 de octubre, un espacio de valoraci\u00f3n e impulso de las acciones de internacionalizaci\u00f3n de la Universidad de La Laguna con el continente americano, este a\u00f1o con Ecuador como pa\u00eds invitado. En esta ocasi\u00f3n, Ecuador se enorgullece en presentar la obra de Rosy Revelo, una&#8230;<\/p>\n","protected":false},"author":86,"featured_media":37891,"comment_status":"closed","ping_status":"closed","template":"","tags":[],"tribe_events_cat":[4938,392,3987,4,345,343],"acf":[],"yoast_head":"<!-- This site is optimized with the Yoast SEO plugin v21.3 - https:\/\/yoast.com\/wordpress\/plugins\/seo\/ -->\n<title>\ud83c\uddea\ud83c\udde8 Exposici\u00f3n de pintura ecuatoriana: &#039;L\u00ednea ecuatorial, latido universal&#039; - ULL - Agenda<\/title>\n<meta name=\"robots\" content=\"index, follow, max-snippet:-1, max-image-preview:large, max-video-preview:-1\" \/>\n<link rel=\"canonical\" href=\"https:\/\/www.ull.es\/portal\/agenda\/evento\/exposicion-linea-ecuatorial-latido-universal\/\" \/>\n<meta property=\"og:locale\" content=\"es_ES\" \/>\n<meta property=\"og:type\" content=\"article\" \/>\n<meta property=\"og:title\" content=\"\ud83c\uddea\ud83c\udde8 Exposici\u00f3n de pintura ecuatoriana: &#039;L\u00ednea ecuatorial, latido universal&#039; - ULL - Agenda\" \/>\n<meta property=\"og:description\" content=\"Llega la IV edici\u00f3n de Campus Am\u00e9rica, del 9 al 18 de octubre, un espacio de valoraci\u00f3n e impulso de las acciones de internacionalizaci\u00f3n de la Universidad de La Laguna con el continente americano, este a\u00f1o con Ecuador como pa\u00eds invitado. En esta ocasi\u00f3n, Ecuador se enorgullece en presentar la obra de Rosy Revelo, una...\" \/>\n<meta property=\"og:url\" content=\"https:\/\/www.ull.es\/portal\/agenda\/evento\/exposicion-linea-ecuatorial-latido-universal\/\" \/>\n<meta property=\"og:site_name\" content=\"ULL - Agenda\" \/>\n<meta property=\"article:modified_time\" content=\"2024-10-08T10:44:37+00:00\" \/>\n<meta property=\"og:image\" content=\"https:\/\/www.ull.es\/portal\/agenda\/wp-content\/uploads\/sites\/12\/2024\/09\/Arte-y-Patrimonio_Exposicion-pintura-ecuatoriana.png\" \/>\n\t<meta property=\"og:image:width\" content=\"750\" \/>\n\t<meta property=\"og:image:height\" content=\"370\" \/>\n\t<meta property=\"og:image:type\" content=\"image\/png\" \/>\n<meta name=\"twitter:card\" content=\"summary_large_image\" \/>\n<meta name=\"twitter:label1\" content=\"Tiempo de lectura\" \/>\n\t<meta name=\"twitter:data1\" content=\"2 minutos\" \/>\n<script type=\"application\/ld+json\" class=\"yoast-schema-graph\">{\"@context\":\"https:\/\/schema.org\",\"@graph\":[{\"@type\":\"WebPage\",\"@id\":\"https:\/\/www.ull.es\/portal\/agenda\/evento\/exposicion-linea-ecuatorial-latido-universal\/\",\"url\":\"https:\/\/www.ull.es\/portal\/agenda\/evento\/exposicion-linea-ecuatorial-latido-universal\/\",\"name\":\"\ud83c\uddea\ud83c\udde8 Exposici\u00f3n de pintura ecuatoriana: 'L\u00ednea ecuatorial, latido universal' - ULL - Agenda\",\"isPartOf\":{\"@id\":\"https:\/\/www.ull.es\/portal\/agenda\/#website\"},\"datePublished\":\"2024-09-11T08:21:49+00:00\",\"dateModified\":\"2024-10-08T10:44:37+00:00\",\"breadcrumb\":{\"@id\":\"https:\/\/www.ull.es\/portal\/agenda\/evento\/exposicion-linea-ecuatorial-latido-universal\/#breadcrumb\"},\"inLanguage\":\"es\",\"potentialAction\":[{\"@type\":\"ReadAction\",\"target\":[\"https:\/\/www.ull.es\/portal\/agenda\/evento\/exposicion-linea-ecuatorial-latido-universal\/\"]}]},{\"@type\":\"BreadcrumbList\",\"@id\":\"https:\/\/www.ull.es\/portal\/agenda\/evento\/exposicion-linea-ecuatorial-latido-universal\/#breadcrumb\",\"itemListElement\":[{\"@type\":\"ListItem\",\"position\":1,\"name\":\"Portada\",\"item\":\"https:\/\/www.ull.es\/portal\/agenda\/\"},{\"@type\":\"ListItem\",\"position\":2,\"name\":\"\ud83c\uddea\ud83c\udde8 Exposici\u00f3n de pintura ecuatoriana: &#8216;L\u00ednea ecuatorial, latido universal&#8217;\"}]},{\"@type\":\"WebSite\",\"@id\":\"https:\/\/www.ull.es\/portal\/agenda\/#website\",\"url\":\"https:\/\/www.ull.es\/portal\/agenda\/\",\"name\":\"ULL - Agenda\",\"description\":\"\",\"potentialAction\":[{\"@type\":\"SearchAction\",\"target\":{\"@type\":\"EntryPoint\",\"urlTemplate\":\"https:\/\/www.ull.es\/portal\/agenda\/?s={search_term_string}\"},\"query-input\":\"required name=search_term_string\"}],\"inLanguage\":\"es\"}]}<\/script>\n<!-- \/ Yoast SEO plugin. -->","yoast_head_json":{"title":"\ud83c\uddea\ud83c\udde8 Exposici\u00f3n de pintura ecuatoriana: 'L\u00ednea ecuatorial, latido universal' - ULL - Agenda","robots":{"index":"index","follow":"follow","max-snippet":"max-snippet:-1","max-image-preview":"max-image-preview:large","max-video-preview":"max-video-preview:-1"},"canonical":"https:\/\/www.ull.es\/portal\/agenda\/evento\/exposicion-linea-ecuatorial-latido-universal\/","og_locale":"es_ES","og_type":"article","og_title":"\ud83c\uddea\ud83c\udde8 Exposici\u00f3n de pintura ecuatoriana: 'L\u00ednea ecuatorial, latido universal' - ULL - Agenda","og_description":"Llega la IV edici\u00f3n de Campus Am\u00e9rica, del 9 al 18 de octubre, un espacio de valoraci\u00f3n e impulso de las acciones de internacionalizaci\u00f3n de la Universidad de La Laguna con el continente americano, este a\u00f1o con Ecuador como pa\u00eds invitado. En esta ocasi\u00f3n, Ecuador se enorgullece en presentar la obra de Rosy Revelo, una...","og_url":"https:\/\/www.ull.es\/portal\/agenda\/evento\/exposicion-linea-ecuatorial-latido-universal\/","og_site_name":"ULL - Agenda","article_modified_time":"2024-10-08T10:44:37+00:00","og_image":[{"width":750,"height":370,"url":"https:\/\/www.ull.es\/portal\/agenda\/wp-content\/uploads\/sites\/12\/2024\/09\/Arte-y-Patrimonio_Exposicion-pintura-ecuatoriana.png","type":"image\/png"}],"twitter_card":"summary_large_image","twitter_misc":{"Tiempo de lectura":"2 minutos"},"schema":{"@context":"https:\/\/schema.org","@graph":[{"@type":"WebPage","@id":"https:\/\/www.ull.es\/portal\/agenda\/evento\/exposicion-linea-ecuatorial-latido-universal\/","url":"https:\/\/www.ull.es\/portal\/agenda\/evento\/exposicion-linea-ecuatorial-latido-universal\/","name":"\ud83c\uddea\ud83c\udde8 Exposici\u00f3n de pintura ecuatoriana: 'L\u00ednea ecuatorial, latido universal' - ULL - Agenda","isPartOf":{"@id":"https:\/\/www.ull.es\/portal\/agenda\/#website"},"datePublished":"2024-09-11T08:21:49+00:00","dateModified":"2024-10-08T10:44:37+00:00","breadcrumb":{"@id":"https:\/\/www.ull.es\/portal\/agenda\/evento\/exposicion-linea-ecuatorial-latido-universal\/#breadcrumb"},"inLanguage":"es","potentialAction":[{"@type":"ReadAction","target":["https:\/\/www.ull.es\/portal\/agenda\/evento\/exposicion-linea-ecuatorial-latido-universal\/"]}]},{"@type":"BreadcrumbList","@id":"https:\/\/www.ull.es\/portal\/agenda\/evento\/exposicion-linea-ecuatorial-latido-universal\/#breadcrumb","itemListElement":[{"@type":"ListItem","position":1,"name":"Portada","item":"https:\/\/www.ull.es\/portal\/agenda\/"},{"@type":"ListItem","position":2,"name":"\ud83c\uddea\ud83c\udde8 Exposici\u00f3n de pintura ecuatoriana: &#8216;L\u00ednea ecuatorial, latido universal&#8217;"}]},{"@type":"WebSite","@id":"https:\/\/www.ull.es\/portal\/agenda\/#website","url":"https:\/\/www.ull.es\/portal\/agenda\/","name":"ULL - Agenda","description":"","potentialAction":[{"@type":"SearchAction","target":{"@type":"EntryPoint","urlTemplate":"https:\/\/www.ull.es\/portal\/agenda\/?s={search_term_string}"},"query-input":"required name=search_term_string"}],"inLanguage":"es"}]}},"_links":{"self":[{"href":"https:\/\/www.ull.es\/portal\/agenda\/wp-json\/wp\/v2\/tribe_events\/37817"}],"collection":[{"href":"https:\/\/www.ull.es\/portal\/agenda\/wp-json\/wp\/v2\/tribe_events"}],"about":[{"href":"https:\/\/www.ull.es\/portal\/agenda\/wp-json\/wp\/v2\/types\/tribe_events"}],"author":[{"embeddable":true,"href":"https:\/\/www.ull.es\/portal\/agenda\/wp-json\/wp\/v2\/users\/86"}],"replies":[{"embeddable":true,"href":"https:\/\/www.ull.es\/portal\/agenda\/wp-json\/wp\/v2\/comments?post=37817"}],"version-history":[{"count":8,"href":"https:\/\/www.ull.es\/portal\/agenda\/wp-json\/wp\/v2\/tribe_events\/37817\/revisions"}],"predecessor-version":[{"id":38120,"href":"https:\/\/www.ull.es\/portal\/agenda\/wp-json\/wp\/v2\/tribe_events\/37817\/revisions\/38120"}],"wp:featuredmedia":[{"embeddable":true,"href":"https:\/\/www.ull.es\/portal\/agenda\/wp-json\/wp\/v2\/media\/37891"}],"wp:attachment":[{"href":"https:\/\/www.ull.es\/portal\/agenda\/wp-json\/wp\/v2\/media?parent=37817"}],"wp:term":[{"taxonomy":"post_tag","embeddable":true,"href":"https:\/\/www.ull.es\/portal\/agenda\/wp-json\/wp\/v2\/tags?post=37817"},{"taxonomy":"tribe_events_cat","embeddable":true,"href":"https:\/\/www.ull.es\/portal\/agenda\/wp-json\/wp\/v2\/tribe_events_cat?post=37817"}],"curies":[{"name":"wp","href":"https:\/\/api.w.org\/{rel}","templated":true}]}}