{"id":37968,"date":"2024-09-16T10:45:22","date_gmt":"2024-09-16T10:45:22","guid":{"rendered":"https:\/\/www.ull.es\/portal\/agenda\/?post_type=tribe_events&#038;p=37968"},"modified":"2024-09-26T07:37:30","modified_gmt":"2024-09-26T07:37:30","slug":"activismo-y-practicas-artisticas-ante-la-agresion-a-gaza","status":"publish","type":"tribe_events","link":"https:\/\/www.ull.es\/portal\/agenda\/evento\/activismo-y-practicas-artisticas-ante-la-agresion-a-gaza\/","title":{"rendered":"Activismo y pr\u00e1cticas art\u00edsticas ante la agresi\u00f3n a Gaza"},"content":{"rendered":"<p>Estas jornadas se presentan como una invitaci\u00f3n para conocer y reflexionar colectivamente la realidad de lo que est\u00e1 ocurriendo en Palestina. Un conflicto que se inicia con la fundaci\u00f3n del Estado de Israel en 1948 hasta la actualidad y cuyas consecuencias hist\u00f3ricas y sociales se mantienen, a lo largo de 76 a\u00f1os, en la poblaci\u00f3n residente de dicho territorio.<\/p>\n<p>Sin irnos a un an\u00e1lisis profundo en este texto de presentaci\u00f3n, y de ah\u00ed la invitaci\u00f3n a las jornadas, desde el Aula Cultural de Pensamiento Art\u00edstico Contempor\u00e1neo, perteneciente a la facultad de Bellas Artes, se propone una serie de actividades repartidas en dos bloques para construir nuevos enfoques sobre la situaci\u00f3n del Pueblo Palestino y, al mismo tiempo, repensar conjuntamente que acciones son posibles fuera de su territorio dentro del campo del activismo y de la pr\u00e1ctica art\u00edstica.<\/p>\n<p>La primera parte consta de una sesi\u00f3n con el profesor Jos\u00e9 Abu- Tarbush de la Universidad de La Laguna donde contextualiza hist\u00f3rica y socialmente la situaci\u00f3n de Gaza y de Palestina. Al final de dicha charla hablar\u00e1n algunas representantes de diferentes asociaciones por Palestina de la isla de Tenerife y de la universidad. La segunda parte se configura primero de un coloquio y despu\u00e9s un taller con zona de lecturas de Fanzines Palestinos\/sobre Palestina, con el Proyecto Cultural La Raya, donde se visibilizan y se pone en tensi\u00f3n la cuesti\u00f3n Palestina en las instituciones y pr\u00e1cticas culturales y art\u00edsticas de nuestro contexto.<\/p>\n<p><strong>PROGRAMA<\/strong><br \/>\nJueves, 26 de septiembre<br \/>\n12:00 -14;00 h Gaza: martirio y limpieza \u00e9tnica. Jos\u00e9 Abu-Tarbush<br \/>\nPlataforma Tenerife por Palestina<br \/>\nGARA &#8211; Asamblea de estudiantes<\/p>\n<p dir=\"ltr\">17:00 &#8211; 18:30. La Autoedici\u00f3n y la Autogesti\u00f3n como Herramientas de Resistencia: Contextualizaci\u00f3n y C\u00edrculo de Lectura.<br \/>\nTaller con Zona de lectura de Fanzines palestinos\/ sobre Palestina<br \/>\nProyecto Cultural La Raya<\/p>\n","protected":false},"excerpt":{"rendered":"<p>Estas jornadas se presentan como una invitaci\u00f3n para conocer y reflexionar colectivamente la realidad de lo que est\u00e1 ocurriendo en Palestina. Un conflicto que se inicia con la fundaci\u00f3n del Estado de Israel en 1948 hasta la actualidad y cuyas consecuencias hist\u00f3ricas y sociales se mantienen, a lo largo de 76 a\u00f1os, en la poblaci\u00f3n&#8230;<\/p>\n","protected":false},"author":65,"featured_media":38260,"comment_status":"closed","ping_status":"closed","template":"","tags":[],"tribe_events_cat":[344,3987,4,3096,191],"acf":[],"yoast_head":"<!-- This site is optimized with the Yoast SEO plugin v21.3 - https:\/\/yoast.com\/wordpress\/plugins\/seo\/ -->\n<title>Activismo y pr\u00e1cticas art\u00edsticas ante la agresi\u00f3n a Gaza - ULL - Agenda<\/title>\n<meta name=\"robots\" content=\"index, follow, max-snippet:-1, max-image-preview:large, max-video-preview:-1\" \/>\n<link rel=\"canonical\" href=\"https:\/\/www.ull.es\/portal\/agenda\/evento\/activismo-y-practicas-artisticas-ante-la-agresion-a-gaza\/\" \/>\n<meta property=\"og:locale\" content=\"es_ES\" \/>\n<meta property=\"og:type\" content=\"article\" \/>\n<meta property=\"og:title\" content=\"Activismo y pr\u00e1cticas art\u00edsticas ante la agresi\u00f3n a Gaza - ULL - Agenda\" \/>\n<meta property=\"og:description\" content=\"Estas jornadas se presentan como una invitaci\u00f3n para conocer y reflexionar colectivamente la realidad de lo que est\u00e1 ocurriendo en Palestina. Un conflicto que se inicia con la fundaci\u00f3n del Estado de Israel en 1948 hasta la actualidad y cuyas consecuencias hist\u00f3ricas y sociales se mantienen, a lo largo de 76 a\u00f1os, en la poblaci\u00f3n...\" \/>\n<meta property=\"og:url\" content=\"https:\/\/www.ull.es\/portal\/agenda\/evento\/activismo-y-practicas-artisticas-ante-la-agresion-a-gaza\/\" \/>\n<meta property=\"og:site_name\" content=\"ULL - Agenda\" \/>\n<meta property=\"article:modified_time\" content=\"2024-09-26T07:37:30+00:00\" \/>\n<meta property=\"og:image\" content=\"https:\/\/www.ull.es\/portal\/agenda\/wp-content\/uploads\/sites\/12\/2024\/09\/gaza.jpg\" \/>\n\t<meta property=\"og:image:width\" content=\"1200\" \/>\n\t<meta property=\"og:image:height\" content=\"800\" \/>\n\t<meta property=\"og:image:type\" content=\"image\/jpeg\" \/>\n<meta name=\"twitter:card\" content=\"summary_large_image\" \/>\n<meta name=\"twitter:label1\" content=\"Tiempo de lectura\" \/>\n\t<meta name=\"twitter:data1\" content=\"2 minutos\" \/>\n<script type=\"application\/ld+json\" class=\"yoast-schema-graph\">{\"@context\":\"https:\/\/schema.org\",\"@graph\":[{\"@type\":\"WebPage\",\"@id\":\"https:\/\/www.ull.es\/portal\/agenda\/evento\/activismo-y-practicas-artisticas-ante-la-agresion-a-gaza\/\",\"url\":\"https:\/\/www.ull.es\/portal\/agenda\/evento\/activismo-y-practicas-artisticas-ante-la-agresion-a-gaza\/\",\"name\":\"Activismo y pr\u00e1cticas art\u00edsticas ante la agresi\u00f3n a Gaza - ULL - Agenda\",\"isPartOf\":{\"@id\":\"https:\/\/www.ull.es\/portal\/agenda\/#website\"},\"datePublished\":\"2024-09-16T10:45:22+00:00\",\"dateModified\":\"2024-09-26T07:37:30+00:00\",\"breadcrumb\":{\"@id\":\"https:\/\/www.ull.es\/portal\/agenda\/evento\/activismo-y-practicas-artisticas-ante-la-agresion-a-gaza\/#breadcrumb\"},\"inLanguage\":\"es\",\"potentialAction\":[{\"@type\":\"ReadAction\",\"target\":[\"https:\/\/www.ull.es\/portal\/agenda\/evento\/activismo-y-practicas-artisticas-ante-la-agresion-a-gaza\/\"]}]},{\"@type\":\"BreadcrumbList\",\"@id\":\"https:\/\/www.ull.es\/portal\/agenda\/evento\/activismo-y-practicas-artisticas-ante-la-agresion-a-gaza\/#breadcrumb\",\"itemListElement\":[{\"@type\":\"ListItem\",\"position\":1,\"name\":\"Portada\",\"item\":\"https:\/\/www.ull.es\/portal\/agenda\/\"},{\"@type\":\"ListItem\",\"position\":2,\"name\":\"Activismo y pr\u00e1cticas art\u00edsticas ante la agresi\u00f3n a Gaza\"}]},{\"@type\":\"WebSite\",\"@id\":\"https:\/\/www.ull.es\/portal\/agenda\/#website\",\"url\":\"https:\/\/www.ull.es\/portal\/agenda\/\",\"name\":\"ULL - Agenda\",\"description\":\"\",\"potentialAction\":[{\"@type\":\"SearchAction\",\"target\":{\"@type\":\"EntryPoint\",\"urlTemplate\":\"https:\/\/www.ull.es\/portal\/agenda\/?s={search_term_string}\"},\"query-input\":\"required name=search_term_string\"}],\"inLanguage\":\"es\"}]}<\/script>\n<!-- \/ Yoast SEO plugin. -->","yoast_head_json":{"title":"Activismo y pr\u00e1cticas art\u00edsticas ante la agresi\u00f3n a Gaza - ULL - Agenda","robots":{"index":"index","follow":"follow","max-snippet":"max-snippet:-1","max-image-preview":"max-image-preview:large","max-video-preview":"max-video-preview:-1"},"canonical":"https:\/\/www.ull.es\/portal\/agenda\/evento\/activismo-y-practicas-artisticas-ante-la-agresion-a-gaza\/","og_locale":"es_ES","og_type":"article","og_title":"Activismo y pr\u00e1cticas art\u00edsticas ante la agresi\u00f3n a Gaza - ULL - Agenda","og_description":"Estas jornadas se presentan como una invitaci\u00f3n para conocer y reflexionar colectivamente la realidad de lo que est\u00e1 ocurriendo en Palestina. Un conflicto que se inicia con la fundaci\u00f3n del Estado de Israel en 1948 hasta la actualidad y cuyas consecuencias hist\u00f3ricas y sociales se mantienen, a lo largo de 76 a\u00f1os, en la poblaci\u00f3n...","og_url":"https:\/\/www.ull.es\/portal\/agenda\/evento\/activismo-y-practicas-artisticas-ante-la-agresion-a-gaza\/","og_site_name":"ULL - Agenda","article_modified_time":"2024-09-26T07:37:30+00:00","og_image":[{"width":1200,"height":800,"url":"https:\/\/www.ull.es\/portal\/agenda\/wp-content\/uploads\/sites\/12\/2024\/09\/gaza.jpg","type":"image\/jpeg"}],"twitter_card":"summary_large_image","twitter_misc":{"Tiempo de lectura":"2 minutos"},"schema":{"@context":"https:\/\/schema.org","@graph":[{"@type":"WebPage","@id":"https:\/\/www.ull.es\/portal\/agenda\/evento\/activismo-y-practicas-artisticas-ante-la-agresion-a-gaza\/","url":"https:\/\/www.ull.es\/portal\/agenda\/evento\/activismo-y-practicas-artisticas-ante-la-agresion-a-gaza\/","name":"Activismo y pr\u00e1cticas art\u00edsticas ante la agresi\u00f3n a Gaza - ULL - Agenda","isPartOf":{"@id":"https:\/\/www.ull.es\/portal\/agenda\/#website"},"datePublished":"2024-09-16T10:45:22+00:00","dateModified":"2024-09-26T07:37:30+00:00","breadcrumb":{"@id":"https:\/\/www.ull.es\/portal\/agenda\/evento\/activismo-y-practicas-artisticas-ante-la-agresion-a-gaza\/#breadcrumb"},"inLanguage":"es","potentialAction":[{"@type":"ReadAction","target":["https:\/\/www.ull.es\/portal\/agenda\/evento\/activismo-y-practicas-artisticas-ante-la-agresion-a-gaza\/"]}]},{"@type":"BreadcrumbList","@id":"https:\/\/www.ull.es\/portal\/agenda\/evento\/activismo-y-practicas-artisticas-ante-la-agresion-a-gaza\/#breadcrumb","itemListElement":[{"@type":"ListItem","position":1,"name":"Portada","item":"https:\/\/www.ull.es\/portal\/agenda\/"},{"@type":"ListItem","position":2,"name":"Activismo y pr\u00e1cticas art\u00edsticas ante la agresi\u00f3n a Gaza"}]},{"@type":"WebSite","@id":"https:\/\/www.ull.es\/portal\/agenda\/#website","url":"https:\/\/www.ull.es\/portal\/agenda\/","name":"ULL - Agenda","description":"","potentialAction":[{"@type":"SearchAction","target":{"@type":"EntryPoint","urlTemplate":"https:\/\/www.ull.es\/portal\/agenda\/?s={search_term_string}"},"query-input":"required name=search_term_string"}],"inLanguage":"es"}]}},"_links":{"self":[{"href":"https:\/\/www.ull.es\/portal\/agenda\/wp-json\/wp\/v2\/tribe_events\/37968"}],"collection":[{"href":"https:\/\/www.ull.es\/portal\/agenda\/wp-json\/wp\/v2\/tribe_events"}],"about":[{"href":"https:\/\/www.ull.es\/portal\/agenda\/wp-json\/wp\/v2\/types\/tribe_events"}],"author":[{"embeddable":true,"href":"https:\/\/www.ull.es\/portal\/agenda\/wp-json\/wp\/v2\/users\/65"}],"replies":[{"embeddable":true,"href":"https:\/\/www.ull.es\/portal\/agenda\/wp-json\/wp\/v2\/comments?post=37968"}],"version-history":[{"count":3,"href":"https:\/\/www.ull.es\/portal\/agenda\/wp-json\/wp\/v2\/tribe_events\/37968\/revisions"}],"predecessor-version":[{"id":38219,"href":"https:\/\/www.ull.es\/portal\/agenda\/wp-json\/wp\/v2\/tribe_events\/37968\/revisions\/38219"}],"wp:featuredmedia":[{"embeddable":true,"href":"https:\/\/www.ull.es\/portal\/agenda\/wp-json\/wp\/v2\/media\/38260"}],"wp:attachment":[{"href":"https:\/\/www.ull.es\/portal\/agenda\/wp-json\/wp\/v2\/media?parent=37968"}],"wp:term":[{"taxonomy":"post_tag","embeddable":true,"href":"https:\/\/www.ull.es\/portal\/agenda\/wp-json\/wp\/v2\/tags?post=37968"},{"taxonomy":"tribe_events_cat","embeddable":true,"href":"https:\/\/www.ull.es\/portal\/agenda\/wp-json\/wp\/v2\/tribe_events_cat?post=37968"}],"curies":[{"name":"wp","href":"https:\/\/api.w.org\/{rel}","templated":true}]}}