{"id":38117,"date":"2024-09-20T08:42:09","date_gmt":"2024-09-20T08:42:09","guid":{"rendered":"https:\/\/www.ull.es\/portal\/agenda\/?post_type=tribe_events&#038;p=38117"},"modified":"2025-07-09T10:45:09","modified_gmt":"2025-07-09T10:45:09","slug":"analisis-matematico-2024-2025","status":"publish","type":"tribe_events","link":"https:\/\/www.ull.es\/portal\/agenda\/evento\/analisis-matematico-2024-2025\/","title":{"rendered":"Seminario de An\u00e1lisis Matem\u00e1tico y Matem\u00e1tica Aplicada 2024-2025"},"content":{"rendered":"<p>[vc_row][vc_column][vc_column_text]El Departamento de An\u00e1lisis Matem\u00e1tico y\u00a0 el Instituto de Matem\u00e1ticas y Aplicaciones de la Universidad de La Laguna organizan Seminarios de An\u00e1lisis Matem\u00e1tico y Matem\u00e1tica Aplicada con car\u00e1cter semanal.<\/p>\n<p>[\/vc_column_text][\/vc_column][\/vc_row][vc_row][vc_column][vc_tta_accordion c_icon=\u00bbchevron\u00bb c_position=\u00bbright\u00bb active_section=\u00bb1&#8243; no_fill=\u00bbtrue\u00bb collapsible_all=\u00bbtrue\u00bb][vc_tta_section title=\u00bb17 de julio: A complex analysis view of Bezout\u2019s theorem\u00bb tab_id=\u00bb17-julio\u00bb][vc_column_text]<strong>Seminario: A complex analysis view of Bezout\u2019s theorem<\/strong><\/p>\n<p>Imparte: William T. Ross (Richmond University)<\/p>\n<p>Presencial en el Edificio Calabaza. Campus de Anchieta. Aula 2.3<\/p>\n<p>Hora: 13:00 \u2013 14:00 h.<\/p>\n<div dir=\"auto\">\n<div dir=\"auto\">\n<div dir=\"auto\">A 1799 result of E. Bezout says that if A and B are polynomials of respective degrees at most N and K, then there are unique polynomials R and S of respective degrees at most K &#8211; 1 and N \u2013 1 such that A R + B S = 1. In this talk I will improve a classical result of J. J. Sylvester to obtain sharp estimates of the coefficients of R and S in terms of the coefficients of A and B. I will also discuss an application of Bezout\u2019s theorem for orthogonal polynomials. This is joint work with E. Fricain, A. Hartmann, and D. Timotin.<\/div>\n<\/div>\n<\/div>\n<p>[\/vc_column_text][\/vc_tta_section][vc_tta_section title=\u00bb12 de junio: Trace inequality for $BV(\\Omega)$ in smooth domains\u00bb tab_id=\u00bb12-junio\u00bb][vc_column_text]<strong>Seminario: Trace inequality for $BV(\\Omega)$ in smooth domains<\/strong><\/p>\n<p>Imparte: Jos\u00e9 C. Sabina (ULL)<\/p>\n<p>Presencial en el Edificio Calabaza. Campus de Anchieta. Aula 2.3<\/p>\n<p>Hora: 13:00 \u2013 14:00 h.<\/p>\n<div dir=\"auto\">\n<div dir=\"auto\">\n<div dir=\"auto\">This talk discuses the details of the proof of an optimum version of the trace inequality associated to the embedding $BV(\\Om)\\subset L^1(\\p\\Om)$. Special emphasis is placed on the regularity that the domain $\\Om$ should exhibit for this result to be valid. Obtaining the optimum value of the embedding constant is relevant for a class of problems in the calculus of variations where the Lagrangian growths linearly in the gradient (of the unknown). We are showing with the proper examples that this result is invoked in the literature, under insufficient conditions on the boundary $\\partial \\Om$ of the domain.<\/div>\n<\/div>\n<\/div>\n<p>[\/vc_column_text][\/vc_tta_section][vc_tta_section title=\u00bb29 de mayo: Infinite families of isospectral graphs for the discrete magnetic Laplacian\u00bb tab_id=\u00bb1749024839306-4b97403f-a067&#8243;][vc_column_text]<strong>Seminario: Infinite families of isospectral graphs for the discrete magnetic Laplacian<\/strong><\/p>\n<p>Imparte: Fernando Lled\u00f3 (Universidad Carlos III de Madrid &#8211; ICMAT)<\/p>\n<p>Presencial en el Edificio Calabaza. Campus de Anchieta. Aula 2.3<\/p>\n<p>Hora: 13:00 \u2013 14:00 h.<\/p>\n<div dir=\"auto\">\n<div dir=\"auto\">\n<div dir=\"auto\">\n<div>Analysis on graphs studies the connections between geometrical or combinatorial properties of graphs and natural operators defined on them. In this talk, I will present a new geometrical construction leading to an infinite collection of families of graphs, where all the elements in each family are (finite) isospectral non-isomorphic graphs for the discrete magnetic Laplacian with standard weights. The construction is based on the notion of isospectral frames (see [2]) which,\u00a0 together with the s-partition of a natural number r, define the isospectral families of graphs by contraction of distinguished vertices. The isospectral frames have high symmetry and we use a spectral preorder of graphs studied in [1,3] to control the spectral spreading of the eigenvalues under elementary perturbations of the graph like vertex contraction and vertex virtualisation.<\/div>\n<\/div>\n<\/div>\n<div>\n<div>References:<\/div>\n<div>John Stewart Fabila-Carrasco, Fernando Lled\u00f3, Olaf Post:<br \/>\n<i><br \/>\n<\/i><\/div>\n<div>[1]\u00a0<a href=\"https:\/\/doi.org\/10.1016\/j.laa.2024.04.027.\" target=\"_blank\" rel=\"noopener\"><i>Isospectral graphs via spectral bracketing<\/i><\/a>, Linear Algebra and its Applications, online, 2024<\/div>\n<div>[2]\u00a0<a href=\"https:\/\/doi.org\/10.1007\/s13324-023-00823-9\" target=\"_blank\" rel=\"noopener\"><i>A geometric construction of isospectral magnetic graphs<\/i>, <i>Analysis and Mathematical Physics<\/i><\/a>\u00a0<b>13<\/b>, 64 (2023).<\/div>\n<div>[3]\u00a0<a href=\"https:\/\/doi.org\/10.1007\/s00208-020-02091-5\" target=\"_blank\" rel=\"noopener\"><i>Spectral preorder and perturbations of discrete weighted graphs<\/i>, Mathematische Annalen<\/a> 2020.<\/div>\n<\/div>\n<\/div>\n<p>[\/vc_column_text][\/vc_tta_section][vc_tta_section title=\u00bb22 de mayo: Some Gaussianity criteria for Khinchin families y Desigualdades mixtas para operadores asociados a una funci\u00f3n de radio cr\u00edtico\u00bb tab_id=\u00bb1747987171964-6ba99cfc-8112&#8243;][vc_column_text]<strong>Seminario: Some Gaussianity criteria for Khinchin families<\/strong><\/p>\n<p>Imparte: Victor J. Maci\u00e0 (CUNEF)<\/p>\n<p>Presencial en el Edificio Calabaza. Campus de Anchieta. Aula 2.3<\/p>\n<p>Hora: 13:00 \u2013 14:00 h.<\/p>\n<div dir=\"auto\">\n<div dir=\"auto\">\n<div dir=\"auto\">\n<p>This talk will focus primarily on analytic criteria for Gaussianity in Khinchin families. Starting from the general framework that assigns to any power series with non- negative coefficients a family of probability laws (Xt)t\u2208[0,R), we investigate when the normalized variables converge in distribution to a standard Gaussian. In particular, we present explicit and verifiable analytical conditions, expressed in terms of derivatives of the fulcrum function associated with f, that ensure this convergence. These results allow us to deduce Gaussian behavior using only the behavior of the analytic function along the positive real axis, yielding a flexible toolkit applicable to a wide range of settings; from classical partition functions to canonical products and exponentials of entire functions of finite order.<\/p>\n<\/div>\n<\/div>\n<\/div>\n<p>[\/vc_column_text][\/vc_tta_section][vc_tta_section title=\u00bb5 de junio: Desigualdades mixtas para operadores asociados a una funci\u00f3n de radio cr\u00edtico\u00bb tab_id=\u00bb5-junio\u00bb][vc_column_text]<strong>Seminario: Desigualdades mixtas para operadores asociados a una funci\u00f3n de radio cr\u00edtico.<\/strong><\/p>\n<p>Imparte: Pablo Quijano (Universidad Nacional del Litoral en Santa Fe, Argentina)<\/p>\n<p>Presencial en el Edificio Calabaza. Campus de Anchieta. Aula 2.3<\/p>\n<p>Hora: 13:05 \u2013 14:00 h.<\/p>\n<div dir=\"auto\">\n<div dir=\"auto\">\n<div dir=\"auto\">\n<p>Consideramos el espacio eucl\u00eddeo d-dimensional equipado con una funci\u00f3n de radio cr\u00edtico. En este contexto estudiamos estimaciones mixtas pesadas de tipo d\u00e9bil para para operadores asociados a la funci\u00f3n de radio cr\u00edtico y pesos en ciertas clases de tipo Muckenhoupt. Nuestros resultados pueden aplicarse en el contexto de un operador de Schr\u00f6dinger, donde el potencial satisface una desigualdad de H\u00f6lder inversa, para obtener una amplia variedad de desigualdades mixtas para integrales singulares de tipo Schr\u00f6dinger.<\/p>\n<\/div>\n<\/div>\n<\/div>\n<p>[\/vc_column_text][\/vc_tta_section][vc_tta_section title=\u00bb15 de mayo: Estimaciones con pesos en $L^p$ para operadores de tipo Calder\u00f3n-Zygmund-Schr\u00f6dinger con decaimiento exponencial\u00bb tab_id=\u00bb15-mayo\u00bb][vc_column_text]<strong>Seminario: Estimaciones con pesos en $L^p$ para operadores de tipo\u00a0Calder\u00f3n-Zygmund-<wbr \/>Schr\u00f6dinger con decaimiento exponencial.<\/strong><\/p>\n<p>Imparte: Estefan\u00eda Dalmasso (Instituto de Matem\u00e1tica Aplicada del Litoral \u00abDra. Eleonor Harboure\u00bb (CONICET-UNL) &#8211; Universidad Nacional del Litoral)<\/p>\n<p>Presencial en el Edificio Calabaza. Campus de Anchieta. Aula 2.3<\/p>\n<p>Hora: 13:00 \u2013 14:00 h.<\/p>\n<div dir=\"auto\">\n<div dir=\"auto\">\n<div dir=\"auto\">\n<p>Presentaremos algunos resultados de acotaci\u00f3n con pesos para operadores integrales singulares con n\u00facleos que decaen exponencialmente. Para ello, estableceremos primero un resultado general de extrapolaci\u00f3n sobre espacios $L^p$ pesados y caracterizaremos las clases de pesos all\u00ed involucradas mediante un operador maximal apropiado. Aplicaremos el teorema de extrapolaci\u00f3n para deducir la acotaci\u00f3n de varios operadores asociados con el operador de Schr\u00f6dinger generalizado $-\\Delta + \\mu$, donde $\\mu$ es una medida de Rad\u00f3n no negativa en $\\mathbb{R}^d$ y $d\\geq 3$, los cuales poseen n\u00facleos con decaimiento exponencial.<br \/>\nEste es un trabajo conjunto con Gabriela R. Lezama y Marisa Toschi (IMAL-CONICET-UNL, Argentina).<\/p>\n<\/div>\n<\/div>\n<\/div>\n<p>[\/vc_column_text][\/vc_tta_section][vc_tta_section title=\u00bb8 de mayo: Ergodicidad en media de operadores de multiplicaci\u00f3n en espacios de Dirichlet pesados\u00bb tab_id=\u00bb1746612572236-7ac8105b-1ec8&#8243;][vc_column_text]<strong>Seminario: Ergodicidad en media de operadores de multiplicaci\u00f3n en espacios de Dirichlet pesados<\/strong><\/p>\n<p>Imparte: Antonio Bonilla (Universidad de La Laguna)<\/p>\n<p>Presencial en el Edificio Calabaza. Campus de Anchieta. Aula 2.3<\/p>\n<p>Hora: 13:00 \u2013 14:00 h.<\/p>\n<div dir=\"auto\">\n<div dir=\"auto\">\n<div dir=\"auto\">\n<p>Caracterizamos los operadores de multiplicaci\u00f3n que son de potencia acotada, Ces\u00e0ro acotados y erg\u00f3dicos en media en espacios de Dirichlet pesados. Adem\u00e1s, mostramos la equivalencia en dichos espacios entre la ergodicidad media y la Ces\u00e0ro acotaci\u00f3n para operadores de multiplicaci\u00f3n. Como ejemplo particular, obtenemos un operador de multiplicaci\u00f3n erg\u00f3dico en media que no es de potencia acotada en el espacio de Dirichlet.<\/p>\n<\/div>\n<\/div>\n<\/div>\n<p>[\/vc_column_text][\/vc_tta_section][vc_tta_section title=\u00bb24 de abril: Un contraejemplo a la Conjetura D\u00e9bil de Shanks\u00bb tab_id=\u00bb1746011899620-11d08252-1410&#8243;][vc_column_text]<strong>Seminario: Un contraejemplo a la Conjetura D\u00e9bil de Shanks<\/strong><\/p>\n<p>Imparte: Daniel Seco (Universidad de La Laguna)<\/p>\n<p>Presencial en el Edificio Calabaza. Campus de Anchieta. Aula 2.3<\/p>\n<p>Hora: 13:00 \u2013 14:00 h.<\/p>\n<div dir=\"auto\">\n<div dir=\"auto\">\n<div dir=\"auto\">\n<p>Damos un ejemplo de una funci\u00f3n $f$ sin ceros en el bidisco cerrado y el polinomio af\u00edn que minimiza la norma de $1-pf$ en el espacio de Hardy sobre el bidisco entre todos los polinomios afines $p$. Demostramos que este polinomio tiene ceros dentro del bidisco. Esto proporciona un contraejemplo a la forma m\u00e1s d\u00e9bil de una conjetura formulada por Shanks que estaba abierta desde 1980, con aplicaciones que surg\u00edan del dise\u00f1o de filtros digitales. Este contraejemplo tiene una forma simple y se deriva de forma natural de un trabajo previo, en el que ya se observ\u00f3 el fen\u00f3meno de que los ceros se inserten en el disco unidad en un problema de minimizaci\u00f3n similar en una variable.<\/p>\n<\/div>\n<\/div>\n<\/div>\n<p>[\/vc_column_text][\/vc_tta_section][vc_tta_section title=\u00bb3 de abril: The problem of prescribing curvatures on bounded surfaces with conical singularities\u00bb tab_id=\u00bb3-abril\u00bb][vc_column_text]<strong>Seminario: The problem of prescribing curvatures on bounded surfaces with conical singularities<\/strong><\/p>\n<p>Imparte: Francisco Reyes\u00a0(Universidad de Granada)<\/p>\n<p>Presencial en el Edificio Calabaza. Campus de Anchieta. Aula 2.3<\/p>\n<p>Hora: 13:00 \u2013 14:00 h.<\/p>\n<div dir=\"auto\">\n<div dir=\"auto\">\n<div dir=\"auto\">\n<p>In this talk, we explore the problem of prescribing both the Gaussian and geodesic curvatures on a surface with conical singularities and corners through a conformal deformation of the metric. We establish conditions for the existence of such metrics by studying a nonlinear elliptic PDE, employing direct methods from the calculus of variations, blow-up analysis, and Morse index estimates.<\/p>\n<p>This is a work in collaboration with Luca Battaglia (Universit\u00e0 di Roma Tre).<\/p>\n<\/div>\n<\/div>\n<\/div>\n<p>[\/vc_column_text][\/vc_tta_section][vc_tta_section title=\u00bb20 de marzo: Transport noise restores uniqueness and prevents blow-up in geometric transport equations\u00bb tab_id=\u00bb1742904765806-6abb69fa-e05a\u00bb][vc_column_text]<strong>Seminario: Transport noise restores uniqueness and prevents blow-up in geometric transport equations<\/strong><\/p>\n<p>Imparte: Aythami Bethencourt de Le\u00f3n (Universidad de La Laguna)<\/p>\n<p>Presencial en el Edificio Calabaza. Campus de Anchieta. Aula 2.3<\/p>\n<p>Hora: 13:00 \u2013 14:00 h.<\/p>\n<div dir=\"auto\">\n<div dir=\"auto\">\n<div dir=\"auto\">The field of well-posedness by noise investigates how the analytic properties of a deterministic equation can change after the introduction of a slight stochastic perturbation. More specifically, this field focuses on whether stochastic noise can render ill-posed equations well-posed. While the transformative impact of noise addition is a classical result for ordinary differential equations (ODEs), its exploration within the realm of partial differential equations (PDEs) is relatively recent and evolving rapidly. Some even argue that it could potentially have an impact on the Millennium Problem concerning the well-posedness of the Navier-Stokes equations. The first and most important contribution to the field was made by Flandolli, Gubinelli, and Priola in 2011. They showcased a dramatic transformation in the behaviour of solutions to the linear transport equation following the addition of simple Brownian motion, marking the first documented instance of stochastic noise rendering a PDE well-posed. This pioneering work spurred a wave of subsequent research, proving new results and extensions to various equations and relaxing regularity in underlying spaces. In this talk, we introduce the field of well-posedness by noise, highlight seminal results, and show that the well-posedness mechanism identified by Flandolli, Gubinelli, and Priola extends to a broader geometric framework applicable to a range of equations derived from conservation laws, including the transport and continuity equations, as well as fundamental equations in Magnetohydrodynamics.<\/div>\n<div dir=\"auto\"><\/div>\n<\/div>\n<\/div>\n<p>[\/vc_column_text][\/vc_tta_section][vc_tta_section title=\u00bb13 de marzo: Optimal polarization pairs of spherical codes in $E_8$ and Leech lattices\u00bb tab_id=\u00bb1741858295184-38b8ed46-6e7d\u00bb][vc_column_text]<strong>Seminario: Optimal polarization pairs of spherical codes in $E_8$ and Leech lattices<\/strong><\/p>\n<p>Imparte: Peter Dragnev (Purdue University Fort Wayne)<\/p>\n<p>Presencial en el Edificio Calabaza. Campus de Anchieta. Aula 2.3<\/p>\n<p>Hora: 13:00 \u2013 14:00 h.<\/p>\n<div dir=\"auto\">\n<div dir=\"auto\">\n<p>Suppose that we place $N$ light sources on the $n$-dimensional sphere and ask to optimize their placement so that the least lit spot is as bright as possible. If the dissemination of light is modeled by a function $h$ (in terms of inner products), this is a max-min problem for the discrete $h$-potential exerted by the $N$ sources, which has been solved only for the regular simplex. Even determining the minimum of the discrete $h$-potential is a very complex problem that has been solved by the speaker and his co-authors for the so-called sharp codes (spherical $\\tau$-designs with $[(\\tau+1)\/2]$ distinct distances).<\/p>\n<p>The minima of these discrete $h$-potentials attain a universal lower bounds for polarization (PULB) for spherical $\\tau$-designs, namely the bound is valid for all absolutely monotone functions $h$ and the computational parameters are invariant with respect to the potential. Moreover, the set of universal minima $D$ associated with each sharp code $C$ form a duality relationship, namely that the normalized discrete potentials of $C$ and $D$ have the same minimum value and the sets $C$ and $D$ are each others minima sets (up to antipodal symmetrization in some of cases). An illustrative example of such an optimal polarization pair is the icosahedron (a sharp code) and the dodecahedron. The extremal duality for the remaining sharp codes is obtained \u00a0by utilizing a natural embedding of the PULB pair $(C,D)$ in either the $E_8$ or the Leech lattice.<\/p>\n<\/div>\n<\/div>\n<p>[\/vc_column_text][\/vc_tta_section][vc_tta_section title=\u00bb27 de febrero: Matrix-Valued Special Functions\u00bb tab_id=\u00bb1741169440114-67eccc97-b1d9&#8243;][vc_column_text]<strong>Seminario: Matrix-Valued Special Functions<\/strong><\/p>\n<p>Imparte: Ignacio Zurri\u00e1n (Universidad de Sevilla)<\/p>\n<p>Presencial en el Edificio Calabaza. Campus de Anchieta. Aula 2.3<\/p>\n<p>Hora: 13:00 \u2013 14:00 h.<\/p>\n<div dir=\"auto\">\n<div dir=\"auto\">\n<p>En esta charla discutiremos en general de funciones especiales matriciales, apoy\u00e1ndonos sobre todo en polinomios ortogonales. Consideraremos la propiedad bispectral y la aplicaci\u00f3n de transformaciones de Darboux.<\/p>\n<\/div>\n<\/div>\n<p>[\/vc_column_text][\/vc_tta_section][vc_tta_section title=\u00bb20 de febrero: Derivadas schwarzianas arm\u00f3nicas de orden superior\u00bb tab_id=\u00bb1740056173308-f8e323bd-89be\u00bb][vc_column_text]<strong>Seminario: Derivadas schwarzianas arm\u00f3nicas de orden superior<\/strong><\/p>\n<p>Imparte: Mar\u00eda Jos\u00e9 Mart\u00edn (Universidad de La Laguna)<\/p>\n<p>Presencial en el Edificio Calabaza. Campus de Anchieta. Aula 2.3<\/p>\n<p>Hora: 13:00 \u2013 14:00 h.<\/p>\n<div dir=\"auto\">\n<div dir=\"auto\">\n<p>El prop\u00f3sito principal de esta charla es presentar un nuevo concepto: la derivada schwarziana arm\u00f3nica de orden n, donde n es un n\u00famero entero mayor o igual a 3 (siendo la derivada schwarziana la correspondiente a orden 2).<\/p>\n<p>Relacionaremos nuestros argumentos para definir la derivada schwarziana de orden n de una funci\u00f3n arm\u00f3nica localmente univalente (inyectiva), f=u+iv, con los conceptos an\u00e1logos en el caso en que las funciones consideradas son holomorfas. En particular, con las derivadas schwarzianas de orden n presentadas por D. Aharonov (Duke Math. J., 1969) y H. Tamanoi (Math. Ann. 1996).<\/p>\n<p>Trabajo en progreso con Fernando P\u00e9rez-Gonz\u00e1lez y Alexis Quitero-D\u00edaz (ULL).<\/p>\n<\/div>\n<\/div>\n<p>[\/vc_column_text][\/vc_tta_section][vc_tta_section title=\u00bb6 de febrero: Comportamiento Asint\u00f3tico en Ecuaciones de Tipo Fisher-KPP con Difusi\u00f3n Fraccionaria\u00bb tab_id=\u00bb1739262499182-a74d2747-f7dd\u00bb][vc_column_text]<strong>Seminario: Comportamiento Asint\u00f3tico en Ecuaciones de Tipo Fisher-KPP con Difusi\u00f3n Fraccionaria<\/strong><\/p>\n<p>Imparte: Byran Pichucho (Universidad T\u00e9cnica Federico Santa Mar\u00eda)<\/p>\n<p>Presencial en la Facultad de Ciencias. Edificio de Matem\u00e1ticas y F\u00edsica. Aula 21<\/p>\n<p>Hora: 13:00 \u2013 14:00 h.<\/p>\n<div dir=\"auto\">\n<div dir=\"auto\">\n<p>En este trabajo se estudiar\u00e1 el comportamiento asint\u00f3tico de las soluciones del problema $1$-dimensional fraccionario bajo condiciones Fisher-KPP de reacci\u00f3n difusi\u00f3n, considerando una condici\u00f3n inicial que decae mas r\u00e1pido que $|x|^{-1-2s}$, donde $s\\in(0,1)$ es el orden del Laplaciano fraccionario. Este tipo de ecuaciones ha sido hist\u00f3ricamente motivado por la propagaci\u00f3n espacial o difusi\u00f3n de especies biol\u00f3gicas, como se detalla en \\cite{aEtudeEquationDiffusion1937}.<\/p>\n<p>Se analizar\u00e1 el trabajo de Cabr\u00e9 y Roquejoffre \\cite{cabreInfluenceFractionalDiffusion2013} el cual establece un comportamiento asint\u00f3tico de las soluciones en ecuaciones del tipo Fisher-KPP fraccionarias, mostrando que los conjuntos de nivel de las soluciones se propagan exponencialmente r\u00e1pido cuando el tiempo tiende a infinito, en contraste con la propagaci\u00f3n lineal para la difusi\u00f3n cl\u00e1sica. M\u00e1s a\u00fan, este an\u00e1lisis se complementa con la no existencia de ondas viajeras. Las demostraciones utilizan principios de comparaci\u00f3n, soluciones sub\/super explicitas y un an\u00e1lisis cuidadoso del semigrupo asociado con el operador de difusi\u00f3n fraccionaria.<\/p>\n<p>Finalmente, se discutir\u00e1 el comportamiento a largo plazo y la no existencia de ondas viajeras para este tipo de ecuaciones pero con un operador de difusi\u00f3n mixto local y no local, siguiendo los enfoques presentados en \\cite{cabreInfluenceFractionalDiffusion2013} y \\cite{dipierro}. Parte de los resultados que se presentar\u00e1n en esta charla han sido obtenidos en colaboraci\u00f3n con el profesor Alexander Quaas, acad\u00e9mico de la Universidad T\u00e9cnica Federico Santa Mar\u00eda.<\/p>\n<p>&nbsp;<\/p>\n<\/div>\n<\/div>\n<p>[\/vc_column_text][\/vc_tta_section][vc_tta_section title=\u00bb30 de enero: Problemas de equilibrio para potenciales de Riesz\u00bb tab_id=\u00bb1738243199052-84d69aed-2e06&#8243;][vc_column_text]<strong>Seminario: Problemas de equilibrio para potenciales de Riesz<\/strong><\/p>\n<p>Imparte: Ram\u00f3n Orive (Universidad de La Laguna)<\/p>\n<p>Presencial en la Facultad de Ciencias. Edificio de Matem\u00e1ticas y F\u00edsica. Aula 21<\/p>\n<p>Hora: 13:00 \u2013 14:00 h.<\/p>\n<div dir=\"auto\">\n<div dir=\"auto\">En esta charla trataremos sobre problemas de equilibrio para potenciales de s-Riesz, de los cuales el potencial logar\u00edtmico es un caso l\u00edmite cuando el par\u00e1metro s tiende a cero. Se considerar\u00e1 especialmente el caso de equilibrio en presencia de un campo externo. El motivo inicial de nuestro inter\u00e9s en este problema fue el estudio del comportamiento asint\u00f3tico de polinomios ortogonales, para el cual el potencial logar\u00edtmico constituye una herramienta esencial.<\/div>\n<div dir=\"auto\">Los resultados novedosos mencionados en esta presentaci\u00f3n est\u00e1n basados en trabajos comunes con E. B. Saff (Vanderbilt Univ., TN, USA), P. Dragnev (PFW, IN, USA) y Franck Wielonsky (Univ. d&#8217;Aix-Marseille, Francia).<\/div>\n<\/div>\n<p>[\/vc_column_text][\/vc_tta_section][vc_tta_section title=\u00bb11 de diciembre: Las ecuaciones de los plasmas fr\u00edos y modelos asint\u00f3ticos\u00bb tab_id=\u00bb1737467885184-f5e6fa3b-bf5b\u00bb][vc_column_text]<strong>Seminario: Las ecuaciones de los plasmas fr\u00edos y modelos asint\u00f3ticos<\/strong><\/p>\n<p>Imparte: Diego Alonso Or\u00e1n (Universidad de La Laguna)<\/p>\n<p>Presencial en la Facultad de Ciencias. Edificio de Matem\u00e1ticas y F\u00edsica. Aula 21<\/p>\n<p>Hora: 13:00 \u2013 14:00 h.<\/p>\n<p>En esta charla estudiaremos un modelo hiperb\u00f3lico-hiperb\u00f3lico-<wbr \/>el\u00edptico que describe el movimiento de un plasma libre de colisiones en un campo magn\u00e9tico. Tambi\u00e9n obtendremos algunos modelos asint\u00f3ticos de estas ecuaciones y comentaremos sobre resultados de existencia de soluciones en espacios de Sobolev como tambi\u00e9n la existencia de singularidades en tiempo finito.[\/vc_column_text][\/vc_tta_section][vc_tta_section title=\u00bb22 de noviembre: Resoluci\u00f3n de ecuaciones diferenciales basadas en distribuciones con retraso temporal (con motivaci\u00f3n en Farmacodin\u00e1mica)\u00bb tab_id=\u00bb1733216773166-b9609d97-8d01&#8243;][vc_column_text]<strong>Seminario: Resoluci\u00f3n de ecuaciones diferenciales basadas en distribuciones con retraso temporal (con motivaci\u00f3n en Farmacodin\u00e1mica)<\/strong><\/p>\n<p>Imparte: Ernst Hairer (Universidad de Ginebra).<\/p>\n<p>Presencial en la Facultad de Ciencias. Edificio de Matem\u00e1ticas y F\u00edsica. Aula 22<\/p>\n<p>Hora: 10:00 \u2013 11:00 h.<\/p>\n<p>En esta charla se considera el tratamiento num\u00e9rico de modelos de ecuaciones diferenciales basadas en\u00a0 distribuciones con retraso temporal, las cuales aparecen de forma natural en Farmacodin\u00e1mica\u00a0debido a la interacci\u00f3n entre f\u00e1rmacos aplicados a seres vivos.<\/p>\n<p>La idea principal consiste en aproximar el n\u00facleo de la distribuci\u00f3n por una suma de funciones exponenciales y transformar el t\u00e9rmino integral en un conjunto de ecuaciones diferenciales ordinarias (EDOs). Este conjunto de ecuaciones diferenciales es de tipo r\u00edgido (stiff) y requiere alta flexibilidad para la elecci\u00f3n del tama\u00f1o de paso temporal a medida que avanza la integraci\u00f3n. Los sistemas de EDOs pueden tener una dimensi\u00f3n muy alta y la soluci\u00f3n de los sistemas lineales requieren un tratamiento muy espec\u00edfico. Se muestran varios experimentos num\u00e9ricos llevados a cabo con el integrador RADAU5.<\/p>\n<p>La charla est\u00e1 basada en un trabajo conjunto entre Ernst Hairer (Univ. Geneve) y Nicola Guglielmi (GSSI, L&#8217;Aquila, Italy).<\/p>\n<p>[\/vc_column_text][\/vc_tta_section][vc_tta_section title=\u00bb23 de octubre: The Schwarz-Pick lemma at the boundary\u00bb tab_id=\u00bb1731409252891-8c8ec921-4fd1&#8243;][vc_column_text]<strong>Seminario: &#8216;The Schwarz-Pick lemma at the boundary&#8217;<\/strong><\/p>\n<p>Imparte: Annika Moucha (U. W\u00fcrzburg)<\/p>\n<p>Presencial en la Facultad de Ciencias. Edificio de Matem\u00e1ticas y F\u00edsica. Aula 21<\/p>\n<p>Hora: 13:00 \u2013 14:00 h.<\/p>\n<p>Denotemos D := {z \u2208 : |z| &lt; 1}. El resultado cl\u00e1sico de Schwarz-Pick establece que toda funci\u00f3n holomorfa f : D \u2192 D es una contracci\u00f3n con respecto a la m\u00e9trica hiperb\u00f3lica dD. Equivalentemente, f satisface la desigualdad de Schwarz-Pick<\/p>\n<p>dD (f(z), f(w))\u2264 dD(z, w), z, w \u2208 D.<\/p>\n<p>El caso de igualdad en la desigualdad anterior se puede utilizar para caracterizar funciones espec\u00edficas: la igualdad se mantiene en dos puntos diferentes si y s\u00f3lo si f es un automorfismo holomorfo de D.<\/p>\n<p>Esta charla trata de la igualdad en el l\u00edmite en la desigualdad de Schwarz-Pick: discutimos diferentes maneras de tener igualdad en un punto l\u00edmite \u03c3 \u2208 \u2202D en un apropiado sentido asint\u00f3tico que determinan el comportamiento en el l\u00edmite de una funci\u00f3n holomorfa f dada : D \u2192 D. De esta forma obtenemos (in-)igualdades de Schwarz-Pick de frontera que caracterizan a f teniendo derivada angular finita en \u03c3 o satisfaciendo una propiedad m\u00e1s d\u00e9bil de preservaci\u00f3n angular en \u03c3.<\/p>\n<p>Este art\u00edculo se basa en un trabajo conjunto con Pavel Gumenyuk, Maria Kourou y Oliver Roth.<\/p>\n<p>Denote D := {z \u2208 : |z| &lt; 1}. The classical result of Schwarz-Pick states that every holomorphic function f : D \u2192 D is a contraction with respect to the hyperbolic metric dD. Equivalently, f satisfies the Schwarz-Pick inequality<\/p>\n<p>dD (f(z), f(w))\u2264 dD(z, w), z, w \u2208 D.<\/p>\n<p>The case of equality in the above inequality can be used to characterize specific functions: equality holds at two different points if and only if f is a holomorphic automorphism of D.<\/p>\n<p>This talk deals with equality at the boundary in the Schwarz-Pick inequality: we discuss different ways to have equality at a boundary point \u03c3 \u2208 \u2202D in an appropriate<br \/>\nasymptotic sense that determine the boundary behaviour of a given holomorphic function f : D \u2192 D. This way we obtain boundary Schwarz-Pick (in-)equalities that characterize f having finite angular derivative at \u03c3 or satisfying a weaker property of angle-preservation at \u03c3.<\/p>\n<p>This is based on joint work with Pavel Gumenyuk, Maria Kourou and Oliver Roth.<\/p>\n<p>[\/vc_column_text][\/vc_tta_section][vc_tta_section title=\u00bb17 de octubre: Generalized spaces of constant curvature in almost contact metric geometry.\u00bb tab_id=\u00bb17-octubre\u00bb][vc_column_text]<strong>Seminario: Generalized spaces of constant curvature in almost contact metric geometry.<\/strong><\/p>\n<p>Imparte: Jos\u00e9 Air\u00e1n Santana Rivero (ULL)<\/p>\n<p>Presencial en la Facultad de Ciencias. Edificio de Matem\u00e1ticas y F\u00edsica. Aula 21<\/p>\n<p>Hora: 13:00 \u2013 14:00 h.<\/p>\n<p>En este trabajo se estudia en profundidad la geometr\u00eda m\u00e9trica de contacto, introduciendo diferentes variedades en esta \u00e1rea, desde variedades m\u00e9tricas de casi contacto hasta variedades sasakianas. Se investigan las propiedades de estas \u00faltimas a trav\u00e9s del concepto de \u03d5-curvatura seccional, se obtiene la expresi\u00f3n del tensor de curvatura y a partir de ah\u00ed se generalizan. Se trabaja en estos nuevos espacios, buscando caracter\u00edsticas de los mismos tanto similares a las de los anteriores como nuevas y finalmente se les dota de diferentes estructuras para extraer m\u00e1s informaci\u00f3n. Por \u00faltimo se ilustra con ejemplos de casos generales diferentes a los anteriores con la ayuda de variedades complejas.<\/p>\n<p>In this work, metric contact geometry is studied in depth, introducing different manifolds in this area, from almost contact metric manifolds to Sasakian manifolds. The properties of the latter are investigated through the concept of \u03d5-sectional curvature, the expression of the curvature tensor is obtained and from there they are generalized. It is worked in these new spaces, looking for characteristics of them both similar to those of the previous ones and new ones and finally they are provided with different structures to extract more information. At last, we illustrate with examples of general cases different from the previous ones with the help of complex manifolds.<\/p>\n<p>[\/vc_column_text][\/vc_tta_section][vc_tta_section title=\u00bb1 de octubre: Resultados de existencia y unicidad de soluciones para las ecuaciones de la magneto-hidrost\u00e1tica\u00bb tab_id=\u00bb1728893432245-197bc3f8-3d65&#8243;][vc_column_text]<strong>Seminario: &#8216;Resultados de existencia y unicidad de soluciones para las ecuaciones de la magneto-hidrost\u00e1tica&#8217;<\/strong><\/p>\n<p>Imparte: Daniel S\u00e1nchez-Sim\u00f3n del Pino (Universidad de Bonn)<\/p>\n<p>Presencial en la Facultad de Ciencias. Edificio de Matem\u00e1ticas y F\u00edsica. Aula 22<\/p>\n<p>Hora: 13:00 \u2013 14:00 h.<\/p>\n<p>En esta charla, Daniel S\u00e1nchez-Sim\u00f3n del Pino, profesor de laUniversidad de Bonn presentar\u00e1 algunos resultados de existencia y unicidad de soluciones para las ecuaciones de la magnetohidrost\u00e1tica\/ecuaciones de Euler estacionarias en dominios acotados. La dificultad de estas ecuaciones radica, entre otros, en que este sistema exhibe simult\u00e1neamente comportamientos propios de una ecuaci\u00f3n hiperb\u00f3lica y una ecuaci\u00f3n el\u00edptica. Ello hace dif\u00edcil discernir cu\u00e1l es el tipo de problema de frontera \u00abnatural\u00bb que uno puede resolver.<\/p>\n<p>En esta charla discutir\u00e9 un tipo de problema de contorno propuesto por Grad y Rub\u00edn en los 50, en el que se fija el campo magn\u00e9tico normal en toda la frontera y la componente tangencial en una parte. Comenzar\u00e9 introduciendo qu\u00e9 se conoce para dominios simples y c\u00f3mo se puede extender la t\u00e9cnica a casos m\u00e1s generales. Este es un trabajo conjunto con Diego Alonso-Or\u00e1n y Juan J.L. Vel\u00e1zquez.[\/vc_column_text][\/vc_tta_section][\/vc_tta_accordion][\/vc_column][\/vc_row]<\/p>\n","protected":false},"excerpt":{"rendered":"<p>[vc_row][vc_column][vc_column_text]El Departamento de An\u00e1lisis Matem\u00e1tico y\u00a0 el Instituto de Matem\u00e1ticas y Aplicaciones de la Universidad de La Laguna organizan Seminarios de An\u00e1lisis Matem\u00e1tico y Matem\u00e1tica Aplicada con car\u00e1cter semanal. [\/vc_column_text][\/vc_column][\/vc_row][vc_row][vc_column][vc_tta_accordion c_icon=\u00bbchevron\u00bb c_position=\u00bbright\u00bb active_section=\u00bb1&#8243; no_fill=\u00bbtrue\u00bb collapsible_all=\u00bbtrue\u00bb][vc_tta_section title=\u00bb17 de julio: A complex analysis view of Bezout\u2019s theorem\u00bb tab_id=\u00bb17-julio\u00bb][vc_column_text]Seminario: A complex analysis view of Bezout\u2019s theorem Imparte: William&#8230;<\/p>\n","protected":false},"author":65,"featured_media":38161,"comment_status":"closed","ping_status":"closed","template":"","tags":[],"tribe_events_cat":[347,1103,972,4399,559,4655,186,187],"acf":[],"yoast_head":"<!-- This site is optimized with the Yoast SEO plugin v21.3 - https:\/\/yoast.com\/wordpress\/plugins\/seo\/ -->\n<title>Seminario de An\u00e1lisis Matem\u00e1tico y Matem\u00e1tica Aplicada 2024-2025 - ULL - Agenda<\/title>\n<meta name=\"robots\" content=\"index, follow, max-snippet:-1, max-image-preview:large, max-video-preview:-1\" \/>\n<link rel=\"canonical\" href=\"https:\/\/www.ull.es\/portal\/agenda\/evento\/analisis-matematico-2024-2025\/\" \/>\n<meta property=\"og:locale\" content=\"es_ES\" \/>\n<meta property=\"og:type\" content=\"article\" \/>\n<meta property=\"og:title\" content=\"Seminario de An\u00e1lisis Matem\u00e1tico y Matem\u00e1tica Aplicada 2024-2025 - ULL - Agenda\" \/>\n<meta property=\"og:description\" content=\"[vc_row][vc_column][vc_column_text]El Departamento de An\u00e1lisis Matem\u00e1tico y\u00a0 el Instituto de Matem\u00e1ticas y Aplicaciones de la Universidad de La Laguna organizan Seminarios de An\u00e1lisis Matem\u00e1tico y Matem\u00e1tica Aplicada con car\u00e1cter semanal. [\/vc_column_text][\/vc_column][\/vc_row][vc_row][vc_column][vc_tta_accordion c_icon=\u00bbchevron\u00bb c_position=\u00bbright\u00bb active_section=\u00bb1&#8243; no_fill=\u00bbtrue\u00bb collapsible_all=\u00bbtrue\u00bb][vc_tta_section title=\u00bb17 de julio: A complex analysis view of Bezout\u2019s theorem\u00bb tab_id=\u00bb17-julio\u00bb][vc_column_text]Seminario: A complex analysis view of Bezout\u2019s theorem Imparte: William...\" \/>\n<meta property=\"og:url\" content=\"https:\/\/www.ull.es\/portal\/agenda\/evento\/analisis-matematico-2024-2025\/\" \/>\n<meta property=\"og:site_name\" content=\"ULL - Agenda\" \/>\n<meta property=\"article:modified_time\" content=\"2025-07-09T10:45:09+00:00\" \/>\n<meta property=\"og:image\" content=\"https:\/\/www.ull.es\/portal\/agenda\/wp-content\/uploads\/sites\/12\/2024\/09\/Seminario-de-Analisis-Matematico_Banner-eventos.png\" \/>\n\t<meta property=\"og:image:width\" content=\"750\" \/>\n\t<meta property=\"og:image:height\" content=\"370\" \/>\n\t<meta property=\"og:image:type\" content=\"image\/png\" \/>\n<meta name=\"twitter:card\" content=\"summary_large_image\" \/>\n<meta name=\"twitter:label1\" content=\"Tiempo de lectura\" \/>\n\t<meta name=\"twitter:data1\" content=\"17 minutos\" \/>\n<script type=\"application\/ld+json\" class=\"yoast-schema-graph\">{\"@context\":\"https:\/\/schema.org\",\"@graph\":[{\"@type\":\"WebPage\",\"@id\":\"https:\/\/www.ull.es\/portal\/agenda\/evento\/analisis-matematico-2024-2025\/\",\"url\":\"https:\/\/www.ull.es\/portal\/agenda\/evento\/analisis-matematico-2024-2025\/\",\"name\":\"Seminario de An\u00e1lisis Matem\u00e1tico y Matem\u00e1tica Aplicada 2024-2025 - ULL - Agenda\",\"isPartOf\":{\"@id\":\"https:\/\/www.ull.es\/portal\/agenda\/#website\"},\"datePublished\":\"2024-09-20T08:42:09+00:00\",\"dateModified\":\"2025-07-09T10:45:09+00:00\",\"breadcrumb\":{\"@id\":\"https:\/\/www.ull.es\/portal\/agenda\/evento\/analisis-matematico-2024-2025\/#breadcrumb\"},\"inLanguage\":\"es\",\"potentialAction\":[{\"@type\":\"ReadAction\",\"target\":[\"https:\/\/www.ull.es\/portal\/agenda\/evento\/analisis-matematico-2024-2025\/\"]}]},{\"@type\":\"BreadcrumbList\",\"@id\":\"https:\/\/www.ull.es\/portal\/agenda\/evento\/analisis-matematico-2024-2025\/#breadcrumb\",\"itemListElement\":[{\"@type\":\"ListItem\",\"position\":1,\"name\":\"Portada\",\"item\":\"https:\/\/www.ull.es\/portal\/agenda\/\"},{\"@type\":\"ListItem\",\"position\":2,\"name\":\"Seminario de An\u00e1lisis Matem\u00e1tico y Matem\u00e1tica Aplicada 2024-2025\"}]},{\"@type\":\"WebSite\",\"@id\":\"https:\/\/www.ull.es\/portal\/agenda\/#website\",\"url\":\"https:\/\/www.ull.es\/portal\/agenda\/\",\"name\":\"ULL - Agenda\",\"description\":\"\",\"potentialAction\":[{\"@type\":\"SearchAction\",\"target\":{\"@type\":\"EntryPoint\",\"urlTemplate\":\"https:\/\/www.ull.es\/portal\/agenda\/?s={search_term_string}\"},\"query-input\":\"required name=search_term_string\"}],\"inLanguage\":\"es\"}]}<\/script>\n<!-- \/ Yoast SEO plugin. -->","yoast_head_json":{"title":"Seminario de An\u00e1lisis Matem\u00e1tico y Matem\u00e1tica Aplicada 2024-2025 - ULL - Agenda","robots":{"index":"index","follow":"follow","max-snippet":"max-snippet:-1","max-image-preview":"max-image-preview:large","max-video-preview":"max-video-preview:-1"},"canonical":"https:\/\/www.ull.es\/portal\/agenda\/evento\/analisis-matematico-2024-2025\/","og_locale":"es_ES","og_type":"article","og_title":"Seminario de An\u00e1lisis Matem\u00e1tico y Matem\u00e1tica Aplicada 2024-2025 - ULL - Agenda","og_description":"[vc_row][vc_column][vc_column_text]El Departamento de An\u00e1lisis Matem\u00e1tico y\u00a0 el Instituto de Matem\u00e1ticas y Aplicaciones de la Universidad de La Laguna organizan Seminarios de An\u00e1lisis Matem\u00e1tico y Matem\u00e1tica Aplicada con car\u00e1cter semanal. [\/vc_column_text][\/vc_column][\/vc_row][vc_row][vc_column][vc_tta_accordion c_icon=\u00bbchevron\u00bb c_position=\u00bbright\u00bb active_section=\u00bb1&#8243; no_fill=\u00bbtrue\u00bb collapsible_all=\u00bbtrue\u00bb][vc_tta_section title=\u00bb17 de julio: A complex analysis view of Bezout\u2019s theorem\u00bb tab_id=\u00bb17-julio\u00bb][vc_column_text]Seminario: A complex analysis view of Bezout\u2019s theorem Imparte: William...","og_url":"https:\/\/www.ull.es\/portal\/agenda\/evento\/analisis-matematico-2024-2025\/","og_site_name":"ULL - Agenda","article_modified_time":"2025-07-09T10:45:09+00:00","og_image":[{"width":750,"height":370,"url":"https:\/\/www.ull.es\/portal\/agenda\/wp-content\/uploads\/sites\/12\/2024\/09\/Seminario-de-Analisis-Matematico_Banner-eventos.png","type":"image\/png"}],"twitter_card":"summary_large_image","twitter_misc":{"Tiempo de lectura":"17 minutos"},"schema":{"@context":"https:\/\/schema.org","@graph":[{"@type":"WebPage","@id":"https:\/\/www.ull.es\/portal\/agenda\/evento\/analisis-matematico-2024-2025\/","url":"https:\/\/www.ull.es\/portal\/agenda\/evento\/analisis-matematico-2024-2025\/","name":"Seminario de An\u00e1lisis Matem\u00e1tico y Matem\u00e1tica Aplicada 2024-2025 - ULL - Agenda","isPartOf":{"@id":"https:\/\/www.ull.es\/portal\/agenda\/#website"},"datePublished":"2024-09-20T08:42:09+00:00","dateModified":"2025-07-09T10:45:09+00:00","breadcrumb":{"@id":"https:\/\/www.ull.es\/portal\/agenda\/evento\/analisis-matematico-2024-2025\/#breadcrumb"},"inLanguage":"es","potentialAction":[{"@type":"ReadAction","target":["https:\/\/www.ull.es\/portal\/agenda\/evento\/analisis-matematico-2024-2025\/"]}]},{"@type":"BreadcrumbList","@id":"https:\/\/www.ull.es\/portal\/agenda\/evento\/analisis-matematico-2024-2025\/#breadcrumb","itemListElement":[{"@type":"ListItem","position":1,"name":"Portada","item":"https:\/\/www.ull.es\/portal\/agenda\/"},{"@type":"ListItem","position":2,"name":"Seminario de An\u00e1lisis Matem\u00e1tico y Matem\u00e1tica Aplicada 2024-2025"}]},{"@type":"WebSite","@id":"https:\/\/www.ull.es\/portal\/agenda\/#website","url":"https:\/\/www.ull.es\/portal\/agenda\/","name":"ULL - Agenda","description":"","potentialAction":[{"@type":"SearchAction","target":{"@type":"EntryPoint","urlTemplate":"https:\/\/www.ull.es\/portal\/agenda\/?s={search_term_string}"},"query-input":"required name=search_term_string"}],"inLanguage":"es"}]}},"_links":{"self":[{"href":"https:\/\/www.ull.es\/portal\/agenda\/wp-json\/wp\/v2\/tribe_events\/38117"}],"collection":[{"href":"https:\/\/www.ull.es\/portal\/agenda\/wp-json\/wp\/v2\/tribe_events"}],"about":[{"href":"https:\/\/www.ull.es\/portal\/agenda\/wp-json\/wp\/v2\/types\/tribe_events"}],"author":[{"embeddable":true,"href":"https:\/\/www.ull.es\/portal\/agenda\/wp-json\/wp\/v2\/users\/65"}],"replies":[{"embeddable":true,"href":"https:\/\/www.ull.es\/portal\/agenda\/wp-json\/wp\/v2\/comments?post=38117"}],"version-history":[{"count":24,"href":"https:\/\/www.ull.es\/portal\/agenda\/wp-json\/wp\/v2\/tribe_events\/38117\/revisions"}],"predecessor-version":[{"id":43518,"href":"https:\/\/www.ull.es\/portal\/agenda\/wp-json\/wp\/v2\/tribe_events\/38117\/revisions\/43518"}],"wp:featuredmedia":[{"embeddable":true,"href":"https:\/\/www.ull.es\/portal\/agenda\/wp-json\/wp\/v2\/media\/38161"}],"wp:attachment":[{"href":"https:\/\/www.ull.es\/portal\/agenda\/wp-json\/wp\/v2\/media?parent=38117"}],"wp:term":[{"taxonomy":"post_tag","embeddable":true,"href":"https:\/\/www.ull.es\/portal\/agenda\/wp-json\/wp\/v2\/tags?post=38117"},{"taxonomy":"tribe_events_cat","embeddable":true,"href":"https:\/\/www.ull.es\/portal\/agenda\/wp-json\/wp\/v2\/tribe_events_cat?post=38117"}],"curies":[{"name":"wp","href":"https:\/\/api.w.org\/{rel}","templated":true}]}}