{"id":38500,"date":"2024-10-02T12:07:33","date_gmt":"2024-10-02T12:07:33","guid":{"rendered":"https:\/\/www.ull.es\/portal\/agenda\/?post_type=tribe_events&#038;p=38500"},"modified":"2024-10-04T08:45:17","modified_gmt":"2024-10-04T08:45:17","slug":"seminario-internacional-igualdad-sin-fronteras-desde-canarias-a-africa-del-oeste","status":"publish","type":"tribe_events","link":"https:\/\/www.ull.es\/portal\/agenda\/evento\/seminario-internacional-igualdad-sin-fronteras-desde-canarias-a-africa-del-oeste\/","title":{"rendered":"Seminario Internacional: Igualdad sin fronteras: desde Canarias a \u00c1frica del Oeste"},"content":{"rendered":"<p dir=\"ltr\">El 25 de octubre tendr\u00e1 lugar en la Facultad de Educaci\u00f3n, el Seminario Internacional \u201cIgualdad sin Fronteras: desde Canarias a \u00c1frica del Oeste\u00bb, organizado por la Red CIMPI y m\u00e1s concretamente por Matilde C. D\u00edaz Hern\u00e1ndez, Yasmina \u00c1lvarez Gonz\u00e1lez y Barbara\u00a0Alicja Rostecka, en colaboraci\u00f3n con la Universidad de La Laguna.<\/p>\n<p dir=\"ltr\">En este seminario se trabajar\u00e1n los temas desarrollados por la Red CIMPI en materias de pol\u00edticas de igualdad de g\u00e9nero entre universidades y sus futuras l\u00edneas de trabajo e investigaci\u00f3n. Ahondando en las relaciones que ya existen entre las universidades canarias y africanas y, las acciones que se han llevado a cabo en materia de Igualdad, as\u00ed como los avances que se han producido en cooperaci\u00f3n con Gambia. Adem\u00e1s, contaremos con la participaci\u00f3n de un estudiante de doctorado de Mali que compartir\u00e1 su experiencia. Y por \u00faltimo, los resultados obtenidos en las estancias realizadas por parte de docentes de la Universidad de La Laguna en diferentes universidades africanas.<\/p>\n<p dir=\"ltr\">Se pretende poner en com\u00fan las experiencias desarrolladas, y establecer las l\u00edneas de trabajo futuras para seguir cooperando en el logro de la igualdad de g\u00e9nero en las diferentes universidades de la Red CIMPI.<\/p>\n<p dir=\"ltr\"><a href=\"https:\/\/drive.google.com\/file\/d\/1_vX-0S55vgQ2rLtLvFrilRed0deqvH7u\/view?usp=sharing\" target=\"_blank\" rel=\"noopener\" target=\"_blank\" rel=\"noopener\">Cartel<\/a><\/p>\n<p><a href=\"https:\/\/docs.google.com\/forms\/d\/e\/1FAIpQLSfPkvJxWwwyxdDxpRlchKWt_-9_XAEgCywnXCmwpE6P3ds4kw\/viewform\" target=\"_blank\" rel=\"noopener\" target=\"_blank\" rel=\"noopener\">Inscripci\u00f3n<\/a><\/p>\n","protected":false},"excerpt":{"rendered":"<p>El 25 de octubre tendr\u00e1 lugar en la Facultad de Educaci\u00f3n, el Seminario Internacional \u201cIgualdad sin Fronteras: desde Canarias a \u00c1frica del Oeste\u00bb, organizado por la Red CIMPI y m\u00e1s concretamente por Matilde C. D\u00edaz Hern\u00e1ndez, Yasmina \u00c1lvarez Gonz\u00e1lez y Barbara\u00a0Alicja Rostecka, en colaboraci\u00f3n con la Universidad de La Laguna. En este seminario se trabajar\u00e1n&#8230;<\/p>\n","protected":false},"author":65,"featured_media":38564,"comment_status":"closed","ping_status":"closed","template":"","tags":[],"tribe_events_cat":[4,815,5],"acf":[],"yoast_head":"<!-- This site is optimized with the Yoast SEO plugin v21.3 - https:\/\/yoast.com\/wordpress\/plugins\/seo\/ -->\n<title>Seminario Internacional: Igualdad sin fronteras: desde Canarias a \u00c1frica del Oeste - ULL - Agenda<\/title>\n<meta name=\"robots\" content=\"index, follow, max-snippet:-1, max-image-preview:large, max-video-preview:-1\" \/>\n<link rel=\"canonical\" href=\"https:\/\/www.ull.es\/portal\/agenda\/evento\/seminario-internacional-igualdad-sin-fronteras-desde-canarias-a-africa-del-oeste\/\" \/>\n<meta property=\"og:locale\" content=\"es_ES\" \/>\n<meta property=\"og:type\" content=\"article\" \/>\n<meta property=\"og:title\" content=\"Seminario Internacional: Igualdad sin fronteras: desde Canarias a \u00c1frica del Oeste - ULL - Agenda\" \/>\n<meta property=\"og:description\" content=\"El 25 de octubre tendr\u00e1 lugar en la Facultad de Educaci\u00f3n, el Seminario Internacional \u201cIgualdad sin Fronteras: desde Canarias a \u00c1frica del Oeste\u00bb, organizado por la Red CIMPI y m\u00e1s concretamente por Matilde C. D\u00edaz Hern\u00e1ndez, Yasmina \u00c1lvarez Gonz\u00e1lez y Barbara\u00a0Alicja Rostecka, en colaboraci\u00f3n con la Universidad de La Laguna. En este seminario se trabajar\u00e1n...\" \/>\n<meta property=\"og:url\" content=\"https:\/\/www.ull.es\/portal\/agenda\/evento\/seminario-internacional-igualdad-sin-fronteras-desde-canarias-a-africa-del-oeste\/\" \/>\n<meta property=\"og:site_name\" content=\"ULL - Agenda\" \/>\n<meta property=\"article:modified_time\" content=\"2024-10-04T08:45:17+00:00\" \/>\n<meta property=\"og:image\" content=\"https:\/\/www.ull.es\/portal\/agenda\/wp-content\/uploads\/sites\/12\/2024\/10\/Igualdad-sin-fronteras_Banner-eventos.png\" \/>\n\t<meta property=\"og:image:width\" content=\"750\" \/>\n\t<meta property=\"og:image:height\" content=\"370\" \/>\n\t<meta property=\"og:image:type\" content=\"image\/png\" \/>\n<meta name=\"twitter:card\" content=\"summary_large_image\" \/>\n<meta name=\"twitter:label1\" content=\"Tiempo de lectura\" \/>\n\t<meta name=\"twitter:data1\" content=\"1 minuto\" \/>\n<script type=\"application\/ld+json\" class=\"yoast-schema-graph\">{\"@context\":\"https:\/\/schema.org\",\"@graph\":[{\"@type\":\"WebPage\",\"@id\":\"https:\/\/www.ull.es\/portal\/agenda\/evento\/seminario-internacional-igualdad-sin-fronteras-desde-canarias-a-africa-del-oeste\/\",\"url\":\"https:\/\/www.ull.es\/portal\/agenda\/evento\/seminario-internacional-igualdad-sin-fronteras-desde-canarias-a-africa-del-oeste\/\",\"name\":\"Seminario Internacional: Igualdad sin fronteras: desde Canarias a \u00c1frica del Oeste - ULL - Agenda\",\"isPartOf\":{\"@id\":\"https:\/\/www.ull.es\/portal\/agenda\/#website\"},\"datePublished\":\"2024-10-02T12:07:33+00:00\",\"dateModified\":\"2024-10-04T08:45:17+00:00\",\"breadcrumb\":{\"@id\":\"https:\/\/www.ull.es\/portal\/agenda\/evento\/seminario-internacional-igualdad-sin-fronteras-desde-canarias-a-africa-del-oeste\/#breadcrumb\"},\"inLanguage\":\"es\",\"potentialAction\":[{\"@type\":\"ReadAction\",\"target\":[\"https:\/\/www.ull.es\/portal\/agenda\/evento\/seminario-internacional-igualdad-sin-fronteras-desde-canarias-a-africa-del-oeste\/\"]}]},{\"@type\":\"BreadcrumbList\",\"@id\":\"https:\/\/www.ull.es\/portal\/agenda\/evento\/seminario-internacional-igualdad-sin-fronteras-desde-canarias-a-africa-del-oeste\/#breadcrumb\",\"itemListElement\":[{\"@type\":\"ListItem\",\"position\":1,\"name\":\"Portada\",\"item\":\"https:\/\/www.ull.es\/portal\/agenda\/\"},{\"@type\":\"ListItem\",\"position\":2,\"name\":\"Seminario Internacional: Igualdad sin fronteras: desde Canarias a \u00c1frica del Oeste\"}]},{\"@type\":\"WebSite\",\"@id\":\"https:\/\/www.ull.es\/portal\/agenda\/#website\",\"url\":\"https:\/\/www.ull.es\/portal\/agenda\/\",\"name\":\"ULL - Agenda\",\"description\":\"\",\"potentialAction\":[{\"@type\":\"SearchAction\",\"target\":{\"@type\":\"EntryPoint\",\"urlTemplate\":\"https:\/\/www.ull.es\/portal\/agenda\/?s={search_term_string}\"},\"query-input\":\"required name=search_term_string\"}],\"inLanguage\":\"es\"}]}<\/script>\n<!-- \/ Yoast SEO plugin. -->","yoast_head_json":{"title":"Seminario Internacional: Igualdad sin fronteras: desde Canarias a \u00c1frica del Oeste - ULL - Agenda","robots":{"index":"index","follow":"follow","max-snippet":"max-snippet:-1","max-image-preview":"max-image-preview:large","max-video-preview":"max-video-preview:-1"},"canonical":"https:\/\/www.ull.es\/portal\/agenda\/evento\/seminario-internacional-igualdad-sin-fronteras-desde-canarias-a-africa-del-oeste\/","og_locale":"es_ES","og_type":"article","og_title":"Seminario Internacional: Igualdad sin fronteras: desde Canarias a \u00c1frica del Oeste - ULL - Agenda","og_description":"El 25 de octubre tendr\u00e1 lugar en la Facultad de Educaci\u00f3n, el Seminario Internacional \u201cIgualdad sin Fronteras: desde Canarias a \u00c1frica del Oeste\u00bb, organizado por la Red CIMPI y m\u00e1s concretamente por Matilde C. D\u00edaz Hern\u00e1ndez, Yasmina \u00c1lvarez Gonz\u00e1lez y Barbara\u00a0Alicja Rostecka, en colaboraci\u00f3n con la Universidad de La Laguna. En este seminario se trabajar\u00e1n...","og_url":"https:\/\/www.ull.es\/portal\/agenda\/evento\/seminario-internacional-igualdad-sin-fronteras-desde-canarias-a-africa-del-oeste\/","og_site_name":"ULL - Agenda","article_modified_time":"2024-10-04T08:45:17+00:00","og_image":[{"width":750,"height":370,"url":"https:\/\/www.ull.es\/portal\/agenda\/wp-content\/uploads\/sites\/12\/2024\/10\/Igualdad-sin-fronteras_Banner-eventos.png","type":"image\/png"}],"twitter_card":"summary_large_image","twitter_misc":{"Tiempo de lectura":"1 minuto"},"schema":{"@context":"https:\/\/schema.org","@graph":[{"@type":"WebPage","@id":"https:\/\/www.ull.es\/portal\/agenda\/evento\/seminario-internacional-igualdad-sin-fronteras-desde-canarias-a-africa-del-oeste\/","url":"https:\/\/www.ull.es\/portal\/agenda\/evento\/seminario-internacional-igualdad-sin-fronteras-desde-canarias-a-africa-del-oeste\/","name":"Seminario Internacional: Igualdad sin fronteras: desde Canarias a \u00c1frica del Oeste - ULL - Agenda","isPartOf":{"@id":"https:\/\/www.ull.es\/portal\/agenda\/#website"},"datePublished":"2024-10-02T12:07:33+00:00","dateModified":"2024-10-04T08:45:17+00:00","breadcrumb":{"@id":"https:\/\/www.ull.es\/portal\/agenda\/evento\/seminario-internacional-igualdad-sin-fronteras-desde-canarias-a-africa-del-oeste\/#breadcrumb"},"inLanguage":"es","potentialAction":[{"@type":"ReadAction","target":["https:\/\/www.ull.es\/portal\/agenda\/evento\/seminario-internacional-igualdad-sin-fronteras-desde-canarias-a-africa-del-oeste\/"]}]},{"@type":"BreadcrumbList","@id":"https:\/\/www.ull.es\/portal\/agenda\/evento\/seminario-internacional-igualdad-sin-fronteras-desde-canarias-a-africa-del-oeste\/#breadcrumb","itemListElement":[{"@type":"ListItem","position":1,"name":"Portada","item":"https:\/\/www.ull.es\/portal\/agenda\/"},{"@type":"ListItem","position":2,"name":"Seminario Internacional: Igualdad sin fronteras: desde Canarias a \u00c1frica del Oeste"}]},{"@type":"WebSite","@id":"https:\/\/www.ull.es\/portal\/agenda\/#website","url":"https:\/\/www.ull.es\/portal\/agenda\/","name":"ULL - Agenda","description":"","potentialAction":[{"@type":"SearchAction","target":{"@type":"EntryPoint","urlTemplate":"https:\/\/www.ull.es\/portal\/agenda\/?s={search_term_string}"},"query-input":"required name=search_term_string"}],"inLanguage":"es"}]}},"_links":{"self":[{"href":"https:\/\/www.ull.es\/portal\/agenda\/wp-json\/wp\/v2\/tribe_events\/38500"}],"collection":[{"href":"https:\/\/www.ull.es\/portal\/agenda\/wp-json\/wp\/v2\/tribe_events"}],"about":[{"href":"https:\/\/www.ull.es\/portal\/agenda\/wp-json\/wp\/v2\/types\/tribe_events"}],"author":[{"embeddable":true,"href":"https:\/\/www.ull.es\/portal\/agenda\/wp-json\/wp\/v2\/users\/65"}],"replies":[{"embeddable":true,"href":"https:\/\/www.ull.es\/portal\/agenda\/wp-json\/wp\/v2\/comments?post=38500"}],"version-history":[{"count":4,"href":"https:\/\/www.ull.es\/portal\/agenda\/wp-json\/wp\/v2\/tribe_events\/38500\/revisions"}],"predecessor-version":[{"id":38519,"href":"https:\/\/www.ull.es\/portal\/agenda\/wp-json\/wp\/v2\/tribe_events\/38500\/revisions\/38519"}],"wp:featuredmedia":[{"embeddable":true,"href":"https:\/\/www.ull.es\/portal\/agenda\/wp-json\/wp\/v2\/media\/38564"}],"wp:attachment":[{"href":"https:\/\/www.ull.es\/portal\/agenda\/wp-json\/wp\/v2\/media?parent=38500"}],"wp:term":[{"taxonomy":"post_tag","embeddable":true,"href":"https:\/\/www.ull.es\/portal\/agenda\/wp-json\/wp\/v2\/tags?post=38500"},{"taxonomy":"tribe_events_cat","embeddable":true,"href":"https:\/\/www.ull.es\/portal\/agenda\/wp-json\/wp\/v2\/tribe_events_cat?post=38500"}],"curies":[{"name":"wp","href":"https:\/\/api.w.org\/{rel}","templated":true}]}}