{"id":39020,"date":"2024-10-25T07:40:00","date_gmt":"2024-10-25T07:40:00","guid":{"rendered":"https:\/\/www.ull.es\/portal\/agenda\/?post_type=tribe_events&#038;p=39020"},"modified":"2024-10-28T09:23:19","modified_gmt":"2024-10-28T09:23:19","slug":"comunicacion-y-ciudadania-corporativa","status":"publish","type":"tribe_events","link":"https:\/\/www.ull.es\/portal\/agenda\/evento\/comunicacion-y-ciudadania-corporativa\/","title":{"rendered":"Comunicaci\u00f3n y Ciudadan\u00eda Corporativa"},"content":{"rendered":"<p>Las jornadas sobre Comunicaci\u00f3n y ciudadan\u00eda corporativa son un espacio para la reflexi\u00f3n sobre la Comunicaci\u00f3n y la Sociedad en la era digital. Se analizar\u00e1 la relaci\u00f3n de los ciudadanos con la informaci\u00f3n que reciben, sobre la credibilidad y sobre la responsabilidad social de mantener el esp\u00edritu cr\u00edtico ante las informaciones que por tantos medios recibimos. Con profesionales y representantes de distintas entidades y organizaciones, se pondr\u00e1 el foco de inter\u00e9s en la informaci\u00f3n de utilidad para los ciudadanos, as\u00e9 en c\u00f3mo reconocer las fuentes que han de sustentar todos los contenidos. Las jornadas son de inter\u00e9s para todos los ciudadanos y para los universitarios en particular, que en su periodo de formaci\u00f3n han de plantearse la realidad medi\u00e1tica de su entorno. Las jornadas est\u00e1n organizadas por el Aula de Comunicaci\u00f3n de la ULL, y cuentan con la colaboraci\u00f3n de la Asociaci\u00f3n Morabeza.<\/p>\n<p><a href=\"https:\/\/drive.google.com\/file\/d\/1Iigr2kd65JMNWxwfQ5qOYv9T0MSt5btt\/view?usp=sharing\" target=\"_blank\" rel=\"noopener\" target=\"_blank\" rel=\"noopener\">Cartel<\/a><\/p>\n","protected":false},"excerpt":{"rendered":"<p>Las jornadas sobre Comunicaci\u00f3n y ciudadan\u00eda corporativa son un espacio para la reflexi\u00f3n sobre la Comunicaci\u00f3n y la Sociedad en la era digital. Se analizar\u00e1 la relaci\u00f3n de los ciudadanos con la informaci\u00f3n que reciben, sobre la credibilidad y sobre la responsabilidad social de mantener el esp\u00edritu cr\u00edtico ante las informaciones que por tantos medios&#8230;<\/p>\n","protected":false},"author":65,"featured_media":39044,"comment_status":"closed","ping_status":"closed","template":"","tags":[],"tribe_events_cat":[344,3987,4,848,186],"acf":[],"yoast_head":"<!-- This site is optimized with the Yoast SEO plugin v21.3 - https:\/\/yoast.com\/wordpress\/plugins\/seo\/ -->\n<title>Comunicaci\u00f3n y Ciudadan\u00eda Corporativa - ULL - Agenda<\/title>\n<meta name=\"robots\" content=\"index, follow, max-snippet:-1, max-image-preview:large, max-video-preview:-1\" \/>\n<link rel=\"canonical\" href=\"https:\/\/www.ull.es\/portal\/agenda\/evento\/comunicacion-y-ciudadania-corporativa\/\" \/>\n<meta property=\"og:locale\" content=\"es_ES\" \/>\n<meta property=\"og:type\" content=\"article\" \/>\n<meta property=\"og:title\" content=\"Comunicaci\u00f3n y Ciudadan\u00eda Corporativa - ULL - Agenda\" \/>\n<meta property=\"og:description\" content=\"Las jornadas sobre Comunicaci\u00f3n y ciudadan\u00eda corporativa son un espacio para la reflexi\u00f3n sobre la Comunicaci\u00f3n y la Sociedad en la era digital. Se analizar\u00e1 la relaci\u00f3n de los ciudadanos con la informaci\u00f3n que reciben, sobre la credibilidad y sobre la responsabilidad social de mantener el esp\u00edritu cr\u00edtico ante las informaciones que por tantos medios...\" \/>\n<meta property=\"og:url\" content=\"https:\/\/www.ull.es\/portal\/agenda\/evento\/comunicacion-y-ciudadania-corporativa\/\" \/>\n<meta property=\"og:site_name\" content=\"ULL - Agenda\" \/>\n<meta property=\"article:modified_time\" content=\"2024-10-28T09:23:19+00:00\" \/>\n<meta property=\"og:image\" content=\"https:\/\/www.ull.es\/portal\/agenda\/wp-content\/uploads\/sites\/12\/2024\/10\/Comunicacion-y-ciudadania-corporativa_Banner-eventos.png\" \/>\n\t<meta property=\"og:image:width\" content=\"750\" \/>\n\t<meta property=\"og:image:height\" content=\"370\" \/>\n\t<meta property=\"og:image:type\" content=\"image\/png\" \/>\n<meta name=\"twitter:card\" content=\"summary_large_image\" \/>\n<meta name=\"twitter:label1\" content=\"Tiempo de lectura\" \/>\n\t<meta name=\"twitter:data1\" content=\"1 minuto\" \/>\n<script type=\"application\/ld+json\" class=\"yoast-schema-graph\">{\"@context\":\"https:\/\/schema.org\",\"@graph\":[{\"@type\":\"WebPage\",\"@id\":\"https:\/\/www.ull.es\/portal\/agenda\/evento\/comunicacion-y-ciudadania-corporativa\/\",\"url\":\"https:\/\/www.ull.es\/portal\/agenda\/evento\/comunicacion-y-ciudadania-corporativa\/\",\"name\":\"Comunicaci\u00f3n y Ciudadan\u00eda Corporativa - ULL - Agenda\",\"isPartOf\":{\"@id\":\"https:\/\/www.ull.es\/portal\/agenda\/#website\"},\"datePublished\":\"2024-10-25T07:40:00+00:00\",\"dateModified\":\"2024-10-28T09:23:19+00:00\",\"breadcrumb\":{\"@id\":\"https:\/\/www.ull.es\/portal\/agenda\/evento\/comunicacion-y-ciudadania-corporativa\/#breadcrumb\"},\"inLanguage\":\"es\",\"potentialAction\":[{\"@type\":\"ReadAction\",\"target\":[\"https:\/\/www.ull.es\/portal\/agenda\/evento\/comunicacion-y-ciudadania-corporativa\/\"]}]},{\"@type\":\"BreadcrumbList\",\"@id\":\"https:\/\/www.ull.es\/portal\/agenda\/evento\/comunicacion-y-ciudadania-corporativa\/#breadcrumb\",\"itemListElement\":[{\"@type\":\"ListItem\",\"position\":1,\"name\":\"Portada\",\"item\":\"https:\/\/www.ull.es\/portal\/agenda\/\"},{\"@type\":\"ListItem\",\"position\":2,\"name\":\"Comunicaci\u00f3n y Ciudadan\u00eda Corporativa\"}]},{\"@type\":\"WebSite\",\"@id\":\"https:\/\/www.ull.es\/portal\/agenda\/#website\",\"url\":\"https:\/\/www.ull.es\/portal\/agenda\/\",\"name\":\"ULL - Agenda\",\"description\":\"\",\"potentialAction\":[{\"@type\":\"SearchAction\",\"target\":{\"@type\":\"EntryPoint\",\"urlTemplate\":\"https:\/\/www.ull.es\/portal\/agenda\/?s={search_term_string}\"},\"query-input\":\"required name=search_term_string\"}],\"inLanguage\":\"es\"}]}<\/script>\n<!-- \/ Yoast SEO plugin. -->","yoast_head_json":{"title":"Comunicaci\u00f3n y Ciudadan\u00eda Corporativa - ULL - Agenda","robots":{"index":"index","follow":"follow","max-snippet":"max-snippet:-1","max-image-preview":"max-image-preview:large","max-video-preview":"max-video-preview:-1"},"canonical":"https:\/\/www.ull.es\/portal\/agenda\/evento\/comunicacion-y-ciudadania-corporativa\/","og_locale":"es_ES","og_type":"article","og_title":"Comunicaci\u00f3n y Ciudadan\u00eda Corporativa - ULL - Agenda","og_description":"Las jornadas sobre Comunicaci\u00f3n y ciudadan\u00eda corporativa son un espacio para la reflexi\u00f3n sobre la Comunicaci\u00f3n y la Sociedad en la era digital. Se analizar\u00e1 la relaci\u00f3n de los ciudadanos con la informaci\u00f3n que reciben, sobre la credibilidad y sobre la responsabilidad social de mantener el esp\u00edritu cr\u00edtico ante las informaciones que por tantos medios...","og_url":"https:\/\/www.ull.es\/portal\/agenda\/evento\/comunicacion-y-ciudadania-corporativa\/","og_site_name":"ULL - Agenda","article_modified_time":"2024-10-28T09:23:19+00:00","og_image":[{"width":750,"height":370,"url":"https:\/\/www.ull.es\/portal\/agenda\/wp-content\/uploads\/sites\/12\/2024\/10\/Comunicacion-y-ciudadania-corporativa_Banner-eventos.png","type":"image\/png"}],"twitter_card":"summary_large_image","twitter_misc":{"Tiempo de lectura":"1 minuto"},"schema":{"@context":"https:\/\/schema.org","@graph":[{"@type":"WebPage","@id":"https:\/\/www.ull.es\/portal\/agenda\/evento\/comunicacion-y-ciudadania-corporativa\/","url":"https:\/\/www.ull.es\/portal\/agenda\/evento\/comunicacion-y-ciudadania-corporativa\/","name":"Comunicaci\u00f3n y Ciudadan\u00eda Corporativa - ULL - Agenda","isPartOf":{"@id":"https:\/\/www.ull.es\/portal\/agenda\/#website"},"datePublished":"2024-10-25T07:40:00+00:00","dateModified":"2024-10-28T09:23:19+00:00","breadcrumb":{"@id":"https:\/\/www.ull.es\/portal\/agenda\/evento\/comunicacion-y-ciudadania-corporativa\/#breadcrumb"},"inLanguage":"es","potentialAction":[{"@type":"ReadAction","target":["https:\/\/www.ull.es\/portal\/agenda\/evento\/comunicacion-y-ciudadania-corporativa\/"]}]},{"@type":"BreadcrumbList","@id":"https:\/\/www.ull.es\/portal\/agenda\/evento\/comunicacion-y-ciudadania-corporativa\/#breadcrumb","itemListElement":[{"@type":"ListItem","position":1,"name":"Portada","item":"https:\/\/www.ull.es\/portal\/agenda\/"},{"@type":"ListItem","position":2,"name":"Comunicaci\u00f3n y Ciudadan\u00eda Corporativa"}]},{"@type":"WebSite","@id":"https:\/\/www.ull.es\/portal\/agenda\/#website","url":"https:\/\/www.ull.es\/portal\/agenda\/","name":"ULL - Agenda","description":"","potentialAction":[{"@type":"SearchAction","target":{"@type":"EntryPoint","urlTemplate":"https:\/\/www.ull.es\/portal\/agenda\/?s={search_term_string}"},"query-input":"required name=search_term_string"}],"inLanguage":"es"}]}},"_links":{"self":[{"href":"https:\/\/www.ull.es\/portal\/agenda\/wp-json\/wp\/v2\/tribe_events\/39020"}],"collection":[{"href":"https:\/\/www.ull.es\/portal\/agenda\/wp-json\/wp\/v2\/tribe_events"}],"about":[{"href":"https:\/\/www.ull.es\/portal\/agenda\/wp-json\/wp\/v2\/types\/tribe_events"}],"author":[{"embeddable":true,"href":"https:\/\/www.ull.es\/portal\/agenda\/wp-json\/wp\/v2\/users\/65"}],"replies":[{"embeddable":true,"href":"https:\/\/www.ull.es\/portal\/agenda\/wp-json\/wp\/v2\/comments?post=39020"}],"version-history":[{"count":1,"href":"https:\/\/www.ull.es\/portal\/agenda\/wp-json\/wp\/v2\/tribe_events\/39020\/revisions"}],"predecessor-version":[{"id":39021,"href":"https:\/\/www.ull.es\/portal\/agenda\/wp-json\/wp\/v2\/tribe_events\/39020\/revisions\/39021"}],"wp:featuredmedia":[{"embeddable":true,"href":"https:\/\/www.ull.es\/portal\/agenda\/wp-json\/wp\/v2\/media\/39044"}],"wp:attachment":[{"href":"https:\/\/www.ull.es\/portal\/agenda\/wp-json\/wp\/v2\/media?parent=39020"}],"wp:term":[{"taxonomy":"post_tag","embeddable":true,"href":"https:\/\/www.ull.es\/portal\/agenda\/wp-json\/wp\/v2\/tags?post=39020"},{"taxonomy":"tribe_events_cat","embeddable":true,"href":"https:\/\/www.ull.es\/portal\/agenda\/wp-json\/wp\/v2\/tribe_events_cat?post=39020"}],"curies":[{"name":"wp","href":"https:\/\/api.w.org\/{rel}","templated":true}]}}