{"id":39134,"date":"2024-10-31T11:03:55","date_gmt":"2024-10-31T11:03:55","guid":{"rendered":"https:\/\/www.ull.es\/portal\/agenda\/?post_type=tribe_events&#038;p=39134"},"modified":"2024-10-31T11:03:55","modified_gmt":"2024-10-31T11:03:55","slug":"jornada-la-evolucion-de-la-economia-social-en-el-contexto-de-la-union-europea-desde-el-plan-de-accion-a-la-recomendacion-hacia-los-nuevos-retos-del-mercado-unico","status":"publish","type":"tribe_events","link":"https:\/\/www.ull.es\/portal\/agenda\/evento\/jornada-la-evolucion-de-la-economia-social-en-el-contexto-de-la-union-europea-desde-el-plan-de-accion-a-la-recomendacion-hacia-los-nuevos-retos-del-mercado-unico\/","title":{"rendered":"Jornada \u00abLa evoluci\u00f3n de la Econom\u00eda Social en el contexto de la Uni\u00f3n Europea: desde el plan de acci\u00f3n a la recomendaci\u00f3n, hacia los nuevos retos del mercado \u00fanico\u00bb"},"content":{"rendered":"<div class=\"tribe-events-single-event-description tribe-events-content\">\n<p>La C\u00e1tedra Cajasiete de Econom\u00eda Social y Cooperativa (CESCO) organiza esta jornada que se celebrar\u00e1 en el Sal\u00f3n de Grados de la Facultad de Econom\u00eda, Empresa y Turismo el 20 de noviembre de 2024 de 17:00 a 19:00 horas.<\/p>\n<p>El objetivo de la jornada es lustrar c\u00f3mo se ha transformado la visi\u00f3n de la econom\u00eda social a nivel europeo, y c\u00f3mo las organizaciones de la econom\u00eda social han contribuido a la remodelaci\u00f3n de las pol\u00edticas europeas, con especial referencia a la estrategia industrial europea, el pilar europeo de derechos sociales y las transiciones \u00abverde y digital\u00bb, para despu\u00e9s detenerse en las cuestiones abiertas y los expedientes m\u00e1s recientes que, desde los informes Letta y Draghi sobre el mercado \u00fanico y la competitividad, est\u00e1n redefiniendo una agenda pol\u00edtica compleja.<\/p>\n<\/div>\n<p>Se expondr\u00e1 c\u00f3mo la visi\u00f3n de la econom\u00eda social ha evolucionado en Europa en las \u00faltimas d\u00e9cadas, destacando el papel crucial que las organizaciones de la econom\u00eda social han desempe\u00f1ado en la reconfiguraci\u00f3n de las pol\u00edticas p\u00fablicas europeas. La econom\u00eda social no solo ha contribuido a un desarrollo econ\u00f3mico m\u00e1s inclusivo y equitativo, sino que tambi\u00e9n ha sido un actor clave en la elaboraci\u00f3n de iniciativas fundamentales a nivel europeo, como la Estrategia Industrial Europea y el Pilar Europeo de Derechos Sociales.<\/p>\n<p>Se abordar\u00e1 c\u00f3mo las cooperativas y otras organizaciones de la econom\u00eda social est\u00e1n participando activamente en las transiciones verde y digital, dos pilares estrat\u00e9gicos que definen el futuro de Europa en t\u00e9rminos de sostenibilidad y tecnolog\u00eda. Estas transiciones, seg\u00fan el ponente, no solo son cruciales para abordar la crisis clim\u00e1tica y tecnol\u00f3gica, sino que tambi\u00e9n ofrecen una oportunidad para crear modelos econ\u00f3micos m\u00e1s justos y sostenibles.<\/p>\n<p>Se analizar\u00e1 los retos y oportunidades que enfrentan las organizaciones de la econom\u00eda social en este entorno cambiante, subrayando c\u00f3mo pueden contribuir a una Europa m\u00e1s cohesionada y competitiva a trav\u00e9s de modelos de negocio innovadores y orientados al bien com\u00fan. Este encuentro ofrecer\u00e1 una visi\u00f3n amplia sobre la intersecci\u00f3n entre econom\u00eda social y pol\u00edticas p\u00fablicas, mostrando c\u00f3mo las cooperativas y otras entidades afines est\u00e1n ayudando a redefinir el concepto de competitividad y desarrollo sostenible en el marco de la Uni\u00f3n Europea.<\/p>\n<p>Direcci\u00f3n acad\u00e9mica: C\u00e1ndido Rom\u00e1n Cervantes, Profesor Titular de Universidad, Departamento de Direcci\u00f3n de Empresas e Historia Econ\u00f3mica. Director de la C\u00e1tedra Cajasiete de Econom\u00eda Social y Colaborativa de la Universidad de La Laguna.<\/p>\n<div class=\"tribe-events-single-event-description tribe-events-content\">\n<p>CERTIFICADO DE ASISTENCIA: La Universidad de La Laguna, a trav\u00e9s del Vicerrectorado de Cultura y Extensi\u00f3n Universitaria, emitir\u00e1 un certificado de asistencia a todas aquellas personas que participen, previa inscripci\u00f3n en la actividad.<\/p>\n<p>Asistencia gratuita previa inscripci\u00f3n. <a href=\"https:\/\/sede.fg.ull.es\/es\/curso\/detalle?code=a24020262&amp;name=la-evolucion-de-la-economia-social-en-el-contexto-de-la-union-europea-desde-el-plan-de-accion-a-la-recomendacion-hacia-los-nuevos-retos-del-mercado-un&amp;query=%3Fcode%3DA24020262\" target=\"_blank\" rel=\"noopener noreferrer\" target=\"_blank\" rel=\"noopener\"><strong><u>Consulta el programa e inscr\u00edbete aqu\u00ed.<\/u><\/strong><\/a><\/p>\n<p><strong>Contacto: 922 319 616 \/ 922 319 626 \u2013\u00a0<\/strong><a href=\"mailto:extuni@ull.edu.es\" target=\"_blank\" rel=\"noopener\" target=\"_blank\" rel=\"noopener\"><strong>extuni@ull.es<\/strong><\/a><\/p>\n<\/div>\n","protected":false},"excerpt":{"rendered":"<p>La C\u00e1tedra Cajasiete de Econom\u00eda Social y Cooperativa (CESCO) organiza esta jornada que se celebrar\u00e1 en el Sal\u00f3n de Grados de la Facultad de Econom\u00eda, Empresa y Turismo el 20 de noviembre de 2024 de 17:00 a 19:00 horas. El objetivo de la jornada es lustrar c\u00f3mo se ha transformado la visi\u00f3n de la econom\u00eda&#8230;<\/p>\n","protected":false},"author":43,"featured_media":39135,"comment_status":"closed","ping_status":"closed","template":"","tags":[4259,977,3439,835,3812,3751],"tribe_events_cat":[472,3165,4,186],"acf":[],"yoast_head":"<!-- This site is optimized with the Yoast SEO plugin v21.3 - https:\/\/yoast.com\/wordpress\/plugins\/seo\/ -->\n<title>Jornada &quot;La evoluci\u00f3n de la Econom\u00eda Social en el contexto de la Uni\u00f3n Europea: desde el plan de acci\u00f3n a la recomendaci\u00f3n, hacia los nuevos retos del mercado \u00fanico&quot; - ULL - Agenda<\/title>\n<meta name=\"robots\" content=\"index, follow, max-snippet:-1, max-image-preview:large, max-video-preview:-1\" \/>\n<link rel=\"canonical\" href=\"https:\/\/www.ull.es\/portal\/agenda\/evento\/jornada-la-evolucion-de-la-economia-social-en-el-contexto-de-la-union-europea-desde-el-plan-de-accion-a-la-recomendacion-hacia-los-nuevos-retos-del-mercado-unico\/\" \/>\n<meta property=\"og:locale\" content=\"es_ES\" \/>\n<meta property=\"og:type\" content=\"article\" \/>\n<meta property=\"og:title\" content=\"Jornada &quot;La evoluci\u00f3n de la Econom\u00eda Social en el contexto de la Uni\u00f3n Europea: desde el plan de acci\u00f3n a la recomendaci\u00f3n, hacia los nuevos retos del mercado \u00fanico&quot; - ULL - Agenda\" \/>\n<meta property=\"og:description\" content=\"La C\u00e1tedra Cajasiete de Econom\u00eda Social y Cooperativa (CESCO) organiza esta jornada que se celebrar\u00e1 en el Sal\u00f3n de Grados de la Facultad de Econom\u00eda, Empresa y Turismo el 20 de noviembre de 2024 de 17:00 a 19:00 horas. El objetivo de la jornada es lustrar c\u00f3mo se ha transformado la visi\u00f3n de la econom\u00eda...\" \/>\n<meta property=\"og:url\" content=\"https:\/\/www.ull.es\/portal\/agenda\/evento\/jornada-la-evolucion-de-la-economia-social-en-el-contexto-de-la-union-europea-desde-el-plan-de-accion-a-la-recomendacion-hacia-los-nuevos-retos-del-mercado-unico\/\" \/>\n<meta property=\"og:site_name\" content=\"ULL - Agenda\" \/>\n<meta property=\"og:image\" content=\"https:\/\/www.ull.es\/portal\/agenda\/wp-content\/uploads\/sites\/12\/2024\/10\/BannerJornadaCESCO.png\" \/>\n\t<meta property=\"og:image:width\" content=\"750\" \/>\n\t<meta property=\"og:image:height\" content=\"370\" \/>\n\t<meta property=\"og:image:type\" content=\"image\/png\" \/>\n<meta name=\"twitter:card\" content=\"summary_large_image\" \/>\n<meta name=\"twitter:label1\" content=\"Tiempo de lectura\" \/>\n\t<meta name=\"twitter:data1\" content=\"3 minutos\" \/>\n<script type=\"application\/ld+json\" class=\"yoast-schema-graph\">{\"@context\":\"https:\/\/schema.org\",\"@graph\":[{\"@type\":\"WebPage\",\"@id\":\"https:\/\/www.ull.es\/portal\/agenda\/evento\/jornada-la-evolucion-de-la-economia-social-en-el-contexto-de-la-union-europea-desde-el-plan-de-accion-a-la-recomendacion-hacia-los-nuevos-retos-del-mercado-unico\/\",\"url\":\"https:\/\/www.ull.es\/portal\/agenda\/evento\/jornada-la-evolucion-de-la-economia-social-en-el-contexto-de-la-union-europea-desde-el-plan-de-accion-a-la-recomendacion-hacia-los-nuevos-retos-del-mercado-unico\/\",\"name\":\"Jornada \\\"La evoluci\u00f3n de la Econom\u00eda Social en el contexto de la Uni\u00f3n Europea: desde el plan de acci\u00f3n a la recomendaci\u00f3n, hacia los nuevos retos del mercado \u00fanico\\\" - ULL - Agenda\",\"isPartOf\":{\"@id\":\"https:\/\/www.ull.es\/portal\/agenda\/#website\"},\"datePublished\":\"2024-10-31T11:03:55+00:00\",\"dateModified\":\"2024-10-31T11:03:55+00:00\",\"breadcrumb\":{\"@id\":\"https:\/\/www.ull.es\/portal\/agenda\/evento\/jornada-la-evolucion-de-la-economia-social-en-el-contexto-de-la-union-europea-desde-el-plan-de-accion-a-la-recomendacion-hacia-los-nuevos-retos-del-mercado-unico\/#breadcrumb\"},\"inLanguage\":\"es\",\"potentialAction\":[{\"@type\":\"ReadAction\",\"target\":[\"https:\/\/www.ull.es\/portal\/agenda\/evento\/jornada-la-evolucion-de-la-economia-social-en-el-contexto-de-la-union-europea-desde-el-plan-de-accion-a-la-recomendacion-hacia-los-nuevos-retos-del-mercado-unico\/\"]}]},{\"@type\":\"BreadcrumbList\",\"@id\":\"https:\/\/www.ull.es\/portal\/agenda\/evento\/jornada-la-evolucion-de-la-economia-social-en-el-contexto-de-la-union-europea-desde-el-plan-de-accion-a-la-recomendacion-hacia-los-nuevos-retos-del-mercado-unico\/#breadcrumb\",\"itemListElement\":[{\"@type\":\"ListItem\",\"position\":1,\"name\":\"Portada\",\"item\":\"https:\/\/www.ull.es\/portal\/agenda\/\"},{\"@type\":\"ListItem\",\"position\":2,\"name\":\"Jornada \u00abLa evoluci\u00f3n de la Econom\u00eda Social en el contexto de la Uni\u00f3n Europea: desde el plan de acci\u00f3n a la recomendaci\u00f3n, hacia los nuevos retos del mercado \u00fanico\u00bb\"}]},{\"@type\":\"WebSite\",\"@id\":\"https:\/\/www.ull.es\/portal\/agenda\/#website\",\"url\":\"https:\/\/www.ull.es\/portal\/agenda\/\",\"name\":\"ULL - Agenda\",\"description\":\"\",\"potentialAction\":[{\"@type\":\"SearchAction\",\"target\":{\"@type\":\"EntryPoint\",\"urlTemplate\":\"https:\/\/www.ull.es\/portal\/agenda\/?s={search_term_string}\"},\"query-input\":\"required name=search_term_string\"}],\"inLanguage\":\"es\"}]}<\/script>\n<!-- \/ Yoast SEO plugin. -->","yoast_head_json":{"title":"Jornada \"La evoluci\u00f3n de la Econom\u00eda Social en el contexto de la Uni\u00f3n Europea: desde el plan de acci\u00f3n a la recomendaci\u00f3n, hacia los nuevos retos del mercado \u00fanico\" - ULL - Agenda","robots":{"index":"index","follow":"follow","max-snippet":"max-snippet:-1","max-image-preview":"max-image-preview:large","max-video-preview":"max-video-preview:-1"},"canonical":"https:\/\/www.ull.es\/portal\/agenda\/evento\/jornada-la-evolucion-de-la-economia-social-en-el-contexto-de-la-union-europea-desde-el-plan-de-accion-a-la-recomendacion-hacia-los-nuevos-retos-del-mercado-unico\/","og_locale":"es_ES","og_type":"article","og_title":"Jornada \"La evoluci\u00f3n de la Econom\u00eda Social en el contexto de la Uni\u00f3n Europea: desde el plan de acci\u00f3n a la recomendaci\u00f3n, hacia los nuevos retos del mercado \u00fanico\" - ULL - Agenda","og_description":"La C\u00e1tedra Cajasiete de Econom\u00eda Social y Cooperativa (CESCO) organiza esta jornada que se celebrar\u00e1 en el Sal\u00f3n de Grados de la Facultad de Econom\u00eda, Empresa y Turismo el 20 de noviembre de 2024 de 17:00 a 19:00 horas. El objetivo de la jornada es lustrar c\u00f3mo se ha transformado la visi\u00f3n de la econom\u00eda...","og_url":"https:\/\/www.ull.es\/portal\/agenda\/evento\/jornada-la-evolucion-de-la-economia-social-en-el-contexto-de-la-union-europea-desde-el-plan-de-accion-a-la-recomendacion-hacia-los-nuevos-retos-del-mercado-unico\/","og_site_name":"ULL - Agenda","og_image":[{"width":750,"height":370,"url":"https:\/\/www.ull.es\/portal\/agenda\/wp-content\/uploads\/sites\/12\/2024\/10\/BannerJornadaCESCO.png","type":"image\/png"}],"twitter_card":"summary_large_image","twitter_misc":{"Tiempo de lectura":"3 minutos"},"schema":{"@context":"https:\/\/schema.org","@graph":[{"@type":"WebPage","@id":"https:\/\/www.ull.es\/portal\/agenda\/evento\/jornada-la-evolucion-de-la-economia-social-en-el-contexto-de-la-union-europea-desde-el-plan-de-accion-a-la-recomendacion-hacia-los-nuevos-retos-del-mercado-unico\/","url":"https:\/\/www.ull.es\/portal\/agenda\/evento\/jornada-la-evolucion-de-la-economia-social-en-el-contexto-de-la-union-europea-desde-el-plan-de-accion-a-la-recomendacion-hacia-los-nuevos-retos-del-mercado-unico\/","name":"Jornada \"La evoluci\u00f3n de la Econom\u00eda Social en el contexto de la Uni\u00f3n Europea: desde el plan de acci\u00f3n a la recomendaci\u00f3n, hacia los nuevos retos del mercado \u00fanico\" - ULL - Agenda","isPartOf":{"@id":"https:\/\/www.ull.es\/portal\/agenda\/#website"},"datePublished":"2024-10-31T11:03:55+00:00","dateModified":"2024-10-31T11:03:55+00:00","breadcrumb":{"@id":"https:\/\/www.ull.es\/portal\/agenda\/evento\/jornada-la-evolucion-de-la-economia-social-en-el-contexto-de-la-union-europea-desde-el-plan-de-accion-a-la-recomendacion-hacia-los-nuevos-retos-del-mercado-unico\/#breadcrumb"},"inLanguage":"es","potentialAction":[{"@type":"ReadAction","target":["https:\/\/www.ull.es\/portal\/agenda\/evento\/jornada-la-evolucion-de-la-economia-social-en-el-contexto-de-la-union-europea-desde-el-plan-de-accion-a-la-recomendacion-hacia-los-nuevos-retos-del-mercado-unico\/"]}]},{"@type":"BreadcrumbList","@id":"https:\/\/www.ull.es\/portal\/agenda\/evento\/jornada-la-evolucion-de-la-economia-social-en-el-contexto-de-la-union-europea-desde-el-plan-de-accion-a-la-recomendacion-hacia-los-nuevos-retos-del-mercado-unico\/#breadcrumb","itemListElement":[{"@type":"ListItem","position":1,"name":"Portada","item":"https:\/\/www.ull.es\/portal\/agenda\/"},{"@type":"ListItem","position":2,"name":"Jornada \u00abLa evoluci\u00f3n de la Econom\u00eda Social en el contexto de la Uni\u00f3n Europea: desde el plan de acci\u00f3n a la recomendaci\u00f3n, hacia los nuevos retos del mercado \u00fanico\u00bb"}]},{"@type":"WebSite","@id":"https:\/\/www.ull.es\/portal\/agenda\/#website","url":"https:\/\/www.ull.es\/portal\/agenda\/","name":"ULL - Agenda","description":"","potentialAction":[{"@type":"SearchAction","target":{"@type":"EntryPoint","urlTemplate":"https:\/\/www.ull.es\/portal\/agenda\/?s={search_term_string}"},"query-input":"required name=search_term_string"}],"inLanguage":"es"}]}},"_links":{"self":[{"href":"https:\/\/www.ull.es\/portal\/agenda\/wp-json\/wp\/v2\/tribe_events\/39134"}],"collection":[{"href":"https:\/\/www.ull.es\/portal\/agenda\/wp-json\/wp\/v2\/tribe_events"}],"about":[{"href":"https:\/\/www.ull.es\/portal\/agenda\/wp-json\/wp\/v2\/types\/tribe_events"}],"author":[{"embeddable":true,"href":"https:\/\/www.ull.es\/portal\/agenda\/wp-json\/wp\/v2\/users\/43"}],"replies":[{"embeddable":true,"href":"https:\/\/www.ull.es\/portal\/agenda\/wp-json\/wp\/v2\/comments?post=39134"}],"version-history":[{"count":1,"href":"https:\/\/www.ull.es\/portal\/agenda\/wp-json\/wp\/v2\/tribe_events\/39134\/revisions"}],"predecessor-version":[{"id":39136,"href":"https:\/\/www.ull.es\/portal\/agenda\/wp-json\/wp\/v2\/tribe_events\/39134\/revisions\/39136"}],"wp:featuredmedia":[{"embeddable":true,"href":"https:\/\/www.ull.es\/portal\/agenda\/wp-json\/wp\/v2\/media\/39135"}],"wp:attachment":[{"href":"https:\/\/www.ull.es\/portal\/agenda\/wp-json\/wp\/v2\/media?parent=39134"}],"wp:term":[{"taxonomy":"post_tag","embeddable":true,"href":"https:\/\/www.ull.es\/portal\/agenda\/wp-json\/wp\/v2\/tags?post=39134"},{"taxonomy":"tribe_events_cat","embeddable":true,"href":"https:\/\/www.ull.es\/portal\/agenda\/wp-json\/wp\/v2\/tribe_events_cat?post=39134"}],"curies":[{"name":"wp","href":"https:\/\/api.w.org\/{rel}","templated":true}]}}