{"id":39576,"date":"2024-11-19T13:27:28","date_gmt":"2024-11-19T13:27:28","guid":{"rendered":"https:\/\/www.ull.es\/portal\/agenda\/?post_type=tribe_events&#038;p=39576"},"modified":"2025-04-04T13:36:02","modified_gmt":"2025-04-04T13:36:02","slug":"i-congreso-de-jovenes-en-investigacion-arqueologica-en-canarias","status":"publish","type":"tribe_events","link":"https:\/\/www.ull.es\/portal\/agenda\/evento\/i-congreso-de-jovenes-en-investigacion-arqueologica-en-canarias\/","title":{"rendered":"I Congreso de J\u00f3venes en Investigaci\u00f3n Arqueol\u00f3gica en Canarias"},"content":{"rendered":"<p>La actual investigaci\u00f3n arqueol\u00f3gica en Canarias, si bien puntera, se encuentra fragmentada territorialmente por las propias condiciones f\u00edsicas del archipi\u00e9lago. Aunque son m\u00faltiples los proyectos de investigaci\u00f3n arqueol\u00f3gica vigentes en las dos universidades de auton\u00f3micas y otras instituciones canarias, la estrecha colaboraci\u00f3n interinsular se presenta como un reto de necesario abordaje en la construcci\u00f3n de un panorama investigador unificado y cohesionado. Por ello, es preciso establecer puntos de confluencia que permitan fortalecer la disciplina arqueol\u00f3gica en Canarias y establecer nuevos v\u00ednculos. Estos puntos de confluencia, de transmisi\u00f3n de ideas y de colaboraci\u00f3n son fundamentales, particularmente, para todas aquellas personas que comienzan a dar sus primeros pasos dentro del mundo acad\u00e9mico. Por ello, el I Congreso de J\u00f3venes en Investigaci\u00f3n Arqueol\u00f3gica en Canarias (JIACan) surge con el objetivo de crear un punto de encuentro entre los\/as j\u00f3venes investigadores\/as de todo el archipi\u00e9lago.<\/p>\n<p>El congreso, que se celebrar\u00e1 el 3 y 4 de abril de 2025, busca atraer a investigadores\/as que comienzan su carrera investigadora en arqueolog\u00eda, y que han tenido o tienen contacto directo con las Islas Canarias. Por lo tanto, se dirige al alumnado de Grado y M\u00e1ster, investigadores\/as predoctorales y j\u00f3venes doctores\/as (doctores\/as de menos de 3 a\u00f1os).<\/p>\n<p>Para m\u00e1s informaci\u00f3n, pulse este <a href=\"https:\/\/sites.google.com\/view\/congresojiacan\/\" target=\"_blank\" rel=\"noopener\" target=\"_blank\" rel=\"noopener\">enlace<\/a>.<\/p>\n","protected":false},"excerpt":{"rendered":"<p>La actual investigaci\u00f3n arqueol\u00f3gica en Canarias, si bien puntera, se encuentra fragmentada territorialmente por las propias condiciones f\u00edsicas del archipi\u00e9lago. Aunque son m\u00faltiples los proyectos de investigaci\u00f3n arqueol\u00f3gica vigentes en las dos universidades de auton\u00f3micas y otras instituciones canarias, la estrecha colaboraci\u00f3n interinsular se presenta como un reto de necesario abordaje en la construcci\u00f3n de&#8230;<\/p>\n","protected":false},"author":65,"featured_media":39624,"comment_status":"closed","ping_status":"closed","template":"","tags":[],"tribe_events_cat":[4,985,186],"acf":[],"yoast_head":"<!-- This site is optimized with the Yoast SEO plugin v21.3 - https:\/\/yoast.com\/wordpress\/plugins\/seo\/ -->\n<title>I Congreso de J\u00f3venes en Investigaci\u00f3n Arqueol\u00f3gica en Canarias - ULL - Agenda<\/title>\n<meta name=\"robots\" content=\"index, follow, max-snippet:-1, max-image-preview:large, max-video-preview:-1\" \/>\n<link rel=\"canonical\" href=\"https:\/\/www.ull.es\/portal\/agenda\/evento\/i-congreso-de-jovenes-en-investigacion-arqueologica-en-canarias\/\" \/>\n<meta property=\"og:locale\" content=\"es_ES\" \/>\n<meta property=\"og:type\" content=\"article\" \/>\n<meta property=\"og:title\" content=\"I Congreso de J\u00f3venes en Investigaci\u00f3n Arqueol\u00f3gica en Canarias - ULL - Agenda\" \/>\n<meta property=\"og:description\" content=\"La actual investigaci\u00f3n arqueol\u00f3gica en Canarias, si bien puntera, se encuentra fragmentada territorialmente por las propias condiciones f\u00edsicas del archipi\u00e9lago. Aunque son m\u00faltiples los proyectos de investigaci\u00f3n arqueol\u00f3gica vigentes en las dos universidades de auton\u00f3micas y otras instituciones canarias, la estrecha colaboraci\u00f3n interinsular se presenta como un reto de necesario abordaje en la construcci\u00f3n de...\" \/>\n<meta property=\"og:url\" content=\"https:\/\/www.ull.es\/portal\/agenda\/evento\/i-congreso-de-jovenes-en-investigacion-arqueologica-en-canarias\/\" \/>\n<meta property=\"og:site_name\" content=\"ULL - Agenda\" \/>\n<meta property=\"article:modified_time\" content=\"2025-04-04T13:36:02+00:00\" \/>\n<meta property=\"og:image\" content=\"https:\/\/www.ull.es\/portal\/agenda\/wp-content\/uploads\/sites\/12\/2024\/11\/I-Congreso-de-Jovenes-en-Investigacion-Arqueologica_Banner-eventos.png\" \/>\n\t<meta property=\"og:image:width\" content=\"750\" \/>\n\t<meta property=\"og:image:height\" content=\"370\" \/>\n\t<meta property=\"og:image:type\" content=\"image\/png\" \/>\n<meta name=\"twitter:card\" content=\"summary_large_image\" \/>\n<meta name=\"twitter:label1\" content=\"Tiempo de lectura\" \/>\n\t<meta name=\"twitter:data1\" content=\"1 minuto\" \/>\n<script type=\"application\/ld+json\" class=\"yoast-schema-graph\">{\"@context\":\"https:\/\/schema.org\",\"@graph\":[{\"@type\":\"WebPage\",\"@id\":\"https:\/\/www.ull.es\/portal\/agenda\/evento\/i-congreso-de-jovenes-en-investigacion-arqueologica-en-canarias\/\",\"url\":\"https:\/\/www.ull.es\/portal\/agenda\/evento\/i-congreso-de-jovenes-en-investigacion-arqueologica-en-canarias\/\",\"name\":\"I Congreso de J\u00f3venes en Investigaci\u00f3n Arqueol\u00f3gica en Canarias - ULL - Agenda\",\"isPartOf\":{\"@id\":\"https:\/\/www.ull.es\/portal\/agenda\/#website\"},\"datePublished\":\"2024-11-19T13:27:28+00:00\",\"dateModified\":\"2025-04-04T13:36:02+00:00\",\"breadcrumb\":{\"@id\":\"https:\/\/www.ull.es\/portal\/agenda\/evento\/i-congreso-de-jovenes-en-investigacion-arqueologica-en-canarias\/#breadcrumb\"},\"inLanguage\":\"es\",\"potentialAction\":[{\"@type\":\"ReadAction\",\"target\":[\"https:\/\/www.ull.es\/portal\/agenda\/evento\/i-congreso-de-jovenes-en-investigacion-arqueologica-en-canarias\/\"]}]},{\"@type\":\"BreadcrumbList\",\"@id\":\"https:\/\/www.ull.es\/portal\/agenda\/evento\/i-congreso-de-jovenes-en-investigacion-arqueologica-en-canarias\/#breadcrumb\",\"itemListElement\":[{\"@type\":\"ListItem\",\"position\":1,\"name\":\"Portada\",\"item\":\"https:\/\/www.ull.es\/portal\/agenda\/\"},{\"@type\":\"ListItem\",\"position\":2,\"name\":\"I Congreso de J\u00f3venes en Investigaci\u00f3n Arqueol\u00f3gica en Canarias\"}]},{\"@type\":\"WebSite\",\"@id\":\"https:\/\/www.ull.es\/portal\/agenda\/#website\",\"url\":\"https:\/\/www.ull.es\/portal\/agenda\/\",\"name\":\"ULL - Agenda\",\"description\":\"\",\"potentialAction\":[{\"@type\":\"SearchAction\",\"target\":{\"@type\":\"EntryPoint\",\"urlTemplate\":\"https:\/\/www.ull.es\/portal\/agenda\/?s={search_term_string}\"},\"query-input\":\"required name=search_term_string\"}],\"inLanguage\":\"es\"}]}<\/script>\n<!-- \/ Yoast SEO plugin. -->","yoast_head_json":{"title":"I Congreso de J\u00f3venes en Investigaci\u00f3n Arqueol\u00f3gica en Canarias - ULL - Agenda","robots":{"index":"index","follow":"follow","max-snippet":"max-snippet:-1","max-image-preview":"max-image-preview:large","max-video-preview":"max-video-preview:-1"},"canonical":"https:\/\/www.ull.es\/portal\/agenda\/evento\/i-congreso-de-jovenes-en-investigacion-arqueologica-en-canarias\/","og_locale":"es_ES","og_type":"article","og_title":"I Congreso de J\u00f3venes en Investigaci\u00f3n Arqueol\u00f3gica en Canarias - ULL - Agenda","og_description":"La actual investigaci\u00f3n arqueol\u00f3gica en Canarias, si bien puntera, se encuentra fragmentada territorialmente por las propias condiciones f\u00edsicas del archipi\u00e9lago. Aunque son m\u00faltiples los proyectos de investigaci\u00f3n arqueol\u00f3gica vigentes en las dos universidades de auton\u00f3micas y otras instituciones canarias, la estrecha colaboraci\u00f3n interinsular se presenta como un reto de necesario abordaje en la construcci\u00f3n de...","og_url":"https:\/\/www.ull.es\/portal\/agenda\/evento\/i-congreso-de-jovenes-en-investigacion-arqueologica-en-canarias\/","og_site_name":"ULL - Agenda","article_modified_time":"2025-04-04T13:36:02+00:00","og_image":[{"width":750,"height":370,"url":"https:\/\/www.ull.es\/portal\/agenda\/wp-content\/uploads\/sites\/12\/2024\/11\/I-Congreso-de-Jovenes-en-Investigacion-Arqueologica_Banner-eventos.png","type":"image\/png"}],"twitter_card":"summary_large_image","twitter_misc":{"Tiempo de lectura":"1 minuto"},"schema":{"@context":"https:\/\/schema.org","@graph":[{"@type":"WebPage","@id":"https:\/\/www.ull.es\/portal\/agenda\/evento\/i-congreso-de-jovenes-en-investigacion-arqueologica-en-canarias\/","url":"https:\/\/www.ull.es\/portal\/agenda\/evento\/i-congreso-de-jovenes-en-investigacion-arqueologica-en-canarias\/","name":"I Congreso de J\u00f3venes en Investigaci\u00f3n Arqueol\u00f3gica en Canarias - ULL - Agenda","isPartOf":{"@id":"https:\/\/www.ull.es\/portal\/agenda\/#website"},"datePublished":"2024-11-19T13:27:28+00:00","dateModified":"2025-04-04T13:36:02+00:00","breadcrumb":{"@id":"https:\/\/www.ull.es\/portal\/agenda\/evento\/i-congreso-de-jovenes-en-investigacion-arqueologica-en-canarias\/#breadcrumb"},"inLanguage":"es","potentialAction":[{"@type":"ReadAction","target":["https:\/\/www.ull.es\/portal\/agenda\/evento\/i-congreso-de-jovenes-en-investigacion-arqueologica-en-canarias\/"]}]},{"@type":"BreadcrumbList","@id":"https:\/\/www.ull.es\/portal\/agenda\/evento\/i-congreso-de-jovenes-en-investigacion-arqueologica-en-canarias\/#breadcrumb","itemListElement":[{"@type":"ListItem","position":1,"name":"Portada","item":"https:\/\/www.ull.es\/portal\/agenda\/"},{"@type":"ListItem","position":2,"name":"I Congreso de J\u00f3venes en Investigaci\u00f3n Arqueol\u00f3gica en Canarias"}]},{"@type":"WebSite","@id":"https:\/\/www.ull.es\/portal\/agenda\/#website","url":"https:\/\/www.ull.es\/portal\/agenda\/","name":"ULL - Agenda","description":"","potentialAction":[{"@type":"SearchAction","target":{"@type":"EntryPoint","urlTemplate":"https:\/\/www.ull.es\/portal\/agenda\/?s={search_term_string}"},"query-input":"required name=search_term_string"}],"inLanguage":"es"}]}},"_links":{"self":[{"href":"https:\/\/www.ull.es\/portal\/agenda\/wp-json\/wp\/v2\/tribe_events\/39576"}],"collection":[{"href":"https:\/\/www.ull.es\/portal\/agenda\/wp-json\/wp\/v2\/tribe_events"}],"about":[{"href":"https:\/\/www.ull.es\/portal\/agenda\/wp-json\/wp\/v2\/types\/tribe_events"}],"author":[{"embeddable":true,"href":"https:\/\/www.ull.es\/portal\/agenda\/wp-json\/wp\/v2\/users\/65"}],"replies":[{"embeddable":true,"href":"https:\/\/www.ull.es\/portal\/agenda\/wp-json\/wp\/v2\/comments?post=39576"}],"version-history":[{"count":1,"href":"https:\/\/www.ull.es\/portal\/agenda\/wp-json\/wp\/v2\/tribe_events\/39576\/revisions"}],"predecessor-version":[{"id":39577,"href":"https:\/\/www.ull.es\/portal\/agenda\/wp-json\/wp\/v2\/tribe_events\/39576\/revisions\/39577"}],"wp:featuredmedia":[{"embeddable":true,"href":"https:\/\/www.ull.es\/portal\/agenda\/wp-json\/wp\/v2\/media\/39624"}],"wp:attachment":[{"href":"https:\/\/www.ull.es\/portal\/agenda\/wp-json\/wp\/v2\/media?parent=39576"}],"wp:term":[{"taxonomy":"post_tag","embeddable":true,"href":"https:\/\/www.ull.es\/portal\/agenda\/wp-json\/wp\/v2\/tags?post=39576"},{"taxonomy":"tribe_events_cat","embeddable":true,"href":"https:\/\/www.ull.es\/portal\/agenda\/wp-json\/wp\/v2\/tribe_events_cat?post=39576"}],"curies":[{"name":"wp","href":"https:\/\/api.w.org\/{rel}","templated":true}]}}