{"id":39590,"date":"2024-11-20T11:25:16","date_gmt":"2024-11-20T11:25:16","guid":{"rendered":"https:\/\/www.ull.es\/portal\/agenda\/?post_type=tribe_events&#038;p=39590"},"modified":"2024-12-02T12:45:51","modified_gmt":"2024-12-02T12:45:51","slug":"los-derechos-de-las-personas-mayores-de-la-teoria-a-la-practica","status":"publish","type":"tribe_events","link":"https:\/\/www.ull.es\/portal\/agenda\/evento\/los-derechos-de-las-personas-mayores-de-la-teoria-a-la-practica\/","title":{"rendered":"Los derechos de las personas mayores: de la teor\u00eda a la pr\u00e1ctica"},"content":{"rendered":"<p>El municipio de Arona acoge este curso que forma parte de la oferta de Cursos de Extensi\u00f3n Universitaria \u00a0<a href=\"https:\/\/www.ull.es\/cultura\/cursos-extension-universitaria\/universidad-de-invierno-de-arona\/\" target=\"_blank\" rel=\"noopener noreferrer\" target=\"_blank\" rel=\"noopener\">\u00abUniversidad de Invierno de Arona 2025\u00bb<\/a>, que se celebrar\u00e1 los d\u00edas\u00a0<span style=\"color: #000000\">19, 20 y 21 de febrero\u00a0de 2<\/span>025 en horario de 16:00 \u2013 20:00 horas en el Centro Cultural Los Cristianos.<\/p>\n<p>Objetivos:<\/p>\n<ul>\n<li>Conocer cu\u00e1les son exactamente los derechos de las personas de edad avanzada y eliminar estereotipos existentes.<\/li>\n<li>Dar a conocer las iniciativas m\u00e1s recientes que tratan de garantizar los derechos de este colectivo.<\/li>\n<li>Familiarizar a las personas que realicen con la normativa vigente que es aplicable en esta materia.<\/li>\n<\/ul>\n<p>Dirigido a profesionales que trabajen, en cualquier \u00e1mbito con personas mayores, a estudiantes universitarios de cualquier titulaci\u00f3n y a cualquier persona con inter\u00e9s que quiera conocer c\u00f3mo se garantizan los derechos que ostenta este sector de la poblaci\u00f3n.<\/p>\n<p>Direcci\u00f3n acad\u00e9mica: Mar\u00eda Ar\u00e1nzazu Calzadilla Medina. Profesora Titular de Universidad. Departamento de Disciplinas Jur\u00eddicas B\u00e1sicas de la Universidad de La Laguna.<\/p>\n<p><strong>CERTIFICADO DE ASISTENCIA, APTITUD Y RECONOCIMIENTO POR CR\u00c9DITO ECTS<\/strong><\/p>\n<p>La Universidad de La Laguna, a trav\u00e9s del Vicerrectorado de Cultura y Extensi\u00f3n Universitaria, emitir\u00e1 un certificado de asistencia a todas aquellas personas que asistan a un m\u00ednimo del 80% de las horas lectivas presenciales. Asimismo, aquellas personas que superen el trabajo aut\u00f3nomo del alumnado, recibir\u00e1n un certificado de asistencia y aprovechamiento, reconocible a su vez por un cr\u00e9dito ECTS.<\/p>\n<p><a href=\"https:\/\/sede.fg.ull.es\/es\/curso\/detalle?code=a24020270&amp;name=los-derechos-de-las-personas-mayores-de-la-teoria-a-la-practica&amp;query=%3Fcode%3DA24020270\" target=\"_blank\" rel=\"noopener\" target=\"_blank\" rel=\"noopener\"><strong><u>Consulta el programa e inscr\u00edbete aqu\u00ed.<\/u><\/strong><\/a><\/p>\n<p><strong>Contacto:\u00a0<\/strong><a href=\"mailto:extuni@ull.edu.es\" target=\"_blank\" rel=\"noopener\" target=\"_blank\" rel=\"noopener\"><strong>extuni@ull.es<\/strong><\/a><\/p>\n","protected":false},"excerpt":{"rendered":"<p>El municipio de Arona acoge este curso que forma parte de la oferta de Cursos de Extensi\u00f3n Universitaria \u00a0\u00abUniversidad de Invierno de Arona 2025\u00bb, que se celebrar\u00e1 los d\u00edas\u00a019, 20 y 21 de febrero\u00a0de 2025 en horario de 16:00 \u2013 20:00 horas en el Centro Cultural Los Cristianos. Objetivos: Conocer cu\u00e1les son exactamente los derechos&#8230;<\/p>\n","protected":false},"author":43,"featured_media":39893,"comment_status":"closed","ping_status":"closed","template":"","tags":[4259,977,3812,3751,4952,4817],"tribe_events_cat":[472,4,186,869],"acf":[],"yoast_head":"<!-- This site is optimized with the Yoast SEO plugin v21.3 - https:\/\/yoast.com\/wordpress\/plugins\/seo\/ -->\n<title>Los derechos de las personas mayores: de la teor\u00eda a la pr\u00e1ctica - ULL - Agenda<\/title>\n<meta name=\"robots\" content=\"index, follow, max-snippet:-1, max-image-preview:large, max-video-preview:-1\" \/>\n<link rel=\"canonical\" href=\"https:\/\/www.ull.es\/portal\/agenda\/evento\/los-derechos-de-las-personas-mayores-de-la-teoria-a-la-practica\/\" \/>\n<meta property=\"og:locale\" content=\"es_ES\" \/>\n<meta property=\"og:type\" content=\"article\" \/>\n<meta property=\"og:title\" content=\"Los derechos de las personas mayores: de la teor\u00eda a la pr\u00e1ctica - ULL - Agenda\" \/>\n<meta property=\"og:description\" content=\"El municipio de Arona acoge este curso que forma parte de la oferta de Cursos de Extensi\u00f3n Universitaria \u00a0\u00abUniversidad de Invierno de Arona 2025\u00bb, que se celebrar\u00e1 los d\u00edas\u00a019, 20 y 21 de febrero\u00a0de 2025 en horario de 16:00 \u2013 20:00 horas en el Centro Cultural Los Cristianos. Objetivos: Conocer cu\u00e1les son exactamente los derechos...\" \/>\n<meta property=\"og:url\" content=\"https:\/\/www.ull.es\/portal\/agenda\/evento\/los-derechos-de-las-personas-mayores-de-la-teoria-a-la-practica\/\" \/>\n<meta property=\"og:site_name\" content=\"ULL - Agenda\" \/>\n<meta property=\"article:modified_time\" content=\"2024-12-02T12:45:51+00:00\" \/>\n<meta property=\"og:image\" content=\"https:\/\/www.ull.es\/portal\/agenda\/wp-content\/uploads\/sites\/12\/2024\/11\/3.png\" \/>\n\t<meta property=\"og:image:width\" content=\"750\" \/>\n\t<meta property=\"og:image:height\" content=\"370\" \/>\n\t<meta property=\"og:image:type\" content=\"image\/png\" \/>\n<meta name=\"twitter:card\" content=\"summary_large_image\" \/>\n<meta name=\"twitter:label1\" content=\"Tiempo de lectura\" \/>\n\t<meta name=\"twitter:data1\" content=\"2 minutos\" \/>\n<script type=\"application\/ld+json\" class=\"yoast-schema-graph\">{\"@context\":\"https:\/\/schema.org\",\"@graph\":[{\"@type\":\"WebPage\",\"@id\":\"https:\/\/www.ull.es\/portal\/agenda\/evento\/los-derechos-de-las-personas-mayores-de-la-teoria-a-la-practica\/\",\"url\":\"https:\/\/www.ull.es\/portal\/agenda\/evento\/los-derechos-de-las-personas-mayores-de-la-teoria-a-la-practica\/\",\"name\":\"Los derechos de las personas mayores: de la teor\u00eda a la pr\u00e1ctica - ULL - Agenda\",\"isPartOf\":{\"@id\":\"https:\/\/www.ull.es\/portal\/agenda\/#website\"},\"datePublished\":\"2024-11-20T11:25:16+00:00\",\"dateModified\":\"2024-12-02T12:45:51+00:00\",\"breadcrumb\":{\"@id\":\"https:\/\/www.ull.es\/portal\/agenda\/evento\/los-derechos-de-las-personas-mayores-de-la-teoria-a-la-practica\/#breadcrumb\"},\"inLanguage\":\"es\",\"potentialAction\":[{\"@type\":\"ReadAction\",\"target\":[\"https:\/\/www.ull.es\/portal\/agenda\/evento\/los-derechos-de-las-personas-mayores-de-la-teoria-a-la-practica\/\"]}]},{\"@type\":\"BreadcrumbList\",\"@id\":\"https:\/\/www.ull.es\/portal\/agenda\/evento\/los-derechos-de-las-personas-mayores-de-la-teoria-a-la-practica\/#breadcrumb\",\"itemListElement\":[{\"@type\":\"ListItem\",\"position\":1,\"name\":\"Portada\",\"item\":\"https:\/\/www.ull.es\/portal\/agenda\/\"},{\"@type\":\"ListItem\",\"position\":2,\"name\":\"Los derechos de las personas mayores: de la teor\u00eda a la pr\u00e1ctica\"}]},{\"@type\":\"WebSite\",\"@id\":\"https:\/\/www.ull.es\/portal\/agenda\/#website\",\"url\":\"https:\/\/www.ull.es\/portal\/agenda\/\",\"name\":\"ULL - Agenda\",\"description\":\"\",\"potentialAction\":[{\"@type\":\"SearchAction\",\"target\":{\"@type\":\"EntryPoint\",\"urlTemplate\":\"https:\/\/www.ull.es\/portal\/agenda\/?s={search_term_string}\"},\"query-input\":\"required name=search_term_string\"}],\"inLanguage\":\"es\"}]}<\/script>\n<!-- \/ Yoast SEO plugin. -->","yoast_head_json":{"title":"Los derechos de las personas mayores: de la teor\u00eda a la pr\u00e1ctica - ULL - Agenda","robots":{"index":"index","follow":"follow","max-snippet":"max-snippet:-1","max-image-preview":"max-image-preview:large","max-video-preview":"max-video-preview:-1"},"canonical":"https:\/\/www.ull.es\/portal\/agenda\/evento\/los-derechos-de-las-personas-mayores-de-la-teoria-a-la-practica\/","og_locale":"es_ES","og_type":"article","og_title":"Los derechos de las personas mayores: de la teor\u00eda a la pr\u00e1ctica - ULL - Agenda","og_description":"El municipio de Arona acoge este curso que forma parte de la oferta de Cursos de Extensi\u00f3n Universitaria \u00a0\u00abUniversidad de Invierno de Arona 2025\u00bb, que se celebrar\u00e1 los d\u00edas\u00a019, 20 y 21 de febrero\u00a0de 2025 en horario de 16:00 \u2013 20:00 horas en el Centro Cultural Los Cristianos. Objetivos: Conocer cu\u00e1les son exactamente los derechos...","og_url":"https:\/\/www.ull.es\/portal\/agenda\/evento\/los-derechos-de-las-personas-mayores-de-la-teoria-a-la-practica\/","og_site_name":"ULL - Agenda","article_modified_time":"2024-12-02T12:45:51+00:00","og_image":[{"width":750,"height":370,"url":"https:\/\/www.ull.es\/portal\/agenda\/wp-content\/uploads\/sites\/12\/2024\/11\/3.png","type":"image\/png"}],"twitter_card":"summary_large_image","twitter_misc":{"Tiempo de lectura":"2 minutos"},"schema":{"@context":"https:\/\/schema.org","@graph":[{"@type":"WebPage","@id":"https:\/\/www.ull.es\/portal\/agenda\/evento\/los-derechos-de-las-personas-mayores-de-la-teoria-a-la-practica\/","url":"https:\/\/www.ull.es\/portal\/agenda\/evento\/los-derechos-de-las-personas-mayores-de-la-teoria-a-la-practica\/","name":"Los derechos de las personas mayores: de la teor\u00eda a la pr\u00e1ctica - ULL - Agenda","isPartOf":{"@id":"https:\/\/www.ull.es\/portal\/agenda\/#website"},"datePublished":"2024-11-20T11:25:16+00:00","dateModified":"2024-12-02T12:45:51+00:00","breadcrumb":{"@id":"https:\/\/www.ull.es\/portal\/agenda\/evento\/los-derechos-de-las-personas-mayores-de-la-teoria-a-la-practica\/#breadcrumb"},"inLanguage":"es","potentialAction":[{"@type":"ReadAction","target":["https:\/\/www.ull.es\/portal\/agenda\/evento\/los-derechos-de-las-personas-mayores-de-la-teoria-a-la-practica\/"]}]},{"@type":"BreadcrumbList","@id":"https:\/\/www.ull.es\/portal\/agenda\/evento\/los-derechos-de-las-personas-mayores-de-la-teoria-a-la-practica\/#breadcrumb","itemListElement":[{"@type":"ListItem","position":1,"name":"Portada","item":"https:\/\/www.ull.es\/portal\/agenda\/"},{"@type":"ListItem","position":2,"name":"Los derechos de las personas mayores: de la teor\u00eda a la pr\u00e1ctica"}]},{"@type":"WebSite","@id":"https:\/\/www.ull.es\/portal\/agenda\/#website","url":"https:\/\/www.ull.es\/portal\/agenda\/","name":"ULL - Agenda","description":"","potentialAction":[{"@type":"SearchAction","target":{"@type":"EntryPoint","urlTemplate":"https:\/\/www.ull.es\/portal\/agenda\/?s={search_term_string}"},"query-input":"required name=search_term_string"}],"inLanguage":"es"}]}},"_links":{"self":[{"href":"https:\/\/www.ull.es\/portal\/agenda\/wp-json\/wp\/v2\/tribe_events\/39590"}],"collection":[{"href":"https:\/\/www.ull.es\/portal\/agenda\/wp-json\/wp\/v2\/tribe_events"}],"about":[{"href":"https:\/\/www.ull.es\/portal\/agenda\/wp-json\/wp\/v2\/types\/tribe_events"}],"author":[{"embeddable":true,"href":"https:\/\/www.ull.es\/portal\/agenda\/wp-json\/wp\/v2\/users\/43"}],"replies":[{"embeddable":true,"href":"https:\/\/www.ull.es\/portal\/agenda\/wp-json\/wp\/v2\/comments?post=39590"}],"version-history":[{"count":3,"href":"https:\/\/www.ull.es\/portal\/agenda\/wp-json\/wp\/v2\/tribe_events\/39590\/revisions"}],"predecessor-version":[{"id":39894,"href":"https:\/\/www.ull.es\/portal\/agenda\/wp-json\/wp\/v2\/tribe_events\/39590\/revisions\/39894"}],"wp:featuredmedia":[{"embeddable":true,"href":"https:\/\/www.ull.es\/portal\/agenda\/wp-json\/wp\/v2\/media\/39893"}],"wp:attachment":[{"href":"https:\/\/www.ull.es\/portal\/agenda\/wp-json\/wp\/v2\/media?parent=39590"}],"wp:term":[{"taxonomy":"post_tag","embeddable":true,"href":"https:\/\/www.ull.es\/portal\/agenda\/wp-json\/wp\/v2\/tags?post=39590"},{"taxonomy":"tribe_events_cat","embeddable":true,"href":"https:\/\/www.ull.es\/portal\/agenda\/wp-json\/wp\/v2\/tribe_events_cat?post=39590"}],"curies":[{"name":"wp","href":"https:\/\/api.w.org\/{rel}","templated":true}]}}