{"id":39620,"date":"2024-11-21T10:18:02","date_gmt":"2024-11-21T10:18:02","guid":{"rendered":"https:\/\/www.ull.es\/portal\/agenda\/?post_type=tribe_events&#038;p=39620"},"modified":"2025-02-13T12:45:30","modified_gmt":"2025-02-13T12:45:30","slug":"unamuno-en-fuerteventura-xxvii-poesia-y-verdad-en-unamuno","status":"publish","type":"tribe_events","link":"https:\/\/www.ull.es\/portal\/agenda\/evento\/unamuno-en-fuerteventura-xxvii-poesia-y-verdad-en-unamuno\/","title":{"rendered":"Unamuno en Fuerteventura XXVII: Poes\u00eda y verdad en Unamuno"},"content":{"rendered":"<p>En contra de la fr\u00edvola concepci\u00f3n tradicional, que ha visto siempre en la poes\u00eda una especie de entretenimiento m\u00e1s o menos festivo para pasar el rato, pensaba Unamuno que, en realidad, la creaci\u00f3n po\u00e9tica es mucho m\u00e1s trascendente que eso. Para \u00e9l, se trata m\u00e1s bien de un instrumento de conocimiento para explorar los misterios del mundo y del ser humano y tratar de descubrir la verdad que estos encierran. De ah\u00ed que estimara nuestro autor que la afectaci\u00f3n y los juegos ret\u00f3ricos de gongoristas, conceptistas y simbolistas, las osadas piruetas de las vanguardias, las cursiler\u00edas l\u00edricas de los enamorados, los cert\u00e1menes po\u00e9ticos al uso y los juegos florales que tanto se prodigaban en su \u00e9poca y que \u00e9l aprovech\u00f3 con harta frecuencia para lanzar al vuelo lo que \u00e9l llamaba sus \u201csermones laicos\u201d, constitu\u00edan una verdadera profanaci\u00f3n de la literatura, tanto oral como escrita, que tan importante papel ha jugado siempre en la historia de la humanidad. Adentrarnos en la compleja obra po\u00e9tica del autor, considerado tanto por profanos como por profundos conocedores de la poes\u00eda hispana, como Rub\u00e9n Dar\u00edo, Luis Cernuda, Jorge Luis Borges o Alfonso Reyes, por ejemplo, uno de los m\u00e1s grandes hacedores de versos de la literatura espa\u00f1ola del siglo XX, en sus interesantes ideas po\u00e9ticas, en las influencias que ejerci\u00f3 sobre otros autores y en sus fuentes literarias, es el objetivo primordial de la presente edici\u00f3n del curso \u201cUnamuno en Fuerteventura\u201d. Para ello, contamos con la participaci\u00f3n del catedr\u00e1tico de Lengua espa\u00f1ola de la UNED Mario Garc\u00eda-Page, que va a analizar las estructuras y las figuras literarias de la rica producci\u00f3n po\u00e9tica de don Miguel, en la ponencia \u201cArtificios y composici\u00f3n po\u00e9tica en los \u201csonetos l\u00edricos\u201d y otros poemas de Unamuno\u201d; el catedr\u00e1tico de Lengua espa\u00f1ola de la Universidad de La Laguna Marcial Morera, que intentar\u00e1 desvelar los misterios sint\u00e1cticos que encierra el soneto 16 del diario de confinamiento y destierro <em>De Fuerteventura a Par\u00eds<\/em> y sus efectos est\u00e9ticos, en la conferencia \u201cPapel de la sintaxis del soneto 16 de <em>De Fuerteventura a Par\u00eds<\/em>\u201d; el profesor titular de Filolog\u00eda Griega de la Universidad de La Laguna Jos\u00e9 Juan Batista, que tratar\u00e1 el eco que tuvo la poes\u00eda unamuniana en la obra po\u00e9tica y en la obra cr\u00edtica del importante escritor argentino Jorge Luis Borges, en la conferencia \u201cLa poes\u00eda de Unamuno en la cr\u00edtica y la poes\u00eda de Borges\u201d; el profesor de Literatura espa\u00f1ola de la Universidad de La Laguna Javier Rivero, que abordar\u00e1 el tema de la compleja po\u00e9tica unamuniana, en la conferencia \u201cLa poes\u00eda de Miguel de Unamuno: po\u00e9ticas e im\u00e1genes\u201d; y la catedr\u00e1tica de Literatura espa\u00f1ola de la Universidad de Valladolid Mar\u00eda del Pilar Celma Valero, que nos dar\u00e1 su particular visi\u00f3n de la poes\u00eda del autor que nos ocupa, en la conferencia \u201cMiguel de Unamuno, poeta a contracorriente\u201d.<\/p>\n<p>En este curso, organizado por la C\u00e1tedra Cultural Miguel de Unamuno con la colaboraci\u00f3n del Cabildo Insular de Fuerteventura, que se celebrar\u00e1 en Puerto del Rosario entre los d\u00edas 17 al 21 de febrero de 2025 en horario de 18:00 a 20:00 horas, se pretende como objetivo principal poner en relieve la concepci\u00f3n trascendente que ten\u00eda don Miguel de Unamuno de la poes\u00eda, comprobar hasta qu\u00e9 punto se le ha hecho justicia y explicar los recursos idiom\u00e1ticos que us\u00f3 para llevar a cabo su amplia producci\u00f3n po\u00e9tica.<\/p>\n<p>Dirigido a profesores de primaria y secundaria, estudiantes universitarios y p\u00fablico en general.<\/p>\n<p>Direcci\u00f3n acad\u00e9mica: Marcial Morera. Catedr\u00e1tico de Lengua Espa\u00f1ola, Departamento de Filolog\u00eda Espa\u00f1ola de la Universidad de La Laguna.<\/p>\n<p><strong>CERTIFICADO DE ASISTENCIA, APTITUD Y RECONOCIMIENTO POR CR\u00c9DITO ECTS<\/strong><\/p>\n<p>La Universidad de La Laguna, a trav\u00e9s del Vicerrectorado de Cultura y Extensi\u00f3n Universitaria, emitir\u00e1 un certificado de asistencia a todas aquellas personas que asistan a un m\u00ednimo del 80% de las horas lectivas presenciales. Asimismo, aquellas personas que superen el trabajo aut\u00f3nomo del alumnado, recibir\u00e1n un certificado de asistencia y aprovechamiento, reconocible a su vez por un cr\u00e9dito ECTS.<\/p>\n<p><a href=\"https:\/\/sede.fg.ull.es\/es\/curso\/detalle?code=a24020292&amp;name=unamuno-en-fuerteventura-xxvii-poesia-y-verdad-en-unamuno&amp;query=%3Fcode%3DA24020292\" target=\"_blank\" rel=\"noopener\" target=\"_blank\" rel=\"noopener\"><strong><u>Consulta el programa e inscr\u00edbete aqu\u00ed.<\/u><\/strong><\/a><\/p>\n<p><span style=\"color: #ff0000\"><strong>\u00a1PLAZAS AGOTADAS!<\/strong><\/span><\/p>\n<p><strong>Contacto: <\/strong><a href=\"mailto:extuni@ull.edu.es\" target=\"_blank\" rel=\"noopener\" target=\"_blank\" rel=\"noopener\"><strong>extuni@ull.es<\/strong><\/a><\/p>\n","protected":false},"excerpt":{"rendered":"<p>En contra de la fr\u00edvola concepci\u00f3n tradicional, que ha visto siempre en la poes\u00eda una especie de entretenimiento m\u00e1s o menos festivo para pasar el rato, pensaba Unamuno que, en realidad, la creaci\u00f3n po\u00e9tica es mucho m\u00e1s trascendente que eso. Para \u00e9l, se trata m\u00e1s bien de un instrumento de conocimiento para explorar los misterios&#8230;<\/p>\n","protected":false},"author":43,"featured_media":39621,"comment_status":"closed","ping_status":"closed","template":"","tags":[4259,977,3812,317,3751,1933],"tribe_events_cat":[472,471,4,186],"acf":[],"yoast_head":"<!-- This site is optimized with the Yoast SEO plugin v21.3 - https:\/\/yoast.com\/wordpress\/plugins\/seo\/ -->\n<title>Unamuno en Fuerteventura XXVII: Poes\u00eda y verdad en Unamuno - ULL - Agenda<\/title>\n<meta name=\"robots\" content=\"index, follow, max-snippet:-1, max-image-preview:large, max-video-preview:-1\" \/>\n<link rel=\"canonical\" href=\"https:\/\/www.ull.es\/portal\/agenda\/evento\/unamuno-en-fuerteventura-xxvii-poesia-y-verdad-en-unamuno\/\" \/>\n<meta property=\"og:locale\" content=\"es_ES\" \/>\n<meta property=\"og:type\" content=\"article\" \/>\n<meta property=\"og:title\" content=\"Unamuno en Fuerteventura XXVII: Poes\u00eda y verdad en Unamuno - ULL - Agenda\" \/>\n<meta property=\"og:description\" content=\"En contra de la fr\u00edvola concepci\u00f3n tradicional, que ha visto siempre en la poes\u00eda una especie de entretenimiento m\u00e1s o menos festivo para pasar el rato, pensaba Unamuno que, en realidad, la creaci\u00f3n po\u00e9tica es mucho m\u00e1s trascendente que eso. Para \u00e9l, se trata m\u00e1s bien de un instrumento de conocimiento para explorar los misterios...\" \/>\n<meta property=\"og:url\" content=\"https:\/\/www.ull.es\/portal\/agenda\/evento\/unamuno-en-fuerteventura-xxvii-poesia-y-verdad-en-unamuno\/\" \/>\n<meta property=\"og:site_name\" content=\"ULL - Agenda\" \/>\n<meta property=\"article:modified_time\" content=\"2025-02-13T12:45:30+00:00\" \/>\n<meta property=\"og:image\" content=\"https:\/\/www.ull.es\/portal\/agenda\/wp-content\/uploads\/sites\/12\/2024\/11\/BannerUnamuno2025.png\" \/>\n\t<meta property=\"og:image:width\" content=\"750\" \/>\n\t<meta property=\"og:image:height\" content=\"370\" \/>\n\t<meta property=\"og:image:type\" content=\"image\/png\" \/>\n<meta name=\"twitter:card\" content=\"summary_large_image\" \/>\n<meta name=\"twitter:label1\" content=\"Tiempo de lectura\" \/>\n\t<meta name=\"twitter:data1\" content=\"4 minutos\" \/>\n<script type=\"application\/ld+json\" class=\"yoast-schema-graph\">{\"@context\":\"https:\/\/schema.org\",\"@graph\":[{\"@type\":\"WebPage\",\"@id\":\"https:\/\/www.ull.es\/portal\/agenda\/evento\/unamuno-en-fuerteventura-xxvii-poesia-y-verdad-en-unamuno\/\",\"url\":\"https:\/\/www.ull.es\/portal\/agenda\/evento\/unamuno-en-fuerteventura-xxvii-poesia-y-verdad-en-unamuno\/\",\"name\":\"Unamuno en Fuerteventura XXVII: Poes\u00eda y verdad en Unamuno - ULL - Agenda\",\"isPartOf\":{\"@id\":\"https:\/\/www.ull.es\/portal\/agenda\/#website\"},\"datePublished\":\"2024-11-21T10:18:02+00:00\",\"dateModified\":\"2025-02-13T12:45:30+00:00\",\"breadcrumb\":{\"@id\":\"https:\/\/www.ull.es\/portal\/agenda\/evento\/unamuno-en-fuerteventura-xxvii-poesia-y-verdad-en-unamuno\/#breadcrumb\"},\"inLanguage\":\"es\",\"potentialAction\":[{\"@type\":\"ReadAction\",\"target\":[\"https:\/\/www.ull.es\/portal\/agenda\/evento\/unamuno-en-fuerteventura-xxvii-poesia-y-verdad-en-unamuno\/\"]}]},{\"@type\":\"BreadcrumbList\",\"@id\":\"https:\/\/www.ull.es\/portal\/agenda\/evento\/unamuno-en-fuerteventura-xxvii-poesia-y-verdad-en-unamuno\/#breadcrumb\",\"itemListElement\":[{\"@type\":\"ListItem\",\"position\":1,\"name\":\"Portada\",\"item\":\"https:\/\/www.ull.es\/portal\/agenda\/\"},{\"@type\":\"ListItem\",\"position\":2,\"name\":\"Unamuno en Fuerteventura XXVII: Poes\u00eda y verdad en Unamuno\"}]},{\"@type\":\"WebSite\",\"@id\":\"https:\/\/www.ull.es\/portal\/agenda\/#website\",\"url\":\"https:\/\/www.ull.es\/portal\/agenda\/\",\"name\":\"ULL - Agenda\",\"description\":\"\",\"potentialAction\":[{\"@type\":\"SearchAction\",\"target\":{\"@type\":\"EntryPoint\",\"urlTemplate\":\"https:\/\/www.ull.es\/portal\/agenda\/?s={search_term_string}\"},\"query-input\":\"required name=search_term_string\"}],\"inLanguage\":\"es\"}]}<\/script>\n<!-- \/ Yoast SEO plugin. -->","yoast_head_json":{"title":"Unamuno en Fuerteventura XXVII: Poes\u00eda y verdad en Unamuno - ULL - Agenda","robots":{"index":"index","follow":"follow","max-snippet":"max-snippet:-1","max-image-preview":"max-image-preview:large","max-video-preview":"max-video-preview:-1"},"canonical":"https:\/\/www.ull.es\/portal\/agenda\/evento\/unamuno-en-fuerteventura-xxvii-poesia-y-verdad-en-unamuno\/","og_locale":"es_ES","og_type":"article","og_title":"Unamuno en Fuerteventura XXVII: Poes\u00eda y verdad en Unamuno - ULL - Agenda","og_description":"En contra de la fr\u00edvola concepci\u00f3n tradicional, que ha visto siempre en la poes\u00eda una especie de entretenimiento m\u00e1s o menos festivo para pasar el rato, pensaba Unamuno que, en realidad, la creaci\u00f3n po\u00e9tica es mucho m\u00e1s trascendente que eso. Para \u00e9l, se trata m\u00e1s bien de un instrumento de conocimiento para explorar los misterios...","og_url":"https:\/\/www.ull.es\/portal\/agenda\/evento\/unamuno-en-fuerteventura-xxvii-poesia-y-verdad-en-unamuno\/","og_site_name":"ULL - Agenda","article_modified_time":"2025-02-13T12:45:30+00:00","og_image":[{"width":750,"height":370,"url":"https:\/\/www.ull.es\/portal\/agenda\/wp-content\/uploads\/sites\/12\/2024\/11\/BannerUnamuno2025.png","type":"image\/png"}],"twitter_card":"summary_large_image","twitter_misc":{"Tiempo de lectura":"4 minutos"},"schema":{"@context":"https:\/\/schema.org","@graph":[{"@type":"WebPage","@id":"https:\/\/www.ull.es\/portal\/agenda\/evento\/unamuno-en-fuerteventura-xxvii-poesia-y-verdad-en-unamuno\/","url":"https:\/\/www.ull.es\/portal\/agenda\/evento\/unamuno-en-fuerteventura-xxvii-poesia-y-verdad-en-unamuno\/","name":"Unamuno en Fuerteventura XXVII: Poes\u00eda y verdad en Unamuno - ULL - Agenda","isPartOf":{"@id":"https:\/\/www.ull.es\/portal\/agenda\/#website"},"datePublished":"2024-11-21T10:18:02+00:00","dateModified":"2025-02-13T12:45:30+00:00","breadcrumb":{"@id":"https:\/\/www.ull.es\/portal\/agenda\/evento\/unamuno-en-fuerteventura-xxvii-poesia-y-verdad-en-unamuno\/#breadcrumb"},"inLanguage":"es","potentialAction":[{"@type":"ReadAction","target":["https:\/\/www.ull.es\/portal\/agenda\/evento\/unamuno-en-fuerteventura-xxvii-poesia-y-verdad-en-unamuno\/"]}]},{"@type":"BreadcrumbList","@id":"https:\/\/www.ull.es\/portal\/agenda\/evento\/unamuno-en-fuerteventura-xxvii-poesia-y-verdad-en-unamuno\/#breadcrumb","itemListElement":[{"@type":"ListItem","position":1,"name":"Portada","item":"https:\/\/www.ull.es\/portal\/agenda\/"},{"@type":"ListItem","position":2,"name":"Unamuno en Fuerteventura XXVII: Poes\u00eda y verdad en Unamuno"}]},{"@type":"WebSite","@id":"https:\/\/www.ull.es\/portal\/agenda\/#website","url":"https:\/\/www.ull.es\/portal\/agenda\/","name":"ULL - Agenda","description":"","potentialAction":[{"@type":"SearchAction","target":{"@type":"EntryPoint","urlTemplate":"https:\/\/www.ull.es\/portal\/agenda\/?s={search_term_string}"},"query-input":"required name=search_term_string"}],"inLanguage":"es"}]}},"_links":{"self":[{"href":"https:\/\/www.ull.es\/portal\/agenda\/wp-json\/wp\/v2\/tribe_events\/39620"}],"collection":[{"href":"https:\/\/www.ull.es\/portal\/agenda\/wp-json\/wp\/v2\/tribe_events"}],"about":[{"href":"https:\/\/www.ull.es\/portal\/agenda\/wp-json\/wp\/v2\/types\/tribe_events"}],"author":[{"embeddable":true,"href":"https:\/\/www.ull.es\/portal\/agenda\/wp-json\/wp\/v2\/users\/43"}],"replies":[{"embeddable":true,"href":"https:\/\/www.ull.es\/portal\/agenda\/wp-json\/wp\/v2\/comments?post=39620"}],"version-history":[{"count":3,"href":"https:\/\/www.ull.es\/portal\/agenda\/wp-json\/wp\/v2\/tribe_events\/39620\/revisions"}],"predecessor-version":[{"id":40736,"href":"https:\/\/www.ull.es\/portal\/agenda\/wp-json\/wp\/v2\/tribe_events\/39620\/revisions\/40736"}],"wp:featuredmedia":[{"embeddable":true,"href":"https:\/\/www.ull.es\/portal\/agenda\/wp-json\/wp\/v2\/media\/39621"}],"wp:attachment":[{"href":"https:\/\/www.ull.es\/portal\/agenda\/wp-json\/wp\/v2\/media?parent=39620"}],"wp:term":[{"taxonomy":"post_tag","embeddable":true,"href":"https:\/\/www.ull.es\/portal\/agenda\/wp-json\/wp\/v2\/tags?post=39620"},{"taxonomy":"tribe_events_cat","embeddable":true,"href":"https:\/\/www.ull.es\/portal\/agenda\/wp-json\/wp\/v2\/tribe_events_cat?post=39620"}],"curies":[{"name":"wp","href":"https:\/\/api.w.org\/{rel}","templated":true}]}}