{"id":39871,"date":"2024-12-02T10:31:35","date_gmt":"2024-12-02T10:31:35","guid":{"rendered":"https:\/\/www.ull.es\/portal\/agenda\/?post_type=tribe_events&#038;p=39871"},"modified":"2024-12-10T14:51:35","modified_gmt":"2024-12-10T14:51:35","slug":"conferencia-inaugural-universidad-otono-invierno-de-la-palma-2024-2025-sociedades-mas-igualitarias-confrontar-el-prejuicio-y-las-microagresiones-en-la-vida-cotidiana","status":"publish","type":"tribe_events","link":"https:\/\/www.ull.es\/portal\/agenda\/evento\/conferencia-inaugural-universidad-otono-invierno-de-la-palma-2024-2025-sociedades-mas-igualitarias-confrontar-el-prejuicio-y-las-microagresiones-en-la-vida-cotidiana\/","title":{"rendered":"Conferencia inaugural Universidad Oto\u00f1o-Invierno de La Palma 2024-2025: \u00ab\u00bfSociedades m\u00e1s igualitarias? Confrontar el prejuicio y las microagresiones en la vida cotidiana\u00bb"},"content":{"rendered":"<p>Este a\u00f1o contaremos con Naira Delgado Rodr\u00edguez, Profesora Titular de Universidad en el Departamento de Psicolog\u00eda Cognitiva, Social y Organizacional de la Universidad de La Laguna, en el acto de apertura de la \u00a0\u201c<a href=\"https:\/\/www.ull.es\/cultura\/cursos-extension-universitaria\/universidad-de-otono-invierno-de-la-palma\/\" target=\"_blank\" rel=\"noopener noreferrer\" target=\"_blank\" rel=\"noopener\">Universidad de Oto\u00f1o-Invierno de La Palma 2024-2025<\/a>\u201d, quien impartir\u00e1 la conferencia inaugural bajo el t\u00edtulo\u00a0<em>\u00ab\u00bfSociedades m\u00e1s igualitarias? Confrontar el prejuicio y las microagresiones en la vida cotidiana\u00bb<\/em>, que tendr\u00e1 lugar el pr\u00f3ximo 11 de diciembre en el Palacio de Salazar en Santa Cruz de La Palma a las 19:30 horas.<\/p>\n<p>Naira Delgado comenz\u00f3 su trayectoria investigadora con un contrato de investigaci\u00f3n FPU, con el que realiz\u00f3 la tesis doctoral titulada \u201cDependencia contextual de la infrahumanizaci\u00f3n\u201d. Su principal campo de investigaci\u00f3n es el estudio de la deshumanizaci\u00f3n y su relaci\u00f3n con otros procesos psicosociales. Otras l\u00edneas de investigaci\u00f3n en las que colabora se relacionan con las actitudes hacia diferentes colectivos sociales, los procesos de mentalizaci\u00f3n y el an\u00e1lisis de la relaci\u00f3n entre empat\u00eda, agotamiento emocional e intenci\u00f3n de abandono en las profesiones de ayuda. Es responsable del grupo de investigaci\u00f3n Laboratorio de Cognici\u00f3n Social de la Universidad de La Laguna. Cuenta con m\u00e1s de 40 publicaciones de car\u00e1cter cient\u00edfico, publicadas en revistas indexadas en JCR. Ha publicado dos cap\u00edtulos de libro y ha sido editora de un libro. Ha liderado dos proyectos de investigaci\u00f3n financiados en el Plan Nacional de I+D, adem\u00e1s ha participado como investigadora en seis proyectos de investigaci\u00f3n con financiaci\u00f3n nacional, y tres con financiaci\u00f3n regional. Ha codirigido tres tesis doctorales defendidas en 2016, 2017 y 2023. Es miembro de la Junta Directiva de la Sociedad Cient\u00edfica Espa\u00f1ola de Psicolog\u00eda Social (SCEPS) desde 2021, ocupando la Vocal\u00eda de Investigaci\u00f3n. Actualmente es colaboradora de la Agencia Estatal de Investigaci\u00f3n, en el \u00e1rea de Psicolog\u00eda.<\/p>\n<p>En la b\u00fasqueda de sociedades m\u00e1s igualitarias, se han alcanzado sin duda avances significativos en t\u00e9rminos sociales y legales. Al mismo tiempo, se ha incrementado la presencia de discursos de odio y la difusi\u00f3n de bulos contra distintos grupos sociales, y m\u00faltiples indicadores siguen dando cuenta de la persistencia de profundas desigualdades sociales que no hemos logrado reducir. Este escenario revela una paradoja en la que, a pesar de los esfuerzos por lograr la equidad en t\u00e9rminos sociales, el prejuicio y la discriminaci\u00f3n contin\u00faan muy presentes en la vida cotidiana. Abordar esta problem\u00e1tica no solo requiere una reflexi\u00f3n sobre los prejuicios visibles, sino tambi\u00e9n sobre aquellos que se manifiestan de manera m\u00e1s sutil, pero que son igualmente da\u00f1inos. En esta conferencia se explora la importancia de confrontar el discurso de odio y rechazo social, destacando la complejidad de transformar estas actitudes y la necesidad de generar espacios de di\u00e1logo y reflexi\u00f3n que permitan la construcci\u00f3n de una sociedad m\u00e1s inclusiva, justa y respetuosa hacia todos los seres humanos.<\/p>\n<p>Comienza as\u00ed una nueva programaci\u00f3n de la Universidad de Oto\u00f1o-Invierno de La Palma, financiada por el Cabildo Insular, que ofrecer\u00e1 un total de catorce cursos, todos reconocibles por un cr\u00e9dito ECTS, as\u00ed como varios talleres. Paralelamente se celebrar\u00e1n actividades culturales y de ocio de car\u00e1cter gratuito.<\/p>\n<p>El Cabildo de La Palma, junto a la Universidad de La Laguna, organizan estas acciones formativas que forman parte de las Actividades de Extensi\u00f3n Universitaria, con las que pretende acercar el conocimiento a toda la poblaci\u00f3n de la isla de La Palma y reforzar los v\u00ednculos que nos unen con el \u00e1mbito regional de nuestro territorio, y que est\u00e1n dirigidas al p\u00fablico en general, no s\u00f3lo a estudiantes.<\/p>\n<p>Entrada libre a la conferencia inaugural hasta completar el aforo. <a href=\"https:\/\/sede.fg.ull.es\/es\/curso\/detalle?code=a25020005&amp;name=charla-inaugural-universidad-oto-o-invierno-de-la-palma-2024-2025-sociedades-mas-igualitarias-confrontar-el-prejuicio-y-las-microagresiones-en-la-vida&amp;query=%3Fcode%3DA25020005\" target=\"_blank\" rel=\"noopener\" target=\"_blank\" rel=\"noopener\"><strong>Inscr\u00edbete aqu\u00ed.<\/strong><\/a><\/p>\n<p><strong>La inscripci\u00f3n a los cursos se realiza v\u00eda online en<\/strong>\u00a0<a href=\"https:\/\/www.ull.es\/cultura\/cursos-extension-universitaria\/universidad-de-otono-invierno-de-la-palma\/\" target=\"_blank\" rel=\"noopener\" target=\"_blank\" rel=\"noopener\">ull.es\/cursosdeextension<\/a>.<\/p>\n<p>Contacto: <a href=\"mailto:extuni@ull.edu.es\" target=\"_blank\" rel=\"noopener\" target=\"_blank\" rel=\"noopener\">extuni@ull.es<\/a><\/p>\n","protected":false},"excerpt":{"rendered":"<p>Este a\u00f1o contaremos con Naira Delgado Rodr\u00edguez, Profesora Titular de Universidad en el Departamento de Psicolog\u00eda Cognitiva, Social y Organizacional de la Universidad de La Laguna, en el acto de apertura de la \u00a0\u201cUniversidad de Oto\u00f1o-Invierno de La Palma 2024-2025\u201d, quien impartir\u00e1 la conferencia inaugural bajo el t\u00edtulo\u00a0\u00ab\u00bfSociedades m\u00e1s igualitarias? Confrontar el prejuicio y las&#8230;<\/p>\n","protected":false},"author":43,"featured_media":39951,"comment_status":"closed","ping_status":"closed","template":"","tags":[4259,4716,977,3812,4717,3751],"tribe_events_cat":[472,4,186,191,1554],"acf":[],"yoast_head":"<!-- This site is optimized with the Yoast SEO plugin v21.3 - https:\/\/yoast.com\/wordpress\/plugins\/seo\/ -->\n<title>Conferencia inaugural Universidad Oto\u00f1o-Invierno de La Palma 2024-2025: \u00ab\u00bfSociedades m\u00e1s igualitarias? Confrontar el prejuicio y las microagresiones en la vida cotidiana\u00bb - ULL - Agenda<\/title>\n<meta name=\"robots\" content=\"index, follow, max-snippet:-1, max-image-preview:large, max-video-preview:-1\" \/>\n<link rel=\"canonical\" href=\"https:\/\/www.ull.es\/portal\/agenda\/evento\/conferencia-inaugural-universidad-otono-invierno-de-la-palma-2024-2025-sociedades-mas-igualitarias-confrontar-el-prejuicio-y-las-microagresiones-en-la-vida-cotidiana\/\" \/>\n<meta property=\"og:locale\" content=\"es_ES\" \/>\n<meta property=\"og:type\" content=\"article\" \/>\n<meta property=\"og:title\" content=\"Conferencia inaugural Universidad Oto\u00f1o-Invierno de La Palma 2024-2025: \u00ab\u00bfSociedades m\u00e1s igualitarias? Confrontar el prejuicio y las microagresiones en la vida cotidiana\u00bb - ULL - Agenda\" \/>\n<meta property=\"og:description\" content=\"Este a\u00f1o contaremos con Naira Delgado Rodr\u00edguez, Profesora Titular de Universidad en el Departamento de Psicolog\u00eda Cognitiva, Social y Organizacional de la Universidad de La Laguna, en el acto de apertura de la \u00a0\u201cUniversidad de Oto\u00f1o-Invierno de La Palma 2024-2025\u201d, quien impartir\u00e1 la conferencia inaugural bajo el t\u00edtulo\u00a0\u00ab\u00bfSociedades m\u00e1s igualitarias? Confrontar el prejuicio y las...\" \/>\n<meta property=\"og:url\" content=\"https:\/\/www.ull.es\/portal\/agenda\/evento\/conferencia-inaugural-universidad-otono-invierno-de-la-palma-2024-2025-sociedades-mas-igualitarias-confrontar-el-prejuicio-y-las-microagresiones-en-la-vida-cotidiana\/\" \/>\n<meta property=\"og:site_name\" content=\"ULL - Agenda\" \/>\n<meta property=\"article:modified_time\" content=\"2024-12-10T14:51:35+00:00\" \/>\n<meta property=\"og:image\" content=\"https:\/\/www.ull.es\/portal\/agenda\/wp-content\/uploads\/sites\/12\/2024\/12\/LaPalma.png\" \/>\n\t<meta property=\"og:image:width\" content=\"750\" \/>\n\t<meta property=\"og:image:height\" content=\"370\" \/>\n\t<meta property=\"og:image:type\" content=\"image\/png\" \/>\n<meta name=\"twitter:card\" content=\"summary_large_image\" \/>\n<meta name=\"twitter:label1\" content=\"Tiempo de lectura\" \/>\n\t<meta name=\"twitter:data1\" content=\"3 minutos\" \/>\n<script type=\"application\/ld+json\" class=\"yoast-schema-graph\">{\"@context\":\"https:\/\/schema.org\",\"@graph\":[{\"@type\":\"WebPage\",\"@id\":\"https:\/\/www.ull.es\/portal\/agenda\/evento\/conferencia-inaugural-universidad-otono-invierno-de-la-palma-2024-2025-sociedades-mas-igualitarias-confrontar-el-prejuicio-y-las-microagresiones-en-la-vida-cotidiana\/\",\"url\":\"https:\/\/www.ull.es\/portal\/agenda\/evento\/conferencia-inaugural-universidad-otono-invierno-de-la-palma-2024-2025-sociedades-mas-igualitarias-confrontar-el-prejuicio-y-las-microagresiones-en-la-vida-cotidiana\/\",\"name\":\"Conferencia inaugural Universidad Oto\u00f1o-Invierno de La Palma 2024-2025: \u00ab\u00bfSociedades m\u00e1s igualitarias? Confrontar el prejuicio y las microagresiones en la vida cotidiana\u00bb - ULL - Agenda\",\"isPartOf\":{\"@id\":\"https:\/\/www.ull.es\/portal\/agenda\/#website\"},\"datePublished\":\"2024-12-02T10:31:35+00:00\",\"dateModified\":\"2024-12-10T14:51:35+00:00\",\"breadcrumb\":{\"@id\":\"https:\/\/www.ull.es\/portal\/agenda\/evento\/conferencia-inaugural-universidad-otono-invierno-de-la-palma-2024-2025-sociedades-mas-igualitarias-confrontar-el-prejuicio-y-las-microagresiones-en-la-vida-cotidiana\/#breadcrumb\"},\"inLanguage\":\"es\",\"potentialAction\":[{\"@type\":\"ReadAction\",\"target\":[\"https:\/\/www.ull.es\/portal\/agenda\/evento\/conferencia-inaugural-universidad-otono-invierno-de-la-palma-2024-2025-sociedades-mas-igualitarias-confrontar-el-prejuicio-y-las-microagresiones-en-la-vida-cotidiana\/\"]}]},{\"@type\":\"BreadcrumbList\",\"@id\":\"https:\/\/www.ull.es\/portal\/agenda\/evento\/conferencia-inaugural-universidad-otono-invierno-de-la-palma-2024-2025-sociedades-mas-igualitarias-confrontar-el-prejuicio-y-las-microagresiones-en-la-vida-cotidiana\/#breadcrumb\",\"itemListElement\":[{\"@type\":\"ListItem\",\"position\":1,\"name\":\"Portada\",\"item\":\"https:\/\/www.ull.es\/portal\/agenda\/\"},{\"@type\":\"ListItem\",\"position\":2,\"name\":\"Conferencia inaugural Universidad Oto\u00f1o-Invierno de La Palma 2024-2025: \u00ab\u00bfSociedades m\u00e1s igualitarias? Confrontar el prejuicio y las microagresiones en la vida cotidiana\u00bb\"}]},{\"@type\":\"WebSite\",\"@id\":\"https:\/\/www.ull.es\/portal\/agenda\/#website\",\"url\":\"https:\/\/www.ull.es\/portal\/agenda\/\",\"name\":\"ULL - Agenda\",\"description\":\"\",\"potentialAction\":[{\"@type\":\"SearchAction\",\"target\":{\"@type\":\"EntryPoint\",\"urlTemplate\":\"https:\/\/www.ull.es\/portal\/agenda\/?s={search_term_string}\"},\"query-input\":\"required name=search_term_string\"}],\"inLanguage\":\"es\"}]}<\/script>\n<!-- \/ Yoast SEO plugin. -->","yoast_head_json":{"title":"Conferencia inaugural Universidad Oto\u00f1o-Invierno de La Palma 2024-2025: \u00ab\u00bfSociedades m\u00e1s igualitarias? Confrontar el prejuicio y las microagresiones en la vida cotidiana\u00bb - ULL - Agenda","robots":{"index":"index","follow":"follow","max-snippet":"max-snippet:-1","max-image-preview":"max-image-preview:large","max-video-preview":"max-video-preview:-1"},"canonical":"https:\/\/www.ull.es\/portal\/agenda\/evento\/conferencia-inaugural-universidad-otono-invierno-de-la-palma-2024-2025-sociedades-mas-igualitarias-confrontar-el-prejuicio-y-las-microagresiones-en-la-vida-cotidiana\/","og_locale":"es_ES","og_type":"article","og_title":"Conferencia inaugural Universidad Oto\u00f1o-Invierno de La Palma 2024-2025: \u00ab\u00bfSociedades m\u00e1s igualitarias? Confrontar el prejuicio y las microagresiones en la vida cotidiana\u00bb - ULL - Agenda","og_description":"Este a\u00f1o contaremos con Naira Delgado Rodr\u00edguez, Profesora Titular de Universidad en el Departamento de Psicolog\u00eda Cognitiva, Social y Organizacional de la Universidad de La Laguna, en el acto de apertura de la \u00a0\u201cUniversidad de Oto\u00f1o-Invierno de La Palma 2024-2025\u201d, quien impartir\u00e1 la conferencia inaugural bajo el t\u00edtulo\u00a0\u00ab\u00bfSociedades m\u00e1s igualitarias? Confrontar el prejuicio y las...","og_url":"https:\/\/www.ull.es\/portal\/agenda\/evento\/conferencia-inaugural-universidad-otono-invierno-de-la-palma-2024-2025-sociedades-mas-igualitarias-confrontar-el-prejuicio-y-las-microagresiones-en-la-vida-cotidiana\/","og_site_name":"ULL - Agenda","article_modified_time":"2024-12-10T14:51:35+00:00","og_image":[{"width":750,"height":370,"url":"https:\/\/www.ull.es\/portal\/agenda\/wp-content\/uploads\/sites\/12\/2024\/12\/LaPalma.png","type":"image\/png"}],"twitter_card":"summary_large_image","twitter_misc":{"Tiempo de lectura":"3 minutos"},"schema":{"@context":"https:\/\/schema.org","@graph":[{"@type":"WebPage","@id":"https:\/\/www.ull.es\/portal\/agenda\/evento\/conferencia-inaugural-universidad-otono-invierno-de-la-palma-2024-2025-sociedades-mas-igualitarias-confrontar-el-prejuicio-y-las-microagresiones-en-la-vida-cotidiana\/","url":"https:\/\/www.ull.es\/portal\/agenda\/evento\/conferencia-inaugural-universidad-otono-invierno-de-la-palma-2024-2025-sociedades-mas-igualitarias-confrontar-el-prejuicio-y-las-microagresiones-en-la-vida-cotidiana\/","name":"Conferencia inaugural Universidad Oto\u00f1o-Invierno de La Palma 2024-2025: \u00ab\u00bfSociedades m\u00e1s igualitarias? Confrontar el prejuicio y las microagresiones en la vida cotidiana\u00bb - ULL - Agenda","isPartOf":{"@id":"https:\/\/www.ull.es\/portal\/agenda\/#website"},"datePublished":"2024-12-02T10:31:35+00:00","dateModified":"2024-12-10T14:51:35+00:00","breadcrumb":{"@id":"https:\/\/www.ull.es\/portal\/agenda\/evento\/conferencia-inaugural-universidad-otono-invierno-de-la-palma-2024-2025-sociedades-mas-igualitarias-confrontar-el-prejuicio-y-las-microagresiones-en-la-vida-cotidiana\/#breadcrumb"},"inLanguage":"es","potentialAction":[{"@type":"ReadAction","target":["https:\/\/www.ull.es\/portal\/agenda\/evento\/conferencia-inaugural-universidad-otono-invierno-de-la-palma-2024-2025-sociedades-mas-igualitarias-confrontar-el-prejuicio-y-las-microagresiones-en-la-vida-cotidiana\/"]}]},{"@type":"BreadcrumbList","@id":"https:\/\/www.ull.es\/portal\/agenda\/evento\/conferencia-inaugural-universidad-otono-invierno-de-la-palma-2024-2025-sociedades-mas-igualitarias-confrontar-el-prejuicio-y-las-microagresiones-en-la-vida-cotidiana\/#breadcrumb","itemListElement":[{"@type":"ListItem","position":1,"name":"Portada","item":"https:\/\/www.ull.es\/portal\/agenda\/"},{"@type":"ListItem","position":2,"name":"Conferencia inaugural Universidad Oto\u00f1o-Invierno de La Palma 2024-2025: \u00ab\u00bfSociedades m\u00e1s igualitarias? Confrontar el prejuicio y las microagresiones en la vida cotidiana\u00bb"}]},{"@type":"WebSite","@id":"https:\/\/www.ull.es\/portal\/agenda\/#website","url":"https:\/\/www.ull.es\/portal\/agenda\/","name":"ULL - Agenda","description":"","potentialAction":[{"@type":"SearchAction","target":{"@type":"EntryPoint","urlTemplate":"https:\/\/www.ull.es\/portal\/agenda\/?s={search_term_string}"},"query-input":"required name=search_term_string"}],"inLanguage":"es"}]}},"_links":{"self":[{"href":"https:\/\/www.ull.es\/portal\/agenda\/wp-json\/wp\/v2\/tribe_events\/39871"}],"collection":[{"href":"https:\/\/www.ull.es\/portal\/agenda\/wp-json\/wp\/v2\/tribe_events"}],"about":[{"href":"https:\/\/www.ull.es\/portal\/agenda\/wp-json\/wp\/v2\/types\/tribe_events"}],"author":[{"embeddable":true,"href":"https:\/\/www.ull.es\/portal\/agenda\/wp-json\/wp\/v2\/users\/43"}],"replies":[{"embeddable":true,"href":"https:\/\/www.ull.es\/portal\/agenda\/wp-json\/wp\/v2\/comments?post=39871"}],"version-history":[{"count":5,"href":"https:\/\/www.ull.es\/portal\/agenda\/wp-json\/wp\/v2\/tribe_events\/39871\/revisions"}],"predecessor-version":[{"id":39952,"href":"https:\/\/www.ull.es\/portal\/agenda\/wp-json\/wp\/v2\/tribe_events\/39871\/revisions\/39952"}],"wp:featuredmedia":[{"embeddable":true,"href":"https:\/\/www.ull.es\/portal\/agenda\/wp-json\/wp\/v2\/media\/39951"}],"wp:attachment":[{"href":"https:\/\/www.ull.es\/portal\/agenda\/wp-json\/wp\/v2\/media?parent=39871"}],"wp:term":[{"taxonomy":"post_tag","embeddable":true,"href":"https:\/\/www.ull.es\/portal\/agenda\/wp-json\/wp\/v2\/tags?post=39871"},{"taxonomy":"tribe_events_cat","embeddable":true,"href":"https:\/\/www.ull.es\/portal\/agenda\/wp-json\/wp\/v2\/tribe_events_cat?post=39871"}],"curies":[{"name":"wp","href":"https:\/\/api.w.org\/{rel}","templated":true}]}}