{"id":39974,"date":"2024-12-09T14:33:23","date_gmt":"2024-12-09T14:33:23","guid":{"rendered":"https:\/\/www.ull.es\/portal\/agenda\/?post_type=tribe_events&#038;p=39974"},"modified":"2024-12-10T10:06:21","modified_gmt":"2024-12-10T10:06:21","slug":"taller-ciberinfec","status":"publish","type":"tribe_events","link":"https:\/\/www.ull.es\/portal\/agenda\/evento\/taller-ciberinfec\/","title":{"rendered":"Taller CIBERINFEC"},"content":{"rendered":"<div>El viernes 13 de diciembre tendr\u00e1 lugar el\u00a0 Taller CIBERINFEC dedicado al control de vectores invasores, que contar\u00e1 como ponentes invitados con el Dr. Daniel Bravo Barriga, la Dra. Selene Dom\u00ednguez Palacios del Departamento de Sanidad Animal, Parasitolog\u00eda y Enfermedades Parasitarias de la Facultad de Veterinaria de la Universidad de C\u00f3rdoba.<\/p>\n<p>Dentro de los objetivos del Instituto Universitario de Enfermedades Tropicales y Salud P\u00fablica de Canarias de la\u00a0 Universidad de La Laguna y del CIBER de Enfermedades Infecciosas (CIBERINFEC), las enfermedades transmitidas por vectores son una prioridad en Salud P\u00fablica por su emergencia y reemergencia mundial. Esta situaci\u00f3n es consecuencia del cambio de la distribuci\u00f3n de los vectores por causa de factores diversos, entre los que destacamos el transporte de mercanc\u00edas y la globalizaci\u00f3n, siendo \u00e9ste el modo principal de introducci\u00f3n de los mosquitos invasores Aedes aegypti y Aedes albopictus. En Europa, incluyendo Espa\u00f1a, estas especies invasoras se han establecido en diversos puntos y adem\u00e1s, han sido las responsables de la transmisi\u00f3n de enfermedades emergentes en estas zonas, incluidos episodios de brotes tales como los recientes de dengue. Este evento ha sido financiado por el Vicerrectorado de Investigaci\u00f3n y Transferencia de la Universidad de La Laguna.<\/p>\n<p>El Doctor Bravo impartir\u00e1 la ponencia &#8216;Vectores en Movimiento: La expansi\u00f3n global de los mosquitos y sus consecuencias epidemiol\u00f3gicas&#8217;. El resto del taller contar\u00e1 con una mesa redonda con la presencia de los profesores invitados y del director del Instituto Universitario de Enfermedades Tropicales de la Universidad de La Laguna, Jacob Lorenzo-Morales.<\/p>\n<p><strong>Programa<\/strong><\/div>\n<div>11.00 Registro asistentes<\/div>\n<div>11.15 Bienvenida y apertura.<\/div>\n<div>11.30-12.30 Ponencia invitada: Vectores en Movimiento: La expansi\u00f3n global de los mosquitos y sus consecuencias epidemiol\u00f3gicas.<\/div>\n<div>12.30-14.00 Mesa redonda (CIBERINFEC; Dra Selene Dom\u00edguez, Dr. Jacob Lorenzo-Morales)<\/div>\n<div>14.00 Despedida y cierre<\/div>\n<div><\/div>\n<div>Entrada gratuita hasta completar aforo.<\/div>\n","protected":false},"excerpt":{"rendered":"<p>El viernes 13 de diciembre tendr\u00e1 lugar el\u00a0 Taller CIBERINFEC dedicado al control de vectores invasores, que contar\u00e1 como ponentes invitados con el Dr. Daniel Bravo Barriga, la Dra. Selene Dom\u00ednguez Palacios del Departamento de Sanidad Animal, Parasitolog\u00eda y Enfermedades Parasitarias de la Facultad de Veterinaria de la Universidad de C\u00f3rdoba. Dentro de los objetivos&#8230;<\/p>\n","protected":false},"author":65,"featured_media":39980,"comment_status":"closed","ping_status":"closed","template":"","tags":[],"tribe_events_cat":[2580,3297],"acf":[],"yoast_head":"<!-- This site is optimized with the Yoast SEO plugin v21.3 - https:\/\/yoast.com\/wordpress\/plugins\/seo\/ -->\n<title>Taller CIBERINFEC - ULL - Agenda<\/title>\n<meta name=\"robots\" content=\"index, follow, max-snippet:-1, max-image-preview:large, max-video-preview:-1\" \/>\n<link rel=\"canonical\" href=\"https:\/\/www.ull.es\/portal\/agenda\/evento\/taller-ciberinfec\/\" \/>\n<meta property=\"og:locale\" content=\"es_ES\" \/>\n<meta property=\"og:type\" content=\"article\" \/>\n<meta property=\"og:title\" content=\"Taller CIBERINFEC - ULL - Agenda\" \/>\n<meta property=\"og:description\" content=\"El viernes 13 de diciembre tendr\u00e1 lugar el\u00a0 Taller CIBERINFEC dedicado al control de vectores invasores, que contar\u00e1 como ponentes invitados con el Dr. Daniel Bravo Barriga, la Dra. Selene Dom\u00ednguez Palacios del Departamento de Sanidad Animal, Parasitolog\u00eda y Enfermedades Parasitarias de la Facultad de Veterinaria de la Universidad de C\u00f3rdoba. Dentro de los objetivos...\" \/>\n<meta property=\"og:url\" content=\"https:\/\/www.ull.es\/portal\/agenda\/evento\/taller-ciberinfec\/\" \/>\n<meta property=\"og:site_name\" content=\"ULL - Agenda\" \/>\n<meta property=\"article:modified_time\" content=\"2024-12-10T10:06:21+00:00\" \/>\n<meta property=\"og:image\" content=\"https:\/\/www.ull.es\/portal\/agenda\/wp-content\/uploads\/sites\/12\/2024\/12\/Taller-CIBERINFEC_Banner-eventos.png\" \/>\n\t<meta property=\"og:image:width\" content=\"750\" \/>\n\t<meta property=\"og:image:height\" content=\"370\" \/>\n\t<meta property=\"og:image:type\" content=\"image\/png\" \/>\n<meta name=\"twitter:card\" content=\"summary_large_image\" \/>\n<meta name=\"twitter:label1\" content=\"Tiempo de lectura\" \/>\n\t<meta name=\"twitter:data1\" content=\"2 minutos\" \/>\n<script type=\"application\/ld+json\" class=\"yoast-schema-graph\">{\"@context\":\"https:\/\/schema.org\",\"@graph\":[{\"@type\":\"WebPage\",\"@id\":\"https:\/\/www.ull.es\/portal\/agenda\/evento\/taller-ciberinfec\/\",\"url\":\"https:\/\/www.ull.es\/portal\/agenda\/evento\/taller-ciberinfec\/\",\"name\":\"Taller CIBERINFEC - ULL - Agenda\",\"isPartOf\":{\"@id\":\"https:\/\/www.ull.es\/portal\/agenda\/#website\"},\"datePublished\":\"2024-12-09T14:33:23+00:00\",\"dateModified\":\"2024-12-10T10:06:21+00:00\",\"breadcrumb\":{\"@id\":\"https:\/\/www.ull.es\/portal\/agenda\/evento\/taller-ciberinfec\/#breadcrumb\"},\"inLanguage\":\"es\",\"potentialAction\":[{\"@type\":\"ReadAction\",\"target\":[\"https:\/\/www.ull.es\/portal\/agenda\/evento\/taller-ciberinfec\/\"]}]},{\"@type\":\"BreadcrumbList\",\"@id\":\"https:\/\/www.ull.es\/portal\/agenda\/evento\/taller-ciberinfec\/#breadcrumb\",\"itemListElement\":[{\"@type\":\"ListItem\",\"position\":1,\"name\":\"Portada\",\"item\":\"https:\/\/www.ull.es\/portal\/agenda\/\"},{\"@type\":\"ListItem\",\"position\":2,\"name\":\"Taller CIBERINFEC\"}]},{\"@type\":\"WebSite\",\"@id\":\"https:\/\/www.ull.es\/portal\/agenda\/#website\",\"url\":\"https:\/\/www.ull.es\/portal\/agenda\/\",\"name\":\"ULL - Agenda\",\"description\":\"\",\"potentialAction\":[{\"@type\":\"SearchAction\",\"target\":{\"@type\":\"EntryPoint\",\"urlTemplate\":\"https:\/\/www.ull.es\/portal\/agenda\/?s={search_term_string}\"},\"query-input\":\"required name=search_term_string\"}],\"inLanguage\":\"es\"}]}<\/script>\n<!-- \/ Yoast SEO plugin. -->","yoast_head_json":{"title":"Taller CIBERINFEC - ULL - Agenda","robots":{"index":"index","follow":"follow","max-snippet":"max-snippet:-1","max-image-preview":"max-image-preview:large","max-video-preview":"max-video-preview:-1"},"canonical":"https:\/\/www.ull.es\/portal\/agenda\/evento\/taller-ciberinfec\/","og_locale":"es_ES","og_type":"article","og_title":"Taller CIBERINFEC - ULL - Agenda","og_description":"El viernes 13 de diciembre tendr\u00e1 lugar el\u00a0 Taller CIBERINFEC dedicado al control de vectores invasores, que contar\u00e1 como ponentes invitados con el Dr. Daniel Bravo Barriga, la Dra. Selene Dom\u00ednguez Palacios del Departamento de Sanidad Animal, Parasitolog\u00eda y Enfermedades Parasitarias de la Facultad de Veterinaria de la Universidad de C\u00f3rdoba. Dentro de los objetivos...","og_url":"https:\/\/www.ull.es\/portal\/agenda\/evento\/taller-ciberinfec\/","og_site_name":"ULL - Agenda","article_modified_time":"2024-12-10T10:06:21+00:00","og_image":[{"width":750,"height":370,"url":"https:\/\/www.ull.es\/portal\/agenda\/wp-content\/uploads\/sites\/12\/2024\/12\/Taller-CIBERINFEC_Banner-eventos.png","type":"image\/png"}],"twitter_card":"summary_large_image","twitter_misc":{"Tiempo de lectura":"2 minutos"},"schema":{"@context":"https:\/\/schema.org","@graph":[{"@type":"WebPage","@id":"https:\/\/www.ull.es\/portal\/agenda\/evento\/taller-ciberinfec\/","url":"https:\/\/www.ull.es\/portal\/agenda\/evento\/taller-ciberinfec\/","name":"Taller CIBERINFEC - ULL - Agenda","isPartOf":{"@id":"https:\/\/www.ull.es\/portal\/agenda\/#website"},"datePublished":"2024-12-09T14:33:23+00:00","dateModified":"2024-12-10T10:06:21+00:00","breadcrumb":{"@id":"https:\/\/www.ull.es\/portal\/agenda\/evento\/taller-ciberinfec\/#breadcrumb"},"inLanguage":"es","potentialAction":[{"@type":"ReadAction","target":["https:\/\/www.ull.es\/portal\/agenda\/evento\/taller-ciberinfec\/"]}]},{"@type":"BreadcrumbList","@id":"https:\/\/www.ull.es\/portal\/agenda\/evento\/taller-ciberinfec\/#breadcrumb","itemListElement":[{"@type":"ListItem","position":1,"name":"Portada","item":"https:\/\/www.ull.es\/portal\/agenda\/"},{"@type":"ListItem","position":2,"name":"Taller CIBERINFEC"}]},{"@type":"WebSite","@id":"https:\/\/www.ull.es\/portal\/agenda\/#website","url":"https:\/\/www.ull.es\/portal\/agenda\/","name":"ULL - Agenda","description":"","potentialAction":[{"@type":"SearchAction","target":{"@type":"EntryPoint","urlTemplate":"https:\/\/www.ull.es\/portal\/agenda\/?s={search_term_string}"},"query-input":"required name=search_term_string"}],"inLanguage":"es"}]}},"_links":{"self":[{"href":"https:\/\/www.ull.es\/portal\/agenda\/wp-json\/wp\/v2\/tribe_events\/39974"}],"collection":[{"href":"https:\/\/www.ull.es\/portal\/agenda\/wp-json\/wp\/v2\/tribe_events"}],"about":[{"href":"https:\/\/www.ull.es\/portal\/agenda\/wp-json\/wp\/v2\/types\/tribe_events"}],"author":[{"embeddable":true,"href":"https:\/\/www.ull.es\/portal\/agenda\/wp-json\/wp\/v2\/users\/65"}],"replies":[{"embeddable":true,"href":"https:\/\/www.ull.es\/portal\/agenda\/wp-json\/wp\/v2\/comments?post=39974"}],"version-history":[{"count":2,"href":"https:\/\/www.ull.es\/portal\/agenda\/wp-json\/wp\/v2\/tribe_events\/39974\/revisions"}],"predecessor-version":[{"id":39981,"href":"https:\/\/www.ull.es\/portal\/agenda\/wp-json\/wp\/v2\/tribe_events\/39974\/revisions\/39981"}],"wp:featuredmedia":[{"embeddable":true,"href":"https:\/\/www.ull.es\/portal\/agenda\/wp-json\/wp\/v2\/media\/39980"}],"wp:attachment":[{"href":"https:\/\/www.ull.es\/portal\/agenda\/wp-json\/wp\/v2\/media?parent=39974"}],"wp:term":[{"taxonomy":"post_tag","embeddable":true,"href":"https:\/\/www.ull.es\/portal\/agenda\/wp-json\/wp\/v2\/tags?post=39974"},{"taxonomy":"tribe_events_cat","embeddable":true,"href":"https:\/\/www.ull.es\/portal\/agenda\/wp-json\/wp\/v2\/tribe_events_cat?post=39974"}],"curies":[{"name":"wp","href":"https:\/\/api.w.org\/{rel}","templated":true}]}}