{"id":40062,"date":"2024-12-18T09:13:35","date_gmt":"2024-12-18T09:13:35","guid":{"rendered":"https:\/\/www.ull.es\/portal\/agenda\/?post_type=tribe_events&#038;p=40062"},"modified":"2025-01-27T09:45:01","modified_gmt":"2025-01-27T09:45:01","slug":"ciclo-de-conciertos-a-full-con-la-sinfonica-la-septima-de-dvorak","status":"publish","type":"tribe_events","link":"https:\/\/www.ull.es\/portal\/agenda\/evento\/ciclo-de-conciertos-a-full-con-la-sinfonica-la-septima-de-dvorak\/","title":{"rendered":"Ciclo de conciertos &#8216;A fULL con la Sinf\u00f3nica&#8217; La S\u00e9ptima de Dvorak"},"content":{"rendered":"<p>La Sinf\u00f3nica de Tenerife, gracias a la colaboraci\u00f3n de la Fundaci\u00f3n DISA, vuelve al Paraninfo de la Universidad de La Laguna en la temporada 2024-25 con el programa \u00abA fULL con la Sinf\u00f3nica\u00bb, que abarca tres conciertos, cada uno de algo m\u00e1s de una hora de duraci\u00f3n, y cuenta con un anfitri\u00f3n a trav\u00e9s de cuya mirada se podr\u00e1 explorar la m\u00fasica sinf\u00f3nica. En esta ocasi\u00f3n se trata de la historiadora del arte y divulgadora Sara Rubayo (La Gata Verde).<\/p>\n<p><strong>La S\u00e9ptima de Dvorak<\/strong><\/p>\n<ul>\n<li>R. WAGNER \u2212Trist\u00e1n e Isolda: Preludio y muerte, WWV 90<\/li>\n<li>A. DVO\u0158\u00c1K \u2212Sinfon\u00eda n\u00ba 7 en re menor, op. 70, B. 141<\/li>\n<\/ul>\n<p>La \u00abS\u00e9ptima Sinfon\u00eda\u00bb de Dvo\u0159\u00e1k refleja una profunda conexi\u00f3n con las ra\u00edces eslavas y su habilidad para combinar melod\u00edas conmovedoras con una estructura sinf\u00f3nica robusta. A continuaci\u00f3n, se interpretar\u00e1 \u00abTrist\u00e1n e Isolda\u00bb de Wagner, una pieza que revolucion\u00f3 la m\u00fasica cl\u00e1sica con sus innovadores usos de la armon\u00eda y la suspensi\u00f3n tonal. Wagner rompe las convenciones musicales de su tiempo, introduciendo el uso de la \u00abacorde Trist\u00e1n\u00bb y desarrollando leitmotivs que a\u00f1aden una capa profunda de significado emocional y narrativo a su m\u00fasica.<\/p>\n<p>Como anfitriona del evento, se encuentra la historiadora del arte Sara Rubayo, conocida en YouTube como La Gata Verde, quien dirige a la Sinf\u00f3nica de Tenerife, as\u00ed como la directora coreana Shiyeon Sung.<\/p>\n<p>Sara Rubayo es licenciada en Historia del Arte, con m\u00e1ster en coordinaci\u00f3n de exposiciones. En 2015 abri\u00f3 su canal en YouTube donde acerca la historia del arte a personas de todas las edades de forma divertida, pero rigurosa y cuenta ya con m\u00e1s de 100.000 suscriptores. Investiga, escribe, comunica, graba, edita y difunde contenido de calidad que va desde los grandes cl\u00e1sicos de la pintura hasta las \u00faltimas tendencias del arte. Su labor divulgativa se centra tambi\u00e9n en Instagram y Twitter d\u00f3nde comparte post, stories e hilos en torno al arte desde puntos de vista originales.<\/p>\n<p>Pone especial atenci\u00f3n al rescate de mujeres a las que la historia del arte hab\u00eda relegado a un segundo plano. El resultado es \u201cpintorAs\u201d, fruto de la b\u00fasqueda y ordenaci\u00f3n cronol\u00f3gica\u00a0 de artistas mujeres bajo una sola premisa: \u201ctodas dentro y ninguna fuera\u201d por corta que fuese su biograf\u00eda. Para financiar su actividad ha creado junto a su equipo un Curso completo de Historia del Arte, organiza visitas guiadas al Museo del Prado y colabora puntualmente con instituciones impartiendo charlas y conferencias.<\/p>\n<p>La directora surcoreana Shiyeon Sung es una aut\u00e9ntica pionera de su profesi\u00f3n. Es la primera directora de Corea del Sur en dar el salto al podio de orquestas de renombre internacional. Adem\u00e1s, ha ganado el Concurso Internacional de Directores Sir Georg Solti y el Concurso de Directores Gustav Mahler en Bamberg. La lista de orquestas con las que Shiyeon Sung ha trabajado desde entonces es notable. Esto incluye orquestas europeas de renombre como la Orquestra Sinf\u00f3nica Radio Baviera, Concertgebouworkest Amsterdam, Philharmonia Orchestra London, Orquesta Filarm\u00f3nica de Rotterdam, la Orquesta Filarm\u00f3nica de Radio Francia, la Orquesta Sinf\u00f3nica de la Radio Sueca, la Orquesta Konzerthaus de Berl\u00edn y la Sinf\u00f3nica de Bamberg, as\u00ed como la Orquesta Sinf\u00f3nica Nacional de Washington, la Orquesta Sinf\u00f3nica de Sydney o Los Angeles Philharmonic, que dirigi\u00f3 en un espectacular concierto debut con Martha Argerich en el Tongyeong International Music Festival. Adem\u00e1s, actu\u00f3 como directora invitada en el Teatro Col\u00f3n y la \u00d3pera de Estocolmo.<\/p>\n<p><a href=\"https:\/\/www.ecoentradas.com\/elegirsesion\/2511\" target=\"_blank\" rel=\"noopener\" target=\"_blank\" rel=\"noopener\">Entradas<\/a><\/p>\n","protected":false},"excerpt":{"rendered":"<p>La Sinf\u00f3nica de Tenerife, gracias a la colaboraci\u00f3n de la Fundaci\u00f3n DISA, vuelve al Paraninfo de la Universidad de La Laguna en la temporada 2024-25 con el programa \u00abA fULL con la Sinf\u00f3nica\u00bb, que abarca tres conciertos, cada uno de algo m\u00e1s de una hora de duraci\u00f3n, y cuenta con un anfitri\u00f3n a trav\u00e9s de&#8230;<\/p>\n","protected":false},"author":65,"featured_media":40063,"comment_status":"closed","ping_status":"closed","template":"","tags":[],"tribe_events_cat":[3987,4,343,191],"acf":[],"yoast_head":"<!-- This site is optimized with the Yoast SEO plugin v21.3 - https:\/\/yoast.com\/wordpress\/plugins\/seo\/ -->\n<title>Ciclo de conciertos &#039;A fULL con la Sinf\u00f3nica&#039; La S\u00e9ptima de Dvorak - ULL - Agenda<\/title>\n<meta name=\"robots\" content=\"index, follow, max-snippet:-1, max-image-preview:large, max-video-preview:-1\" \/>\n<link rel=\"canonical\" href=\"https:\/\/www.ull.es\/portal\/agenda\/evento\/ciclo-de-conciertos-a-full-con-la-sinfonica-la-septima-de-dvorak\/\" \/>\n<meta property=\"og:locale\" content=\"es_ES\" \/>\n<meta property=\"og:type\" content=\"article\" \/>\n<meta property=\"og:title\" content=\"Ciclo de conciertos &#039;A fULL con la Sinf\u00f3nica&#039; La S\u00e9ptima de Dvorak - ULL - Agenda\" \/>\n<meta property=\"og:description\" content=\"La Sinf\u00f3nica de Tenerife, gracias a la colaboraci\u00f3n de la Fundaci\u00f3n DISA, vuelve al Paraninfo de la Universidad de La Laguna en la temporada 2024-25 con el programa \u00abA fULL con la Sinf\u00f3nica\u00bb, que abarca tres conciertos, cada uno de algo m\u00e1s de una hora de duraci\u00f3n, y cuenta con un anfitri\u00f3n a trav\u00e9s de...\" \/>\n<meta property=\"og:url\" content=\"https:\/\/www.ull.es\/portal\/agenda\/evento\/ciclo-de-conciertos-a-full-con-la-sinfonica-la-septima-de-dvorak\/\" \/>\n<meta property=\"og:site_name\" content=\"ULL - Agenda\" \/>\n<meta property=\"article:modified_time\" content=\"2025-01-27T09:45:01+00:00\" \/>\n<meta property=\"og:image\" content=\"https:\/\/www.ull.es\/portal\/agenda\/wp-content\/uploads\/sites\/12\/2024\/12\/SDT-2421_23_SeptimaDvorak_AgendaWeb_Cultura_700x350px.jpg\" \/>\n\t<meta property=\"og:image:width\" content=\"700\" \/>\n\t<meta property=\"og:image:height\" content=\"350\" \/>\n\t<meta property=\"og:image:type\" content=\"image\/jpeg\" \/>\n<meta name=\"twitter:card\" content=\"summary_large_image\" \/>\n<meta name=\"twitter:label1\" content=\"Tiempo de lectura\" \/>\n\t<meta name=\"twitter:data1\" content=\"3 minutos\" \/>\n<script type=\"application\/ld+json\" class=\"yoast-schema-graph\">{\"@context\":\"https:\/\/schema.org\",\"@graph\":[{\"@type\":\"WebPage\",\"@id\":\"https:\/\/www.ull.es\/portal\/agenda\/evento\/ciclo-de-conciertos-a-full-con-la-sinfonica-la-septima-de-dvorak\/\",\"url\":\"https:\/\/www.ull.es\/portal\/agenda\/evento\/ciclo-de-conciertos-a-full-con-la-sinfonica-la-septima-de-dvorak\/\",\"name\":\"Ciclo de conciertos 'A fULL con la Sinf\u00f3nica' La S\u00e9ptima de Dvorak - ULL - Agenda\",\"isPartOf\":{\"@id\":\"https:\/\/www.ull.es\/portal\/agenda\/#website\"},\"datePublished\":\"2024-12-18T09:13:35+00:00\",\"dateModified\":\"2025-01-27T09:45:01+00:00\",\"breadcrumb\":{\"@id\":\"https:\/\/www.ull.es\/portal\/agenda\/evento\/ciclo-de-conciertos-a-full-con-la-sinfonica-la-septima-de-dvorak\/#breadcrumb\"},\"inLanguage\":\"es\",\"potentialAction\":[{\"@type\":\"ReadAction\",\"target\":[\"https:\/\/www.ull.es\/portal\/agenda\/evento\/ciclo-de-conciertos-a-full-con-la-sinfonica-la-septima-de-dvorak\/\"]}]},{\"@type\":\"BreadcrumbList\",\"@id\":\"https:\/\/www.ull.es\/portal\/agenda\/evento\/ciclo-de-conciertos-a-full-con-la-sinfonica-la-septima-de-dvorak\/#breadcrumb\",\"itemListElement\":[{\"@type\":\"ListItem\",\"position\":1,\"name\":\"Portada\",\"item\":\"https:\/\/www.ull.es\/portal\/agenda\/\"},{\"@type\":\"ListItem\",\"position\":2,\"name\":\"Ciclo de conciertos &#8216;A fULL con la Sinf\u00f3nica&#8217; La S\u00e9ptima de Dvorak\"}]},{\"@type\":\"WebSite\",\"@id\":\"https:\/\/www.ull.es\/portal\/agenda\/#website\",\"url\":\"https:\/\/www.ull.es\/portal\/agenda\/\",\"name\":\"ULL - Agenda\",\"description\":\"\",\"potentialAction\":[{\"@type\":\"SearchAction\",\"target\":{\"@type\":\"EntryPoint\",\"urlTemplate\":\"https:\/\/www.ull.es\/portal\/agenda\/?s={search_term_string}\"},\"query-input\":\"required name=search_term_string\"}],\"inLanguage\":\"es\"}]}<\/script>\n<!-- \/ Yoast SEO plugin. -->","yoast_head_json":{"title":"Ciclo de conciertos 'A fULL con la Sinf\u00f3nica' La S\u00e9ptima de Dvorak - ULL - Agenda","robots":{"index":"index","follow":"follow","max-snippet":"max-snippet:-1","max-image-preview":"max-image-preview:large","max-video-preview":"max-video-preview:-1"},"canonical":"https:\/\/www.ull.es\/portal\/agenda\/evento\/ciclo-de-conciertos-a-full-con-la-sinfonica-la-septima-de-dvorak\/","og_locale":"es_ES","og_type":"article","og_title":"Ciclo de conciertos 'A fULL con la Sinf\u00f3nica' La S\u00e9ptima de Dvorak - ULL - Agenda","og_description":"La Sinf\u00f3nica de Tenerife, gracias a la colaboraci\u00f3n de la Fundaci\u00f3n DISA, vuelve al Paraninfo de la Universidad de La Laguna en la temporada 2024-25 con el programa \u00abA fULL con la Sinf\u00f3nica\u00bb, que abarca tres conciertos, cada uno de algo m\u00e1s de una hora de duraci\u00f3n, y cuenta con un anfitri\u00f3n a trav\u00e9s de...","og_url":"https:\/\/www.ull.es\/portal\/agenda\/evento\/ciclo-de-conciertos-a-full-con-la-sinfonica-la-septima-de-dvorak\/","og_site_name":"ULL - Agenda","article_modified_time":"2025-01-27T09:45:01+00:00","og_image":[{"width":700,"height":350,"url":"https:\/\/www.ull.es\/portal\/agenda\/wp-content\/uploads\/sites\/12\/2024\/12\/SDT-2421_23_SeptimaDvorak_AgendaWeb_Cultura_700x350px.jpg","type":"image\/jpeg"}],"twitter_card":"summary_large_image","twitter_misc":{"Tiempo de lectura":"3 minutos"},"schema":{"@context":"https:\/\/schema.org","@graph":[{"@type":"WebPage","@id":"https:\/\/www.ull.es\/portal\/agenda\/evento\/ciclo-de-conciertos-a-full-con-la-sinfonica-la-septima-de-dvorak\/","url":"https:\/\/www.ull.es\/portal\/agenda\/evento\/ciclo-de-conciertos-a-full-con-la-sinfonica-la-septima-de-dvorak\/","name":"Ciclo de conciertos 'A fULL con la Sinf\u00f3nica' La S\u00e9ptima de Dvorak - ULL - Agenda","isPartOf":{"@id":"https:\/\/www.ull.es\/portal\/agenda\/#website"},"datePublished":"2024-12-18T09:13:35+00:00","dateModified":"2025-01-27T09:45:01+00:00","breadcrumb":{"@id":"https:\/\/www.ull.es\/portal\/agenda\/evento\/ciclo-de-conciertos-a-full-con-la-sinfonica-la-septima-de-dvorak\/#breadcrumb"},"inLanguage":"es","potentialAction":[{"@type":"ReadAction","target":["https:\/\/www.ull.es\/portal\/agenda\/evento\/ciclo-de-conciertos-a-full-con-la-sinfonica-la-septima-de-dvorak\/"]}]},{"@type":"BreadcrumbList","@id":"https:\/\/www.ull.es\/portal\/agenda\/evento\/ciclo-de-conciertos-a-full-con-la-sinfonica-la-septima-de-dvorak\/#breadcrumb","itemListElement":[{"@type":"ListItem","position":1,"name":"Portada","item":"https:\/\/www.ull.es\/portal\/agenda\/"},{"@type":"ListItem","position":2,"name":"Ciclo de conciertos &#8216;A fULL con la Sinf\u00f3nica&#8217; La S\u00e9ptima de Dvorak"}]},{"@type":"WebSite","@id":"https:\/\/www.ull.es\/portal\/agenda\/#website","url":"https:\/\/www.ull.es\/portal\/agenda\/","name":"ULL - Agenda","description":"","potentialAction":[{"@type":"SearchAction","target":{"@type":"EntryPoint","urlTemplate":"https:\/\/www.ull.es\/portal\/agenda\/?s={search_term_string}"},"query-input":"required name=search_term_string"}],"inLanguage":"es"}]}},"_links":{"self":[{"href":"https:\/\/www.ull.es\/portal\/agenda\/wp-json\/wp\/v2\/tribe_events\/40062"}],"collection":[{"href":"https:\/\/www.ull.es\/portal\/agenda\/wp-json\/wp\/v2\/tribe_events"}],"about":[{"href":"https:\/\/www.ull.es\/portal\/agenda\/wp-json\/wp\/v2\/types\/tribe_events"}],"author":[{"embeddable":true,"href":"https:\/\/www.ull.es\/portal\/agenda\/wp-json\/wp\/v2\/users\/65"}],"replies":[{"embeddable":true,"href":"https:\/\/www.ull.es\/portal\/agenda\/wp-json\/wp\/v2\/comments?post=40062"}],"version-history":[{"count":6,"href":"https:\/\/www.ull.es\/portal\/agenda\/wp-json\/wp\/v2\/tribe_events\/40062\/revisions"}],"predecessor-version":[{"id":40353,"href":"https:\/\/www.ull.es\/portal\/agenda\/wp-json\/wp\/v2\/tribe_events\/40062\/revisions\/40353"}],"wp:featuredmedia":[{"embeddable":true,"href":"https:\/\/www.ull.es\/portal\/agenda\/wp-json\/wp\/v2\/media\/40063"}],"wp:attachment":[{"href":"https:\/\/www.ull.es\/portal\/agenda\/wp-json\/wp\/v2\/media?parent=40062"}],"wp:term":[{"taxonomy":"post_tag","embeddable":true,"href":"https:\/\/www.ull.es\/portal\/agenda\/wp-json\/wp\/v2\/tags?post=40062"},{"taxonomy":"tribe_events_cat","embeddable":true,"href":"https:\/\/www.ull.es\/portal\/agenda\/wp-json\/wp\/v2\/tribe_events_cat?post=40062"}],"curies":[{"name":"wp","href":"https:\/\/api.w.org\/{rel}","templated":true}]}}