{"id":40165,"date":"2025-01-09T14:01:35","date_gmt":"2025-01-09T14:01:35","guid":{"rendered":"https:\/\/www.ull.es\/portal\/agenda\/?post_type=tribe_events&#038;p=40165"},"modified":"2025-01-13T10:01:30","modified_gmt":"2025-01-13T10:01:30","slug":"seminario-de-investigacion-avanzada-cambio-climatico-y-derecho-del-trabajo","status":"publish","type":"tribe_events","link":"https:\/\/www.ull.es\/portal\/agenda\/evento\/seminario-de-investigacion-avanzada-cambio-climatico-y-derecho-del-trabajo\/","title":{"rendered":"Seminario de Investigaci\u00f3n Avanzada \u00abCambio Clim\u00e1tico y Derecho del Trabajo\u00bb"},"content":{"rendered":"<p>Los pr\u00f3ximos 23 y 24 de enero el Proyecto de investigaci\u00f3n \u00abLas estrategias de las organizaciones sindicales y el papel de los interlocutores sociales en el proceso de transici\u00f3n justa, cambio clim\u00e1tico y respeto del medio ambiente\u00bb organiza un Seminario de Investigaci\u00f3n Avanzada \u00abCambio Clim\u00e1tico y Derecho del Trabajo\u00bb, un evento dedicado a explorar el impacto del cambio clim\u00e1tico en aspectos relativos al Derecho del trabajo, especialmente en lo relativo al contrato de trabajo, los derechos colectivos, y la salud laboral. Tambi\u00e9n se abordar\u00e1n los nuevos derechos medioambientales reconocidos en la reciente reforma del Estatuto de los Trabajadores. El programa incluye ponencias de expertos, que compartir\u00e1n su visi\u00f3n y experiencia sobre los procesos de transici\u00f3n justa y sostenibilidad.<\/p>\n<p>Se emitir\u00e1 certificado a aquellas personas que asistan ambos d\u00edas.<\/p>\n<p><a href=\"https:\/\/drive.google.com\/file\/d\/17HfPN1FydDA0TOqMa8usPV_-sptT27Gf\/view?usp=sharing\" target=\"_blank\" rel=\"noopener\" target=\"_blank\" rel=\"noopener\">Programa<\/a><\/p>\n<p><a href=\"https:\/\/docs.google.com\/forms\/d\/1v8RW1w60jPRqTUnVkETwL4rotq8F9G_fnND5uEGSzRQ\/viewform?edit_requested=true#settings\" target=\"_blank\" rel=\"noopener\" target=\"_blank\" rel=\"noopener\">Inscripci\u00f3n<\/a><\/p>\n","protected":false},"excerpt":{"rendered":"<p>Los pr\u00f3ximos 23 y 24 de enero el Proyecto de investigaci\u00f3n \u00abLas estrategias de las organizaciones sindicales y el papel de los interlocutores sociales en el proceso de transici\u00f3n justa, cambio clim\u00e1tico y respeto del medio ambiente\u00bb organiza un Seminario de Investigaci\u00f3n Avanzada \u00abCambio Clim\u00e1tico y Derecho del Trabajo\u00bb, un evento dedicado a explorar el&#8230;<\/p>\n","protected":false},"author":65,"featured_media":40184,"comment_status":"closed","ping_status":"closed","template":"","tags":[],"tribe_events_cat":[4,865,191],"acf":[],"yoast_head":"<!-- This site is optimized with the Yoast SEO plugin v21.3 - https:\/\/yoast.com\/wordpress\/plugins\/seo\/ -->\n<title>Seminario de Investigaci\u00f3n Avanzada &quot;Cambio Clim\u00e1tico y Derecho del Trabajo&quot; - ULL - Agenda<\/title>\n<meta name=\"robots\" content=\"index, follow, max-snippet:-1, max-image-preview:large, max-video-preview:-1\" \/>\n<link rel=\"canonical\" href=\"https:\/\/www.ull.es\/portal\/agenda\/evento\/seminario-de-investigacion-avanzada-cambio-climatico-y-derecho-del-trabajo\/\" \/>\n<meta property=\"og:locale\" content=\"es_ES\" \/>\n<meta property=\"og:type\" content=\"article\" \/>\n<meta property=\"og:title\" content=\"Seminario de Investigaci\u00f3n Avanzada &quot;Cambio Clim\u00e1tico y Derecho del Trabajo&quot; - ULL - Agenda\" \/>\n<meta property=\"og:description\" content=\"Los pr\u00f3ximos 23 y 24 de enero el Proyecto de investigaci\u00f3n \u00abLas estrategias de las organizaciones sindicales y el papel de los interlocutores sociales en el proceso de transici\u00f3n justa, cambio clim\u00e1tico y respeto del medio ambiente\u00bb organiza un Seminario de Investigaci\u00f3n Avanzada \u00abCambio Clim\u00e1tico y Derecho del Trabajo\u00bb, un evento dedicado a explorar el...\" \/>\n<meta property=\"og:url\" content=\"https:\/\/www.ull.es\/portal\/agenda\/evento\/seminario-de-investigacion-avanzada-cambio-climatico-y-derecho-del-trabajo\/\" \/>\n<meta property=\"og:site_name\" content=\"ULL - Agenda\" \/>\n<meta property=\"article:modified_time\" content=\"2025-01-13T10:01:30+00:00\" \/>\n<meta property=\"og:image\" content=\"https:\/\/www.ull.es\/portal\/agenda\/wp-content\/uploads\/sites\/12\/2025\/01\/Seminario-cambio-climatico_Banner-eventos.png\" \/>\n\t<meta property=\"og:image:width\" content=\"750\" \/>\n\t<meta property=\"og:image:height\" content=\"370\" \/>\n\t<meta property=\"og:image:type\" content=\"image\/png\" \/>\n<meta name=\"twitter:card\" content=\"summary_large_image\" \/>\n<meta name=\"twitter:label1\" content=\"Tiempo de lectura\" \/>\n\t<meta name=\"twitter:data1\" content=\"1 minuto\" \/>\n<script type=\"application\/ld+json\" class=\"yoast-schema-graph\">{\"@context\":\"https:\/\/schema.org\",\"@graph\":[{\"@type\":\"WebPage\",\"@id\":\"https:\/\/www.ull.es\/portal\/agenda\/evento\/seminario-de-investigacion-avanzada-cambio-climatico-y-derecho-del-trabajo\/\",\"url\":\"https:\/\/www.ull.es\/portal\/agenda\/evento\/seminario-de-investigacion-avanzada-cambio-climatico-y-derecho-del-trabajo\/\",\"name\":\"Seminario de Investigaci\u00f3n Avanzada \\\"Cambio Clim\u00e1tico y Derecho del Trabajo\\\" - ULL - Agenda\",\"isPartOf\":{\"@id\":\"https:\/\/www.ull.es\/portal\/agenda\/#website\"},\"datePublished\":\"2025-01-09T14:01:35+00:00\",\"dateModified\":\"2025-01-13T10:01:30+00:00\",\"breadcrumb\":{\"@id\":\"https:\/\/www.ull.es\/portal\/agenda\/evento\/seminario-de-investigacion-avanzada-cambio-climatico-y-derecho-del-trabajo\/#breadcrumb\"},\"inLanguage\":\"es\",\"potentialAction\":[{\"@type\":\"ReadAction\",\"target\":[\"https:\/\/www.ull.es\/portal\/agenda\/evento\/seminario-de-investigacion-avanzada-cambio-climatico-y-derecho-del-trabajo\/\"]}]},{\"@type\":\"BreadcrumbList\",\"@id\":\"https:\/\/www.ull.es\/portal\/agenda\/evento\/seminario-de-investigacion-avanzada-cambio-climatico-y-derecho-del-trabajo\/#breadcrumb\",\"itemListElement\":[{\"@type\":\"ListItem\",\"position\":1,\"name\":\"Portada\",\"item\":\"https:\/\/www.ull.es\/portal\/agenda\/\"},{\"@type\":\"ListItem\",\"position\":2,\"name\":\"Seminario de Investigaci\u00f3n Avanzada \u00abCambio Clim\u00e1tico y Derecho del Trabajo\u00bb\"}]},{\"@type\":\"WebSite\",\"@id\":\"https:\/\/www.ull.es\/portal\/agenda\/#website\",\"url\":\"https:\/\/www.ull.es\/portal\/agenda\/\",\"name\":\"ULL - Agenda\",\"description\":\"\",\"potentialAction\":[{\"@type\":\"SearchAction\",\"target\":{\"@type\":\"EntryPoint\",\"urlTemplate\":\"https:\/\/www.ull.es\/portal\/agenda\/?s={search_term_string}\"},\"query-input\":\"required name=search_term_string\"}],\"inLanguage\":\"es\"}]}<\/script>\n<!-- \/ Yoast SEO plugin. -->","yoast_head_json":{"title":"Seminario de Investigaci\u00f3n Avanzada \"Cambio Clim\u00e1tico y Derecho del Trabajo\" - ULL - Agenda","robots":{"index":"index","follow":"follow","max-snippet":"max-snippet:-1","max-image-preview":"max-image-preview:large","max-video-preview":"max-video-preview:-1"},"canonical":"https:\/\/www.ull.es\/portal\/agenda\/evento\/seminario-de-investigacion-avanzada-cambio-climatico-y-derecho-del-trabajo\/","og_locale":"es_ES","og_type":"article","og_title":"Seminario de Investigaci\u00f3n Avanzada \"Cambio Clim\u00e1tico y Derecho del Trabajo\" - ULL - Agenda","og_description":"Los pr\u00f3ximos 23 y 24 de enero el Proyecto de investigaci\u00f3n \u00abLas estrategias de las organizaciones sindicales y el papel de los interlocutores sociales en el proceso de transici\u00f3n justa, cambio clim\u00e1tico y respeto del medio ambiente\u00bb organiza un Seminario de Investigaci\u00f3n Avanzada \u00abCambio Clim\u00e1tico y Derecho del Trabajo\u00bb, un evento dedicado a explorar el...","og_url":"https:\/\/www.ull.es\/portal\/agenda\/evento\/seminario-de-investigacion-avanzada-cambio-climatico-y-derecho-del-trabajo\/","og_site_name":"ULL - Agenda","article_modified_time":"2025-01-13T10:01:30+00:00","og_image":[{"width":750,"height":370,"url":"https:\/\/www.ull.es\/portal\/agenda\/wp-content\/uploads\/sites\/12\/2025\/01\/Seminario-cambio-climatico_Banner-eventos.png","type":"image\/png"}],"twitter_card":"summary_large_image","twitter_misc":{"Tiempo de lectura":"1 minuto"},"schema":{"@context":"https:\/\/schema.org","@graph":[{"@type":"WebPage","@id":"https:\/\/www.ull.es\/portal\/agenda\/evento\/seminario-de-investigacion-avanzada-cambio-climatico-y-derecho-del-trabajo\/","url":"https:\/\/www.ull.es\/portal\/agenda\/evento\/seminario-de-investigacion-avanzada-cambio-climatico-y-derecho-del-trabajo\/","name":"Seminario de Investigaci\u00f3n Avanzada \"Cambio Clim\u00e1tico y Derecho del Trabajo\" - ULL - Agenda","isPartOf":{"@id":"https:\/\/www.ull.es\/portal\/agenda\/#website"},"datePublished":"2025-01-09T14:01:35+00:00","dateModified":"2025-01-13T10:01:30+00:00","breadcrumb":{"@id":"https:\/\/www.ull.es\/portal\/agenda\/evento\/seminario-de-investigacion-avanzada-cambio-climatico-y-derecho-del-trabajo\/#breadcrumb"},"inLanguage":"es","potentialAction":[{"@type":"ReadAction","target":["https:\/\/www.ull.es\/portal\/agenda\/evento\/seminario-de-investigacion-avanzada-cambio-climatico-y-derecho-del-trabajo\/"]}]},{"@type":"BreadcrumbList","@id":"https:\/\/www.ull.es\/portal\/agenda\/evento\/seminario-de-investigacion-avanzada-cambio-climatico-y-derecho-del-trabajo\/#breadcrumb","itemListElement":[{"@type":"ListItem","position":1,"name":"Portada","item":"https:\/\/www.ull.es\/portal\/agenda\/"},{"@type":"ListItem","position":2,"name":"Seminario de Investigaci\u00f3n Avanzada \u00abCambio Clim\u00e1tico y Derecho del Trabajo\u00bb"}]},{"@type":"WebSite","@id":"https:\/\/www.ull.es\/portal\/agenda\/#website","url":"https:\/\/www.ull.es\/portal\/agenda\/","name":"ULL - Agenda","description":"","potentialAction":[{"@type":"SearchAction","target":{"@type":"EntryPoint","urlTemplate":"https:\/\/www.ull.es\/portal\/agenda\/?s={search_term_string}"},"query-input":"required name=search_term_string"}],"inLanguage":"es"}]}},"_links":{"self":[{"href":"https:\/\/www.ull.es\/portal\/agenda\/wp-json\/wp\/v2\/tribe_events\/40165"}],"collection":[{"href":"https:\/\/www.ull.es\/portal\/agenda\/wp-json\/wp\/v2\/tribe_events"}],"about":[{"href":"https:\/\/www.ull.es\/portal\/agenda\/wp-json\/wp\/v2\/types\/tribe_events"}],"author":[{"embeddable":true,"href":"https:\/\/www.ull.es\/portal\/agenda\/wp-json\/wp\/v2\/users\/65"}],"replies":[{"embeddable":true,"href":"https:\/\/www.ull.es\/portal\/agenda\/wp-json\/wp\/v2\/comments?post=40165"}],"version-history":[{"count":3,"href":"https:\/\/www.ull.es\/portal\/agenda\/wp-json\/wp\/v2\/tribe_events\/40165\/revisions"}],"predecessor-version":[{"id":40168,"href":"https:\/\/www.ull.es\/portal\/agenda\/wp-json\/wp\/v2\/tribe_events\/40165\/revisions\/40168"}],"wp:featuredmedia":[{"embeddable":true,"href":"https:\/\/www.ull.es\/portal\/agenda\/wp-json\/wp\/v2\/media\/40184"}],"wp:attachment":[{"href":"https:\/\/www.ull.es\/portal\/agenda\/wp-json\/wp\/v2\/media?parent=40165"}],"wp:term":[{"taxonomy":"post_tag","embeddable":true,"href":"https:\/\/www.ull.es\/portal\/agenda\/wp-json\/wp\/v2\/tags?post=40165"},{"taxonomy":"tribe_events_cat","embeddable":true,"href":"https:\/\/www.ull.es\/portal\/agenda\/wp-json\/wp\/v2\/tribe_events_cat?post=40165"}],"curies":[{"name":"wp","href":"https:\/\/api.w.org\/{rel}","templated":true}]}}