{"id":40293,"date":"2025-01-21T13:44:29","date_gmt":"2025-01-21T13:44:29","guid":{"rendered":"https:\/\/www.ull.es\/portal\/agenda\/?post_type=tribe_events&#038;p=40293"},"modified":"2025-04-01T10:09:54","modified_gmt":"2025-04-01T10:09:54","slug":"gala-solistas-de-ballet-clasico-international-ballet-company","status":"publish","type":"tribe_events","link":"https:\/\/www.ull.es\/portal\/agenda\/evento\/gala-solistas-de-ballet-clasico-international-ballet-company\/","title":{"rendered":"Gala Solistas de Ballet Cl\u00e1sico. International Ballet Company"},"content":{"rendered":"<p>Gala de Solistas de ballet cl\u00e1sico. En esta noche m\u00e1gica, se podr\u00e1 disfrutar de los m\u00e1s impresionantes solos de algunos de los ballets m\u00e1s queridos de todos los tiempos. Los primeros bailarines se presentar\u00e1n en solitario con piezas de renombre mundial, \u00abEl Lago de los Cisnes\u00bb, \u00abDon Quijote\u00bb, \u201cChopiniana\u201d o \u201cEl Corsario\u201d, entre otros mostrando su talento y brindando un espect\u00e1culo inolvidable para todos los amantes del arte y la danza. Una oportunidad \u00fanica de disfrutar del ballet cl\u00e1sico en su m\u00e1xima expresi\u00f3n.<\/p>\n<p><strong>PROGRAMA<\/strong><\/p>\n<ol>\n<li>\u201cEl Corsario &#8211; Pas D\u2019esclave\u201d \u2013 Adolph Adam<br \/>\nPetr Raikov &#8211; Vera Lenskaya<\/li>\n<li>\u00abLago de los Cisnes &#8211; Adagio 2\u00ba acto\u201d &#8211; P. I. Tchaikovsky<br \/>\nSofia Matiusenscaia &#8211; Egor Burba<\/li>\n<li>\u201cLa Bayadera &#8211; Pas d\u2019action\u201d &#8211; Ludwig Minkus<br \/>\nNatalia Bohdan &#8211; Vasilii Bogdan<\/li>\n<li>\u00abChopiniana \u2013 Vals n\u00ba7\u201d &#8211; Frederic Chopin<br \/>\nCristina Terentiev-Alexandru Balan<\/li>\n<li>\u00abDiana y Acteon \u2013 Adagio y Coda\u201d &#8211; Cesare Pugni<br \/>\nPetr Raikov &#8211; Vera Lenskaya<\/li>\n<li>\u201cEl Corsario &#8211; Pas de Deux\u201d &#8211; Ricardo Drigo<br \/>\nSofia Matiusenscaia &#8211; Egor Burba<\/li>\n<li>\u201cTalisman &#8211; Adagio y Coda\u201d &#8211; Ricardo Grigo<br \/>\nNatalia Bohdan &#8211; Vasilii Bogdan<\/li>\n<li>\u201cDon Quijote \u2013 Pas de Deux\u201c &#8211; Ludwig Minkus<br \/>\nCristina Terentiev-Alexandru Balan<\/li>\n<\/ol>\n<p><a href=\"https:\/\/www.ecoentradas.com\/elegirsesion\/2514\" target=\"_blank\" rel=\"noopener\" target=\"_blank\" rel=\"noopener\">Entradas<\/a><\/p>\n","protected":false},"excerpt":{"rendered":"<p>Gala de Solistas de ballet cl\u00e1sico. En esta noche m\u00e1gica, se podr\u00e1 disfrutar de los m\u00e1s impresionantes solos de algunos de los ballets m\u00e1s queridos de todos los tiempos. Los primeros bailarines se presentar\u00e1n en solitario con piezas de renombre mundial, \u00abEl Lago de los Cisnes\u00bb, \u00abDon Quijote\u00bb, \u201cChopiniana\u201d o \u201cEl Corsario\u201d, entre otros mostrando&#8230;<\/p>\n","protected":false},"author":65,"featured_media":41949,"comment_status":"closed","ping_status":"closed","template":"","tags":[],"tribe_events_cat":[3987,4,343,186,191],"acf":[],"yoast_head":"<!-- This site is optimized with the Yoast SEO plugin v21.3 - https:\/\/yoast.com\/wordpress\/plugins\/seo\/ -->\n<title>Gala Solistas de Ballet Cl\u00e1sico. International Ballet Company - ULL - Agenda<\/title>\n<meta name=\"robots\" content=\"index, follow, max-snippet:-1, max-image-preview:large, max-video-preview:-1\" \/>\n<link rel=\"canonical\" href=\"https:\/\/www.ull.es\/portal\/agenda\/evento\/gala-solistas-de-ballet-clasico-international-ballet-company\/\" \/>\n<meta property=\"og:locale\" content=\"es_ES\" \/>\n<meta property=\"og:type\" content=\"article\" \/>\n<meta property=\"og:title\" content=\"Gala Solistas de Ballet Cl\u00e1sico. International Ballet Company - ULL - Agenda\" \/>\n<meta property=\"og:description\" content=\"Gala de Solistas de ballet cl\u00e1sico. En esta noche m\u00e1gica, se podr\u00e1 disfrutar de los m\u00e1s impresionantes solos de algunos de los ballets m\u00e1s queridos de todos los tiempos. Los primeros bailarines se presentar\u00e1n en solitario con piezas de renombre mundial, \u00abEl Lago de los Cisnes\u00bb, \u00abDon Quijote\u00bb, \u201cChopiniana\u201d o \u201cEl Corsario\u201d, entre otros mostrando...\" \/>\n<meta property=\"og:url\" content=\"https:\/\/www.ull.es\/portal\/agenda\/evento\/gala-solistas-de-ballet-clasico-international-ballet-company\/\" \/>\n<meta property=\"og:site_name\" content=\"ULL - Agenda\" \/>\n<meta property=\"article:modified_time\" content=\"2025-04-01T10:09:54+00:00\" \/>\n<meta property=\"og:image\" content=\"https:\/\/www.ull.es\/portal\/agenda\/wp-content\/uploads\/sites\/12\/2025\/01\/750x370-Gala25-Descuento-2.jpg\" \/>\n\t<meta property=\"og:image:width\" content=\"750\" \/>\n\t<meta property=\"og:image:height\" content=\"370\" \/>\n\t<meta property=\"og:image:type\" content=\"image\/jpeg\" \/>\n<meta name=\"twitter:card\" content=\"summary_large_image\" \/>\n<meta name=\"twitter:label1\" content=\"Tiempo de lectura\" \/>\n\t<meta name=\"twitter:data1\" content=\"1 minuto\" \/>\n<script type=\"application\/ld+json\" class=\"yoast-schema-graph\">{\"@context\":\"https:\/\/schema.org\",\"@graph\":[{\"@type\":\"WebPage\",\"@id\":\"https:\/\/www.ull.es\/portal\/agenda\/evento\/gala-solistas-de-ballet-clasico-international-ballet-company\/\",\"url\":\"https:\/\/www.ull.es\/portal\/agenda\/evento\/gala-solistas-de-ballet-clasico-international-ballet-company\/\",\"name\":\"Gala Solistas de Ballet Cl\u00e1sico. International Ballet Company - ULL - Agenda\",\"isPartOf\":{\"@id\":\"https:\/\/www.ull.es\/portal\/agenda\/#website\"},\"datePublished\":\"2025-01-21T13:44:29+00:00\",\"dateModified\":\"2025-04-01T10:09:54+00:00\",\"breadcrumb\":{\"@id\":\"https:\/\/www.ull.es\/portal\/agenda\/evento\/gala-solistas-de-ballet-clasico-international-ballet-company\/#breadcrumb\"},\"inLanguage\":\"es\",\"potentialAction\":[{\"@type\":\"ReadAction\",\"target\":[\"https:\/\/www.ull.es\/portal\/agenda\/evento\/gala-solistas-de-ballet-clasico-international-ballet-company\/\"]}]},{\"@type\":\"BreadcrumbList\",\"@id\":\"https:\/\/www.ull.es\/portal\/agenda\/evento\/gala-solistas-de-ballet-clasico-international-ballet-company\/#breadcrumb\",\"itemListElement\":[{\"@type\":\"ListItem\",\"position\":1,\"name\":\"Portada\",\"item\":\"https:\/\/www.ull.es\/portal\/agenda\/\"},{\"@type\":\"ListItem\",\"position\":2,\"name\":\"Gala Solistas de Ballet Cl\u00e1sico. International Ballet Company\"}]},{\"@type\":\"WebSite\",\"@id\":\"https:\/\/www.ull.es\/portal\/agenda\/#website\",\"url\":\"https:\/\/www.ull.es\/portal\/agenda\/\",\"name\":\"ULL - Agenda\",\"description\":\"\",\"potentialAction\":[{\"@type\":\"SearchAction\",\"target\":{\"@type\":\"EntryPoint\",\"urlTemplate\":\"https:\/\/www.ull.es\/portal\/agenda\/?s={search_term_string}\"},\"query-input\":\"required name=search_term_string\"}],\"inLanguage\":\"es\"}]}<\/script>\n<!-- \/ Yoast SEO plugin. -->","yoast_head_json":{"title":"Gala Solistas de Ballet Cl\u00e1sico. International Ballet Company - ULL - Agenda","robots":{"index":"index","follow":"follow","max-snippet":"max-snippet:-1","max-image-preview":"max-image-preview:large","max-video-preview":"max-video-preview:-1"},"canonical":"https:\/\/www.ull.es\/portal\/agenda\/evento\/gala-solistas-de-ballet-clasico-international-ballet-company\/","og_locale":"es_ES","og_type":"article","og_title":"Gala Solistas de Ballet Cl\u00e1sico. International Ballet Company - ULL - Agenda","og_description":"Gala de Solistas de ballet cl\u00e1sico. En esta noche m\u00e1gica, se podr\u00e1 disfrutar de los m\u00e1s impresionantes solos de algunos de los ballets m\u00e1s queridos de todos los tiempos. Los primeros bailarines se presentar\u00e1n en solitario con piezas de renombre mundial, \u00abEl Lago de los Cisnes\u00bb, \u00abDon Quijote\u00bb, \u201cChopiniana\u201d o \u201cEl Corsario\u201d, entre otros mostrando...","og_url":"https:\/\/www.ull.es\/portal\/agenda\/evento\/gala-solistas-de-ballet-clasico-international-ballet-company\/","og_site_name":"ULL - Agenda","article_modified_time":"2025-04-01T10:09:54+00:00","og_image":[{"width":750,"height":370,"url":"https:\/\/www.ull.es\/portal\/agenda\/wp-content\/uploads\/sites\/12\/2025\/01\/750x370-Gala25-Descuento-2.jpg","type":"image\/jpeg"}],"twitter_card":"summary_large_image","twitter_misc":{"Tiempo de lectura":"1 minuto"},"schema":{"@context":"https:\/\/schema.org","@graph":[{"@type":"WebPage","@id":"https:\/\/www.ull.es\/portal\/agenda\/evento\/gala-solistas-de-ballet-clasico-international-ballet-company\/","url":"https:\/\/www.ull.es\/portal\/agenda\/evento\/gala-solistas-de-ballet-clasico-international-ballet-company\/","name":"Gala Solistas de Ballet Cl\u00e1sico. International Ballet Company - ULL - Agenda","isPartOf":{"@id":"https:\/\/www.ull.es\/portal\/agenda\/#website"},"datePublished":"2025-01-21T13:44:29+00:00","dateModified":"2025-04-01T10:09:54+00:00","breadcrumb":{"@id":"https:\/\/www.ull.es\/portal\/agenda\/evento\/gala-solistas-de-ballet-clasico-international-ballet-company\/#breadcrumb"},"inLanguage":"es","potentialAction":[{"@type":"ReadAction","target":["https:\/\/www.ull.es\/portal\/agenda\/evento\/gala-solistas-de-ballet-clasico-international-ballet-company\/"]}]},{"@type":"BreadcrumbList","@id":"https:\/\/www.ull.es\/portal\/agenda\/evento\/gala-solistas-de-ballet-clasico-international-ballet-company\/#breadcrumb","itemListElement":[{"@type":"ListItem","position":1,"name":"Portada","item":"https:\/\/www.ull.es\/portal\/agenda\/"},{"@type":"ListItem","position":2,"name":"Gala Solistas de Ballet Cl\u00e1sico. International Ballet Company"}]},{"@type":"WebSite","@id":"https:\/\/www.ull.es\/portal\/agenda\/#website","url":"https:\/\/www.ull.es\/portal\/agenda\/","name":"ULL - Agenda","description":"","potentialAction":[{"@type":"SearchAction","target":{"@type":"EntryPoint","urlTemplate":"https:\/\/www.ull.es\/portal\/agenda\/?s={search_term_string}"},"query-input":"required name=search_term_string"}],"inLanguage":"es"}]}},"_links":{"self":[{"href":"https:\/\/www.ull.es\/portal\/agenda\/wp-json\/wp\/v2\/tribe_events\/40293"}],"collection":[{"href":"https:\/\/www.ull.es\/portal\/agenda\/wp-json\/wp\/v2\/tribe_events"}],"about":[{"href":"https:\/\/www.ull.es\/portal\/agenda\/wp-json\/wp\/v2\/types\/tribe_events"}],"author":[{"embeddable":true,"href":"https:\/\/www.ull.es\/portal\/agenda\/wp-json\/wp\/v2\/users\/65"}],"replies":[{"embeddable":true,"href":"https:\/\/www.ull.es\/portal\/agenda\/wp-json\/wp\/v2\/comments?post=40293"}],"version-history":[{"count":1,"href":"https:\/\/www.ull.es\/portal\/agenda\/wp-json\/wp\/v2\/tribe_events\/40293\/revisions"}],"predecessor-version":[{"id":40295,"href":"https:\/\/www.ull.es\/portal\/agenda\/wp-json\/wp\/v2\/tribe_events\/40293\/revisions\/40295"}],"wp:featuredmedia":[{"embeddable":true,"href":"https:\/\/www.ull.es\/portal\/agenda\/wp-json\/wp\/v2\/media\/41949"}],"wp:attachment":[{"href":"https:\/\/www.ull.es\/portal\/agenda\/wp-json\/wp\/v2\/media?parent=40293"}],"wp:term":[{"taxonomy":"post_tag","embeddable":true,"href":"https:\/\/www.ull.es\/portal\/agenda\/wp-json\/wp\/v2\/tags?post=40293"},{"taxonomy":"tribe_events_cat","embeddable":true,"href":"https:\/\/www.ull.es\/portal\/agenda\/wp-json\/wp\/v2\/tribe_events_cat?post=40293"}],"curies":[{"name":"wp","href":"https:\/\/api.w.org\/{rel}","templated":true}]}}