{"id":40490,"date":"2025-02-05T10:24:47","date_gmt":"2025-02-05T10:24:47","guid":{"rendered":"https:\/\/www.ull.es\/portal\/agenda\/?post_type=tribe_events&#038;p=40490"},"modified":"2025-02-05T10:57:53","modified_gmt":"2025-02-05T10:57:53","slug":"conferencia-el-teleferico-del-teide-la-transicion-hacia-un-futuro-sostenible","status":"publish","type":"tribe_events","link":"https:\/\/www.ull.es\/portal\/agenda\/evento\/conferencia-el-teleferico-del-teide-la-transicion-hacia-un-futuro-sostenible\/","title":{"rendered":"Conferencia: \u00abEl Telef\u00e9rico del Teide. La transici\u00f3n hacia un futuro sostenible\u00bb"},"content":{"rendered":"<p>La Sala de Juntas de la Escuela Polit\u00e9cnica Superior de Ingenier\u00eda de la Universidad de La Laguna acoge el lunes 10 de febrero a las 12:00 horas la conferencia \u00abEl Telef\u00e9rico del Teide. La transici\u00f3n hacia un futuro sostenible\u00bb, impartida por Luis Pintor Sep\u00falveda, decano de la Demarcaci\u00f3n de Santa Cruz de Tenerife del Colegio de Ingenieros de Caminos, Canales y Puertos y Director t\u00e9cnico en Telef\u00e9rico del Teide.<\/p>\n<p>La historia del Telef\u00e9rico del Teide se remonta a los a\u00f1os 30 del siglo XX, culminando su construcci\u00f3n a principios de los a\u00f1os 70 y realizando su viaje inaugural el 18 de julio de 1972. La edificaci\u00f3n de esta infraestructura represent\u00f3 un gran desaf\u00edo, principalmente debido a las exigentes condiciones de alta monta\u00f1a, los rigurosos inviernos y las dificultades para transportar los materiales de construcci\u00f3n a lo largo de la l\u00ednea. Adem\u00e1s, el telef\u00e9rico se encontraba aislado del resto de la isla en t\u00e9rminos de suministro el\u00e9ctrico, agua y telecomunicaciones, lo que lo convert\u00eda en una \u00abisla dentro de la isla\u00bb.<\/p>\n<p>En la actualidad, la transici\u00f3n energ\u00e9tica del Telef\u00e9rico lo ha posicionado a la vanguardia de la gesti\u00f3n energ\u00e9tica, utilizando energ\u00edas renovables en sistemas aislados y eliminando las emisiones de los antiguos motores di\u00e9sel. La implementaci\u00f3n de un sistema de energ\u00eda limpia en un espacio natural protegido como el Parque Nacional del Teide es un excelente ejemplo de compromiso medioambiental y turismo sostenible.<\/p>\n<p>&nbsp;<\/p>\n","protected":false},"excerpt":{"rendered":"<p>La Sala de Juntas de la Escuela Polit\u00e9cnica Superior de Ingenier\u00eda de la Universidad de La Laguna acoge el lunes 10 de febrero a las 12:00 horas la conferencia \u00abEl Telef\u00e9rico del Teide. La transici\u00f3n hacia un futuro sostenible\u00bb, impartida por Luis Pintor Sep\u00falveda, decano de la Demarcaci\u00f3n de Santa Cruz de Tenerife del Colegio&#8230;<\/p>\n","protected":false},"author":65,"featured_media":40497,"comment_status":"closed","ping_status":"closed","template":"","tags":[],"tribe_events_cat":[4,915,186],"acf":[],"yoast_head":"<!-- This site is optimized with the Yoast SEO plugin v21.3 - https:\/\/yoast.com\/wordpress\/plugins\/seo\/ -->\n<title>Conferencia: &quot;El Telef\u00e9rico del Teide. La transici\u00f3n hacia un futuro sostenible&quot; - ULL - Agenda<\/title>\n<meta name=\"robots\" content=\"index, follow, max-snippet:-1, max-image-preview:large, max-video-preview:-1\" \/>\n<link rel=\"canonical\" href=\"https:\/\/www.ull.es\/portal\/agenda\/evento\/conferencia-el-teleferico-del-teide-la-transicion-hacia-un-futuro-sostenible\/\" \/>\n<meta property=\"og:locale\" content=\"es_ES\" \/>\n<meta property=\"og:type\" content=\"article\" \/>\n<meta property=\"og:title\" content=\"Conferencia: &quot;El Telef\u00e9rico del Teide. La transici\u00f3n hacia un futuro sostenible&quot; - ULL - Agenda\" \/>\n<meta property=\"og:description\" content=\"La Sala de Juntas de la Escuela Polit\u00e9cnica Superior de Ingenier\u00eda de la Universidad de La Laguna acoge el lunes 10 de febrero a las 12:00 horas la conferencia \u00abEl Telef\u00e9rico del Teide. La transici\u00f3n hacia un futuro sostenible\u00bb, impartida por Luis Pintor Sep\u00falveda, decano de la Demarcaci\u00f3n de Santa Cruz de Tenerife del Colegio...\" \/>\n<meta property=\"og:url\" content=\"https:\/\/www.ull.es\/portal\/agenda\/evento\/conferencia-el-teleferico-del-teide-la-transicion-hacia-un-futuro-sostenible\/\" \/>\n<meta property=\"og:site_name\" content=\"ULL - Agenda\" \/>\n<meta property=\"article:modified_time\" content=\"2025-02-05T10:57:53+00:00\" \/>\n<meta property=\"og:image\" content=\"https:\/\/www.ull.es\/portal\/agenda\/wp-content\/uploads\/sites\/12\/2025\/02\/Conferencia-Teleferico-del-Teide_Banner-eventos.png\" \/>\n\t<meta property=\"og:image:width\" content=\"760\" \/>\n\t<meta property=\"og:image:height\" content=\"380\" \/>\n\t<meta property=\"og:image:type\" content=\"image\/png\" \/>\n<meta name=\"twitter:card\" content=\"summary_large_image\" \/>\n<meta name=\"twitter:label1\" content=\"Tiempo de lectura\" \/>\n\t<meta name=\"twitter:data1\" content=\"2 minutos\" \/>\n<script type=\"application\/ld+json\" class=\"yoast-schema-graph\">{\"@context\":\"https:\/\/schema.org\",\"@graph\":[{\"@type\":\"WebPage\",\"@id\":\"https:\/\/www.ull.es\/portal\/agenda\/evento\/conferencia-el-teleferico-del-teide-la-transicion-hacia-un-futuro-sostenible\/\",\"url\":\"https:\/\/www.ull.es\/portal\/agenda\/evento\/conferencia-el-teleferico-del-teide-la-transicion-hacia-un-futuro-sostenible\/\",\"name\":\"Conferencia: \\\"El Telef\u00e9rico del Teide. La transici\u00f3n hacia un futuro sostenible\\\" - ULL - Agenda\",\"isPartOf\":{\"@id\":\"https:\/\/www.ull.es\/portal\/agenda\/#website\"},\"datePublished\":\"2025-02-05T10:24:47+00:00\",\"dateModified\":\"2025-02-05T10:57:53+00:00\",\"breadcrumb\":{\"@id\":\"https:\/\/www.ull.es\/portal\/agenda\/evento\/conferencia-el-teleferico-del-teide-la-transicion-hacia-un-futuro-sostenible\/#breadcrumb\"},\"inLanguage\":\"es\",\"potentialAction\":[{\"@type\":\"ReadAction\",\"target\":[\"https:\/\/www.ull.es\/portal\/agenda\/evento\/conferencia-el-teleferico-del-teide-la-transicion-hacia-un-futuro-sostenible\/\"]}]},{\"@type\":\"BreadcrumbList\",\"@id\":\"https:\/\/www.ull.es\/portal\/agenda\/evento\/conferencia-el-teleferico-del-teide-la-transicion-hacia-un-futuro-sostenible\/#breadcrumb\",\"itemListElement\":[{\"@type\":\"ListItem\",\"position\":1,\"name\":\"Portada\",\"item\":\"https:\/\/www.ull.es\/portal\/agenda\/\"},{\"@type\":\"ListItem\",\"position\":2,\"name\":\"Conferencia: \u00abEl Telef\u00e9rico del Teide. La transici\u00f3n hacia un futuro sostenible\u00bb\"}]},{\"@type\":\"WebSite\",\"@id\":\"https:\/\/www.ull.es\/portal\/agenda\/#website\",\"url\":\"https:\/\/www.ull.es\/portal\/agenda\/\",\"name\":\"ULL - Agenda\",\"description\":\"\",\"potentialAction\":[{\"@type\":\"SearchAction\",\"target\":{\"@type\":\"EntryPoint\",\"urlTemplate\":\"https:\/\/www.ull.es\/portal\/agenda\/?s={search_term_string}\"},\"query-input\":\"required name=search_term_string\"}],\"inLanguage\":\"es\"}]}<\/script>\n<!-- \/ Yoast SEO plugin. -->","yoast_head_json":{"title":"Conferencia: \"El Telef\u00e9rico del Teide. La transici\u00f3n hacia un futuro sostenible\" - ULL - Agenda","robots":{"index":"index","follow":"follow","max-snippet":"max-snippet:-1","max-image-preview":"max-image-preview:large","max-video-preview":"max-video-preview:-1"},"canonical":"https:\/\/www.ull.es\/portal\/agenda\/evento\/conferencia-el-teleferico-del-teide-la-transicion-hacia-un-futuro-sostenible\/","og_locale":"es_ES","og_type":"article","og_title":"Conferencia: \"El Telef\u00e9rico del Teide. La transici\u00f3n hacia un futuro sostenible\" - ULL - Agenda","og_description":"La Sala de Juntas de la Escuela Polit\u00e9cnica Superior de Ingenier\u00eda de la Universidad de La Laguna acoge el lunes 10 de febrero a las 12:00 horas la conferencia \u00abEl Telef\u00e9rico del Teide. La transici\u00f3n hacia un futuro sostenible\u00bb, impartida por Luis Pintor Sep\u00falveda, decano de la Demarcaci\u00f3n de Santa Cruz de Tenerife del Colegio...","og_url":"https:\/\/www.ull.es\/portal\/agenda\/evento\/conferencia-el-teleferico-del-teide-la-transicion-hacia-un-futuro-sostenible\/","og_site_name":"ULL - Agenda","article_modified_time":"2025-02-05T10:57:53+00:00","og_image":[{"width":760,"height":380,"url":"https:\/\/www.ull.es\/portal\/agenda\/wp-content\/uploads\/sites\/12\/2025\/02\/Conferencia-Teleferico-del-Teide_Banner-eventos.png","type":"image\/png"}],"twitter_card":"summary_large_image","twitter_misc":{"Tiempo de lectura":"2 minutos"},"schema":{"@context":"https:\/\/schema.org","@graph":[{"@type":"WebPage","@id":"https:\/\/www.ull.es\/portal\/agenda\/evento\/conferencia-el-teleferico-del-teide-la-transicion-hacia-un-futuro-sostenible\/","url":"https:\/\/www.ull.es\/portal\/agenda\/evento\/conferencia-el-teleferico-del-teide-la-transicion-hacia-un-futuro-sostenible\/","name":"Conferencia: \"El Telef\u00e9rico del Teide. La transici\u00f3n hacia un futuro sostenible\" - ULL - Agenda","isPartOf":{"@id":"https:\/\/www.ull.es\/portal\/agenda\/#website"},"datePublished":"2025-02-05T10:24:47+00:00","dateModified":"2025-02-05T10:57:53+00:00","breadcrumb":{"@id":"https:\/\/www.ull.es\/portal\/agenda\/evento\/conferencia-el-teleferico-del-teide-la-transicion-hacia-un-futuro-sostenible\/#breadcrumb"},"inLanguage":"es","potentialAction":[{"@type":"ReadAction","target":["https:\/\/www.ull.es\/portal\/agenda\/evento\/conferencia-el-teleferico-del-teide-la-transicion-hacia-un-futuro-sostenible\/"]}]},{"@type":"BreadcrumbList","@id":"https:\/\/www.ull.es\/portal\/agenda\/evento\/conferencia-el-teleferico-del-teide-la-transicion-hacia-un-futuro-sostenible\/#breadcrumb","itemListElement":[{"@type":"ListItem","position":1,"name":"Portada","item":"https:\/\/www.ull.es\/portal\/agenda\/"},{"@type":"ListItem","position":2,"name":"Conferencia: \u00abEl Telef\u00e9rico del Teide. La transici\u00f3n hacia un futuro sostenible\u00bb"}]},{"@type":"WebSite","@id":"https:\/\/www.ull.es\/portal\/agenda\/#website","url":"https:\/\/www.ull.es\/portal\/agenda\/","name":"ULL - Agenda","description":"","potentialAction":[{"@type":"SearchAction","target":{"@type":"EntryPoint","urlTemplate":"https:\/\/www.ull.es\/portal\/agenda\/?s={search_term_string}"},"query-input":"required name=search_term_string"}],"inLanguage":"es"}]}},"_links":{"self":[{"href":"https:\/\/www.ull.es\/portal\/agenda\/wp-json\/wp\/v2\/tribe_events\/40490"}],"collection":[{"href":"https:\/\/www.ull.es\/portal\/agenda\/wp-json\/wp\/v2\/tribe_events"}],"about":[{"href":"https:\/\/www.ull.es\/portal\/agenda\/wp-json\/wp\/v2\/types\/tribe_events"}],"author":[{"embeddable":true,"href":"https:\/\/www.ull.es\/portal\/agenda\/wp-json\/wp\/v2\/users\/65"}],"replies":[{"embeddable":true,"href":"https:\/\/www.ull.es\/portal\/agenda\/wp-json\/wp\/v2\/comments?post=40490"}],"version-history":[{"count":3,"href":"https:\/\/www.ull.es\/portal\/agenda\/wp-json\/wp\/v2\/tribe_events\/40490\/revisions"}],"predecessor-version":[{"id":40496,"href":"https:\/\/www.ull.es\/portal\/agenda\/wp-json\/wp\/v2\/tribe_events\/40490\/revisions\/40496"}],"wp:featuredmedia":[{"embeddable":true,"href":"https:\/\/www.ull.es\/portal\/agenda\/wp-json\/wp\/v2\/media\/40497"}],"wp:attachment":[{"href":"https:\/\/www.ull.es\/portal\/agenda\/wp-json\/wp\/v2\/media?parent=40490"}],"wp:term":[{"taxonomy":"post_tag","embeddable":true,"href":"https:\/\/www.ull.es\/portal\/agenda\/wp-json\/wp\/v2\/tags?post=40490"},{"taxonomy":"tribe_events_cat","embeddable":true,"href":"https:\/\/www.ull.es\/portal\/agenda\/wp-json\/wp\/v2\/tribe_events_cat?post=40490"}],"curies":[{"name":"wp","href":"https:\/\/api.w.org\/{rel}","templated":true}]}}