{"id":40916,"date":"2025-02-21T12:07:51","date_gmt":"2025-02-21T12:07:51","guid":{"rendered":"https:\/\/www.ull.es\/portal\/agenda\/?post_type=tribe_events&#038;p=40916"},"modified":"2025-02-21T14:15:37","modified_gmt":"2025-02-21T14:15:37","slug":"agua-energia-y-cambio-climatico-en-canarias-impactos-y-retos","status":"publish","type":"tribe_events","link":"https:\/\/www.ull.es\/portal\/agenda\/evento\/agua-energia-y-cambio-climatico-en-canarias-impactos-y-retos\/","title":{"rendered":"Agua, energ\u00eda y cambio clim\u00e1tico en Canarias: Impactos y retos"},"content":{"rendered":"<div class=\"tribe-events-single-event-description tribe-events-content\">\n<p>El curso\u00a0<em>\u00abAgua, energ\u00eda y cambio clim\u00e1tico en Canarias: Impactos y retos\u00bb<\/em>\u00a0forma parte de la programaci\u00f3n de los Cursos de Extensi\u00f3n Universitaria 2025\u00a0<a href=\"https:\/\/www.ull.es\/cultura\/cursos-extension-universitaria\/formacionparacrecer\/\" target=\"_blank\" rel=\"noopener noreferrer\" target=\"_blank\" rel=\"noopener\"><strong>\u00abFormaci\u00f3n para crecer\u00bb.<\/strong><\/a> El mismo se celebrar\u00e1 en la Escuela Polit\u00e9cnica Superior de Ingenier\u00eda los d\u00edas 20 al 23 de octubre en horario de 15:30 a 20:30 horas.<\/p>\n<\/div>\n<p>Objetivos:<\/p>\n<p>&#8211; Analizar los desaf\u00edos espec\u00edficos relacionados con la gesti\u00f3n del agua en Canarias, incluyendo las aguas subterr\u00e1neas, la recarga artificial de acu\u00edferos y las obras hidr\u00e1ulicas.<br \/>\n&#8211; Estudiar el impacto del cambio clim\u00e1tico en los recursos h\u00eddricos y energ\u00e9ticos de las islas, destacando estrategias de adaptaci\u00f3n y mitigaci\u00f3n.<br \/>\n&#8211; Conocer las caracter\u00edsticas t\u00e9cnicas y la clasificaci\u00f3n de las centrales hidroel\u00e9ctricas, as\u00ed como su papel en el aprovechamiento sostenible de los recursos energ\u00e9ticos.<br \/>\n&#8211; Explorar soluciones innovadoras como la depuraci\u00f3n por medios naturales para garantizar una gesti\u00f3n h\u00eddrica sostenible.<br \/>\n&#8211; Proporcionar herramientas para evaluar la interrelaci\u00f3n entre agua, energ\u00eda y sostenibilidad en el contexto de las islas Canarias.<\/p>\n<p>El curso est\u00e1 dirigido a estudiantes, profesionales e investigadores interesados en la gesti\u00f3n de recursos h\u00eddricos y energ\u00e9ticos, as\u00ed como en el impacto del cambio clim\u00e1tico en las islas. Tambi\u00e9n es ideal para t\u00e9cnicos, gestores tur\u00edsticos, ONG y cualquier persona preocupada por la sostenibilidad en Canarias.<\/p>\n<div class=\"tribe-events-single-event-description tribe-events-content\">\n<p>Direcci\u00f3n acad\u00e9mica: Juan Carlos Santamarta Cerezal. Profesor Titular de Universidad, Departamento de Ingenier\u00eda Agraria y del Medio Natural de la Universidad de La Laguna.<\/p>\n<p><strong>CERTIFICADO DE ASISTENCIA, APTITUD Y RECONOCIMIENTO POR CR\u00c9DITO ECTS<\/strong><\/p>\n<div class=\"tribe-events-single-event-description tribe-events-content\">\n<p>La Universidad de La Laguna, a trav\u00e9s del Vicerrectorado de Cultura y Extensi\u00f3n Universitaria, emitir\u00e1 un certificado de asistencia a todas aquellas personas que participen en un m\u00ednimo del 80% de las horas lectivas. Asimismo, aquellas personas que superen el trabajo aut\u00f3nomo del alumnado, recibir\u00e1n un certificado de asistencia y aprovechamiento, reconocible a su vez por 2 cr\u00e9ditos ECTS.<\/p>\n<\/div>\n<div class=\"tribe-events-single-event-description tribe-events-content\">\n<p><a href=\"https:\/\/sede.fg.ull.es\/es\/curso\/detalle?code=a25020035&amp;name=agua-energia-y-cambio-climatico-en-canarias-impactos-y-retos&amp;query=%3Fcode%3DA25020035\" target=\"_blank\" rel=\"noopener\" target=\"_blank\" rel=\"noopener\"><strong><u>Consulta el programa e inscr\u00edbete aqu\u00ed.<\/u><\/strong><\/a><\/p>\n<p><strong>Contacto:\u00a0<\/strong><strong><a href=\"mailto:extuni@ull.edu.es\" target=\"_blank\" rel=\"noopener\" target=\"_blank\" rel=\"noopener\">extuni@ull.es<\/a><\/strong><\/p>\n<\/div>\n<\/div>\n","protected":false},"excerpt":{"rendered":"<p>El curso\u00a0\u00abAgua, energ\u00eda y cambio clim\u00e1tico en Canarias: Impactos y retos\u00bb\u00a0forma parte de la programaci\u00f3n de los Cursos de Extensi\u00f3n Universitaria 2025\u00a0\u00abFormaci\u00f3n para crecer\u00bb. El mismo se celebrar\u00e1 en la Escuela Polit\u00e9cnica Superior de Ingenier\u00eda los d\u00edas 20 al 23 de octubre en horario de 15:30 a 20:30 horas. Objetivos: &#8211; Analizar los desaf\u00edos espec\u00edficos&#8230;<\/p>\n","protected":false},"author":43,"featured_media":40917,"comment_status":"closed","ping_status":"closed","template":"","tags":[4259,4915,977,3812,4948],"tribe_events_cat":[472,470,4,186],"acf":[],"yoast_head":"<!-- This site is optimized with the Yoast SEO plugin v21.3 - https:\/\/yoast.com\/wordpress\/plugins\/seo\/ -->\n<title>Agua, energ\u00eda y cambio clim\u00e1tico en Canarias: Impactos y retos - ULL - Agenda<\/title>\n<meta name=\"robots\" content=\"index, follow, max-snippet:-1, max-image-preview:large, max-video-preview:-1\" \/>\n<link rel=\"canonical\" href=\"https:\/\/www.ull.es\/portal\/agenda\/evento\/agua-energia-y-cambio-climatico-en-canarias-impactos-y-retos\/\" \/>\n<meta property=\"og:locale\" content=\"es_ES\" \/>\n<meta property=\"og:type\" content=\"article\" \/>\n<meta property=\"og:title\" content=\"Agua, energ\u00eda y cambio clim\u00e1tico en Canarias: Impactos y retos - ULL - Agenda\" \/>\n<meta property=\"og:description\" content=\"El curso\u00a0\u00abAgua, energ\u00eda y cambio clim\u00e1tico en Canarias: Impactos y retos\u00bb\u00a0forma parte de la programaci\u00f3n de los Cursos de Extensi\u00f3n Universitaria 2025\u00a0\u00abFormaci\u00f3n para crecer\u00bb. El mismo se celebrar\u00e1 en la Escuela Polit\u00e9cnica Superior de Ingenier\u00eda los d\u00edas 20 al 23 de octubre en horario de 15:30 a 20:30 horas. Objetivos: &#8211; Analizar los desaf\u00edos espec\u00edficos...\" \/>\n<meta property=\"og:url\" content=\"https:\/\/www.ull.es\/portal\/agenda\/evento\/agua-energia-y-cambio-climatico-en-canarias-impactos-y-retos\/\" \/>\n<meta property=\"og:site_name\" content=\"ULL - Agenda\" \/>\n<meta property=\"article:modified_time\" content=\"2025-02-21T14:15:37+00:00\" \/>\n<meta property=\"og:image\" content=\"https:\/\/www.ull.es\/portal\/agenda\/wp-content\/uploads\/sites\/12\/2025\/02\/BannerAgua.png\" \/>\n\t<meta property=\"og:image:width\" content=\"750\" \/>\n\t<meta property=\"og:image:height\" content=\"350\" \/>\n\t<meta property=\"og:image:type\" content=\"image\/png\" \/>\n<meta name=\"twitter:card\" content=\"summary_large_image\" \/>\n<meta name=\"twitter:label1\" content=\"Tiempo de lectura\" \/>\n\t<meta name=\"twitter:data1\" content=\"2 minutos\" \/>\n<script type=\"application\/ld+json\" class=\"yoast-schema-graph\">{\"@context\":\"https:\/\/schema.org\",\"@graph\":[{\"@type\":\"WebPage\",\"@id\":\"https:\/\/www.ull.es\/portal\/agenda\/evento\/agua-energia-y-cambio-climatico-en-canarias-impactos-y-retos\/\",\"url\":\"https:\/\/www.ull.es\/portal\/agenda\/evento\/agua-energia-y-cambio-climatico-en-canarias-impactos-y-retos\/\",\"name\":\"Agua, energ\u00eda y cambio clim\u00e1tico en Canarias: Impactos y retos - ULL - Agenda\",\"isPartOf\":{\"@id\":\"https:\/\/www.ull.es\/portal\/agenda\/#website\"},\"datePublished\":\"2025-02-21T12:07:51+00:00\",\"dateModified\":\"2025-02-21T14:15:37+00:00\",\"breadcrumb\":{\"@id\":\"https:\/\/www.ull.es\/portal\/agenda\/evento\/agua-energia-y-cambio-climatico-en-canarias-impactos-y-retos\/#breadcrumb\"},\"inLanguage\":\"es\",\"potentialAction\":[{\"@type\":\"ReadAction\",\"target\":[\"https:\/\/www.ull.es\/portal\/agenda\/evento\/agua-energia-y-cambio-climatico-en-canarias-impactos-y-retos\/\"]}]},{\"@type\":\"BreadcrumbList\",\"@id\":\"https:\/\/www.ull.es\/portal\/agenda\/evento\/agua-energia-y-cambio-climatico-en-canarias-impactos-y-retos\/#breadcrumb\",\"itemListElement\":[{\"@type\":\"ListItem\",\"position\":1,\"name\":\"Portada\",\"item\":\"https:\/\/www.ull.es\/portal\/agenda\/\"},{\"@type\":\"ListItem\",\"position\":2,\"name\":\"Agua, energ\u00eda y cambio clim\u00e1tico en Canarias: Impactos y retos\"}]},{\"@type\":\"WebSite\",\"@id\":\"https:\/\/www.ull.es\/portal\/agenda\/#website\",\"url\":\"https:\/\/www.ull.es\/portal\/agenda\/\",\"name\":\"ULL - Agenda\",\"description\":\"\",\"potentialAction\":[{\"@type\":\"SearchAction\",\"target\":{\"@type\":\"EntryPoint\",\"urlTemplate\":\"https:\/\/www.ull.es\/portal\/agenda\/?s={search_term_string}\"},\"query-input\":\"required name=search_term_string\"}],\"inLanguage\":\"es\"}]}<\/script>\n<!-- \/ Yoast SEO plugin. -->","yoast_head_json":{"title":"Agua, energ\u00eda y cambio clim\u00e1tico en Canarias: Impactos y retos - ULL - Agenda","robots":{"index":"index","follow":"follow","max-snippet":"max-snippet:-1","max-image-preview":"max-image-preview:large","max-video-preview":"max-video-preview:-1"},"canonical":"https:\/\/www.ull.es\/portal\/agenda\/evento\/agua-energia-y-cambio-climatico-en-canarias-impactos-y-retos\/","og_locale":"es_ES","og_type":"article","og_title":"Agua, energ\u00eda y cambio clim\u00e1tico en Canarias: Impactos y retos - ULL - Agenda","og_description":"El curso\u00a0\u00abAgua, energ\u00eda y cambio clim\u00e1tico en Canarias: Impactos y retos\u00bb\u00a0forma parte de la programaci\u00f3n de los Cursos de Extensi\u00f3n Universitaria 2025\u00a0\u00abFormaci\u00f3n para crecer\u00bb. El mismo se celebrar\u00e1 en la Escuela Polit\u00e9cnica Superior de Ingenier\u00eda los d\u00edas 20 al 23 de octubre en horario de 15:30 a 20:30 horas. Objetivos: &#8211; Analizar los desaf\u00edos espec\u00edficos...","og_url":"https:\/\/www.ull.es\/portal\/agenda\/evento\/agua-energia-y-cambio-climatico-en-canarias-impactos-y-retos\/","og_site_name":"ULL - Agenda","article_modified_time":"2025-02-21T14:15:37+00:00","og_image":[{"width":750,"height":350,"url":"https:\/\/www.ull.es\/portal\/agenda\/wp-content\/uploads\/sites\/12\/2025\/02\/BannerAgua.png","type":"image\/png"}],"twitter_card":"summary_large_image","twitter_misc":{"Tiempo de lectura":"2 minutos"},"schema":{"@context":"https:\/\/schema.org","@graph":[{"@type":"WebPage","@id":"https:\/\/www.ull.es\/portal\/agenda\/evento\/agua-energia-y-cambio-climatico-en-canarias-impactos-y-retos\/","url":"https:\/\/www.ull.es\/portal\/agenda\/evento\/agua-energia-y-cambio-climatico-en-canarias-impactos-y-retos\/","name":"Agua, energ\u00eda y cambio clim\u00e1tico en Canarias: Impactos y retos - ULL - Agenda","isPartOf":{"@id":"https:\/\/www.ull.es\/portal\/agenda\/#website"},"datePublished":"2025-02-21T12:07:51+00:00","dateModified":"2025-02-21T14:15:37+00:00","breadcrumb":{"@id":"https:\/\/www.ull.es\/portal\/agenda\/evento\/agua-energia-y-cambio-climatico-en-canarias-impactos-y-retos\/#breadcrumb"},"inLanguage":"es","potentialAction":[{"@type":"ReadAction","target":["https:\/\/www.ull.es\/portal\/agenda\/evento\/agua-energia-y-cambio-climatico-en-canarias-impactos-y-retos\/"]}]},{"@type":"BreadcrumbList","@id":"https:\/\/www.ull.es\/portal\/agenda\/evento\/agua-energia-y-cambio-climatico-en-canarias-impactos-y-retos\/#breadcrumb","itemListElement":[{"@type":"ListItem","position":1,"name":"Portada","item":"https:\/\/www.ull.es\/portal\/agenda\/"},{"@type":"ListItem","position":2,"name":"Agua, energ\u00eda y cambio clim\u00e1tico en Canarias: Impactos y retos"}]},{"@type":"WebSite","@id":"https:\/\/www.ull.es\/portal\/agenda\/#website","url":"https:\/\/www.ull.es\/portal\/agenda\/","name":"ULL - Agenda","description":"","potentialAction":[{"@type":"SearchAction","target":{"@type":"EntryPoint","urlTemplate":"https:\/\/www.ull.es\/portal\/agenda\/?s={search_term_string}"},"query-input":"required name=search_term_string"}],"inLanguage":"es"}]}},"_links":{"self":[{"href":"https:\/\/www.ull.es\/portal\/agenda\/wp-json\/wp\/v2\/tribe_events\/40916"}],"collection":[{"href":"https:\/\/www.ull.es\/portal\/agenda\/wp-json\/wp\/v2\/tribe_events"}],"about":[{"href":"https:\/\/www.ull.es\/portal\/agenda\/wp-json\/wp\/v2\/types\/tribe_events"}],"author":[{"embeddable":true,"href":"https:\/\/www.ull.es\/portal\/agenda\/wp-json\/wp\/v2\/users\/43"}],"replies":[{"embeddable":true,"href":"https:\/\/www.ull.es\/portal\/agenda\/wp-json\/wp\/v2\/comments?post=40916"}],"version-history":[{"count":2,"href":"https:\/\/www.ull.es\/portal\/agenda\/wp-json\/wp\/v2\/tribe_events\/40916\/revisions"}],"predecessor-version":[{"id":40919,"href":"https:\/\/www.ull.es\/portal\/agenda\/wp-json\/wp\/v2\/tribe_events\/40916\/revisions\/40919"}],"wp:featuredmedia":[{"embeddable":true,"href":"https:\/\/www.ull.es\/portal\/agenda\/wp-json\/wp\/v2\/media\/40917"}],"wp:attachment":[{"href":"https:\/\/www.ull.es\/portal\/agenda\/wp-json\/wp\/v2\/media?parent=40916"}],"wp:term":[{"taxonomy":"post_tag","embeddable":true,"href":"https:\/\/www.ull.es\/portal\/agenda\/wp-json\/wp\/v2\/tags?post=40916"},{"taxonomy":"tribe_events_cat","embeddable":true,"href":"https:\/\/www.ull.es\/portal\/agenda\/wp-json\/wp\/v2\/tribe_events_cat?post=40916"}],"curies":[{"name":"wp","href":"https:\/\/api.w.org\/{rel}","templated":true}]}}