{"id":41026,"date":"2025-02-25T14:03:18","date_gmt":"2025-02-25T14:03:18","guid":{"rendered":"https:\/\/www.ull.es\/portal\/agenda\/?post_type=tribe_events&#038;p=41026"},"modified":"2025-03-17T12:28:25","modified_gmt":"2025-03-17T12:28:25","slug":"seminario-orden-de-genero-y-constitucionalismo-propuestas-de-reconstruccion-paritaria","status":"publish","type":"tribe_events","link":"https:\/\/www.ull.es\/portal\/agenda\/evento\/seminario-orden-de-genero-y-constitucionalismo-propuestas-de-reconstruccion-paritaria\/","title":{"rendered":"Seminario: \u00abOrden de g\u00e9nero y constitucionalismo: propuestas de reconstrucci\u00f3n paritaria\u00bb"},"content":{"rendered":"<p>La Biblioteca de Derecho y Ciencias Sociales de la Universidad de La Laguna acoger\u00e1 el pr\u00f3ximo lunes d\u00eda 24 de marzo, a las 17:00 horas, un seminario de investigaci\u00f3n bajo el t\u00edtulo \u201cOrden de g\u00e9nero y constitucionalismo: propuestas de reconstrucci\u00f3n paritaria\u00bb, en el marco de las actividades que la Facultad de Derecho organiza con motivo del 8M, D\u00eda Internacional de las Mujeres.<\/p>\n<p>De la mano de la C\u00e1tedra Cultural de Estudios Auton\u00f3micos y Constitucionales \u201cGumersindo Trujillo\u201d de la Universidad de La Laguna, el seminario contar\u00e1 con la participaci\u00f3n de Ruth Rubio Mar\u00edn, Catedr\u00e1tica de Derecho Constitucional de la Universidad de Sevilla y Octavio Salazar Ben\u00edtez, Catedr\u00e1tico de Derecho Constitucional de la Universidad de C\u00f3rdoba, que han elaborado el libro \u00abEl orden de g\u00e9nero en la Constituci\u00f3n Espa\u00f1ola\u201d, recientemente publicado en la editorial Comares. De esta forma, con ambas especialistas en esta materia tendremos la oportunidad de detenernos en los importantes retos que afronta el constitucionalismo en la actualidad para abordar el orden de g\u00e9nero desde una perspectiva paritaria, con propuestas espec\u00edficas para una revisi\u00f3n feminista de la Constituci\u00f3n Espa\u00f1ola de 1978.<\/p>\n<p>Actividad realizada en colaboraci\u00f3n con el Proyecto de Investigaci\u00f3n \u201cVulnerabilidad, precariedad y brechas sociales. \u00bfHacia una redefinici\u00f3n de los derechos fundamentales?\u201d (PID2020-114718RB-100, financiado por MICIU\/AEI\/10.13039\/501100011033) y el Proyecto de Innovaci\u00f3n y Transferencia Educativa \u201cIgual de diversas. Atenci\u00f3n did\u00e1ctica e interseccional a la igualdad y diversidad en las asignaturas jur\u00eddicas\u201c.<\/p>\n<p><a href=\"https:\/\/drive.google.com\/file\/d\/1v6yf-tXXjUXT1DOV1SZI6zTeTACSBmqT\/view?usp=sharing\" target=\"_blank\" rel=\"noopener\" target=\"_blank\" rel=\"noopener\">Cartel<\/a><\/p>\n<p>&nbsp;<\/p>\n","protected":false},"excerpt":{"rendered":"<p>La Biblioteca de Derecho y Ciencias Sociales de la Universidad de La Laguna acoger\u00e1 el pr\u00f3ximo lunes d\u00eda 24 de marzo, a las 17:00 horas, un seminario de investigaci\u00f3n bajo el t\u00edtulo \u201cOrden de g\u00e9nero y constitucionalismo: propuestas de reconstrucci\u00f3n paritaria\u00bb, en el marco de las actividades que la Facultad de Derecho organiza con motivo&#8230;<\/p>\n","protected":false},"author":65,"featured_media":41222,"comment_status":"closed","ping_status":"closed","template":"","tags":[],"tribe_events_cat":[4958,344,1669,4,848,865,186,191],"acf":[],"yoast_head":"<!-- This site is optimized with the Yoast SEO plugin v21.3 - https:\/\/yoast.com\/wordpress\/plugins\/seo\/ -->\n<title>Seminario: &quot;Orden de g\u00e9nero y constitucionalismo: propuestas de reconstrucci\u00f3n paritaria&quot; - ULL - Agenda<\/title>\n<meta name=\"robots\" content=\"index, follow, max-snippet:-1, max-image-preview:large, max-video-preview:-1\" \/>\n<link rel=\"canonical\" href=\"https:\/\/www.ull.es\/portal\/agenda\/evento\/seminario-orden-de-genero-y-constitucionalismo-propuestas-de-reconstruccion-paritaria\/\" \/>\n<meta property=\"og:locale\" content=\"es_ES\" \/>\n<meta property=\"og:type\" content=\"article\" \/>\n<meta property=\"og:title\" content=\"Seminario: &quot;Orden de g\u00e9nero y constitucionalismo: propuestas de reconstrucci\u00f3n paritaria&quot; - ULL - Agenda\" \/>\n<meta property=\"og:description\" content=\"La Biblioteca de Derecho y Ciencias Sociales de la Universidad de La Laguna acoger\u00e1 el pr\u00f3ximo lunes d\u00eda 24 de marzo, a las 17:00 horas, un seminario de investigaci\u00f3n bajo el t\u00edtulo \u201cOrden de g\u00e9nero y constitucionalismo: propuestas de reconstrucci\u00f3n paritaria\u00bb, en el marco de las actividades que la Facultad de Derecho organiza con motivo...\" \/>\n<meta property=\"og:url\" content=\"https:\/\/www.ull.es\/portal\/agenda\/evento\/seminario-orden-de-genero-y-constitucionalismo-propuestas-de-reconstruccion-paritaria\/\" \/>\n<meta property=\"og:site_name\" content=\"ULL - Agenda\" \/>\n<meta property=\"article:modified_time\" content=\"2025-03-17T12:28:25+00:00\" \/>\n<meta property=\"og:image\" content=\"https:\/\/www.ull.es\/portal\/agenda\/wp-content\/uploads\/sites\/12\/2025\/02\/Seminario-Orden-de-genero-y-constitucionalismo.-Propuestas-de-reconstruccion-paritaria-_Banner-eventos-1.png\" \/>\n\t<meta property=\"og:image:width\" content=\"750\" \/>\n\t<meta property=\"og:image:height\" content=\"370\" \/>\n\t<meta property=\"og:image:type\" content=\"image\/png\" \/>\n<meta name=\"twitter:card\" content=\"summary_large_image\" \/>\n<meta name=\"twitter:label1\" content=\"Tiempo de lectura\" \/>\n\t<meta name=\"twitter:data1\" content=\"2 minutos\" \/>\n<script type=\"application\/ld+json\" class=\"yoast-schema-graph\">{\"@context\":\"https:\/\/schema.org\",\"@graph\":[{\"@type\":\"WebPage\",\"@id\":\"https:\/\/www.ull.es\/portal\/agenda\/evento\/seminario-orden-de-genero-y-constitucionalismo-propuestas-de-reconstruccion-paritaria\/\",\"url\":\"https:\/\/www.ull.es\/portal\/agenda\/evento\/seminario-orden-de-genero-y-constitucionalismo-propuestas-de-reconstruccion-paritaria\/\",\"name\":\"Seminario: \\\"Orden de g\u00e9nero y constitucionalismo: propuestas de reconstrucci\u00f3n paritaria\\\" - ULL - Agenda\",\"isPartOf\":{\"@id\":\"https:\/\/www.ull.es\/portal\/agenda\/#website\"},\"datePublished\":\"2025-02-25T14:03:18+00:00\",\"dateModified\":\"2025-03-17T12:28:25+00:00\",\"breadcrumb\":{\"@id\":\"https:\/\/www.ull.es\/portal\/agenda\/evento\/seminario-orden-de-genero-y-constitucionalismo-propuestas-de-reconstruccion-paritaria\/#breadcrumb\"},\"inLanguage\":\"es\",\"potentialAction\":[{\"@type\":\"ReadAction\",\"target\":[\"https:\/\/www.ull.es\/portal\/agenda\/evento\/seminario-orden-de-genero-y-constitucionalismo-propuestas-de-reconstruccion-paritaria\/\"]}]},{\"@type\":\"BreadcrumbList\",\"@id\":\"https:\/\/www.ull.es\/portal\/agenda\/evento\/seminario-orden-de-genero-y-constitucionalismo-propuestas-de-reconstruccion-paritaria\/#breadcrumb\",\"itemListElement\":[{\"@type\":\"ListItem\",\"position\":1,\"name\":\"Portada\",\"item\":\"https:\/\/www.ull.es\/portal\/agenda\/\"},{\"@type\":\"ListItem\",\"position\":2,\"name\":\"Seminario: \u00abOrden de g\u00e9nero y constitucionalismo: propuestas de reconstrucci\u00f3n paritaria\u00bb\"}]},{\"@type\":\"WebSite\",\"@id\":\"https:\/\/www.ull.es\/portal\/agenda\/#website\",\"url\":\"https:\/\/www.ull.es\/portal\/agenda\/\",\"name\":\"ULL - Agenda\",\"description\":\"\",\"potentialAction\":[{\"@type\":\"SearchAction\",\"target\":{\"@type\":\"EntryPoint\",\"urlTemplate\":\"https:\/\/www.ull.es\/portal\/agenda\/?s={search_term_string}\"},\"query-input\":\"required name=search_term_string\"}],\"inLanguage\":\"es\"}]}<\/script>\n<!-- \/ Yoast SEO plugin. -->","yoast_head_json":{"title":"Seminario: \"Orden de g\u00e9nero y constitucionalismo: propuestas de reconstrucci\u00f3n paritaria\" - ULL - Agenda","robots":{"index":"index","follow":"follow","max-snippet":"max-snippet:-1","max-image-preview":"max-image-preview:large","max-video-preview":"max-video-preview:-1"},"canonical":"https:\/\/www.ull.es\/portal\/agenda\/evento\/seminario-orden-de-genero-y-constitucionalismo-propuestas-de-reconstruccion-paritaria\/","og_locale":"es_ES","og_type":"article","og_title":"Seminario: \"Orden de g\u00e9nero y constitucionalismo: propuestas de reconstrucci\u00f3n paritaria\" - ULL - Agenda","og_description":"La Biblioteca de Derecho y Ciencias Sociales de la Universidad de La Laguna acoger\u00e1 el pr\u00f3ximo lunes d\u00eda 24 de marzo, a las 17:00 horas, un seminario de investigaci\u00f3n bajo el t\u00edtulo \u201cOrden de g\u00e9nero y constitucionalismo: propuestas de reconstrucci\u00f3n paritaria\u00bb, en el marco de las actividades que la Facultad de Derecho organiza con motivo...","og_url":"https:\/\/www.ull.es\/portal\/agenda\/evento\/seminario-orden-de-genero-y-constitucionalismo-propuestas-de-reconstruccion-paritaria\/","og_site_name":"ULL - Agenda","article_modified_time":"2025-03-17T12:28:25+00:00","og_image":[{"width":750,"height":370,"url":"https:\/\/www.ull.es\/portal\/agenda\/wp-content\/uploads\/sites\/12\/2025\/02\/Seminario-Orden-de-genero-y-constitucionalismo.-Propuestas-de-reconstruccion-paritaria-_Banner-eventos-1.png","type":"image\/png"}],"twitter_card":"summary_large_image","twitter_misc":{"Tiempo de lectura":"2 minutos"},"schema":{"@context":"https:\/\/schema.org","@graph":[{"@type":"WebPage","@id":"https:\/\/www.ull.es\/portal\/agenda\/evento\/seminario-orden-de-genero-y-constitucionalismo-propuestas-de-reconstruccion-paritaria\/","url":"https:\/\/www.ull.es\/portal\/agenda\/evento\/seminario-orden-de-genero-y-constitucionalismo-propuestas-de-reconstruccion-paritaria\/","name":"Seminario: \"Orden de g\u00e9nero y constitucionalismo: propuestas de reconstrucci\u00f3n paritaria\" - ULL - Agenda","isPartOf":{"@id":"https:\/\/www.ull.es\/portal\/agenda\/#website"},"datePublished":"2025-02-25T14:03:18+00:00","dateModified":"2025-03-17T12:28:25+00:00","breadcrumb":{"@id":"https:\/\/www.ull.es\/portal\/agenda\/evento\/seminario-orden-de-genero-y-constitucionalismo-propuestas-de-reconstruccion-paritaria\/#breadcrumb"},"inLanguage":"es","potentialAction":[{"@type":"ReadAction","target":["https:\/\/www.ull.es\/portal\/agenda\/evento\/seminario-orden-de-genero-y-constitucionalismo-propuestas-de-reconstruccion-paritaria\/"]}]},{"@type":"BreadcrumbList","@id":"https:\/\/www.ull.es\/portal\/agenda\/evento\/seminario-orden-de-genero-y-constitucionalismo-propuestas-de-reconstruccion-paritaria\/#breadcrumb","itemListElement":[{"@type":"ListItem","position":1,"name":"Portada","item":"https:\/\/www.ull.es\/portal\/agenda\/"},{"@type":"ListItem","position":2,"name":"Seminario: \u00abOrden de g\u00e9nero y constitucionalismo: propuestas de reconstrucci\u00f3n paritaria\u00bb"}]},{"@type":"WebSite","@id":"https:\/\/www.ull.es\/portal\/agenda\/#website","url":"https:\/\/www.ull.es\/portal\/agenda\/","name":"ULL - Agenda","description":"","potentialAction":[{"@type":"SearchAction","target":{"@type":"EntryPoint","urlTemplate":"https:\/\/www.ull.es\/portal\/agenda\/?s={search_term_string}"},"query-input":"required name=search_term_string"}],"inLanguage":"es"}]}},"_links":{"self":[{"href":"https:\/\/www.ull.es\/portal\/agenda\/wp-json\/wp\/v2\/tribe_events\/41026"}],"collection":[{"href":"https:\/\/www.ull.es\/portal\/agenda\/wp-json\/wp\/v2\/tribe_events"}],"about":[{"href":"https:\/\/www.ull.es\/portal\/agenda\/wp-json\/wp\/v2\/types\/tribe_events"}],"author":[{"embeddable":true,"href":"https:\/\/www.ull.es\/portal\/agenda\/wp-json\/wp\/v2\/users\/65"}],"replies":[{"embeddable":true,"href":"https:\/\/www.ull.es\/portal\/agenda\/wp-json\/wp\/v2\/comments?post=41026"}],"version-history":[{"count":3,"href":"https:\/\/www.ull.es\/portal\/agenda\/wp-json\/wp\/v2\/tribe_events\/41026\/revisions"}],"predecessor-version":[{"id":41212,"href":"https:\/\/www.ull.es\/portal\/agenda\/wp-json\/wp\/v2\/tribe_events\/41026\/revisions\/41212"}],"wp:featuredmedia":[{"embeddable":true,"href":"https:\/\/www.ull.es\/portal\/agenda\/wp-json\/wp\/v2\/media\/41222"}],"wp:attachment":[{"href":"https:\/\/www.ull.es\/portal\/agenda\/wp-json\/wp\/v2\/media?parent=41026"}],"wp:term":[{"taxonomy":"post_tag","embeddable":true,"href":"https:\/\/www.ull.es\/portal\/agenda\/wp-json\/wp\/v2\/tags?post=41026"},{"taxonomy":"tribe_events_cat","embeddable":true,"href":"https:\/\/www.ull.es\/portal\/agenda\/wp-json\/wp\/v2\/tribe_events_cat?post=41026"}],"curies":[{"name":"wp","href":"https:\/\/api.w.org\/{rel}","templated":true}]}}