{"id":41447,"date":"2025-03-17T09:06:19","date_gmt":"2025-03-17T09:06:19","guid":{"rendered":"https:\/\/www.ull.es\/portal\/agenda\/?post_type=tribe_events&#038;p=41447"},"modified":"2025-03-17T14:07:38","modified_gmt":"2025-03-17T14:07:38","slug":"presentacion-de-las-naranjas-de-pedro-y-pildoras-educativas","status":"publish","type":"tribe_events","link":"https:\/\/www.ull.es\/portal\/agenda\/evento\/presentacion-de-las-naranjas-de-pedro-y-pildoras-educativas\/","title":{"rendered":"Presentaci\u00f3n de &#8216;Las Naranjas de Pedro&#8217; y &#8216;P\u00edldoras Educativas&#8217;"},"content":{"rendered":"<p>La C\u00e1tedra Pedro Garc\u00eda Cabrera de la Universidad de La Laguna organiza el d\u00eda 19 de marzo a las 12:30 h en el Centro del Profesorsado (CEP) de La Laguna, situada en \u00c1ngel Guimer\u00e1 s\/n, junto al Polideportivo de la Universidad de La Laguna, de dos productos educativos,emanados del proyecto \u00abPedro, contra viento y marea\u00bb.<\/p>\n<p>Se trata de \u00abLas naranjas de Pedro\u00bb, una biograf\u00eda del poeta escrita para p\u00fablico infantil por Cecilia Dom\u00ednguez Luis\u00a0 y de las \u00abP\u00edldoras educativas\u00bb, una grabaci\u00f3n de 30 minutos que resume tres momentos vitales de Pedro Garc\u00eda Cabrera con intervenciones sobre su obra, basadas en \u00abPedro, una rebeld\u00eda de silencios\u00bb, cuyo dramaturgo es Jos\u00e9 A Ramos Arteaga.<\/p>\n<p>Mesa presidencial<\/p>\n<ul>\n<li>David Pablos Gonz\u00e1lez- Director General de Ordenaci\u00f3n de las Ense\u00f1anzas, Inclusi\u00f3n e Innovaci\u00f3n<\/li>\n<li>V\u00edctor Manuel Garc\u00eda Garc\u00eda- Responsable del Servicio de Ordenaci\u00f3n de las Ense\u00f1anzas y Educaci\u00f3n de Personas Adultas.<\/li>\n<li>Ana Teresa Mu\u00f1oz P\u00e9rez y Joaqu\u00edn Ayala Chinea: t\u00e9cnica y t\u00e9cnico coordinadora\/or del \u00c1rea del Fomento de la Competencia en Comunicaci\u00f3n Ling\u00fc\u00edstica.<\/li>\n<li>Cecilia Dom\u00ednguez Luis, Premio Canarias de Literatura 2015, autora de las Naranjas de Pedro.<\/li>\n<li>Jos\u00e9 A Ramos Arteaga, dramaturgo, director de Las Pildoras Educativas<\/li>\n<li>Guadalberto Hern\u00e1ndez, catedr\u00e1tico de Fisiolog\u00eda, director de la C\u00e1tedra<\/li>\n<\/ul>\n<p>La entrada es libre hasta completar el aforo.<\/p>\n","protected":false},"excerpt":{"rendered":"<p>La C\u00e1tedra Pedro Garc\u00eda Cabrera de la Universidad de La Laguna organiza el d\u00eda 19 de marzo a las 12:30 h en el Centro del Profesorsado (CEP) de La Laguna, situada en \u00c1ngel Guimer\u00e1 s\/n, junto al Polideportivo de la Universidad de La Laguna, de dos productos educativos,emanados del proyecto \u00abPedro, contra viento y marea\u00bb&#8230;.<\/p>\n","protected":false},"author":65,"featured_media":41530,"comment_status":"closed","ping_status":"closed","template":"","tags":[],"tribe_events_cat":[344,3987,4],"acf":[],"yoast_head":"<!-- This site is optimized with the Yoast SEO plugin v21.3 - https:\/\/yoast.com\/wordpress\/plugins\/seo\/ -->\n<title>Presentaci\u00f3n de &#039;Las Naranjas de Pedro&#039; y &#039;P\u00edldoras Educativas&#039; - ULL - Agenda<\/title>\n<meta name=\"robots\" content=\"index, follow, max-snippet:-1, max-image-preview:large, max-video-preview:-1\" \/>\n<link rel=\"canonical\" href=\"https:\/\/www.ull.es\/portal\/agenda\/evento\/presentacion-de-las-naranjas-de-pedro-y-pildoras-educativas\/\" \/>\n<meta property=\"og:locale\" content=\"es_ES\" \/>\n<meta property=\"og:type\" content=\"article\" \/>\n<meta property=\"og:title\" content=\"Presentaci\u00f3n de &#039;Las Naranjas de Pedro&#039; y &#039;P\u00edldoras Educativas&#039; - ULL - Agenda\" \/>\n<meta property=\"og:description\" content=\"La C\u00e1tedra Pedro Garc\u00eda Cabrera de la Universidad de La Laguna organiza el d\u00eda 19 de marzo a las 12:30 h en el Centro del Profesorsado (CEP) de La Laguna, situada en \u00c1ngel Guimer\u00e1 s\/n, junto al Polideportivo de la Universidad de La Laguna, de dos productos educativos,emanados del proyecto \u00abPedro, contra viento y marea\u00bb....\" \/>\n<meta property=\"og:url\" content=\"https:\/\/www.ull.es\/portal\/agenda\/evento\/presentacion-de-las-naranjas-de-pedro-y-pildoras-educativas\/\" \/>\n<meta property=\"og:site_name\" content=\"ULL - Agenda\" \/>\n<meta property=\"article:modified_time\" content=\"2025-03-17T14:07:38+00:00\" \/>\n<meta property=\"og:image\" content=\"https:\/\/www.ull.es\/portal\/agenda\/wp-content\/uploads\/sites\/12\/2025\/03\/Presentacion-Las-naranjas-de-Pedro_Banner-eventos.png\" \/>\n\t<meta property=\"og:image:width\" content=\"760\" \/>\n\t<meta property=\"og:image:height\" content=\"380\" \/>\n\t<meta property=\"og:image:type\" content=\"image\/png\" \/>\n<meta name=\"twitter:card\" content=\"summary_large_image\" \/>\n<meta name=\"twitter:label1\" content=\"Tiempo de lectura\" \/>\n\t<meta name=\"twitter:data1\" content=\"1 minuto\" \/>\n<script type=\"application\/ld+json\" class=\"yoast-schema-graph\">{\"@context\":\"https:\/\/schema.org\",\"@graph\":[{\"@type\":\"WebPage\",\"@id\":\"https:\/\/www.ull.es\/portal\/agenda\/evento\/presentacion-de-las-naranjas-de-pedro-y-pildoras-educativas\/\",\"url\":\"https:\/\/www.ull.es\/portal\/agenda\/evento\/presentacion-de-las-naranjas-de-pedro-y-pildoras-educativas\/\",\"name\":\"Presentaci\u00f3n de 'Las Naranjas de Pedro' y 'P\u00edldoras Educativas' - ULL - Agenda\",\"isPartOf\":{\"@id\":\"https:\/\/www.ull.es\/portal\/agenda\/#website\"},\"datePublished\":\"2025-03-17T09:06:19+00:00\",\"dateModified\":\"2025-03-17T14:07:38+00:00\",\"breadcrumb\":{\"@id\":\"https:\/\/www.ull.es\/portal\/agenda\/evento\/presentacion-de-las-naranjas-de-pedro-y-pildoras-educativas\/#breadcrumb\"},\"inLanguage\":\"es\",\"potentialAction\":[{\"@type\":\"ReadAction\",\"target\":[\"https:\/\/www.ull.es\/portal\/agenda\/evento\/presentacion-de-las-naranjas-de-pedro-y-pildoras-educativas\/\"]}]},{\"@type\":\"BreadcrumbList\",\"@id\":\"https:\/\/www.ull.es\/portal\/agenda\/evento\/presentacion-de-las-naranjas-de-pedro-y-pildoras-educativas\/#breadcrumb\",\"itemListElement\":[{\"@type\":\"ListItem\",\"position\":1,\"name\":\"Portada\",\"item\":\"https:\/\/www.ull.es\/portal\/agenda\/\"},{\"@type\":\"ListItem\",\"position\":2,\"name\":\"Presentaci\u00f3n de &#8216;Las Naranjas de Pedro&#8217; y &#8216;P\u00edldoras Educativas&#8217;\"}]},{\"@type\":\"WebSite\",\"@id\":\"https:\/\/www.ull.es\/portal\/agenda\/#website\",\"url\":\"https:\/\/www.ull.es\/portal\/agenda\/\",\"name\":\"ULL - Agenda\",\"description\":\"\",\"potentialAction\":[{\"@type\":\"SearchAction\",\"target\":{\"@type\":\"EntryPoint\",\"urlTemplate\":\"https:\/\/www.ull.es\/portal\/agenda\/?s={search_term_string}\"},\"query-input\":\"required name=search_term_string\"}],\"inLanguage\":\"es\"}]}<\/script>\n<!-- \/ Yoast SEO plugin. -->","yoast_head_json":{"title":"Presentaci\u00f3n de 'Las Naranjas de Pedro' y 'P\u00edldoras Educativas' - ULL - Agenda","robots":{"index":"index","follow":"follow","max-snippet":"max-snippet:-1","max-image-preview":"max-image-preview:large","max-video-preview":"max-video-preview:-1"},"canonical":"https:\/\/www.ull.es\/portal\/agenda\/evento\/presentacion-de-las-naranjas-de-pedro-y-pildoras-educativas\/","og_locale":"es_ES","og_type":"article","og_title":"Presentaci\u00f3n de 'Las Naranjas de Pedro' y 'P\u00edldoras Educativas' - ULL - Agenda","og_description":"La C\u00e1tedra Pedro Garc\u00eda Cabrera de la Universidad de La Laguna organiza el d\u00eda 19 de marzo a las 12:30 h en el Centro del Profesorsado (CEP) de La Laguna, situada en \u00c1ngel Guimer\u00e1 s\/n, junto al Polideportivo de la Universidad de La Laguna, de dos productos educativos,emanados del proyecto \u00abPedro, contra viento y marea\u00bb....","og_url":"https:\/\/www.ull.es\/portal\/agenda\/evento\/presentacion-de-las-naranjas-de-pedro-y-pildoras-educativas\/","og_site_name":"ULL - Agenda","article_modified_time":"2025-03-17T14:07:38+00:00","og_image":[{"width":760,"height":380,"url":"https:\/\/www.ull.es\/portal\/agenda\/wp-content\/uploads\/sites\/12\/2025\/03\/Presentacion-Las-naranjas-de-Pedro_Banner-eventos.png","type":"image\/png"}],"twitter_card":"summary_large_image","twitter_misc":{"Tiempo de lectura":"1 minuto"},"schema":{"@context":"https:\/\/schema.org","@graph":[{"@type":"WebPage","@id":"https:\/\/www.ull.es\/portal\/agenda\/evento\/presentacion-de-las-naranjas-de-pedro-y-pildoras-educativas\/","url":"https:\/\/www.ull.es\/portal\/agenda\/evento\/presentacion-de-las-naranjas-de-pedro-y-pildoras-educativas\/","name":"Presentaci\u00f3n de 'Las Naranjas de Pedro' y 'P\u00edldoras Educativas' - ULL - Agenda","isPartOf":{"@id":"https:\/\/www.ull.es\/portal\/agenda\/#website"},"datePublished":"2025-03-17T09:06:19+00:00","dateModified":"2025-03-17T14:07:38+00:00","breadcrumb":{"@id":"https:\/\/www.ull.es\/portal\/agenda\/evento\/presentacion-de-las-naranjas-de-pedro-y-pildoras-educativas\/#breadcrumb"},"inLanguage":"es","potentialAction":[{"@type":"ReadAction","target":["https:\/\/www.ull.es\/portal\/agenda\/evento\/presentacion-de-las-naranjas-de-pedro-y-pildoras-educativas\/"]}]},{"@type":"BreadcrumbList","@id":"https:\/\/www.ull.es\/portal\/agenda\/evento\/presentacion-de-las-naranjas-de-pedro-y-pildoras-educativas\/#breadcrumb","itemListElement":[{"@type":"ListItem","position":1,"name":"Portada","item":"https:\/\/www.ull.es\/portal\/agenda\/"},{"@type":"ListItem","position":2,"name":"Presentaci\u00f3n de &#8216;Las Naranjas de Pedro&#8217; y &#8216;P\u00edldoras Educativas&#8217;"}]},{"@type":"WebSite","@id":"https:\/\/www.ull.es\/portal\/agenda\/#website","url":"https:\/\/www.ull.es\/portal\/agenda\/","name":"ULL - Agenda","description":"","potentialAction":[{"@type":"SearchAction","target":{"@type":"EntryPoint","urlTemplate":"https:\/\/www.ull.es\/portal\/agenda\/?s={search_term_string}"},"query-input":"required name=search_term_string"}],"inLanguage":"es"}]}},"_links":{"self":[{"href":"https:\/\/www.ull.es\/portal\/agenda\/wp-json\/wp\/v2\/tribe_events\/41447"}],"collection":[{"href":"https:\/\/www.ull.es\/portal\/agenda\/wp-json\/wp\/v2\/tribe_events"}],"about":[{"href":"https:\/\/www.ull.es\/portal\/agenda\/wp-json\/wp\/v2\/types\/tribe_events"}],"author":[{"embeddable":true,"href":"https:\/\/www.ull.es\/portal\/agenda\/wp-json\/wp\/v2\/users\/65"}],"replies":[{"embeddable":true,"href":"https:\/\/www.ull.es\/portal\/agenda\/wp-json\/wp\/v2\/comments?post=41447"}],"version-history":[{"count":1,"href":"https:\/\/www.ull.es\/portal\/agenda\/wp-json\/wp\/v2\/tribe_events\/41447\/revisions"}],"predecessor-version":[{"id":41448,"href":"https:\/\/www.ull.es\/portal\/agenda\/wp-json\/wp\/v2\/tribe_events\/41447\/revisions\/41448"}],"wp:featuredmedia":[{"embeddable":true,"href":"https:\/\/www.ull.es\/portal\/agenda\/wp-json\/wp\/v2\/media\/41530"}],"wp:attachment":[{"href":"https:\/\/www.ull.es\/portal\/agenda\/wp-json\/wp\/v2\/media?parent=41447"}],"wp:term":[{"taxonomy":"post_tag","embeddable":true,"href":"https:\/\/www.ull.es\/portal\/agenda\/wp-json\/wp\/v2\/tags?post=41447"},{"taxonomy":"tribe_events_cat","embeddable":true,"href":"https:\/\/www.ull.es\/portal\/agenda\/wp-json\/wp\/v2\/tribe_events_cat?post=41447"}],"curies":[{"name":"wp","href":"https:\/\/api.w.org\/{rel}","templated":true}]}}