{"id":41510,"date":"2025-03-17T12:07:39","date_gmt":"2025-03-17T12:07:39","guid":{"rendered":"https:\/\/www.ull.es\/portal\/agenda\/?post_type=tribe_events&#038;p=41510"},"modified":"2025-03-19T08:31:23","modified_gmt":"2025-03-19T08:31:23","slug":"presentacion-del-libro-motricidad-infantil-claves-teoricas-y-didacticas-para-entenderla-y-optimizarla-desde-la-evidencia-cientifica","status":"publish","type":"tribe_events","link":"https:\/\/www.ull.es\/portal\/agenda\/evento\/presentacion-del-libro-motricidad-infantil-claves-teoricas-y-didacticas-para-entenderla-y-optimizarla-desde-la-evidencia-cientifica\/","title":{"rendered":"Presentaci\u00f3n del libro: \u00abMotricidad infantil. Claves te\u00f3ricas y did\u00e1cticas para entenderla y optimizarla desde la evidencia cient\u00edfica\u00bb"},"content":{"rendered":"<div>\n<p>El pr\u00f3ximo mi\u00e9rcoles, 2 de abril a las 18:00 horas, se realizar\u00e1 la presentaci\u00f3n del libro \u00abMotricidad infantil. Claves te\u00f3ricas y did\u00e1cticas para entenderla y optimizarla desde la evidencia cient\u00edfica\u00bb (Editorial Dykinson), escrito por Antonio G\u00f3mez Rijo, profesor del \u00e1rea de Did\u00e1ctica de la Expresi\u00f3n Corporal (Departamento de Did\u00e1cticas Espec\u00edficas) de la Facultad de Educaci\u00f3n. El acto ser\u00e1 presentado por el Vicedecano del Grado en Ciencias de la Actividad F\u00edsica y del Deporte e Infraestructuras, el profesor Francisco Jim\u00e9nez Jim\u00e9nez. Tambi\u00e9n acudir\u00e1 el prologuista del libro, el profesor Germ\u00e1n Sosa \u00c1lvarez, colegiado de honor del Ilustre Colegio Oficial de Licenciados y Graduados en Ciencias de la Actividad F\u00edsica y del Deporte de Canarias.<\/p>\n<p>El libro se centra en focalizar la atenci\u00f3n sobre la necesidad de los docentes de atesorar claves te\u00f3ricas y did\u00e1cticas que permitan optimizar la motricidad del alumnado en las clases de Educaci\u00f3n F\u00edsica. El reto est\u00e1 sobre la mesa: basarse en la evidencia cient\u00edfica para discernir los fundamentos epistemol\u00f3gicos y metodol\u00f3gicos de la motricidad en cuanto a su aprendizaje, su ense\u00f1anza y su evaluaci\u00f3n con el objetivo de alcanzar una Educaci\u00f3n F\u00edsica de calidad, con equidad e inclusi\u00f3n, y que ayude al alumnado a desarrollarse personal y socialmente.<\/p>\n<\/div>\n","protected":false},"excerpt":{"rendered":"<p>El pr\u00f3ximo mi\u00e9rcoles, 2 de abril a las 18:00 horas, se realizar\u00e1 la presentaci\u00f3n del libro \u00abMotricidad infantil. Claves te\u00f3ricas y did\u00e1cticas para entenderla y optimizarla desde la evidencia cient\u00edfica\u00bb (Editorial Dykinson), escrito por Antonio G\u00f3mez Rijo, profesor del \u00e1rea de Did\u00e1ctica de la Expresi\u00f3n Corporal (Departamento de Did\u00e1cticas Espec\u00edficas) de la Facultad de Educaci\u00f3n&#8230;.<\/p>\n","protected":false},"author":65,"featured_media":41588,"comment_status":"closed","ping_status":"closed","template":"","tags":[],"tribe_events_cat":[815],"acf":[],"yoast_head":"<!-- This site is optimized with the Yoast SEO plugin v21.3 - https:\/\/yoast.com\/wordpress\/plugins\/seo\/ -->\n<title>Presentaci\u00f3n del libro: \u00abMotricidad infantil. Claves te\u00f3ricas y did\u00e1cticas para entenderla y optimizarla desde la evidencia cient\u00edfica\u00bb - ULL - Agenda<\/title>\n<meta name=\"robots\" content=\"index, follow, max-snippet:-1, max-image-preview:large, max-video-preview:-1\" \/>\n<link rel=\"canonical\" href=\"https:\/\/www.ull.es\/portal\/agenda\/evento\/presentacion-del-libro-motricidad-infantil-claves-teoricas-y-didacticas-para-entenderla-y-optimizarla-desde-la-evidencia-cientifica\/\" \/>\n<meta property=\"og:locale\" content=\"es_ES\" \/>\n<meta property=\"og:type\" content=\"article\" \/>\n<meta property=\"og:title\" content=\"Presentaci\u00f3n del libro: \u00abMotricidad infantil. Claves te\u00f3ricas y did\u00e1cticas para entenderla y optimizarla desde la evidencia cient\u00edfica\u00bb - ULL - Agenda\" \/>\n<meta property=\"og:description\" content=\"El pr\u00f3ximo mi\u00e9rcoles, 2 de abril a las 18:00 horas, se realizar\u00e1 la presentaci\u00f3n del libro \u00abMotricidad infantil. Claves te\u00f3ricas y did\u00e1cticas para entenderla y optimizarla desde la evidencia cient\u00edfica\u00bb (Editorial Dykinson), escrito por Antonio G\u00f3mez Rijo, profesor del \u00e1rea de Did\u00e1ctica de la Expresi\u00f3n Corporal (Departamento de Did\u00e1cticas Espec\u00edficas) de la Facultad de Educaci\u00f3n....\" \/>\n<meta property=\"og:url\" content=\"https:\/\/www.ull.es\/portal\/agenda\/evento\/presentacion-del-libro-motricidad-infantil-claves-teoricas-y-didacticas-para-entenderla-y-optimizarla-desde-la-evidencia-cientifica\/\" \/>\n<meta property=\"og:site_name\" content=\"ULL - Agenda\" \/>\n<meta property=\"article:modified_time\" content=\"2025-03-19T08:31:23+00:00\" \/>\n<meta property=\"og:image\" content=\"https:\/\/www.ull.es\/portal\/agenda\/wp-content\/uploads\/sites\/12\/2025\/03\/Presentacion-Libro-Motricidad-Infantil-Claves-Teoricas-y-Didacticas_Banner-eventos.png\" \/>\n\t<meta property=\"og:image:width\" content=\"750\" \/>\n\t<meta property=\"og:image:height\" content=\"370\" \/>\n\t<meta property=\"og:image:type\" content=\"image\/png\" \/>\n<meta name=\"twitter:card\" content=\"summary_large_image\" \/>\n<meta name=\"twitter:label1\" content=\"Tiempo de lectura\" \/>\n\t<meta name=\"twitter:data1\" content=\"1 minuto\" \/>\n<script type=\"application\/ld+json\" class=\"yoast-schema-graph\">{\"@context\":\"https:\/\/schema.org\",\"@graph\":[{\"@type\":\"WebPage\",\"@id\":\"https:\/\/www.ull.es\/portal\/agenda\/evento\/presentacion-del-libro-motricidad-infantil-claves-teoricas-y-didacticas-para-entenderla-y-optimizarla-desde-la-evidencia-cientifica\/\",\"url\":\"https:\/\/www.ull.es\/portal\/agenda\/evento\/presentacion-del-libro-motricidad-infantil-claves-teoricas-y-didacticas-para-entenderla-y-optimizarla-desde-la-evidencia-cientifica\/\",\"name\":\"Presentaci\u00f3n del libro: \u00abMotricidad infantil. Claves te\u00f3ricas y did\u00e1cticas para entenderla y optimizarla desde la evidencia cient\u00edfica\u00bb - ULL - Agenda\",\"isPartOf\":{\"@id\":\"https:\/\/www.ull.es\/portal\/agenda\/#website\"},\"datePublished\":\"2025-03-17T12:07:39+00:00\",\"dateModified\":\"2025-03-19T08:31:23+00:00\",\"breadcrumb\":{\"@id\":\"https:\/\/www.ull.es\/portal\/agenda\/evento\/presentacion-del-libro-motricidad-infantil-claves-teoricas-y-didacticas-para-entenderla-y-optimizarla-desde-la-evidencia-cientifica\/#breadcrumb\"},\"inLanguage\":\"es\",\"potentialAction\":[{\"@type\":\"ReadAction\",\"target\":[\"https:\/\/www.ull.es\/portal\/agenda\/evento\/presentacion-del-libro-motricidad-infantil-claves-teoricas-y-didacticas-para-entenderla-y-optimizarla-desde-la-evidencia-cientifica\/\"]}]},{\"@type\":\"BreadcrumbList\",\"@id\":\"https:\/\/www.ull.es\/portal\/agenda\/evento\/presentacion-del-libro-motricidad-infantil-claves-teoricas-y-didacticas-para-entenderla-y-optimizarla-desde-la-evidencia-cientifica\/#breadcrumb\",\"itemListElement\":[{\"@type\":\"ListItem\",\"position\":1,\"name\":\"Portada\",\"item\":\"https:\/\/www.ull.es\/portal\/agenda\/\"},{\"@type\":\"ListItem\",\"position\":2,\"name\":\"Presentaci\u00f3n del libro: \u00abMotricidad infantil. Claves te\u00f3ricas y did\u00e1cticas para entenderla y optimizarla desde la evidencia cient\u00edfica\u00bb\"}]},{\"@type\":\"WebSite\",\"@id\":\"https:\/\/www.ull.es\/portal\/agenda\/#website\",\"url\":\"https:\/\/www.ull.es\/portal\/agenda\/\",\"name\":\"ULL - Agenda\",\"description\":\"\",\"potentialAction\":[{\"@type\":\"SearchAction\",\"target\":{\"@type\":\"EntryPoint\",\"urlTemplate\":\"https:\/\/www.ull.es\/portal\/agenda\/?s={search_term_string}\"},\"query-input\":\"required name=search_term_string\"}],\"inLanguage\":\"es\"}]}<\/script>\n<!-- \/ Yoast SEO plugin. -->","yoast_head_json":{"title":"Presentaci\u00f3n del libro: \u00abMotricidad infantil. Claves te\u00f3ricas y did\u00e1cticas para entenderla y optimizarla desde la evidencia cient\u00edfica\u00bb - ULL - Agenda","robots":{"index":"index","follow":"follow","max-snippet":"max-snippet:-1","max-image-preview":"max-image-preview:large","max-video-preview":"max-video-preview:-1"},"canonical":"https:\/\/www.ull.es\/portal\/agenda\/evento\/presentacion-del-libro-motricidad-infantil-claves-teoricas-y-didacticas-para-entenderla-y-optimizarla-desde-la-evidencia-cientifica\/","og_locale":"es_ES","og_type":"article","og_title":"Presentaci\u00f3n del libro: \u00abMotricidad infantil. Claves te\u00f3ricas y did\u00e1cticas para entenderla y optimizarla desde la evidencia cient\u00edfica\u00bb - ULL - Agenda","og_description":"El pr\u00f3ximo mi\u00e9rcoles, 2 de abril a las 18:00 horas, se realizar\u00e1 la presentaci\u00f3n del libro \u00abMotricidad infantil. Claves te\u00f3ricas y did\u00e1cticas para entenderla y optimizarla desde la evidencia cient\u00edfica\u00bb (Editorial Dykinson), escrito por Antonio G\u00f3mez Rijo, profesor del \u00e1rea de Did\u00e1ctica de la Expresi\u00f3n Corporal (Departamento de Did\u00e1cticas Espec\u00edficas) de la Facultad de Educaci\u00f3n....","og_url":"https:\/\/www.ull.es\/portal\/agenda\/evento\/presentacion-del-libro-motricidad-infantil-claves-teoricas-y-didacticas-para-entenderla-y-optimizarla-desde-la-evidencia-cientifica\/","og_site_name":"ULL - Agenda","article_modified_time":"2025-03-19T08:31:23+00:00","og_image":[{"width":750,"height":370,"url":"https:\/\/www.ull.es\/portal\/agenda\/wp-content\/uploads\/sites\/12\/2025\/03\/Presentacion-Libro-Motricidad-Infantil-Claves-Teoricas-y-Didacticas_Banner-eventos.png","type":"image\/png"}],"twitter_card":"summary_large_image","twitter_misc":{"Tiempo de lectura":"1 minuto"},"schema":{"@context":"https:\/\/schema.org","@graph":[{"@type":"WebPage","@id":"https:\/\/www.ull.es\/portal\/agenda\/evento\/presentacion-del-libro-motricidad-infantil-claves-teoricas-y-didacticas-para-entenderla-y-optimizarla-desde-la-evidencia-cientifica\/","url":"https:\/\/www.ull.es\/portal\/agenda\/evento\/presentacion-del-libro-motricidad-infantil-claves-teoricas-y-didacticas-para-entenderla-y-optimizarla-desde-la-evidencia-cientifica\/","name":"Presentaci\u00f3n del libro: \u00abMotricidad infantil. Claves te\u00f3ricas y did\u00e1cticas para entenderla y optimizarla desde la evidencia cient\u00edfica\u00bb - ULL - Agenda","isPartOf":{"@id":"https:\/\/www.ull.es\/portal\/agenda\/#website"},"datePublished":"2025-03-17T12:07:39+00:00","dateModified":"2025-03-19T08:31:23+00:00","breadcrumb":{"@id":"https:\/\/www.ull.es\/portal\/agenda\/evento\/presentacion-del-libro-motricidad-infantil-claves-teoricas-y-didacticas-para-entenderla-y-optimizarla-desde-la-evidencia-cientifica\/#breadcrumb"},"inLanguage":"es","potentialAction":[{"@type":"ReadAction","target":["https:\/\/www.ull.es\/portal\/agenda\/evento\/presentacion-del-libro-motricidad-infantil-claves-teoricas-y-didacticas-para-entenderla-y-optimizarla-desde-la-evidencia-cientifica\/"]}]},{"@type":"BreadcrumbList","@id":"https:\/\/www.ull.es\/portal\/agenda\/evento\/presentacion-del-libro-motricidad-infantil-claves-teoricas-y-didacticas-para-entenderla-y-optimizarla-desde-la-evidencia-cientifica\/#breadcrumb","itemListElement":[{"@type":"ListItem","position":1,"name":"Portada","item":"https:\/\/www.ull.es\/portal\/agenda\/"},{"@type":"ListItem","position":2,"name":"Presentaci\u00f3n del libro: \u00abMotricidad infantil. Claves te\u00f3ricas y did\u00e1cticas para entenderla y optimizarla desde la evidencia cient\u00edfica\u00bb"}]},{"@type":"WebSite","@id":"https:\/\/www.ull.es\/portal\/agenda\/#website","url":"https:\/\/www.ull.es\/portal\/agenda\/","name":"ULL - Agenda","description":"","potentialAction":[{"@type":"SearchAction","target":{"@type":"EntryPoint","urlTemplate":"https:\/\/www.ull.es\/portal\/agenda\/?s={search_term_string}"},"query-input":"required name=search_term_string"}],"inLanguage":"es"}]}},"_links":{"self":[{"href":"https:\/\/www.ull.es\/portal\/agenda\/wp-json\/wp\/v2\/tribe_events\/41510"}],"collection":[{"href":"https:\/\/www.ull.es\/portal\/agenda\/wp-json\/wp\/v2\/tribe_events"}],"about":[{"href":"https:\/\/www.ull.es\/portal\/agenda\/wp-json\/wp\/v2\/types\/tribe_events"}],"author":[{"embeddable":true,"href":"https:\/\/www.ull.es\/portal\/agenda\/wp-json\/wp\/v2\/users\/65"}],"replies":[{"embeddable":true,"href":"https:\/\/www.ull.es\/portal\/agenda\/wp-json\/wp\/v2\/comments?post=41510"}],"version-history":[{"count":2,"href":"https:\/\/www.ull.es\/portal\/agenda\/wp-json\/wp\/v2\/tribe_events\/41510\/revisions"}],"predecessor-version":[{"id":41589,"href":"https:\/\/www.ull.es\/portal\/agenda\/wp-json\/wp\/v2\/tribe_events\/41510\/revisions\/41589"}],"wp:featuredmedia":[{"embeddable":true,"href":"https:\/\/www.ull.es\/portal\/agenda\/wp-json\/wp\/v2\/media\/41588"}],"wp:attachment":[{"href":"https:\/\/www.ull.es\/portal\/agenda\/wp-json\/wp\/v2\/media?parent=41510"}],"wp:term":[{"taxonomy":"post_tag","embeddable":true,"href":"https:\/\/www.ull.es\/portal\/agenda\/wp-json\/wp\/v2\/tags?post=41510"},{"taxonomy":"tribe_events_cat","embeddable":true,"href":"https:\/\/www.ull.es\/portal\/agenda\/wp-json\/wp\/v2\/tribe_events_cat?post=41510"}],"curies":[{"name":"wp","href":"https:\/\/api.w.org\/{rel}","templated":true}]}}